{"id":2430,"date":"2019-01-02T19:13:29","date_gmt":"2019-01-02T19:13:29","guid":{"rendered":"http:\/\/salutieducacioemocional.com\/?page_id=2430"},"modified":"2025-07-18T13:38:39","modified_gmt":"2025-07-18T13:38:39","slug":"seer-salut-i-educacio-emocional","status":"publish","type":"page","link":"https:\/\/salutieducacioemocional.com\/ca\/","title":{"rendered":"SEER &#8211; Salut i Educaci\u00f3 Emocional"},"content":{"rendered":"\t\t<div data-elementor-type=\"wp-post\" data-elementor-id=\"2430\" class=\"elementor elementor-2430\" data-elementor-post-type=\"page\">\n\t\t\t\t\t\t<section class=\"elementor-section elementor-top-section elementor-element elementor-element-1ad1b77b elementor-section-height-min-height elementor-section-content-middle elementor-reverse-mobile elementor-section-boxed elementor-section-height-default elementor-section-items-middle\" data-id=\"1ad1b77b\" data-element_type=\"section\" data-e-type=\"section\" data-settings=\"{&quot;background_background&quot;:&quot;slideshow&quot;,&quot;background_slideshow_gallery&quot;:[{&quot;id&quot;:&quot;10730&quot;,&quot;url&quot;:&quot;https:\\\/\\\/salutieducacioemocional.com\\\/wp-content\\\/uploads\\\/2023\\\/12\\\/1.png&quot;},{&quot;id&quot;:&quot;10750&quot;,&quot;url&quot;:&quot;https:\\\/\\\/salutieducacioemocional.com\\\/wp-content\\\/uploads\\\/2023\\\/12\\\/11.png&quot;},{&quot;id&quot;:&quot;10748&quot;,&quot;url&quot;:&quot;https:\\\/\\\/salutieducacioemocional.com\\\/wp-content\\\/uploads\\\/2023\\\/12\\\/10.png&quot;},{&quot;id&quot;:&quot;10746&quot;,&quot;url&quot;:&quot;https:\\\/\\\/salutieducacioemocional.com\\\/wp-content\\\/uploads\\\/2023\\\/12\\\/9.png&quot;},{&quot;id&quot;:&quot;10732&quot;,&quot;url&quot;:&quot;https:\\\/\\\/salutieducacioemocional.com\\\/wp-content\\\/uploads\\\/2023\\\/12\\\/2.png&quot;},{&quot;id&quot;:&quot;10744&quot;,&quot;url&quot;:&quot;https:\\\/\\\/salutieducacioemocional.com\\\/wp-content\\\/uploads\\\/2023\\\/12\\\/8.png&quot;},{&quot;id&quot;:&quot;10740&quot;,&quot;url&quot;:&quot;https:\\\/\\\/salutieducacioemocional.com\\\/wp-content\\\/uploads\\\/2023\\\/12\\\/6.png&quot;},{&quot;id&quot;:&quot;10742&quot;,&quot;url&quot;:&quot;https:\\\/\\\/salutieducacioemocional.com\\\/wp-content\\\/uploads\\\/2023\\\/12\\\/7.png&quot;},{&quot;id&quot;:&quot;10738&quot;,&quot;url&quot;:&quot;https:\\\/\\\/salutieducacioemocional.com\\\/wp-content\\\/uploads\\\/2023\\\/12\\\/5.png&quot;},{&quot;id&quot;:&quot;10734&quot;,&quot;url&quot;:&quot;https:\\\/\\\/salutieducacioemocional.com\\\/wp-content\\\/uploads\\\/2023\\\/12\\\/3.png&quot;},{&quot;id&quot;:&quot;10736&quot;,&quot;url&quot;:&quot;https:\\\/\\\/salutieducacioemocional.com\\\/wp-content\\\/uploads\\\/2023\\\/12\\\/4.png&quot;}],&quot;background_slideshow_slide_transition&quot;:&quot;slide_left&quot;,&quot;background_slideshow_lazyload&quot;:&quot;yes&quot;,&quot;background_slideshow_ken_burns&quot;:&quot;yes&quot;,&quot;background_slideshow_ken_burns_zoom_direction&quot;:&quot;out&quot;,&quot;background_motion_fx_opacity_effect&quot;:&quot;yes&quot;,&quot;background_slideshow_loop&quot;:&quot;yes&quot;,&quot;background_slideshow_slide_duration&quot;:5000,&quot;background_slideshow_transition_duration&quot;:500,&quot;background_motion_fx_opacity_direction&quot;:&quot;out-in&quot;,&quot;background_motion_fx_opacity_level&quot;:{&quot;unit&quot;:&quot;px&quot;,&quot;size&quot;:10,&quot;sizes&quot;:[]},&quot;background_motion_fx_opacity_range&quot;:{&quot;unit&quot;:&quot;%&quot;,&quot;size&quot;:&quot;&quot;,&quot;sizes&quot;:{&quot;start&quot;:20,&quot;end&quot;:80}},&quot;background_motion_fx_devices&quot;:[&quot;desktop&quot;,&quot;tablet&quot;,&quot;mobile&quot;]}\">\n\t\t\t\t\t\t\t<div class=\"elementor-background-overlay\"><\/div>\n\t\t\t\t\t\t\t<div class=\"elementor-container elementor-column-gap-no\">\n\t\t\t\t\t<div class=\"elementor-column elementor-col-100 elementor-top-column elementor-element elementor-element-6e5b2d2b\" data-id=\"6e5b2d2b\" data-element_type=\"column\" data-e-type=\"column\">\n\t\t\t<div class=\"elementor-widget-wrap elementor-element-populated\">\n\t\t\t\t\t\t<div class=\"elementor-element elementor-element-5d0f348c elementor-widget elementor-widget-heading\" data-id=\"5d0f348c\" data-element_type=\"widget\" data-e-type=\"widget\" data-widget_type=\"heading.default\">\n\t\t\t\t<div class=\"elementor-widget-container\">\n\t\t\t\t\t<h2 class=\"elementor-heading-title elementor-size-default\">Acompanyar sentint,<br> Acompanyar amb sentit<\/h2>\t\t\t\t<\/div>\n\t\t\t\t<\/div>\n\t\t\t\t<div class=\"elementor-element elementor-element-3d6e2555 elementor-widget elementor-widget-text-editor\" data-id=\"3d6e2555\" data-element_type=\"widget\" data-e-type=\"widget\" data-widget_type=\"text-editor.default\">\n\t\t\t\t<div class=\"elementor-widget-container\">\n\t\t\t\t\t\t\t\t\t<p style=\"text-align: left;\">Desenvolupament Socioemocional,\u00a0Conviv\u00e8ncia i Abordatge Integral de la Viol\u00e8ncia.<\/p>\t\t\t\t\t\t\t\t<\/div>\n\t\t\t\t<\/div>\n\t\t\t\t<div class=\"elementor-element elementor-element-40831cbd elementor-align-left elementor-widget elementor-widget-button\" data-id=\"40831cbd\" data-element_type=\"widget\" data-e-type=\"widget\" data-widget_type=\"button.default\">\n\t\t\t\t<div class=\"elementor-widget-container\">\n\t\t\t\t\t\t\t\t\t<div class=\"elementor-button-wrapper\">\n\t\t\t\t\t<a class=\"elementor-button elementor-button-link elementor-size-md\" href=\"#sobreseer\">\n\t\t\t\t\t\t<span class=\"elementor-button-content-wrapper\">\n\t\t\t\t\t\t\t\t\t<span class=\"elementor-button-text\">Sobre SEER<\/span>\n\t\t\t\t\t<\/span>\n\t\t\t\t\t<\/a>\n\t\t\t\t<\/div>\n\t\t\t\t\t\t\t\t<\/div>\n\t\t\t\t<\/div>\n\t\t\t\t\t<\/div>\n\t\t<\/div>\n\t\t\t\t\t<\/div>\n\t\t<\/section>\n\t\t\t\t<section class=\"elementor-section elementor-top-section elementor-element elementor-element-1682baa elementor-section-content-middle elementor-reverse-mobile elementor-section-boxed elementor-section-height-default elementor-section-height-default\" data-id=\"1682baa\" data-element_type=\"section\" data-e-type=\"section\">\n\t\t\t\t\t\t<div class=\"elementor-container elementor-column-gap-no\">\n\t\t\t\t\t<div class=\"elementor-column elementor-col-50 elementor-top-column elementor-element elementor-element-878666f\" data-id=\"878666f\" data-element_type=\"column\" data-e-type=\"column\">\n\t\t\t<div class=\"elementor-widget-wrap elementor-element-populated\">\n\t\t\t\t\t\t<div class=\"elementor-element elementor-element-abaa927 elementor-widget elementor-widget-heading\" data-id=\"abaa927\" data-element_type=\"widget\" data-e-type=\"widget\" data-widget_type=\"heading.default\">\n\t\t\t\t<div class=\"elementor-widget-container\">\n\t\t\t\t\t<h3 class=\"elementor-heading-title elementor-size-default\">Formaci\u00f3 Model ADS<\/h3>\t\t\t\t<\/div>\n\t\t\t\t<\/div>\n\t\t\t\t<div class=\"elementor-element elementor-element-d9b615e elementor-widget-divider--view-line elementor-widget elementor-widget-divider\" data-id=\"d9b615e\" data-element_type=\"widget\" data-e-type=\"widget\" data-widget_type=\"divider.default\">\n\t\t\t\t<div class=\"elementor-widget-container\">\n\t\t\t\t\t\t\t<div class=\"elementor-divider\">\n\t\t\t<span class=\"elementor-divider-separator\">\n\t\t\t\t\t\t<\/span>\n\t\t<\/div>\n\t\t\t\t\t\t<\/div>\n\t\t\t\t<\/div>\n\t\t\t\t<div class=\"elementor-element elementor-element-5938645 elementor-widget elementor-widget-text-editor\" data-id=\"5938645\" data-element_type=\"widget\" data-e-type=\"widget\" data-widget_type=\"text-editor.default\">\n\t\t\t\t<div class=\"elementor-widget-container\">\n\t\t\t\t\t\t\t\t\t<p>Reuneix, a trav\u00e9s de la teva pr\u00f2pia experi\u00e8ncia de creixement personal, les eines que necessites per a acompanyar a infants i joves en el seu Desenvolupament Socioemocional a trav\u00e9s de l\u2019Educaci\u00f3 Emocional.<\/p>\t\t\t\t\t\t\t\t<\/div>\n\t\t\t\t<\/div>\n\t\t\t\t<div class=\"elementor-element elementor-element-6375ebc elementor-align-left elementor-widget elementor-widget-button\" data-id=\"6375ebc\" data-element_type=\"widget\" data-e-type=\"widget\" data-widget_type=\"button.default\">\n\t\t\t\t<div class=\"elementor-widget-container\">\n\t\t\t\t\t\t\t\t\t<div class=\"elementor-button-wrapper\">\n\t\t\t\t\t<a class=\"elementor-button elementor-button-link elementor-size-md\" href=\"https:\/\/salutieducacioemocional.com\/formacion-acompanamiento-desarrollo-socioemocional-ads\/\">\n\t\t\t\t\t\t<span class=\"elementor-button-content-wrapper\">\n\t\t\t\t\t\t\t\t\t<span class=\"elementor-button-text\">Vull saber-ne m\u00e9s!<\/span>\n\t\t\t\t\t<\/span>\n\t\t\t\t\t<\/a>\n\t\t\t\t<\/div>\n\t\t\t\t\t\t\t\t<\/div>\n\t\t\t\t<\/div>\n\t\t\t\t\t<\/div>\n\t\t<\/div>\n\t\t\t\t<div class=\"elementor-column elementor-col-50 elementor-top-column elementor-element elementor-element-494584e\" data-id=\"494584e\" data-element_type=\"column\" data-e-type=\"column\">\n\t\t\t<div class=\"elementor-widget-wrap elementor-element-populated\">\n\t\t\t\t\t\t<div class=\"elementor-element elementor-element-31da8c3 elementor-arrows-position-inside elementor-pagination-position-outside elementor-widget elementor-widget-image-carousel\" data-id=\"31da8c3\" data-element_type=\"widget\" data-e-type=\"widget\" data-settings=\"{&quot;slides_to_show&quot;:&quot;1&quot;,&quot;navigation&quot;:&quot;both&quot;,&quot;autoplay&quot;:&quot;yes&quot;,&quot;pause_on_hover&quot;:&quot;yes&quot;,&quot;pause_on_interaction&quot;:&quot;yes&quot;,&quot;autoplay_speed&quot;:5000,&quot;infinite&quot;:&quot;yes&quot;,&quot;effect&quot;:&quot;slide&quot;,&quot;speed&quot;:500}\" data-widget_type=\"image-carousel.default\">\n\t\t\t\t<div class=\"elementor-widget-container\">\n\t\t\t\t\t\t\t<div class=\"elementor-image-carousel-wrapper swiper\" role=\"region\" aria-roledescription=\"carousel\" aria-label=\"Carrusel de im\u00e1genes\" dir=\"ltr\">\n\t\t\t<div class=\"elementor-image-carousel swiper-wrapper\" aria-live=\"off\">\n\t\t\t\t\t\t\t\t<div class=\"swiper-slide\" role=\"group\" aria-roledescription=\"slide\" aria-label=\"1 de 5\"><figure class=\"swiper-slide-inner\"><img decoding=\"async\" class=\"swiper-slide-image\" src=\"https:\/\/salutieducacioemocional.com\/wp-content\/uploads\/2024\/04\/IMG_7124-768x576.jpeg\" alt=\"IMG_7124\" \/><\/figure><\/div><div class=\"swiper-slide\" role=\"group\" aria-roledescription=\"slide\" aria-label=\"2 de 5\"><figure class=\"swiper-slide-inner\"><img decoding=\"async\" class=\"swiper-slide-image\" src=\"https:\/\/salutieducacioemocional.com\/wp-content\/uploads\/2024\/04\/IMG_8784-2-768x576.jpeg\" alt=\"IMG_8784 2\" \/><\/figure><\/div><div class=\"swiper-slide\" role=\"group\" aria-roledescription=\"slide\" aria-label=\"3 de 5\"><figure class=\"swiper-slide-inner\"><img decoding=\"async\" class=\"swiper-slide-image\" src=\"https:\/\/salutieducacioemocional.com\/wp-content\/uploads\/2024\/04\/IMG_9317-768x576.jpeg\" alt=\"IMG_9317\" \/><\/figure><\/div><div class=\"swiper-slide\" role=\"group\" aria-roledescription=\"slide\" aria-label=\"4 de 5\"><figure class=\"swiper-slide-inner\"><img decoding=\"async\" class=\"swiper-slide-image\" src=\"https:\/\/salutieducacioemocional.com\/wp-content\/uploads\/2024\/04\/IMG_7176-768x576.jpeg\" alt=\"IMG_7176\" \/><\/figure><\/div><div class=\"swiper-slide\" role=\"group\" aria-roledescription=\"slide\" aria-label=\"5 de 5\"><figure class=\"swiper-slide-inner\"><img decoding=\"async\" class=\"swiper-slide-image\" src=\"https:\/\/salutieducacioemocional.com\/wp-content\/uploads\/2024\/04\/IMG_8758-2-768x576.jpeg\" alt=\"IMG_8758 2\" \/><\/figure><\/div>\t\t\t<\/div>\n\t\t\t\t\t\t\t\t\t\t\t\t<div class=\"elementor-swiper-button elementor-swiper-button-prev\" role=\"button\" tabindex=\"0\">\n\t\t\t\t\t\t<i aria-hidden=\"true\" class=\"eicon-chevron-left\"><\/i>\t\t\t\t\t<\/div>\n\t\t\t\t\t<div class=\"elementor-swiper-button elementor-swiper-button-next\" role=\"button\" tabindex=\"0\">\n\t\t\t\t\t\t<i aria-hidden=\"true\" class=\"eicon-chevron-right\"><\/i>\t\t\t\t\t<\/div>\n\t\t\t\t\n\t\t\t\t\t\t\t\t\t<div class=\"swiper-pagination\"><\/div>\n\t\t\t\t\t\t\t\t\t<\/div>\n\t\t\t\t\t\t<\/div>\n\t\t\t\t<\/div>\n\t\t\t\t\t<\/div>\n\t\t<\/div>\n\t\t\t\t\t<\/div>\n\t\t<\/section>\n\t\t\t\t<section class=\"elementor-section elementor-top-section elementor-element elementor-element-1a5beee9 elementor-section-content-middle elementor-hidden-mobile elementor-section-boxed elementor-section-height-default elementor-section-height-default\" data-id=\"1a5beee9\" data-element_type=\"section\" data-e-type=\"section\">\n\t\t\t\t\t\t<div class=\"elementor-container elementor-column-gap-no\">\n\t\t\t\t\t<div class=\"elementor-column elementor-col-33 elementor-top-column elementor-element elementor-element-cea595d\" data-id=\"cea595d\" data-element_type=\"column\" data-e-type=\"column\">\n\t\t\t<div class=\"elementor-widget-wrap elementor-element-populated\">\n\t\t\t\t\t\t<div class=\"elementor-element elementor-element-24cb4e1a elementor-widget elementor-widget-menu-anchor\" data-id=\"24cb4e1a\" data-element_type=\"widget\" data-e-type=\"widget\" data-widget_type=\"menu-anchor.default\">\n\t\t\t\t<div class=\"elementor-widget-container\">\n\t\t\t\t\t\t\t<div class=\"elementor-menu-anchor\" id=\"sobreseer\"><\/div>\n\t\t\t\t\t\t<\/div>\n\t\t\t\t<\/div>\n\t\t\t\t<div class=\"elementor-element elementor-element-56fdeeb4 elementor-widget elementor-widget-text-editor\" data-id=\"56fdeeb4\" data-element_type=\"widget\" data-e-type=\"widget\" data-widget_type=\"text-editor.default\">\n\t\t\t\t<div class=\"elementor-widget-container\">\n\t\t\t\t\t\t\t\t\t<p>Sobre SEER<\/p>\t\t\t\t\t\t\t\t<\/div>\n\t\t\t\t<\/div>\n\t\t\t\t<div class=\"elementor-element elementor-element-7ade9b58 elementor-widget elementor-widget-heading\" data-id=\"7ade9b58\" data-element_type=\"widget\" data-e-type=\"widget\" data-widget_type=\"heading.default\">\n\t\t\t\t<div class=\"elementor-widget-container\">\n\t\t\t\t\t<h3 class=\"elementor-heading-title elementor-size-default\">Referents a l'\u00e0mbit educatiu i comunitari<\/h3>\t\t\t\t<\/div>\n\t\t\t\t<\/div>\n\t\t\t\t<div class=\"elementor-element elementor-element-26651e2e elementor-widget-divider--view-line elementor-widget elementor-widget-divider\" data-id=\"26651e2e\" data-element_type=\"widget\" data-e-type=\"widget\" data-widget_type=\"divider.default\">\n\t\t\t\t<div class=\"elementor-widget-container\">\n\t\t\t\t\t\t\t<div class=\"elementor-divider\">\n\t\t\t<span class=\"elementor-divider-separator\">\n\t\t\t\t\t\t<\/span>\n\t\t<\/div>\n\t\t\t\t\t\t<\/div>\n\t\t\t\t<\/div>\n\t\t\t\t<div class=\"elementor-element elementor-element-349446ab elementor-align-left elementor-widget elementor-widget-button\" data-id=\"349446ab\" data-element_type=\"widget\" data-e-type=\"widget\" data-widget_type=\"button.default\">\n\t\t\t\t<div class=\"elementor-widget-container\">\n\t\t\t\t\t\t\t\t\t<div class=\"elementor-button-wrapper\">\n\t\t\t\t\t<a class=\"elementor-button elementor-button-link elementor-size-md\" href=\"https:\/\/salutieducacioemocional.com\/ca\/missio-visio\/\">\n\t\t\t\t\t\t<span class=\"elementor-button-content-wrapper\">\n\t\t\t\t\t\t\t\t\t<span class=\"elementor-button-text\"> Descobreix m\u00e9s<\/span>\n\t\t\t\t\t<\/span>\n\t\t\t\t\t<\/a>\n\t\t\t\t<\/div>\n\t\t\t\t\t\t\t\t<\/div>\n\t\t\t\t<\/div>\n\t\t\t\t\t<\/div>\n\t\t<\/div>\n\t\t\t\t<div class=\"elementor-column elementor-col-33 elementor-top-column elementor-element elementor-element-6f94674a\" data-id=\"6f94674a\" data-element_type=\"column\" data-e-type=\"column\">\n\t\t\t<div class=\"elementor-widget-wrap elementor-element-populated\">\n\t\t\t\t\t\t<div class=\"elementor-element elementor-element-4dc2e848 elementor-widget elementor-widget-image\" data-id=\"4dc2e848\" data-element_type=\"widget\" data-e-type=\"widget\" data-widget_type=\"image.default\">\n\t\t\t\t<div class=\"elementor-widget-container\">\n\t\t\t\t\t\t\t\t\t\t\t\t\t\t\t<img fetchpriority=\"high\" decoding=\"async\" width=\"1620\" height=\"950\" src=\"https:\/\/salutieducacioemocional.com\/wp-content\/uploads\/2023\/12\/6.png\" class=\"elementor-animation-grow attachment-full size-full wp-image-10741\" alt=\"\" srcset=\"https:\/\/salutieducacioemocional.com\/wp-content\/uploads\/2023\/12\/6.png 1620w, https:\/\/salutieducacioemocional.com\/wp-content\/uploads\/2023\/12\/6-300x176.png 300w, https:\/\/salutieducacioemocional.com\/wp-content\/uploads\/2023\/12\/6-1024x600.png 1024w, https:\/\/salutieducacioemocional.com\/wp-content\/uploads\/2023\/12\/6-768x450.png 768w, https:\/\/salutieducacioemocional.com\/wp-content\/uploads\/2023\/12\/6-1536x901.png 1536w, https:\/\/salutieducacioemocional.com\/wp-content\/uploads\/2023\/12\/6-600x352.png 600w, https:\/\/salutieducacioemocional.com\/wp-content\/uploads\/2023\/12\/6-102x60.png 102w, https:\/\/salutieducacioemocional.com\/wp-content\/uploads\/2023\/12\/6-153x90.png 153w\" sizes=\"(max-width: 1620px) 100vw, 1620px\" \/>\t\t\t\t\t\t\t\t\t\t\t\t\t\t\t<\/div>\n\t\t\t\t<\/div>\n\t\t\t\t<div class=\"elementor-element elementor-element-161769d4 elementor-widget elementor-widget-text-editor\" data-id=\"161769d4\" data-element_type=\"widget\" data-e-type=\"widget\" data-widget_type=\"text-editor.default\">\n\t\t\t\t<div class=\"elementor-widget-container\">\n\t\t\t\t\t\t\t\t\t<p>Des de SEER, treballem per la promoci\u00f3 de l&#8217;educaci\u00f3 emocional a col\u00b7lectius d&#8217;inf\u00e0ncia, joves i adults, a trav\u00e9s del nostre model d&#8217;acompanyament al desenvolupament socioemocional, que \u00e9s\u00a0la base de tots els nostres projectes i programes, aix\u00ed com de la nostra formaci\u00f3 pr\u00f2pia.<\/p>\t\t\t\t\t\t\t\t<\/div>\n\t\t\t\t<\/div>\n\t\t\t\t\t<\/div>\n\t\t<\/div>\n\t\t\t\t<div class=\"elementor-column elementor-col-33 elementor-top-column elementor-element elementor-element-6f66fcdf\" data-id=\"6f66fcdf\" data-element_type=\"column\" data-e-type=\"column\">\n\t\t\t<div class=\"elementor-widget-wrap elementor-element-populated\">\n\t\t\t\t\t\t<div class=\"elementor-element elementor-element-3be86725 elementor-widget elementor-widget-text-editor\" data-id=\"3be86725\" data-element_type=\"widget\" data-e-type=\"widget\" data-widget_type=\"text-editor.default\">\n\t\t\t\t<div class=\"elementor-widget-container\">\n\t\t\t\t\t\t\t\t\t<p>Des de SEER, orientem les nostres accions socioeducatives i formatives per a concebre l&#8217;educaci\u00f3 emocional com a una eina, un contingut i una metodologia que millori la conviv\u00e8ncia, el sentit de vida, l&#8217;\u00e8xit acad\u00e8mic i els h\u00e0bits per a una vida saludable.<\/p>\t\t\t\t\t\t\t\t<\/div>\n\t\t\t\t<\/div>\n\t\t\t\t<div class=\"elementor-element elementor-element-1e37dd98 elementor-widget elementor-widget-image\" data-id=\"1e37dd98\" data-element_type=\"widget\" data-e-type=\"widget\" data-widget_type=\"image.default\">\n\t\t\t\t<div class=\"elementor-widget-container\">\n\t\t\t\t\t\t\t\t\t\t\t\t\t\t\t<img decoding=\"async\" width=\"1620\" height=\"950\" src=\"https:\/\/salutieducacioemocional.com\/wp-content\/uploads\/2023\/12\/10.png\" class=\"elementor-animation-grow attachment-full size-full wp-image-10749\" alt=\"\" srcset=\"https:\/\/salutieducacioemocional.com\/wp-content\/uploads\/2023\/12\/10.png 1620w, https:\/\/salutieducacioemocional.com\/wp-content\/uploads\/2023\/12\/10-300x176.png 300w, https:\/\/salutieducacioemocional.com\/wp-content\/uploads\/2023\/12\/10-1024x600.png 1024w, https:\/\/salutieducacioemocional.com\/wp-content\/uploads\/2023\/12\/10-768x450.png 768w, https:\/\/salutieducacioemocional.com\/wp-content\/uploads\/2023\/12\/10-1536x901.png 1536w, https:\/\/salutieducacioemocional.com\/wp-content\/uploads\/2023\/12\/10-600x352.png 600w, https:\/\/salutieducacioemocional.com\/wp-content\/uploads\/2023\/12\/10-102x60.png 102w, https:\/\/salutieducacioemocional.com\/wp-content\/uploads\/2023\/12\/10-153x90.png 153w\" sizes=\"(max-width: 1620px) 100vw, 1620px\" \/>\t\t\t\t\t\t\t\t\t\t\t\t\t\t\t<\/div>\n\t\t\t\t<\/div>\n\t\t\t\t\t<\/div>\n\t\t<\/div>\n\t\t\t\t\t<\/div>\n\t\t<\/section>\n\t\t\t\t<section class=\"elementor-section elementor-top-section elementor-element elementor-element-906d828 elementor-section-content-middle elementor-hidden-desktop elementor-hidden-tablet elementor-section-boxed elementor-section-height-default elementor-section-height-default\" data-id=\"906d828\" data-element_type=\"section\" data-e-type=\"section\">\n\t\t\t\t\t\t<div class=\"elementor-container elementor-column-gap-no\">\n\t\t\t\t\t<div class=\"elementor-column elementor-col-33 elementor-top-column elementor-element elementor-element-2391550\" data-id=\"2391550\" data-element_type=\"column\" data-e-type=\"column\">\n\t\t\t<div class=\"elementor-widget-wrap elementor-element-populated\">\n\t\t\t\t\t\t<div class=\"elementor-element elementor-element-5f92ddd elementor-widget elementor-widget-menu-anchor\" data-id=\"5f92ddd\" data-element_type=\"widget\" data-e-type=\"widget\" data-widget_type=\"menu-anchor.default\">\n\t\t\t\t<div class=\"elementor-widget-container\">\n\t\t\t\t\t\t\t<div class=\"elementor-menu-anchor\" id=\"sobreseer\"><\/div>\n\t\t\t\t\t\t<\/div>\n\t\t\t\t<\/div>\n\t\t\t\t<div class=\"elementor-element elementor-element-aa808fa elementor-widget elementor-widget-text-editor\" data-id=\"aa808fa\" data-element_type=\"widget\" data-e-type=\"widget\" data-widget_type=\"text-editor.default\">\n\t\t\t\t<div class=\"elementor-widget-container\">\n\t\t\t\t\t\t\t\t\t<p>Sobre SEER<\/p>\t\t\t\t\t\t\t\t<\/div>\n\t\t\t\t<\/div>\n\t\t\t\t<div class=\"elementor-element elementor-element-cc22a67 elementor-widget elementor-widget-heading\" data-id=\"cc22a67\" data-element_type=\"widget\" data-e-type=\"widget\" data-widget_type=\"heading.default\">\n\t\t\t\t<div class=\"elementor-widget-container\">\n\t\t\t\t\t<h3 class=\"elementor-heading-title elementor-size-default\">Referents a l'\u00e0mbit educatiu i comunitari<\/h3>\t\t\t\t<\/div>\n\t\t\t\t<\/div>\n\t\t\t\t<div class=\"elementor-element elementor-element-13b056e elementor-widget-divider--view-line elementor-widget elementor-widget-divider\" data-id=\"13b056e\" data-element_type=\"widget\" data-e-type=\"widget\" data-widget_type=\"divider.default\">\n\t\t\t\t<div class=\"elementor-widget-container\">\n\t\t\t\t\t\t\t<div class=\"elementor-divider\">\n\t\t\t<span class=\"elementor-divider-separator\">\n\t\t\t\t\t\t<\/span>\n\t\t<\/div>\n\t\t\t\t\t\t<\/div>\n\t\t\t\t<\/div>\n\t\t\t\t\t<\/div>\n\t\t<\/div>\n\t\t\t\t<div class=\"elementor-column elementor-col-33 elementor-top-column elementor-element elementor-element-bcbffee\" data-id=\"bcbffee\" data-element_type=\"column\" data-e-type=\"column\">\n\t\t\t<div class=\"elementor-widget-wrap elementor-element-populated\">\n\t\t\t\t\t\t<div class=\"elementor-element elementor-element-a732538 elementor-widget elementor-widget-image\" data-id=\"a732538\" data-element_type=\"widget\" data-e-type=\"widget\" data-widget_type=\"image.default\">\n\t\t\t\t<div class=\"elementor-widget-container\">\n\t\t\t\t\t\t\t\t\t\t\t\t\t\t\t<img fetchpriority=\"high\" decoding=\"async\" width=\"1620\" height=\"950\" src=\"https:\/\/salutieducacioemocional.com\/wp-content\/uploads\/2023\/12\/6.png\" class=\"elementor-animation-grow attachment-full size-full wp-image-10741\" alt=\"\" srcset=\"https:\/\/salutieducacioemocional.com\/wp-content\/uploads\/2023\/12\/6.png 1620w, https:\/\/salutieducacioemocional.com\/wp-content\/uploads\/2023\/12\/6-300x176.png 300w, https:\/\/salutieducacioemocional.com\/wp-content\/uploads\/2023\/12\/6-1024x600.png 1024w, https:\/\/salutieducacioemocional.com\/wp-content\/uploads\/2023\/12\/6-768x450.png 768w, https:\/\/salutieducacioemocional.com\/wp-content\/uploads\/2023\/12\/6-1536x901.png 1536w, https:\/\/salutieducacioemocional.com\/wp-content\/uploads\/2023\/12\/6-600x352.png 600w, https:\/\/salutieducacioemocional.com\/wp-content\/uploads\/2023\/12\/6-102x60.png 102w, https:\/\/salutieducacioemocional.com\/wp-content\/uploads\/2023\/12\/6-153x90.png 153w\" sizes=\"(max-width: 1620px) 100vw, 1620px\" \/>\t\t\t\t\t\t\t\t\t\t\t\t\t\t\t<\/div>\n\t\t\t\t<\/div>\n\t\t\t\t<div class=\"elementor-element elementor-element-dca9d98 elementor-widget elementor-widget-text-editor\" data-id=\"dca9d98\" data-element_type=\"widget\" data-e-type=\"widget\" data-widget_type=\"text-editor.default\">\n\t\t\t\t<div class=\"elementor-widget-container\">\n\t\t\t\t\t\t\t\t\t<p>Des de SEER, treballem per la promoci\u00f3 de l&#8217;educaci\u00f3 emocional a col\u00b7lectius d&#8217;inf\u00e0ncia, joves i adults, a trav\u00e9s del nostre model d&#8217;acompanyament al desenvolupament socioemocional, que \u00e9s\u00a0la base de tots els nostres projectes i programes, aix\u00ed com de la nostra formaci\u00f3 pr\u00f2pia.<\/p>\t\t\t\t\t\t\t\t<\/div>\n\t\t\t\t<\/div>\n\t\t\t\t\t<\/div>\n\t\t<\/div>\n\t\t\t\t<div class=\"elementor-column elementor-col-33 elementor-top-column elementor-element elementor-element-61bad43\" data-id=\"61bad43\" data-element_type=\"column\" data-e-type=\"column\">\n\t\t\t<div class=\"elementor-widget-wrap elementor-element-populated\">\n\t\t\t\t\t\t<div class=\"elementor-element elementor-element-736b199 elementor-widget elementor-widget-text-editor\" data-id=\"736b199\" data-element_type=\"widget\" data-e-type=\"widget\" data-widget_type=\"text-editor.default\">\n\t\t\t\t<div class=\"elementor-widget-container\">\n\t\t\t\t\t\t\t\t\t<p>Des de SEER, orientem les nostres accions socioeducatives i formatives per a concebre l&#8217;educaci\u00f3 emocional com a una eina, un contingut i una metodologia que millori la conviv\u00e8ncia, el sentit de vida, l&#8217;\u00e8xit acad\u00e8mic i els h\u00e0bits per a una vida saludable.<\/p>\t\t\t\t\t\t\t\t<\/div>\n\t\t\t\t<\/div>\n\t\t\t\t<div class=\"elementor-element elementor-element-caca39b elementor-widget elementor-widget-image\" data-id=\"caca39b\" data-element_type=\"widget\" data-e-type=\"widget\" data-widget_type=\"image.default\">\n\t\t\t\t<div class=\"elementor-widget-container\">\n\t\t\t\t\t\t\t\t\t\t\t\t\t\t\t<img decoding=\"async\" width=\"1620\" height=\"950\" src=\"https:\/\/salutieducacioemocional.com\/wp-content\/uploads\/2023\/12\/10.png\" class=\"elementor-animation-grow attachment-full size-full wp-image-10749\" alt=\"\" srcset=\"https:\/\/salutieducacioemocional.com\/wp-content\/uploads\/2023\/12\/10.png 1620w, https:\/\/salutieducacioemocional.com\/wp-content\/uploads\/2023\/12\/10-300x176.png 300w, https:\/\/salutieducacioemocional.com\/wp-content\/uploads\/2023\/12\/10-1024x600.png 1024w, https:\/\/salutieducacioemocional.com\/wp-content\/uploads\/2023\/12\/10-768x450.png 768w, https:\/\/salutieducacioemocional.com\/wp-content\/uploads\/2023\/12\/10-1536x901.png 1536w, https:\/\/salutieducacioemocional.com\/wp-content\/uploads\/2023\/12\/10-600x352.png 600w, https:\/\/salutieducacioemocional.com\/wp-content\/uploads\/2023\/12\/10-102x60.png 102w, https:\/\/salutieducacioemocional.com\/wp-content\/uploads\/2023\/12\/10-153x90.png 153w\" sizes=\"(max-width: 1620px) 100vw, 1620px\" \/>\t\t\t\t\t\t\t\t\t\t\t\t\t\t\t<\/div>\n\t\t\t\t<\/div>\n\t\t\t\t<div class=\"elementor-element elementor-element-dea0420 elementor-align-left elementor-widget elementor-widget-button\" data-id=\"dea0420\" data-element_type=\"widget\" data-e-type=\"widget\" data-widget_type=\"button.default\">\n\t\t\t\t<div class=\"elementor-widget-container\">\n\t\t\t\t\t\t\t\t\t<div class=\"elementor-button-wrapper\">\n\t\t\t\t\t<a class=\"elementor-button elementor-button-link elementor-size-md\" href=\"https:\/\/salutieducacioemocional.com\/ca\/missio-visio\/\">\n\t\t\t\t\t\t<span class=\"elementor-button-content-wrapper\">\n\t\t\t\t\t\t\t\t\t<span class=\"elementor-button-text\"> Descobreix m\u00e9s<\/span>\n\t\t\t\t\t<\/span>\n\t\t\t\t\t<\/a>\n\t\t\t\t<\/div>\n\t\t\t\t\t\t\t\t<\/div>\n\t\t\t\t<\/div>\n\t\t\t\t\t<\/div>\n\t\t<\/div>\n\t\t\t\t\t<\/div>\n\t\t<\/section>\n\t\t\t\t<section class=\"elementor-section elementor-top-section elementor-element elementor-element-3bd24ea9 elementor-section-content-middle elementor-section-boxed elementor-section-height-default elementor-section-height-default\" data-id=\"3bd24ea9\" data-element_type=\"section\" data-e-type=\"section\" data-settings=\"{&quot;background_background&quot;:&quot;classic&quot;}\">\n\t\t\t\t\t\t<div class=\"elementor-container elementor-column-gap-no\">\n\t\t\t\t\t<div class=\"elementor-column elementor-col-100 elementor-top-column elementor-element elementor-element-1629f9f1\" data-id=\"1629f9f1\" data-element_type=\"column\" data-e-type=\"column\">\n\t\t\t<div class=\"elementor-widget-wrap elementor-element-populated\">\n\t\t\t\t\t\t<div class=\"elementor-element elementor-element-c0417c1 elementor-widget elementor-widget-heading\" data-id=\"c0417c1\" data-element_type=\"widget\" data-e-type=\"widget\" data-widget_type=\"heading.default\">\n\t\t\t\t<div class=\"elementor-widget-container\">\n\t\t\t\t\t<h4 class=\"elementor-heading-title elementor-size-default\">SEERvim<\/h4>\t\t\t\t<\/div>\n\t\t\t\t<\/div>\n\t\t\t\t<div class=\"elementor-element elementor-element-2869820f elementor-widget elementor-widget-text-editor\" data-id=\"2869820f\" data-element_type=\"widget\" data-e-type=\"widget\" data-widget_type=\"text-editor.default\">\n\t\t\t\t<div class=\"elementor-widget-container\">\n\t\t\t\t\t\t\t\t\t<p style=\"text-align: left;\">Oferim serveis a mida per a ajudar-te a donar resposta a les teves necessitats.<\/p>\t\t\t\t\t\t\t\t<\/div>\n\t\t\t\t<\/div>\n\t\t\t\t<section class=\"elementor-section elementor-inner-section elementor-element elementor-element-2b62b232 elementor-section-boxed elementor-section-height-default elementor-section-height-default\" data-id=\"2b62b232\" data-element_type=\"section\" data-e-type=\"section\">\n\t\t\t\t\t\t<div class=\"elementor-container elementor-column-gap-default\">\n\t\t\t\t\t<div class=\"elementor-column elementor-col-33 elementor-inner-column elementor-element elementor-element-73afbde8\" data-id=\"73afbde8\" data-element_type=\"column\" data-e-type=\"column\">\n\t\t\t<div class=\"elementor-widget-wrap elementor-element-populated\">\n\t\t\t\t\t\t<div class=\"elementor-element elementor-element-1e54af21 elementor-widget elementor-widget-image\" data-id=\"1e54af21\" data-element_type=\"widget\" data-e-type=\"widget\" data-widget_type=\"image.default\">\n\t\t\t\t<div class=\"elementor-widget-container\">\n\t\t\t\t\t\t\t\t\t\t\t\t\t\t\t\t<a href=\"https:\/\/salutieducacioemocional.com\/ca\/projectes-educatius\/\">\n\t\t\t\t\t\t\t<img decoding=\"async\" width=\"150\" height=\"150\" src=\"https:\/\/salutieducacioemocional.com\/wp-content\/uploads\/2019\/01\/Projectes-Educatius-150x150.png\" class=\"attachment-thumbnail size-thumbnail wp-image-2453\" alt=\"\" srcset=\"https:\/\/salutieducacioemocional.com\/wp-content\/uploads\/2019\/01\/Projectes-Educatius-150x150.png 150w, https:\/\/salutieducacioemocional.com\/wp-content\/uploads\/2019\/01\/Projectes-Educatius-300x300.png 300w, https:\/\/salutieducacioemocional.com\/wp-content\/uploads\/2019\/01\/Projectes-Educatius-100x100.png 100w, https:\/\/salutieducacioemocional.com\/wp-content\/uploads\/2019\/01\/Projectes-Educatius.png 417w\" sizes=\"(max-width: 150px) 100vw, 150px\" \/>\t\t\t\t\t\t\t\t<\/a>\n\t\t\t\t\t\t\t\t\t\t\t\t\t\t\t<\/div>\n\t\t\t\t<\/div>\n\t\t\t\t<div class=\"elementor-element elementor-element-10c7aa63 elementor-widget elementor-widget-heading\" data-id=\"10c7aa63\" data-element_type=\"widget\" data-e-type=\"widget\" data-widget_type=\"heading.default\">\n\t\t\t\t<div class=\"elementor-widget-container\">\n\t\t\t\t\t<h3 class=\"elementor-heading-title elementor-size-default\"><a href=\"https:\/\/salutieducacioemocional.com\/ca\/projectes-educatius\/\">Projectes Socioeducatius<\/a><\/h3>\t\t\t\t<\/div>\n\t\t\t\t<\/div>\n\t\t\t\t<div class=\"elementor-element elementor-element-263f14e6 elementor-widget-divider--view-line elementor-widget elementor-widget-divider\" data-id=\"263f14e6\" data-element_type=\"widget\" data-e-type=\"widget\" data-widget_type=\"divider.default\">\n\t\t\t\t<div class=\"elementor-widget-container\">\n\t\t\t\t\t\t\t<div class=\"elementor-divider\">\n\t\t\t<span class=\"elementor-divider-separator\">\n\t\t\t\t\t\t<\/span>\n\t\t<\/div>\n\t\t\t\t\t\t<\/div>\n\t\t\t\t<\/div>\n\t\t\t\t<div class=\"elementor-element elementor-element-d770179 elementor-widget elementor-widget-text-editor\" data-id=\"d770179\" data-element_type=\"widget\" data-e-type=\"widget\" data-widget_type=\"text-editor.default\">\n\t\t\t\t<div class=\"elementor-widget-container\">\n\t\t\t\t\t\t\t\t\t<p>Dinamitzem i dissenyem tota mena de projectes per a infants i joves en qu\u00e8 l&#8217;educaci\u00f3 socioemocional s&#8217;estructura com a contingut i com a metodologia.<\/p>\t\t\t\t\t\t\t\t<\/div>\n\t\t\t\t<\/div>\n\t\t\t\t\t<\/div>\n\t\t<\/div>\n\t\t\t\t<div class=\"elementor-column elementor-col-33 elementor-inner-column elementor-element elementor-element-5f5b7b2f\" data-id=\"5f5b7b2f\" data-element_type=\"column\" data-e-type=\"column\">\n\t\t\t<div class=\"elementor-widget-wrap elementor-element-populated\">\n\t\t\t\t\t\t<div class=\"elementor-element elementor-element-dcd2196 elementor-widget elementor-widget-image\" data-id=\"dcd2196\" data-element_type=\"widget\" data-e-type=\"widget\" data-widget_type=\"image.default\">\n\t\t\t\t<div class=\"elementor-widget-container\">\n\t\t\t\t\t\t\t\t\t\t\t\t\t\t\t\t<a href=\"https:\/\/salutieducacioemocional.com\/ca\/departament-formacio\/\">\n\t\t\t\t\t\t\t<img loading=\"lazy\" decoding=\"async\" width=\"150\" height=\"150\" src=\"https:\/\/salutieducacioemocional.com\/wp-content\/uploads\/2019\/01\/Departament-Formacio-150x150.png\" class=\"attachment-thumbnail size-thumbnail wp-image-2455\" alt=\"Formaci\u00f3 SEER\" srcset=\"https:\/\/salutieducacioemocional.com\/wp-content\/uploads\/2019\/01\/Departament-Formacio-150x150.png 150w, https:\/\/salutieducacioemocional.com\/wp-content\/uploads\/2019\/01\/Departament-Formacio-300x300.png 300w, https:\/\/salutieducacioemocional.com\/wp-content\/uploads\/2019\/01\/Departament-Formacio-100x100.png 100w, https:\/\/salutieducacioemocional.com\/wp-content\/uploads\/2019\/01\/Departament-Formacio.png 417w\" sizes=\"(max-width: 150px) 100vw, 150px\" \/>\t\t\t\t\t\t\t\t<\/a>\n\t\t\t\t\t\t\t\t\t\t\t\t\t\t\t<\/div>\n\t\t\t\t<\/div>\n\t\t\t\t<div class=\"elementor-element elementor-element-45ca9a0a elementor-widget elementor-widget-heading\" data-id=\"45ca9a0a\" data-element_type=\"widget\" data-e-type=\"widget\" data-widget_type=\"heading.default\">\n\t\t\t\t<div class=\"elementor-widget-container\">\n\t\t\t\t\t<h3 class=\"elementor-heading-title elementor-size-default\"><a href=\"https:\/\/salutieducacioemocional.com\/ca\/departament-formacio\/\">Formacions<\/a><\/h3>\t\t\t\t<\/div>\n\t\t\t\t<\/div>\n\t\t\t\t<div class=\"elementor-element elementor-element-5aebb8c5 elementor-widget-divider--view-line elementor-widget elementor-widget-divider\" data-id=\"5aebb8c5\" data-element_type=\"widget\" data-e-type=\"widget\" data-widget_type=\"divider.default\">\n\t\t\t\t<div class=\"elementor-widget-container\">\n\t\t\t\t\t\t\t<div class=\"elementor-divider\">\n\t\t\t<span class=\"elementor-divider-separator\">\n\t\t\t\t\t\t<\/span>\n\t\t<\/div>\n\t\t\t\t\t\t<\/div>\n\t\t\t\t<\/div>\n\t\t\t\t<div class=\"elementor-element elementor-element-49645b4 elementor-widget elementor-widget-text-editor\" data-id=\"49645b4\" data-element_type=\"widget\" data-e-type=\"widget\" data-widget_type=\"text-editor.default\">\n\t\t\t\t<div class=\"elementor-widget-container\">\n\t\t\t\t\t\t\t\t\t<p>M\u00e9s de\u00a015 anys d&#8217;experi\u00e8ncia en formacions b\u00e0siques o d&#8217;alta complexitat per a fam\u00edlies o professionals de diversos sectors de la societat (educaci\u00f3, salut, \u00e0mbit social, seguretat, empresa, etc.).<\/p>\t\t\t\t\t\t\t\t<\/div>\n\t\t\t\t<\/div>\n\t\t\t\t\t<\/div>\n\t\t<\/div>\n\t\t\t\t<div class=\"elementor-column elementor-col-33 elementor-inner-column elementor-element elementor-element-fd20079\" data-id=\"fd20079\" data-element_type=\"column\" data-e-type=\"column\">\n\t\t\t<div class=\"elementor-widget-wrap elementor-element-populated\">\n\t\t\t\t\t\t<div class=\"elementor-element elementor-element-f06cc7e elementor-widget elementor-widget-image\" data-id=\"f06cc7e\" data-element_type=\"widget\" data-e-type=\"widget\" data-widget_type=\"image.default\">\n\t\t\t\t<div class=\"elementor-widget-container\">\n\t\t\t\t\t\t\t\t\t\t\t\t\t\t\t<img loading=\"lazy\" decoding=\"async\" width=\"150\" height=\"150\" src=\"https:\/\/salutieducacioemocional.com\/wp-content\/uploads\/2018\/12\/Formacions-Especifiques-150x150.png\" class=\"attachment-thumbnail size-thumbnail wp-image-506\" alt=\"Espais Virtuals\" srcset=\"https:\/\/salutieducacioemocional.com\/wp-content\/uploads\/2018\/12\/Formacions-Especifiques-150x150.png 150w, https:\/\/salutieducacioemocional.com\/wp-content\/uploads\/2018\/12\/Formacions-Especifiques-300x300.png 300w, https:\/\/salutieducacioemocional.com\/wp-content\/uploads\/2018\/12\/Formacions-Especifiques-100x100.png 100w, https:\/\/salutieducacioemocional.com\/wp-content\/uploads\/2018\/12\/Formacions-Especifiques.png 418w\" sizes=\"(max-width: 150px) 100vw, 150px\" \/>\t\t\t\t\t\t\t\t\t\t\t\t\t\t\t<\/div>\n\t\t\t\t<\/div>\n\t\t\t\t<div class=\"elementor-element elementor-element-574ae8fc elementor-widget elementor-widget-heading\" data-id=\"574ae8fc\" data-element_type=\"widget\" data-e-type=\"widget\" data-widget_type=\"heading.default\">\n\t\t\t\t<div class=\"elementor-widget-container\">\n\t\t\t\t\t<h3 class=\"elementor-heading-title elementor-size-default\">Campus en L\u00ednia\u00a0<\/h3>\t\t\t\t<\/div>\n\t\t\t\t<\/div>\n\t\t\t\t<div class=\"elementor-element elementor-element-36a0daa7 elementor-widget-divider--view-line elementor-widget elementor-widget-divider\" data-id=\"36a0daa7\" data-element_type=\"widget\" data-e-type=\"widget\" data-widget_type=\"divider.default\">\n\t\t\t\t<div class=\"elementor-widget-container\">\n\t\t\t\t\t\t\t<div class=\"elementor-divider\">\n\t\t\t<span class=\"elementor-divider-separator\">\n\t\t\t\t\t\t<\/span>\n\t\t<\/div>\n\t\t\t\t\t\t<\/div>\n\t\t\t\t<\/div>\n\t\t\t\t<div class=\"elementor-element elementor-element-2c6a20b8 elementor-widget elementor-widget-text-editor\" data-id=\"2c6a20b8\" data-element_type=\"widget\" data-e-type=\"widget\" data-widget_type=\"text-editor.default\">\n\t\t\t\t<div class=\"elementor-widget-container\">\n\t\t\t\t\t\t\t\t\t<p>Una plataforma on disposes de recursos i formacions que ajuden a fomentar el desenvolupament socioemocional dins i fora de contextos educatius.<\/p>\t\t\t\t\t\t\t\t<\/div>\n\t\t\t\t<\/div>\n\t\t\t\t\t<\/div>\n\t\t<\/div>\n\t\t\t\t\t<\/div>\n\t\t<\/section>\n\t\t\t\t<section class=\"elementor-section elementor-inner-section elementor-element elementor-element-6a5a80cd elementor-section-boxed elementor-section-height-default elementor-section-height-default\" data-id=\"6a5a80cd\" data-element_type=\"section\" data-e-type=\"section\">\n\t\t\t\t\t\t<div class=\"elementor-container elementor-column-gap-default\">\n\t\t\t\t\t<div class=\"elementor-column elementor-col-50 elementor-inner-column elementor-element elementor-element-6f8e2b45\" data-id=\"6f8e2b45\" data-element_type=\"column\" data-e-type=\"column\">\n\t\t\t<div class=\"elementor-widget-wrap elementor-element-populated\">\n\t\t\t\t\t\t<div class=\"elementor-element elementor-element-52fc7e51 elementor-widget elementor-widget-image\" data-id=\"52fc7e51\" data-element_type=\"widget\" data-e-type=\"widget\" data-widget_type=\"image.default\">\n\t\t\t\t<div class=\"elementor-widget-container\">\n\t\t\t\t\t\t\t\t\t\t\t\t\t\t\t\t<a href=\"https:\/\/salutieducacioemocional.com\/ca\/departament-formacio\/assessorament-pedagogic\/\">\n\t\t\t\t\t\t\t<img loading=\"lazy\" decoding=\"async\" width=\"150\" height=\"150\" src=\"https:\/\/salutieducacioemocional.com\/wp-content\/uploads\/2018\/12\/Acompanyament-equips-150x150.png\" class=\"attachment-thumbnail size-thumbnail wp-image-500\" alt=\"Acompanyament d&#039;equips SEER\" srcset=\"https:\/\/salutieducacioemocional.com\/wp-content\/uploads\/2018\/12\/Acompanyament-equips-150x150.png 150w, https:\/\/salutieducacioemocional.com\/wp-content\/uploads\/2018\/12\/Acompanyament-equips-300x300.png 300w, https:\/\/salutieducacioemocional.com\/wp-content\/uploads\/2018\/12\/Acompanyament-equips-100x100.png 100w, https:\/\/salutieducacioemocional.com\/wp-content\/uploads\/2018\/12\/Acompanyament-equips.png 417w\" sizes=\"(max-width: 150px) 100vw, 150px\" \/>\t\t\t\t\t\t\t\t<\/a>\n\t\t\t\t\t\t\t\t\t\t\t\t\t\t\t<\/div>\n\t\t\t\t<\/div>\n\t\t\t\t<div class=\"elementor-element elementor-element-15e8709d elementor-widget elementor-widget-heading\" data-id=\"15e8709d\" data-element_type=\"widget\" data-e-type=\"widget\" data-widget_type=\"heading.default\">\n\t\t\t\t<div class=\"elementor-widget-container\">\n\t\t\t\t\t<h3 class=\"elementor-heading-title elementor-size-default\"><a href=\"https:\/\/salutieducacioemocional.com\/ca\/departament-formacio\/assessorament-pedagogic\/\">Acompanyaments i Assessoraments<\/a><\/h3>\t\t\t\t<\/div>\n\t\t\t\t<\/div>\n\t\t\t\t<div class=\"elementor-element elementor-element-6f529e17 elementor-widget-divider--view-line elementor-widget elementor-widget-divider\" data-id=\"6f529e17\" data-element_type=\"widget\" data-e-type=\"widget\" data-widget_type=\"divider.default\">\n\t\t\t\t<div class=\"elementor-widget-container\">\n\t\t\t\t\t\t\t<div class=\"elementor-divider\">\n\t\t\t<span class=\"elementor-divider-separator\">\n\t\t\t\t\t\t<\/span>\n\t\t<\/div>\n\t\t\t\t\t\t<\/div>\n\t\t\t\t<\/div>\n\t\t\t\t<div class=\"elementor-element elementor-element-e91e0b2 elementor-widget elementor-widget-text-editor\" data-id=\"e91e0b2\" data-element_type=\"widget\" data-e-type=\"widget\" data-widget_type=\"text-editor.default\">\n\t\t\t\t<div class=\"elementor-widget-container\">\n\t\t\t\t\t\t\t\t\t<p>Facilitem processos que donen resposta a diverses necessitats, tant per a equips com per a xarxes i entorns comunitaris.<\/p>\t\t\t\t\t\t\t\t<\/div>\n\t\t\t\t<\/div>\n\t\t\t\t\t<\/div>\n\t\t<\/div>\n\t\t\t\t<div class=\"elementor-column elementor-col-50 elementor-inner-column elementor-element elementor-element-2d6df46e\" data-id=\"2d6df46e\" data-element_type=\"column\" data-e-type=\"column\">\n\t\t\t<div class=\"elementor-widget-wrap elementor-element-populated\">\n\t\t\t\t\t\t<div class=\"elementor-element elementor-element-d57f808 elementor-widget elementor-widget-image\" data-id=\"d57f808\" data-element_type=\"widget\" data-e-type=\"widget\" data-widget_type=\"image.default\">\n\t\t\t\t<div class=\"elementor-widget-container\">\n\t\t\t\t\t\t\t\t\t\t\t\t\t\t\t\t<a href=\"https:\/\/salutieducacioemocional.com\/ca\/materials-pedagogics\/\">\n\t\t\t\t\t\t\t<img loading=\"lazy\" decoding=\"async\" width=\"150\" height=\"150\" src=\"https:\/\/salutieducacioemocional.com\/wp-content\/uploads\/2019\/01\/Materials-Didactics-150x150.png\" class=\"attachment-thumbnail size-thumbnail wp-image-2463\" alt=\"\" srcset=\"https:\/\/salutieducacioemocional.com\/wp-content\/uploads\/2019\/01\/Materials-Didactics-150x150.png 150w, https:\/\/salutieducacioemocional.com\/wp-content\/uploads\/2019\/01\/Materials-Didactics-300x300.png 300w, https:\/\/salutieducacioemocional.com\/wp-content\/uploads\/2019\/01\/Materials-Didactics-100x100.png 100w, https:\/\/salutieducacioemocional.com\/wp-content\/uploads\/2019\/01\/Materials-Didactics.png 417w\" sizes=\"(max-width: 150px) 100vw, 150px\" \/>\t\t\t\t\t\t\t\t<\/a>\n\t\t\t\t\t\t\t\t\t\t\t\t\t\t\t<\/div>\n\t\t\t\t<\/div>\n\t\t\t\t<div class=\"elementor-element elementor-element-119f4aae elementor-widget elementor-widget-heading\" data-id=\"119f4aae\" data-element_type=\"widget\" data-e-type=\"widget\" data-widget_type=\"heading.default\">\n\t\t\t\t<div class=\"elementor-widget-container\">\n\t\t\t\t\t<h3 class=\"elementor-heading-title elementor-size-default\"><a href=\"https:\/\/salutieducacioemocional.com\/ca\/materials-pedagogics\/\">Creaci\u00f3 de Materials i Contingut<\/a><\/h3>\t\t\t\t<\/div>\n\t\t\t\t<\/div>\n\t\t\t\t<div class=\"elementor-element elementor-element-28882e20 elementor-widget-divider--view-line elementor-widget elementor-widget-divider\" data-id=\"28882e20\" data-element_type=\"widget\" data-e-type=\"widget\" data-widget_type=\"divider.default\">\n\t\t\t\t<div class=\"elementor-widget-container\">\n\t\t\t\t\t\t\t<div class=\"elementor-divider\">\n\t\t\t<span class=\"elementor-divider-separator\">\n\t\t\t\t\t\t<\/span>\n\t\t<\/div>\n\t\t\t\t\t\t<\/div>\n\t\t\t\t<\/div>\n\t\t\t\t<div class=\"elementor-element elementor-element-3d05ef02 elementor-widget elementor-widget-text-editor\" data-id=\"3d05ef02\" data-element_type=\"widget\" data-e-type=\"widget\" data-widget_type=\"text-editor.default\">\n\t\t\t\t<div class=\"elementor-widget-container\">\n\t\t\t\t\t\t\t\t\t<p>Produ\u00efm materials i recursos d&#8217;alta qualitat pedag\u00f2gica. Tamb\u00e9 creem continguts i dissenyem programes basats en les nostres fortaleses.<\/p>\t\t\t\t\t\t\t\t<\/div>\n\t\t\t\t<\/div>\n\t\t\t\t\t<\/div>\n\t\t<\/div>\n\t\t\t\t\t<\/div>\n\t\t<\/section>\n\t\t\t\t\t<\/div>\n\t\t<\/div>\n\t\t\t\t\t<\/div>\n\t\t<\/section>\n\t\t\t\t<section class=\"elementor-section elementor-top-section elementor-element elementor-element-76bcbf4d elementor-section-content-middle elementor-section-boxed elementor-section-height-default elementor-section-height-default\" data-id=\"76bcbf4d\" data-element_type=\"section\" data-e-type=\"section\">\n\t\t\t\t\t\t<div class=\"elementor-container elementor-column-gap-no\">\n\t\t\t\t\t<div class=\"elementor-column elementor-col-100 elementor-top-column elementor-element elementor-element-3cb9995d\" data-id=\"3cb9995d\" data-element_type=\"column\" data-e-type=\"column\">\n\t\t\t<div class=\"elementor-widget-wrap elementor-element-populated\">\n\t\t\t\t\t\t<div class=\"elementor-element elementor-element-3d4e434c elementor-widget elementor-widget-heading\" data-id=\"3d4e434c\" data-element_type=\"widget\" data-e-type=\"widget\" data-widget_type=\"heading.default\">\n\t\t\t\t<div class=\"elementor-widget-container\">\n\t\t\t\t\t<h4 class=\"elementor-heading-title elementor-size-default\">Aquest mes destaquem...<\/h4>\t\t\t\t<\/div>\n\t\t\t\t<\/div>\n\t\t\t\t<section class=\"elementor-section elementor-inner-section elementor-element elementor-element-70a498a elementor-section-content-middle elementor-section-boxed elementor-section-height-default elementor-section-height-default\" data-id=\"70a498a\" data-element_type=\"section\" data-e-type=\"section\">\n\t\t\t\t\t\t<div class=\"elementor-container elementor-column-gap-no\">\n\t\t\t\t\t<div class=\"elementor-column elementor-col-33 elementor-inner-column elementor-element elementor-element-6fbc7319\" data-id=\"6fbc7319\" data-element_type=\"column\" data-e-type=\"column\">\n\t\t\t<div class=\"elementor-widget-wrap elementor-element-populated\">\n\t\t\t\t\t\t<div class=\"elementor-element elementor-element-25c3168 elementor-position-top elementor-widget elementor-widget-image-box\" data-id=\"25c3168\" data-element_type=\"widget\" data-e-type=\"widget\" data-widget_type=\"image-box.default\">\n\t\t\t\t<div class=\"elementor-widget-container\">\n\t\t\t\t\t<div class=\"elementor-image-box-wrapper\"><figure class=\"elementor-image-box-img\"><a href=\"https:\/\/salutieducacioemocional.com\/ca\/producte\/escola-estiu-estrategies-acompanyament-grups\/\" tabindex=\"-1\"><img loading=\"lazy\" decoding=\"async\" width=\"418\" height=\"418\" src=\"https:\/\/salutieducacioemocional.com\/wp-content\/uploads\/2019\/03\/esbarjos-emocionals.png\" class=\"elementor-animation-grow attachment-full size-full wp-image-3559\" alt=\"Esbarjos Emocionals SEER\" srcset=\"https:\/\/salutieducacioemocional.com\/wp-content\/uploads\/2019\/03\/esbarjos-emocionals.png 418w, https:\/\/salutieducacioemocional.com\/wp-content\/uploads\/2019\/03\/esbarjos-emocionals-150x150.png 150w, https:\/\/salutieducacioemocional.com\/wp-content\/uploads\/2019\/03\/esbarjos-emocionals-300x300.png 300w, https:\/\/salutieducacioemocional.com\/wp-content\/uploads\/2019\/03\/esbarjos-emocionals-100x100.png 100w\" sizes=\"(max-width: 418px) 100vw, 418px\" \/><\/a><\/figure><div class=\"elementor-image-box-content\"><h3 class=\"elementor-image-box-title\"><a href=\"https:\/\/salutieducacioemocional.com\/ca\/producte\/escola-estiu-estrategies-acompanyament-grups\/\">Escola d\u2019estiu \u00b7 Estrat\u00e8gies per a l\u2019acompanyament a grups<\/a><\/h3><p class=\"elementor-image-box-description\">Dues\u00a0noves c\u00e0psules formatives presencials que us dotaran de recursos i estrat\u00e8gies per a l\u2019acompanyament a grups.<\/p><\/div><\/div>\t\t\t\t<\/div>\n\t\t\t\t<\/div>\n\t\t\t\t\t<\/div>\n\t\t<\/div>\n\t\t\t\t<div class=\"elementor-column elementor-col-33 elementor-inner-column elementor-element elementor-element-30da9490\" data-id=\"30da9490\" data-element_type=\"column\" data-e-type=\"column\">\n\t\t\t<div class=\"elementor-widget-wrap elementor-element-populated\">\n\t\t\t\t\t\t<div class=\"elementor-element elementor-element-26e452e2 elementor-position-top elementor-widget elementor-widget-image-box\" data-id=\"26e452e2\" data-element_type=\"widget\" data-e-type=\"widget\" data-widget_type=\"image-box.default\">\n\t\t\t\t<div class=\"elementor-widget-container\">\n\t\t\t\t\t<div class=\"elementor-image-box-wrapper\"><figure class=\"elementor-image-box-img\"><a href=\"https:\/\/salutieducacioemocional.com\/ca\/formacio-acompanyament-al-desenvolupament-socioemocional-ads-2024-2025\/\" tabindex=\"-1\"><img loading=\"lazy\" decoding=\"async\" width=\"200\" height=\"200\" src=\"https:\/\/salutieducacioemocional.com\/wp-content\/uploads\/2020\/11\/activitats.png\" class=\"elementor-animation-grow attachment-full size-full wp-image-6403\" alt=\"\" srcset=\"https:\/\/salutieducacioemocional.com\/wp-content\/uploads\/2020\/11\/activitats.png 200w, https:\/\/salutieducacioemocional.com\/wp-content\/uploads\/2020\/11\/activitats-150x150.png 150w, https:\/\/salutieducacioemocional.com\/wp-content\/uploads\/2020\/11\/activitats-100x100.png 100w\" sizes=\"(max-width: 200px) 100vw, 200px\" \/><\/a><\/figure><div class=\"elementor-image-box-content\"><h3 class=\"elementor-image-box-title\"><a href=\"https:\/\/salutieducacioemocional.com\/ca\/formacio-acompanyament-al-desenvolupament-socioemocional-ads-2024-2025\/\">Formaci\u00f3 Anual Model ADS<\/a><\/h3><p class=\"elementor-image-box-description\">Reuneix, a trav\u00e9s de la teva pr\u00f2pia experi\u00e8ncia de creixement personal, les eines que necessites per a acompanyar a infants i joves en el seu Desenvolupament Socioemocional a trav\u00e9s de l\u2019Educaci\u00f3 Emocional.<\/p><\/div><\/div>\t\t\t\t<\/div>\n\t\t\t\t<\/div>\n\t\t\t\t\t<\/div>\n\t\t<\/div>\n\t\t\t\t<div class=\"elementor-column elementor-col-33 elementor-inner-column elementor-element elementor-element-25a6cb98\" data-id=\"25a6cb98\" data-element_type=\"column\" data-e-type=\"column\">\n\t\t\t<div class=\"elementor-widget-wrap elementor-element-populated\">\n\t\t\t\t\t\t<div class=\"elementor-element elementor-element-44653f7b elementor-position-top elementor-widget elementor-widget-image-box\" data-id=\"44653f7b\" data-element_type=\"widget\" data-e-type=\"widget\" data-widget_type=\"image-box.default\">\n\t\t\t\t<div class=\"elementor-widget-container\">\n\t\t\t\t\t<div class=\"elementor-image-box-wrapper\"><figure class=\"elementor-image-box-img\"><a href=\"https:\/\/salutieducacioemocional.com\/ca\/producte\/mapes-emocionals\/\" tabindex=\"-1\"><img loading=\"lazy\" decoding=\"async\" width=\"417\" height=\"417\" src=\"https:\/\/salutieducacioemocional.com\/wp-content\/uploads\/2019\/01\/Materials-Didactics.png\" class=\"elementor-animation-grow attachment-full size-full wp-image-2463\" alt=\"\" srcset=\"https:\/\/salutieducacioemocional.com\/wp-content\/uploads\/2019\/01\/Materials-Didactics.png 417w, https:\/\/salutieducacioemocional.com\/wp-content\/uploads\/2019\/01\/Materials-Didactics-150x150.png 150w, https:\/\/salutieducacioemocional.com\/wp-content\/uploads\/2019\/01\/Materials-Didactics-300x300.png 300w, https:\/\/salutieducacioemocional.com\/wp-content\/uploads\/2019\/01\/Materials-Didactics-100x100.png 100w\" sizes=\"(max-width: 417px) 100vw, 417px\" \/><\/a><\/figure><div class=\"elementor-image-box-content\"><h3 class=\"elementor-image-box-title\"><a href=\"https:\/\/salutieducacioemocional.com\/ca\/producte\/mapes-emocionals\/\">Mapes Emocionals<\/a><\/h3><p class=\"elementor-image-box-description\">Material pedag\u00f2gic desenvolupat per SEER\u00ae on es recullen emocions, sentiments i estats d\u2019\u00e0nim dins un mateix recurs. Neix d\u2019una acurada observaci\u00f3 de la dimensi\u00f3 sentida de l\u2019\u00e9sser hum\u00e0 i acull 10 fam\u00edlies b\u00e0siques d\u2019emocions que es poden treballar a qualsevol edat.<\/p><\/div><\/div>\t\t\t\t<\/div>\n\t\t\t\t<\/div>\n\t\t\t\t\t<\/div>\n\t\t<\/div>\n\t\t\t\t\t<\/div>\n\t\t<\/section>\n\t\t\t\t\t<\/div>\n\t\t<\/div>\n\t\t\t\t\t<\/div>\n\t\t<\/section>\n\t\t\t\t<section class=\"elementor-section elementor-top-section elementor-element elementor-element-334aa893 elementor-section-content-middle elementor-section-boxed elementor-section-height-default elementor-section-height-default\" data-id=\"334aa893\" data-element_type=\"section\" data-e-type=\"section\" data-settings=\"{&quot;background_background&quot;:&quot;classic&quot;}\">\n\t\t\t\t\t\t\t<div class=\"elementor-background-overlay\"><\/div>\n\t\t\t\t\t\t\t<div class=\"elementor-container elementor-column-gap-no\">\n\t\t\t\t\t<div class=\"elementor-column elementor-col-100 elementor-top-column elementor-element elementor-element-60a8b417\" data-id=\"60a8b417\" data-element_type=\"column\" data-e-type=\"column\">\n\t\t\t<div class=\"elementor-widget-wrap elementor-element-populated\">\n\t\t\t\t\t\t<div class=\"elementor-element elementor-element-49e7ca06 elementor-widget elementor-widget-spacer\" data-id=\"49e7ca06\" data-element_type=\"widget\" data-e-type=\"widget\" data-widget_type=\"spacer.default\">\n\t\t\t\t<div class=\"elementor-widget-container\">\n\t\t\t\t\t\t\t<div class=\"elementor-spacer\">\n\t\t\t<div class=\"elementor-spacer-inner\"><\/div>\n\t\t<\/div>\n\t\t\t\t\t\t<\/div>\n\t\t\t\t<\/div>\n\t\t\t\t<div class=\"elementor-element elementor-element-41579472 elementor-widget elementor-widget-heading\" data-id=\"41579472\" data-element_type=\"widget\" data-e-type=\"widget\" data-widget_type=\"heading.default\">\n\t\t\t\t<div class=\"elementor-widget-container\">\n\t\t\t\t\t<h2 class=\"elementor-heading-title elementor-size-default\">Fortaleses<\/h2>\t\t\t\t<\/div>\n\t\t\t\t<\/div>\n\t\t\t\t<div class=\"elementor-element elementor-element-3378f3f2 elementor-widget elementor-widget-spacer\" data-id=\"3378f3f2\" data-element_type=\"widget\" data-e-type=\"widget\" data-widget_type=\"spacer.default\">\n\t\t\t\t<div class=\"elementor-widget-container\">\n\t\t\t\t\t\t\t<div class=\"elementor-spacer\">\n\t\t\t<div class=\"elementor-spacer-inner\"><\/div>\n\t\t<\/div>\n\t\t\t\t\t\t<\/div>\n\t\t\t\t<\/div>\n\t\t\t\t\t<\/div>\n\t\t<\/div>\n\t\t\t\t\t<\/div>\n\t\t<\/section>\n\t\t\t\t<section class=\"elementor-section elementor-top-section elementor-element elementor-element-3b68b327 elementor-section-content-middle elementor-section-boxed elementor-section-height-default elementor-section-height-default\" data-id=\"3b68b327\" data-element_type=\"section\" data-e-type=\"section\">\n\t\t\t\t\t\t<div class=\"elementor-container elementor-column-gap-no\">\n\t\t\t\t\t<div class=\"elementor-column elementor-col-33 elementor-top-column elementor-element elementor-element-161b06cf\" data-id=\"161b06cf\" data-element_type=\"column\" data-e-type=\"column\">\n\t\t\t<div class=\"elementor-widget-wrap elementor-element-populated\">\n\t\t\t\t\t\t<div class=\"elementor-element elementor-element-dadd1d2 elementor-view-default elementor-position-block-start elementor-mobile-position-block-start elementor-widget elementor-widget-icon-box\" data-id=\"dadd1d2\" data-element_type=\"widget\" data-e-type=\"widget\" data-widget_type=\"icon-box.default\">\n\t\t\t\t<div class=\"elementor-widget-container\">\n\t\t\t\t\t\t\t<div class=\"elementor-icon-box-wrapper\">\n\n\t\t\t\t\t\t<div class=\"elementor-icon-box-icon\">\n\t\t\t\t<a href=\"https:\/\/salutieducacioemocional.com\/ca\/salut-i-educacio-emocional\/\" class=\"elementor-icon elementor-animation-grow\" tabindex=\"-1\" aria-label=\"Model ADS\">\n\t\t\t\t<i aria-hidden=\"true\" class=\"fas fa-brain\"><\/i>\t\t\t\t<\/a>\n\t\t\t<\/div>\n\t\t\t\n\t\t\t\t\t\t<div class=\"elementor-icon-box-content\">\n\n\t\t\t\t\t\t\t\t\t<h4 class=\"elementor-icon-box-title\">\n\t\t\t\t\t\t<a href=\"https:\/\/salutieducacioemocional.com\/ca\/salut-i-educacio-emocional\/\" >\n\t\t\t\t\t\t\tModel ADS\t\t\t\t\t\t<\/a>\n\t\t\t\t\t<\/h4>\n\t\t\t\t\n\t\t\t\t\t\t\t\t\t<p class=\"elementor-icon-box-description\">\n\t\t\t\t\t\tADS \u00e9s un model per a l'Acompanyament al Desenvolupament Socioemocional que compta amb eines i processos \u00fatils per a tota mena de professionals. \t\t\t\t\t<\/p>\n\t\t\t\t\n\t\t\t<\/div>\n\t\t\t\n\t\t<\/div>\n\t\t\t\t\t\t<\/div>\n\t\t\t\t<\/div>\n\t\t\t\t\t<\/div>\n\t\t<\/div>\n\t\t\t\t<div class=\"elementor-column elementor-col-33 elementor-top-column elementor-element elementor-element-471dbd7\" data-id=\"471dbd7\" data-element_type=\"column\" data-e-type=\"column\">\n\t\t\t<div class=\"elementor-widget-wrap elementor-element-populated\">\n\t\t\t\t\t\t<div class=\"elementor-element elementor-element-1b0f6341 elementor-view-default elementor-position-block-start elementor-mobile-position-block-start elementor-widget elementor-widget-icon-box\" data-id=\"1b0f6341\" data-element_type=\"widget\" data-e-type=\"widget\" data-widget_type=\"icon-box.default\">\n\t\t\t\t<div class=\"elementor-widget-container\">\n\t\t\t\t\t\t\t<div class=\"elementor-icon-box-wrapper\">\n\n\t\t\t\t\t\t<div class=\"elementor-icon-box-icon\">\n\t\t\t\t<a href=\"https:\/\/salutieducacioemocional.com\/ca\/pda-bullying\/\" class=\"elementor-icon elementor-animation-grow\" tabindex=\"-1\" aria-label=\"Mirada PDA Bullying\">\n\t\t\t\t<i aria-hidden=\"true\" class=\"fas fa-hand-holding-heart\"><\/i>\t\t\t\t<\/a>\n\t\t\t<\/div>\n\t\t\t\n\t\t\t\t\t\t<div class=\"elementor-icon-box-content\">\n\n\t\t\t\t\t\t\t\t\t<h4 class=\"elementor-icon-box-title\">\n\t\t\t\t\t\t<a href=\"https:\/\/salutieducacioemocional.com\/ca\/pda-bullying\/\" >\n\t\t\t\t\t\t\tMirada PDA Bullying\t\t\t\t\t\t<\/a>\n\t\t\t\t\t<\/h4>\n\t\t\t\t\n\t\t\t\t\t\t\t\t\t<p class=\"elementor-icon-box-description\">\n\t\t\t\t\t\tSistema per al desplegament de programes de conviv\u00e8ncia i protocols de resposta, basat en la prevenci\u00f3, la detecci\u00f3 i l'actuaci\u00f3.\t\t\t\t\t<\/p>\n\t\t\t\t\n\t\t\t<\/div>\n\t\t\t\n\t\t<\/div>\n\t\t\t\t\t\t<\/div>\n\t\t\t\t<\/div>\n\t\t\t\t\t<\/div>\n\t\t<\/div>\n\t\t\t\t<div class=\"elementor-column elementor-col-33 elementor-top-column elementor-element elementor-element-5bf8f578\" data-id=\"5bf8f578\" data-element_type=\"column\" data-e-type=\"column\">\n\t\t\t<div class=\"elementor-widget-wrap elementor-element-populated\">\n\t\t\t\t\t\t<div class=\"elementor-element elementor-element-11b43b17 elementor-view-default elementor-position-block-start elementor-mobile-position-block-start elementor-widget elementor-widget-icon-box\" data-id=\"11b43b17\" data-element_type=\"widget\" data-e-type=\"widget\" data-widget_type=\"icon-box.default\">\n\t\t\t\t<div class=\"elementor-widget-container\">\n\t\t\t\t\t\t\t<div class=\"elementor-icon-box-wrapper\">\n\n\t\t\t\t\t\t<div class=\"elementor-icon-box-icon\">\n\t\t\t\t<a href=\"https:\/\/salutieducacioemocional.com\/ca\/metodologia-vrt\/\" class=\"elementor-icon elementor-animation-grow\" tabindex=\"-1\" aria-label=\"Metodologia VRT\">\n\t\t\t\t<i aria-hidden=\"true\" class=\"fas fa-chalkboard-teacher\"><\/i>\t\t\t\t<\/a>\n\t\t\t<\/div>\n\t\t\t\n\t\t\t\t\t\t<div class=\"elementor-icon-box-content\">\n\n\t\t\t\t\t\t\t\t\t<h4 class=\"elementor-icon-box-title\">\n\t\t\t\t\t\t<a href=\"https:\/\/salutieducacioemocional.com\/ca\/metodologia-vrt\/\" >\n\t\t\t\t\t\t\tMetodologia VRT\t\t\t\t\t\t<\/a>\n\t\t\t\t\t<\/h4>\n\t\t\t\t\n\t\t\t\t\t\t\t\t\t<p class=\"elementor-icon-box-description\">\n\t\t\t\t\t\tMetodologia din\u00e0mica i vivencial que afavoreix els processos d'aprenentatge des d'experi\u00e8ncies significatives.\t\t\t\t\t<\/p>\n\t\t\t\t\n\t\t\t<\/div>\n\t\t\t\n\t\t<\/div>\n\t\t\t\t\t\t<\/div>\n\t\t\t\t<\/div>\n\t\t\t\t\t<\/div>\n\t\t<\/div>\n\t\t\t\t\t<\/div>\n\t\t<\/section>\n\t\t\t\t<section class=\"elementor-section elementor-top-section elementor-element elementor-element-9af9e15 elementor-section-content-middle elementor-section-boxed elementor-section-height-default elementor-section-height-default\" data-id=\"9af9e15\" data-element_type=\"section\" data-e-type=\"section\">\n\t\t\t\t\t\t<div class=\"elementor-container elementor-column-gap-no\">\n\t\t\t\t\t<div class=\"elementor-column elementor-col-50 elementor-top-column elementor-element elementor-element-9d9ac92\" data-id=\"9d9ac92\" data-element_type=\"column\" data-e-type=\"column\">\n\t\t\t<div class=\"elementor-widget-wrap elementor-element-populated\">\n\t\t\t\t\t\t<div class=\"elementor-element elementor-element-321b286 elementor-widget elementor-widget-heading\" data-id=\"321b286\" data-element_type=\"widget\" data-e-type=\"widget\" data-widget_type=\"heading.default\">\n\t\t\t\t<div class=\"elementor-widget-container\">\n\t\t\t\t\t<h3 class=\"elementor-heading-title elementor-size-default\">20\u00e8 Aniversari de SEER<\/h3>\t\t\t\t<\/div>\n\t\t\t\t<\/div>\n\t\t\t\t<div class=\"elementor-element elementor-element-48f149c elementor-widget-divider--view-line elementor-widget elementor-widget-divider\" data-id=\"48f149c\" data-element_type=\"widget\" data-e-type=\"widget\" data-widget_type=\"divider.default\">\n\t\t\t\t<div class=\"elementor-widget-container\">\n\t\t\t\t\t\t\t<div class=\"elementor-divider\">\n\t\t\t<span class=\"elementor-divider-separator\">\n\t\t\t\t\t\t<\/span>\n\t\t<\/div>\n\t\t\t\t\t\t<\/div>\n\t\t\t\t<\/div>\n\t\t\t\t<div class=\"elementor-element elementor-element-80cc79f elementor-widget elementor-widget-text-editor\" data-id=\"80cc79f\" data-element_type=\"widget\" data-e-type=\"widget\" data-widget_type=\"text-editor.default\">\n\t\t\t\t<div class=\"elementor-widget-container\">\n\t\t\t\t\t\t\t\t\t<p>Celebrem els 20 anys de\u00a0SEER\u00a0portant l&#8217;educaci\u00f3 emocional als centres educatius.<\/p>\t\t\t\t\t\t\t\t<\/div>\n\t\t\t\t<\/div>\n\t\t\t\t\t<\/div>\n\t\t<\/div>\n\t\t\t\t<div class=\"elementor-column elementor-col-50 elementor-top-column elementor-element elementor-element-ee63404\" data-id=\"ee63404\" data-element_type=\"column\" data-e-type=\"column\">\n\t\t\t<div class=\"elementor-widget-wrap elementor-element-populated\">\n\t\t\t\t\t\t<div class=\"elementor-element elementor-element-220ba29 elementor-widget elementor-widget-video\" data-id=\"220ba29\" data-element_type=\"widget\" data-e-type=\"widget\" data-settings=\"{&quot;youtube_url&quot;:&quot;https:\\\/\\\/www.youtube.com\\\/watch?v=G6if8U3QTsA&amp;t=29s&quot;,&quot;autoplay&quot;:&quot;yes&quot;,&quot;mute&quot;:&quot;yes&quot;,&quot;loop&quot;:&quot;yes&quot;,&quot;yt_privacy&quot;:&quot;yes&quot;,&quot;lazy_load&quot;:&quot;yes&quot;,&quot;video_type&quot;:&quot;youtube&quot;,&quot;controls&quot;:&quot;yes&quot;}\" data-widget_type=\"video.default\">\n\t\t\t\t<div class=\"elementor-widget-container\">\n\t\t\t\t\t\t\t<div class=\"elementor-wrapper elementor-open-inline\">\n\t\t\t<div class=\"elementor-video\"><\/div>\t\t<\/div>\n\t\t\t\t\t\t<\/div>\n\t\t\t\t<\/div>\n\t\t\t\t\t<\/div>\n\t\t<\/div>\n\t\t\t\t\t<\/div>\n\t\t<\/section>\n\t\t\t\t<section class=\"elementor-section elementor-top-section elementor-element elementor-element-29a0d874 elementor-section-content-middle elementor-section-boxed elementor-section-height-default elementor-section-height-default\" data-id=\"29a0d874\" data-element_type=\"section\" data-e-type=\"section\">\n\t\t\t\t\t\t<div class=\"elementor-container elementor-column-gap-no\">\n\t\t\t\t\t<div class=\"elementor-column elementor-col-100 elementor-top-column elementor-element elementor-element-1229bfe\" data-id=\"1229bfe\" data-element_type=\"column\" data-e-type=\"column\">\n\t\t\t<div class=\"elementor-widget-wrap elementor-element-populated\">\n\t\t\t\t\t\t<div class=\"elementor-element elementor-element-79228620 elementor-widget elementor-widget-heading\" data-id=\"79228620\" data-element_type=\"widget\" data-e-type=\"widget\" data-widget_type=\"heading.default\">\n\t\t\t\t<div class=\"elementor-widget-container\">\n\t\t\t\t\t<h4 class=\"elementor-heading-title elementor-size-default\">Col\u00b7laborem<\/h4>\t\t\t\t<\/div>\n\t\t\t\t<\/div>\n\t\t\t\t<div class=\"elementor-element elementor-element-78a33126 elementor-widget-divider--view-line elementor-widget elementor-widget-divider\" data-id=\"78a33126\" data-element_type=\"widget\" data-e-type=\"widget\" data-widget_type=\"divider.default\">\n\t\t\t\t<div class=\"elementor-widget-container\">\n\t\t\t\t\t\t\t<div class=\"elementor-divider\">\n\t\t\t<span class=\"elementor-divider-separator\">\n\t\t\t\t\t\t<\/span>\n\t\t<\/div>\n\t\t\t\t\t\t<\/div>\n\t\t\t\t<\/div>\n\t\t\t\t<div class=\"elementor-element elementor-element-1c696d9c elementor-widget elementor-widget-heading\" data-id=\"1c696d9c\" data-element_type=\"widget\" data-e-type=\"widget\" data-widget_type=\"heading.default\">\n\t\t\t\t<div class=\"elementor-widget-container\">\n\t\t\t\t\t<h5 class=\"elementor-heading-title elementor-size-default\">Des de centres educatius, universitats i centres de formaci\u00f3, fins a ajuntaments i associacions.<\/h5>\t\t\t\t<\/div>\n\t\t\t\t<\/div>\n\t\t\t\t<div class=\"elementor-element elementor-element-343937c5 elementor-arrows-position-inside elementor-pagination-position-outside elementor-widget elementor-widget-image-carousel\" data-id=\"343937c5\" data-element_type=\"widget\" data-e-type=\"widget\" data-settings=\"{&quot;slides_to_show&quot;:&quot;5&quot;,&quot;slides_to_scroll&quot;:&quot;1&quot;,&quot;lazyload&quot;:&quot;yes&quot;,&quot;autoplay_speed&quot;:&quot;2000&quot;,&quot;navigation&quot;:&quot;both&quot;,&quot;autoplay&quot;:&quot;yes&quot;,&quot;pause_on_hover&quot;:&quot;yes&quot;,&quot;pause_on_interaction&quot;:&quot;yes&quot;,&quot;infinite&quot;:&quot;yes&quot;,&quot;speed&quot;:500}\" data-widget_type=\"image-carousel.default\">\n\t\t\t\t<div class=\"elementor-widget-container\">\n\t\t\t\t\t\t\t<div class=\"elementor-image-carousel-wrapper swiper\" role=\"region\" aria-roledescription=\"carousel\" aria-label=\"Carrusel de im\u00e1genes\" dir=\"ltr\">\n\t\t\t<div class=\"elementor-image-carousel swiper-wrapper\" aria-live=\"off\">\n\t\t\t\t\t\t\t\t<div class=\"swiper-slide\" role=\"group\" aria-roledescription=\"slide\" aria-label=\"1 de 22\"><figure class=\"swiper-slide-inner\"><img class=\"swiper-slide-image swiper-lazy\" data-src=\"https:\/\/salutieducacioemocional.com\/wp-content\/uploads\/2018\/12\/ficat-logo.png\" alt=\"Fica&#039;t\" \/><div class=\"swiper-lazy-preloader\"><\/div><\/figure><\/div><div class=\"swiper-slide\" role=\"group\" aria-roledescription=\"slide\" aria-label=\"2 de 22\"><figure class=\"swiper-slide-inner\"><img class=\"swiper-slide-image swiper-lazy\" data-src=\"https:\/\/salutieducacioemocional.com\/wp-content\/uploads\/2018\/12\/scolartic-logo-300x95.png\" alt=\"logo scolartic\" \/><div class=\"swiper-lazy-preloader\"><\/div><\/figure><\/div><div class=\"swiper-slide\" role=\"group\" aria-roledescription=\"slide\" aria-label=\"3 de 22\"><figure class=\"swiper-slide-inner\"><img class=\"swiper-slide-image swiper-lazy\" data-src=\"https:\/\/salutieducacioemocional.com\/wp-content\/uploads\/2022\/11\/escola-efa-lleure-300x159.png\" alt=\"Escola EFA\" \/><div class=\"swiper-lazy-preloader\"><\/div><\/figure><\/div><div class=\"swiper-slide\" role=\"group\" aria-roledescription=\"slide\" aria-label=\"4 de 22\"><figure class=\"swiper-slide-inner\"><img class=\"swiper-slide-image swiper-lazy\" data-src=\"https:\/\/salutieducacioemocional.com\/wp-content\/uploads\/2019\/04\/guardia-urbana-seer-300x93.jpg\" alt=\"SEER assessora a Gu\u00e0rdia Urbana\" \/><div class=\"swiper-lazy-preloader\"><\/div><\/figure><\/div><div class=\"swiper-slide\" role=\"group\" aria-roledescription=\"slide\" aria-label=\"5 de 22\"><figure class=\"swiper-slide-inner\"><img class=\"swiper-slide-image swiper-lazy\" data-src=\"https:\/\/salutieducacioemocional.com\/wp-content\/uploads\/2018\/12\/xarxa-dret-infants-logo.jpg\" alt=\"logo xarxa drets dels infants\" \/><div class=\"swiper-lazy-preloader\"><\/div><\/figure><\/div><div class=\"swiper-slide\" role=\"group\" aria-roledescription=\"slide\" aria-label=\"6 de 22\"><figure class=\"swiper-slide-inner\"><img class=\"swiper-slide-image swiper-lazy\" data-src=\"https:\/\/salutieducacioemocional.com\/wp-content\/uploads\/2018\/12\/salut-alta-300x130.png\" alt=\"salut-alta\" \/><div class=\"swiper-lazy-preloader\"><\/div><\/figure><\/div><div class=\"swiper-slide\" role=\"group\" aria-roledescription=\"slide\" aria-label=\"7 de 22\"><figure class=\"swiper-slide-inner\"><img class=\"swiper-slide-image swiper-lazy\" data-src=\"https:\/\/salutieducacioemocional.com\/wp-content\/uploads\/2018\/12\/consorci-educacio-barcelona-logo-300x104.jpg\" alt=\"logo consorci d&#039;educacio Barcelona\" \/><div class=\"swiper-lazy-preloader\"><\/div><\/figure><\/div><div class=\"swiper-slide\" role=\"group\" aria-roledescription=\"slide\" aria-label=\"8 de 22\"><figure class=\"swiper-slide-inner\"><img class=\"swiper-slide-image swiper-lazy\" data-src=\"https:\/\/salutieducacioemocional.com\/wp-content\/uploads\/2018\/12\/save-children-logo-300x61.png\" alt=\"logo save the children\" \/><div class=\"swiper-lazy-preloader\"><\/div><\/figure><\/div><div class=\"swiper-slide\" role=\"group\" aria-roledescription=\"slide\" aria-label=\"9 de 22\"><figure class=\"swiper-slide-inner\"><img class=\"swiper-slide-image swiper-lazy\" data-src=\"https:\/\/salutieducacioemocional.com\/wp-content\/uploads\/2018\/12\/fundacio-pere-tarres-logo-300x90.png\" alt=\"logo fundaci\u00f3 pere tarr\u00e9s\" \/><div class=\"swiper-lazy-preloader\"><\/div><\/figure><\/div><div class=\"swiper-slide\" role=\"group\" aria-roledescription=\"slide\" aria-label=\"10 de 22\"><figure class=\"swiper-slide-inner\"><img class=\"swiper-slide-image swiper-lazy\" data-src=\"https:\/\/salutieducacioemocional.com\/wp-content\/uploads\/2018\/12\/associacio-sura-logo-300x168.jpg\" alt=\"logo sura\" \/><div class=\"swiper-lazy-preloader\"><\/div><\/figure><\/div><div class=\"swiper-slide\" role=\"group\" aria-roledescription=\"slide\" aria-label=\"11 de 22\"><figure class=\"swiper-slide-inner\"><img class=\"swiper-slide-image swiper-lazy\" data-src=\"https:\/\/salutieducacioemocional.com\/wp-content\/uploads\/2020\/04\/mesa-salut-jove-logo-300x180.jpg\" alt=\"Mesa de salut jove colaboradores SEER\" \/><div class=\"swiper-lazy-preloader\"><\/div><\/figure><\/div><div class=\"swiper-slide\" role=\"group\" aria-roledescription=\"slide\" aria-label=\"12 de 22\"><figure class=\"swiper-slide-inner\"><img class=\"swiper-slide-image swiper-lazy\" data-src=\"https:\/\/salutieducacioemocional.com\/wp-content\/uploads\/2020\/04\/colegio-oficial-enfermeros-logo-300x180.jpg\" alt=\"colegio oficial enfermeras y enfermeros colaboradores SEER\" \/><div class=\"swiper-lazy-preloader\"><\/div><\/figure><\/div><div class=\"swiper-slide\" role=\"group\" aria-roledescription=\"slide\" aria-label=\"13 de 22\"><figure class=\"swiper-slide-inner\"><img class=\"swiper-slide-image swiper-lazy\" data-src=\"https:\/\/salutieducacioemocional.com\/wp-content\/uploads\/2020\/04\/ajuntament-alcasser-logo-300x180.jpg\" alt=\"Ayuntamiento Alcasser colaboradores SEER\" \/><div class=\"swiper-lazy-preloader\"><\/div><\/figure><\/div><div class=\"swiper-slide\" role=\"group\" aria-roledescription=\"slide\" aria-label=\"14 de 22\"><figure class=\"swiper-slide-inner\"><img class=\"swiper-slide-image swiper-lazy\" data-src=\"https:\/\/salutieducacioemocional.com\/wp-content\/uploads\/2020\/04\/fundacio-fcb-barcelona-logo-300x180.jpg\" alt=\"Fundaci\u00f3 Bar\u00e7a colaboradores SEER\" \/><div class=\"swiper-lazy-preloader\"><\/div><\/figure><\/div><div class=\"swiper-slide\" role=\"group\" aria-roledescription=\"slide\" aria-label=\"15 de 22\"><figure class=\"swiper-slide-inner\"><img class=\"swiper-slide-image swiper-lazy\" data-src=\"https:\/\/salutieducacioemocional.com\/wp-content\/uploads\/2020\/04\/ajuntament-platja-aro-logo-300x180.jpg\" alt=\"ajuntament platja aro colaboradores SEER\" \/><div class=\"swiper-lazy-preloader\"><\/div><\/figure><\/div><div class=\"swiper-slide\" role=\"group\" aria-roledescription=\"slide\" aria-label=\"16 de 22\"><figure class=\"swiper-slide-inner\"><img class=\"swiper-slide-image swiper-lazy\" data-src=\"https:\/\/salutieducacioemocional.com\/wp-content\/uploads\/2022\/11\/acellec-logo-300x166.png\" alt=\"ACELLEC\" \/><div class=\"swiper-lazy-preloader\"><\/div><\/figure><\/div><div class=\"swiper-slide\" role=\"group\" aria-roledescription=\"slide\" aria-label=\"17 de 22\"><figure class=\"swiper-slide-inner\"><img class=\"swiper-slide-image swiper-lazy\" data-src=\"https:\/\/salutieducacioemocional.com\/wp-content\/uploads\/2020\/04\/tac-audiovisuals-logo-300x180.jpg\" alt=\"tac colaboradores SEER\" \/><div class=\"swiper-lazy-preloader\"><\/div><\/figure><\/div><div class=\"swiper-slide\" role=\"group\" aria-roledescription=\"slide\" aria-label=\"18 de 22\"><figure class=\"swiper-slide-inner\"><img class=\"swiper-slide-image swiper-lazy\" data-src=\"https:\/\/salutieducacioemocional.com\/wp-content\/uploads\/2020\/04\/b-resol-logo-300x180.jpg\" alt=\"b-resol colaboradores SEER\" \/><div class=\"swiper-lazy-preloader\"><\/div><\/figure><\/div><div class=\"swiper-slide\" role=\"group\" aria-roledescription=\"slide\" aria-label=\"19 de 22\"><figure class=\"swiper-slide-inner\"><img class=\"swiper-slide-image swiper-lazy\" data-src=\"https:\/\/salutieducacioemocional.com\/wp-content\/uploads\/2020\/04\/diputacio-barcelona-logo-300x180.jpg\" alt=\"DIBA colaboradores SEER\" \/><div class=\"swiper-lazy-preloader\"><\/div><\/figure><\/div><div class=\"swiper-slide\" role=\"group\" aria-roledescription=\"slide\" aria-label=\"20 de 22\"><figure class=\"swiper-slide-inner\"><img class=\"swiper-slide-image swiper-lazy\" data-src=\"https:\/\/salutieducacioemocional.com\/wp-content\/uploads\/2020\/04\/fundacion-aprender-mirar-logo-1-300x180.jpg\" alt=\"Fundaci\u00f3n aprender a mirar colaboradores SEER\" \/><div class=\"swiper-lazy-preloader\"><\/div><\/figure><\/div><div class=\"swiper-slide\" role=\"group\" aria-roledescription=\"slide\" aria-label=\"21 de 22\"><figure class=\"swiper-slide-inner\"><img class=\"swiper-slide-image swiper-lazy\" data-src=\"https:\/\/salutieducacioemocional.com\/wp-content\/uploads\/2020\/04\/joinup-logo-300x180.jpg\" alt=\"Fundaci\u00f3n aprender a mirar colaboradores SEER\" \/><div class=\"swiper-lazy-preloader\"><\/div><\/figure><\/div><div class=\"swiper-slide\" role=\"group\" aria-roledescription=\"slide\" aria-label=\"22 de 22\"><figure class=\"swiper-slide-inner\"><img class=\"swiper-slide-image swiper-lazy\" data-src=\"https:\/\/salutieducacioemocional.com\/wp-content\/uploads\/2023\/03\/seer-asociada-colaborador-rieeb.png\" alt=\"SEER asociada a RIEEB\" \/><div class=\"swiper-lazy-preloader\"><\/div><\/figure><\/div>\t\t\t<\/div>\n\t\t\t\t\t\t\t\t\t\t\t\t<div class=\"elementor-swiper-button elementor-swiper-button-prev\" role=\"button\" tabindex=\"0\">\n\t\t\t\t\t\t<i aria-hidden=\"true\" class=\"eicon-chevron-left\"><\/i>\t\t\t\t\t<\/div>\n\t\t\t\t\t<div class=\"elementor-swiper-button elementor-swiper-button-next\" role=\"button\" tabindex=\"0\">\n\t\t\t\t\t\t<i aria-hidden=\"true\" class=\"eicon-chevron-right\"><\/i>\t\t\t\t\t<\/div>\n\t\t\t\t\n\t\t\t\t\t\t\t\t\t<div class=\"swiper-pagination\"><\/div>\n\t\t\t\t\t\t\t\t\t<\/div>\n\t\t\t\t\t\t<\/div>\n\t\t\t\t<\/div>\n\t\t\t\t\t<\/div>\n\t\t<\/div>\n\t\t\t\t\t<\/div>\n\t\t<\/section>\n\t\t\t\t<\/div>\n\t\t","protected":false},"excerpt":{"rendered":"<p>Acompanyar sentint, Acompanyar amb sentit Desenvolupament Socioemocional,\u00a0Conviv\u00e8ncia i Abordatge Integral de la Viol\u00e8ncia. Sobre SEER Formaci\u00f3 Model ADS Reuneix, a trav\u00e9s de la teva pr\u00f2pia experi\u00e8ncia de creixement personal, les eines que necessites per a acompanyar a infants i joves en el seu Desenvolupament Socioemocional a trav\u00e9s de l\u2019Educaci\u00f3 Emocional. Vull saber-ne m\u00e9s! Sobre SEER [&hellip;]<\/p>\n","protected":false},"author":1,"featured_media":25,"parent":0,"menu_order":0,"comment_status":"closed","ping_status":"closed","template":"elementor_header_footer","meta":{"footnotes":""},"class_list":["post-2430","page","type-page","status-publish","has-post-thumbnail","hentry"],"yoast_head":"<!-- This site is optimized with the Yoast SEO plugin v27.5 - https:\/\/yoast.com\/product\/yoast-seo-wordpress\/ -->\n<title>SEER - Salut i Educaci\u00f3 Emocional<\/title>\n<meta name=\"description\" content=\"Entitat especialitzada en Educaci\u00f3 Emocional, Acompanyament al Desenvolupament Socioemocional, i Abordatge Integral del Conflicte.\" \/>\n<meta name=\"robots\" content=\"index, follow, max-snippet:-1, max-image-preview:large, max-video-preview:-1\" \/>\n<link rel=\"canonical\" href=\"https:\/\/salutieducacioemocional.com\/\" \/>\n<meta property=\"og:locale\" content=\"ca_ES\" \/>\n<meta property=\"og:type\" content=\"article\" \/>\n<meta property=\"og:title\" content=\"SEER - Salut i Educaci\u00f3 Emocional\" \/>\n<meta property=\"og:description\" content=\"Entitat especialitzada en Educaci\u00f3 Emocional, Acompanyament al Desenvolupament Socioemocional, i Abordatge Integral del Conflicte.\" \/>\n<meta property=\"og:url\" content=\"https:\/\/salutieducacioemocional.com\/\" \/>\n<meta property=\"og:site_name\" content=\"SEER\" \/>\n<meta property=\"article:publisher\" content=\"https:\/\/www.facebook.com\/equipseer\" \/>\n<meta property=\"article:modified_time\" content=\"2025-07-18T13:38:39+00:00\" \/>\n<meta property=\"og:image\" content=\"https:\/\/salutieducacioemocional.com\/wp-content\/uploads\/2018\/12\/educacion-emocional-seer.png\" \/>\n\t<meta property=\"og:image:width\" content=\"4152\" \/>\n\t<meta property=\"og:image:height\" content=\"2128\" \/>\n\t<meta property=\"og:image:type\" content=\"image\/png\" \/>\n<meta name=\"twitter:card\" content=\"summary_large_image\" \/>\n<meta name=\"twitter:site\" content=\"@equipseer\" \/>\n<script type=\"application\/ld+json\" class=\"yoast-schema-graph\">{\"@context\":\"https:\\\/\\\/schema.org\",\"@graph\":[{\"@type\":\"WebPage\",\"@id\":\"https:\\\/\\\/salutieducacioemocional.com\\\/\",\"url\":\"https:\\\/\\\/salutieducacioemocional.com\\\/\",\"name\":\"SEER - Salut i Educaci\u00f3 Emocional\",\"isPartOf\":{\"@id\":\"https:\\\/\\\/salutieducacioemocional.com\\\/#website\"},\"primaryImageOfPage\":{\"@id\":\"https:\\\/\\\/salutieducacioemocional.com\\\/#primaryimage\"},\"image\":{\"@id\":\"https:\\\/\\\/salutieducacioemocional.com\\\/#primaryimage\"},\"thumbnailUrl\":\"https:\\\/\\\/salutieducacioemocional.com\\\/wp-content\\\/uploads\\\/2018\\\/12\\\/educacion-emocional-seer.png\",\"datePublished\":\"2019-01-02T19:13:29+00:00\",\"dateModified\":\"2025-07-18T13:38:39+00:00\",\"description\":\"Entitat especialitzada en Educaci\u00f3 Emocional, Acompanyament al Desenvolupament Socioemocional, i Abordatge Integral del Conflicte.\",\"breadcrumb\":{\"@id\":\"https:\\\/\\\/salutieducacioemocional.com\\\/#breadcrumb\"},\"inLanguage\":\"ca\",\"potentialAction\":[{\"@type\":\"ReadAction\",\"target\":[\"https:\\\/\\\/salutieducacioemocional.com\\\/\"]}]},{\"@type\":\"ImageObject\",\"inLanguage\":\"ca\",\"@id\":\"https:\\\/\\\/salutieducacioemocional.com\\\/#primaryimage\",\"url\":\"https:\\\/\\\/salutieducacioemocional.com\\\/wp-content\\\/uploads\\\/2018\\\/12\\\/educacion-emocional-seer.png\",\"contentUrl\":\"https:\\\/\\\/salutieducacioemocional.com\\\/wp-content\\\/uploads\\\/2018\\\/12\\\/educacion-emocional-seer.png\",\"width\":4152,\"height\":2128,\"caption\":\"Educaci\u00f3n emocional SEER\"},{\"@type\":\"BreadcrumbList\",\"@id\":\"https:\\\/\\\/salutieducacioemocional.com\\\/#breadcrumb\",\"itemListElement\":[{\"@type\":\"ListItem\",\"position\":1,\"name\":\"Portada\",\"item\":\"https:\\\/\\\/salutieducacioemocional.com\\\/\"},{\"@type\":\"ListItem\",\"position\":2,\"name\":\"SEER &#8211; Salut i Educaci\u00f3 Emocional\"}]},{\"@type\":\"WebSite\",\"@id\":\"https:\\\/\\\/salutieducacioemocional.com\\\/#website\",\"url\":\"https:\\\/\\\/salutieducacioemocional.com\\\/\",\"name\":\"SEER\",\"description\":\"Salut i Educaci\u00f3 Emocional\",\"publisher\":{\"@id\":\"https:\\\/\\\/salutieducacioemocional.com\\\/#organization\"},\"potentialAction\":[{\"@type\":\"SearchAction\",\"target\":{\"@type\":\"EntryPoint\",\"urlTemplate\":\"https:\\\/\\\/salutieducacioemocional.com\\\/?s={search_term_string}\"},\"query-input\":{\"@type\":\"PropertyValueSpecification\",\"valueRequired\":true,\"valueName\":\"search_term_string\"}}],\"inLanguage\":\"ca\"},{\"@type\":\"Organization\",\"@id\":\"https:\\\/\\\/salutieducacioemocional.com\\\/#organization\",\"name\":\"Salut i Educaci\u00f3 Emocional S.L\",\"alternateName\":\"SEER\",\"url\":\"https:\\\/\\\/salutieducacioemocional.com\\\/\",\"logo\":{\"@type\":\"ImageObject\",\"inLanguage\":\"ca\",\"@id\":\"https:\\\/\\\/salutieducacioemocional.com\\\/#\\\/schema\\\/logo\\\/image\\\/\",\"url\":\"https:\\\/\\\/salutieducacioemocional.com\\\/wp-content\\\/uploads\\\/2018\\\/12\\\/cropped-educacion-emocional-seer-e1545471861400.png\",\"contentUrl\":\"https:\\\/\\\/salutieducacioemocional.com\\\/wp-content\\\/uploads\\\/2018\\\/12\\\/cropped-educacion-emocional-seer-e1545471861400.png\",\"width\":200,\"height\":78,\"caption\":\"Salut i Educaci\u00f3 Emocional S.L\"},\"image\":{\"@id\":\"https:\\\/\\\/salutieducacioemocional.com\\\/#\\\/schema\\\/logo\\\/image\\\/\"},\"sameAs\":[\"https:\\\/\\\/www.facebook.com\\\/equipseer\",\"https:\\\/\\\/x.com\\\/equipseer\",\"https:\\\/\\\/www.instagram.com\\\/equipseer\\\/\",\"https:\\\/\\\/www.linkedin.com\\\/company\\\/9231569\\\/admin\\\/\",\"https:\\\/\\\/www.youtube.com\\\/@equipseer\",\"https:\\\/\\\/t.me\\\/seer_info\"]}]}<\/script>\n<!-- \/ Yoast SEO plugin. -->","yoast_head_json":{"title":"SEER - Salut i Educaci\u00f3 Emocional","description":"Entitat especialitzada en Educaci\u00f3 Emocional, Acompanyament al Desenvolupament Socioemocional, i Abordatge Integral del Conflicte.","robots":{"index":"index","follow":"follow","max-snippet":"max-snippet:-1","max-image-preview":"max-image-preview:large","max-video-preview":"max-video-preview:-1"},"canonical":"https:\/\/salutieducacioemocional.com\/","og_locale":"ca_ES","og_type":"article","og_title":"SEER - Salut i Educaci\u00f3 Emocional","og_description":"Entitat especialitzada en Educaci\u00f3 Emocional, Acompanyament al Desenvolupament Socioemocional, i Abordatge Integral del Conflicte.","og_url":"https:\/\/salutieducacioemocional.com\/","og_site_name":"SEER","article_publisher":"https:\/\/www.facebook.com\/equipseer","article_modified_time":"2025-07-18T13:38:39+00:00","og_image":[{"width":4152,"height":2128,"url":"https:\/\/salutieducacioemocional.com\/wp-content\/uploads\/2018\/12\/educacion-emocional-seer.png","type":"image\/png"}],"twitter_card":"summary_large_image","twitter_site":"@equipseer","schema":{"@context":"https:\/\/schema.org","@graph":[{"@type":"WebPage","@id":"https:\/\/salutieducacioemocional.com\/","url":"https:\/\/salutieducacioemocional.com\/","name":"SEER - Salut i Educaci\u00f3 Emocional","isPartOf":{"@id":"https:\/\/salutieducacioemocional.com\/#website"},"primaryImageOfPage":{"@id":"https:\/\/salutieducacioemocional.com\/#primaryimage"},"image":{"@id":"https:\/\/salutieducacioemocional.com\/#primaryimage"},"thumbnailUrl":"https:\/\/salutieducacioemocional.com\/wp-content\/uploads\/2018\/12\/educacion-emocional-seer.png","datePublished":"2019-01-02T19:13:29+00:00","dateModified":"2025-07-18T13:38:39+00:00","description":"Entitat especialitzada en Educaci\u00f3 Emocional, Acompanyament al Desenvolupament Socioemocional, i Abordatge Integral del Conflicte.","breadcrumb":{"@id":"https:\/\/salutieducacioemocional.com\/#breadcrumb"},"inLanguage":"ca","potentialAction":[{"@type":"ReadAction","target":["https:\/\/salutieducacioemocional.com\/"]}]},{"@type":"ImageObject","inLanguage":"ca","@id":"https:\/\/salutieducacioemocional.com\/#primaryimage","url":"https:\/\/salutieducacioemocional.com\/wp-content\/uploads\/2018\/12\/educacion-emocional-seer.png","contentUrl":"https:\/\/salutieducacioemocional.com\/wp-content\/uploads\/2018\/12\/educacion-emocional-seer.png","width":4152,"height":2128,"caption":"Educaci\u00f3n emocional SEER"},{"@type":"BreadcrumbList","@id":"https:\/\/salutieducacioemocional.com\/#breadcrumb","itemListElement":[{"@type":"ListItem","position":1,"name":"Portada","item":"https:\/\/salutieducacioemocional.com\/"},{"@type":"ListItem","position":2,"name":"SEER &#8211; Salut i Educaci\u00f3 Emocional"}]},{"@type":"WebSite","@id":"https:\/\/salutieducacioemocional.com\/#website","url":"https:\/\/salutieducacioemocional.com\/","name":"SEER","description":"Salut i Educaci\u00f3 Emocional","publisher":{"@id":"https:\/\/salutieducacioemocional.com\/#organization"},"potentialAction":[{"@type":"SearchAction","target":{"@type":"EntryPoint","urlTemplate":"https:\/\/salutieducacioemocional.com\/?s={search_term_string}"},"query-input":{"@type":"PropertyValueSpecification","valueRequired":true,"valueName":"search_term_string"}}],"inLanguage":"ca"},{"@type":"Organization","@id":"https:\/\/salutieducacioemocional.com\/#organization","name":"Salut i Educaci\u00f3 Emocional S.L","alternateName":"SEER","url":"https:\/\/salutieducacioemocional.com\/","logo":{"@type":"ImageObject","inLanguage":"ca","@id":"https:\/\/salutieducacioemocional.com\/#\/schema\/logo\/image\/","url":"https:\/\/salutieducacioemocional.com\/wp-content\/uploads\/2018\/12\/cropped-educacion-emocional-seer-e1545471861400.png","contentUrl":"https:\/\/salutieducacioemocional.com\/wp-content\/uploads\/2018\/12\/cropped-educacion-emocional-seer-e1545471861400.png","width":200,"height":78,"caption":"Salut i Educaci\u00f3 Emocional S.L"},"image":{"@id":"https:\/\/salutieducacioemocional.com\/#\/schema\/logo\/image\/"},"sameAs":["https:\/\/www.facebook.com\/equipseer","https:\/\/x.com\/equipseer","https:\/\/www.instagram.com\/equipseer\/","https:\/\/www.linkedin.com\/company\/9231569\/admin\/","https:\/\/www.youtube.com\/@equipseer","https:\/\/t.me\/seer_info"]}]}},"_links":{"self":[{"href":"https:\/\/salutieducacioemocional.com\/ca\/wp-json\/wp\/v2\/pages\/2430","targetHints":{"allow":["GET"]}}],"collection":[{"href":"https:\/\/salutieducacioemocional.com\/ca\/wp-json\/wp\/v2\/pages"}],"about":[{"href":"https:\/\/salutieducacioemocional.com\/ca\/wp-json\/wp\/v2\/types\/page"}],"author":[{"embeddable":true,"href":"https:\/\/salutieducacioemocional.com\/ca\/wp-json\/wp\/v2\/users\/1"}],"replies":[{"embeddable":true,"href":"https:\/\/salutieducacioemocional.com\/ca\/wp-json\/wp\/v2\/comments?post=2430"}],"version-history":[{"count":251,"href":"https:\/\/salutieducacioemocional.com\/ca\/wp-json\/wp\/v2\/pages\/2430\/revisions"}],"predecessor-version":[{"id":13693,"href":"https:\/\/salutieducacioemocional.com\/ca\/wp-json\/wp\/v2\/pages\/2430\/revisions\/13693"}],"wp:featuredmedia":[{"embeddable":true,"href":"https:\/\/salutieducacioemocional.com\/ca\/wp-json\/wp\/v2\/media\/25"}],"wp:attachment":[{"href":"https:\/\/salutieducacioemocional.com\/ca\/wp-json\/wp\/v2\/media?parent=2430"}],"curies":[{"name":"wp","href":"https:\/\/api.w.org\/{rel}","templated":true}]}}