{"id":316,"date":"2018-12-23T11:22:20","date_gmt":"2018-12-23T11:22:20","guid":{"rendered":"http:\/\/salutieducacioemocional.com\/?page_id=316"},"modified":"2022-02-08T20:37:02","modified_gmt":"2022-02-08T20:37:02","slug":"gabriela-rangel","status":"publish","type":"page","link":"https:\/\/salutieducacioemocional.com\/ca\/equip\/gabriela-rangel\/","title":{"rendered":"Gabriela Rangel Rodr\u00edguez"},"content":{"rendered":"\t\t<div data-elementor-type=\"wp-post\" data-elementor-id=\"316\" class=\"elementor elementor-316\" data-elementor-post-type=\"page\">\n\t\t\t\t\t\t<section class=\"elementor-section elementor-top-section elementor-element elementor-element-54b52c93 elementor-section-boxed elementor-section-height-default elementor-section-height-default\" data-id=\"54b52c93\" data-element_type=\"section\" data-e-type=\"section\">\n\t\t\t\t\t\t<div class=\"elementor-container elementor-column-gap-default\">\n\t\t\t\t\t<div class=\"elementor-column elementor-col-50 elementor-top-column elementor-element elementor-element-13923333\" data-id=\"13923333\" data-element_type=\"column\" data-e-type=\"column\">\n\t\t\t<div class=\"elementor-widget-wrap elementor-element-populated\">\n\t\t\t\t\t\t<div class=\"elementor-element elementor-element-7b45fa5 elementor-widget elementor-widget-heading\" data-id=\"7b45fa5\" data-element_type=\"widget\" data-e-type=\"widget\" data-widget_type=\"heading.default\">\n\t\t\t\t<div class=\"elementor-widget-container\">\n\t\t\t\t\t<h1 class=\"elementor-heading-title elementor-size-large\">Gabriela Rangel Rodr\u00edguez<\/h1>\t\t\t\t<\/div>\n\t\t\t\t<\/div>\n\t\t\t\t<div class=\"elementor-element elementor-element-1b5d30b elementor-widget elementor-widget-image\" data-id=\"1b5d30b\" data-element_type=\"widget\" data-e-type=\"widget\" data-widget_type=\"image.default\">\n\t\t\t\t<div class=\"elementor-widget-container\">\n\t\t\t\t\t\t\t\t\t\t\t\t\t\t\t<img fetchpriority=\"high\" decoding=\"async\" width=\"400\" height=\"400\" src=\"https:\/\/salutieducacioemocional.com\/wp-content\/uploads\/2022\/02\/gabriela-rangel-seer.jpg\" class=\"attachment-full size-full wp-image-8418\" alt=\"Gabriela Rangel Equip SEER\" srcset=\"https:\/\/salutieducacioemocional.com\/wp-content\/uploads\/2022\/02\/gabriela-rangel-seer.jpg 400w, https:\/\/salutieducacioemocional.com\/wp-content\/uploads\/2022\/02\/gabriela-rangel-seer-300x300.jpg 300w, https:\/\/salutieducacioemocional.com\/wp-content\/uploads\/2022\/02\/gabriela-rangel-seer-150x150.jpg 150w, https:\/\/salutieducacioemocional.com\/wp-content\/uploads\/2022\/02\/gabriela-rangel-seer-100x100.jpg 100w\" sizes=\"(max-width: 400px) 100vw, 400px\" \/>\t\t\t\t\t\t\t\t\t\t\t\t\t\t\t<\/div>\n\t\t\t\t<\/div>\n\t\t\t\t\t<\/div>\n\t\t<\/div>\n\t\t\t\t<div class=\"elementor-column elementor-col-50 elementor-top-column elementor-element elementor-element-43616c56\" data-id=\"43616c56\" data-element_type=\"column\" data-e-type=\"column\">\n\t\t\t<div class=\"elementor-widget-wrap elementor-element-populated\">\n\t\t\t\t\t\t<div class=\"elementor-element elementor-element-a31dfd0 elementor-widget elementor-widget-text-editor\" data-id=\"a31dfd0\" data-element_type=\"widget\" data-e-type=\"widget\" data-widget_type=\"text-editor.default\">\n\t\t\t\t<div class=\"elementor-widget-container\">\n\t\t\t\t\t\t\t\t\t<div class=\"heading color-dark text-left \"><p class=\"fs-14\" style=\"text-align: center;\">Col\u00b7laboradora del Departament de Desenvolupament Pedag\u00f2gic i Investigaci\u00f3<\/p><\/div>\t\t\t\t\t\t\t\t<\/div>\n\t\t\t\t<\/div>\n\t\t\t\t<div class=\"elementor-element elementor-element-504a3e02 elementor-widget-divider--view-line elementor-widget elementor-widget-divider\" data-id=\"504a3e02\" data-element_type=\"widget\" data-e-type=\"widget\" data-widget_type=\"divider.default\">\n\t\t\t\t<div class=\"elementor-widget-container\">\n\t\t\t\t\t\t\t<div class=\"elementor-divider\">\n\t\t\t<span class=\"elementor-divider-separator\">\n\t\t\t\t\t\t<\/span>\n\t\t<\/div>\n\t\t\t\t\t\t<\/div>\n\t\t\t\t<\/div>\n\t\t\t\t<div class=\"elementor-element elementor-element-3f698a0 elementor-shape-circle elementor-grid-0 e-grid-align-center elementor-widget elementor-widget-social-icons\" data-id=\"3f698a0\" data-element_type=\"widget\" data-e-type=\"widget\" data-widget_type=\"social-icons.default\">\n\t\t\t\t<div class=\"elementor-widget-container\">\n\t\t\t\t\t\t\t<div class=\"elementor-social-icons-wrapper elementor-grid\">\n\t\t\t\t\t\t\t<span class=\"elementor-grid-item\">\n\t\t\t\t\t<a class=\"elementor-icon elementor-social-icon elementor-social-icon-twitter elementor-repeater-item-500c7a4\" href=\"https:\/\/twitter.com\/GabyRangelR\" target=\"_blank\" rel=\"nofollow\">\n\t\t\t\t\t\t<span class=\"elementor-screen-only\">Twitter<\/span>\n\t\t\t\t\t\t\t\t\t\t\t\t\t<i class=\"fa fa-twitter\" aria-hidden=\"true\"><\/i>\n\t\t\t\t\t\t\t\t\t\t\t<\/a>\n\t\t\t\t<\/span>\n\t\t\t\t\t<\/div>\n\t\t\t\t\t\t<\/div>\n\t\t\t\t<\/div>\n\t\t\t\t<div class=\"elementor-element elementor-element-335510f4 elementor-widget elementor-widget-text-editor\" data-id=\"335510f4\" data-element_type=\"widget\" data-e-type=\"widget\" data-widget_type=\"text-editor.default\">\n\t\t\t\t<div class=\"elementor-widget-container\">\n\t\t\t\t\t\t\t\t\t<p>Anal\u00edtica, reflexiva, viatgera i curiosa. Psic\u00f2loga i psicoterapeuta, interessada en el creixement personal, benestar i salut mental-emocional. He participat com a docent universit\u00e0ria i d&#8217;educaci\u00f3 especial, psic\u00f2loga escolar, facilitadora, supervisora de casos cl\u00ednics i col\u00b7laborat en investigacions en l&#8217;\u00e0rea de la psicologia cl\u00ednica i de la salut.<\/p><p>M&#8217;encanta aprendre sobre diversos temes, mirar les dificultats com \u00e0rees d&#8217;oportunitat per aprendre de nosaltres mateixos i aconseguir les nostres fites. Actualment explorant i aprofitant el meu inter\u00e8s i curiositat per la investigaci\u00f3 en salut mental que t\u00e9 impacte en situacions socials naturals.<\/p>\t\t\t\t\t\t\t\t<\/div>\n\t\t\t\t<\/div>\n\t\t\t\t\t<\/div>\n\t\t<\/div>\n\t\t\t\t\t<\/div>\n\t\t<\/section>\n\t\t\t\t<\/div>\n\t\t","protected":false},"excerpt":{"rendered":"<p>Gabriela Rangel Rodr\u00edguez Col\u00b7laboradora del Departament de Desenvolupament Pedag\u00f2gic i Investigaci\u00f3 Twitter Anal\u00edtica, reflexiva, viatgera i curiosa. Psic\u00f2loga i psicoterapeuta, interessada en el creixement personal, benestar i salut mental-emocional. He participat com a docent universit\u00e0ria i d&#8217;educaci\u00f3 especial, psic\u00f2loga escolar, facilitadora, supervisora de casos cl\u00ednics i col\u00b7laborat en investigacions en l&#8217;\u00e0rea de la psicologia cl\u00ednica [&hellip;]<\/p>\n","protected":false},"author":1,"featured_media":0,"parent":217,"menu_order":0,"comment_status":"closed","ping_status":"closed","template":"elementor_header_footer","meta":{"footnotes":""},"class_list":["post-316","page","type-page","status-publish","hentry"],"yoast_head":"<!-- This site is optimized with the Yoast SEO plugin v27.5 - https:\/\/yoast.com\/product\/yoast-seo-wordpress\/ -->\n<title>Gabriela Rangel Rodr\u00edguez - SEER<\/title>\n<meta name=\"robots\" content=\"index, follow, max-snippet:-1, max-image-preview:large, max-video-preview:-1\" \/>\n<link rel=\"canonical\" href=\"https:\/\/salutieducacioemocional.com\/equipo\/gabriela-rangel\/\" \/>\n<meta property=\"og:locale\" content=\"ca_ES\" \/>\n<meta property=\"og:type\" content=\"article\" \/>\n<meta property=\"og:title\" content=\"Gabriela Rangel Rodr\u00edguez - SEER\" \/>\n<meta property=\"og:description\" content=\"Gabriela Rangel Rodr\u00edguez Col\u00b7laboradora del Departament de Desenvolupament Pedag\u00f2gic i Investigaci\u00f3 Twitter Anal\u00edtica, reflexiva, viatgera i curiosa. Psic\u00f2loga i psicoterapeuta, interessada en el creixement personal, benestar i salut mental-emocional. He participat com a docent universit\u00e0ria i d&#8217;educaci\u00f3 especial, psic\u00f2loga escolar, facilitadora, supervisora de casos cl\u00ednics i col\u00b7laborat en investigacions en l&#8217;\u00e0rea de la psicologia cl\u00ednica [&hellip;]\" \/>\n<meta property=\"og:url\" content=\"https:\/\/salutieducacioemocional.com\/equipo\/gabriela-rangel\/\" \/>\n<meta property=\"og:site_name\" content=\"SEER\" \/>\n<meta property=\"article:publisher\" content=\"https:\/\/www.facebook.com\/equipseer\" \/>\n<meta property=\"article:modified_time\" content=\"2022-02-08T20:37:02+00:00\" \/>\n<meta property=\"og:image\" content=\"https:\/\/salutieducacioemocional.com\/wp-content\/uploads\/2022\/02\/gabriela-rangel-seer.jpg\" \/>\n<meta name=\"twitter:card\" content=\"summary_large_image\" \/>\n<meta name=\"twitter:site\" content=\"@equipseer\" \/>\n<script type=\"application\/ld+json\" class=\"yoast-schema-graph\">{\"@context\":\"https:\\\/\\\/schema.org\",\"@graph\":[{\"@type\":\"WebPage\",\"@id\":\"https:\\\/\\\/salutieducacioemocional.com\\\/equipo\\\/gabriela-rangel\\\/\",\"url\":\"https:\\\/\\\/salutieducacioemocional.com\\\/equipo\\\/gabriela-rangel\\\/\",\"name\":\"Gabriela Rangel Rodr\u00edguez - SEER\",\"isPartOf\":{\"@id\":\"https:\\\/\\\/salutieducacioemocional.com\\\/#website\"},\"primaryImageOfPage\":{\"@id\":\"https:\\\/\\\/salutieducacioemocional.com\\\/equipo\\\/gabriela-rangel\\\/#primaryimage\"},\"image\":{\"@id\":\"https:\\\/\\\/salutieducacioemocional.com\\\/equipo\\\/gabriela-rangel\\\/#primaryimage\"},\"thumbnailUrl\":\"https:\\\/\\\/salutieducacioemocional.com\\\/wp-content\\\/uploads\\\/2022\\\/02\\\/gabriela-rangel-seer.jpg\",\"datePublished\":\"2018-12-23T11:22:20+00:00\",\"dateModified\":\"2022-02-08T20:37:02+00:00\",\"breadcrumb\":{\"@id\":\"https:\\\/\\\/salutieducacioemocional.com\\\/equipo\\\/gabriela-rangel\\\/#breadcrumb\"},\"inLanguage\":\"ca\",\"potentialAction\":[{\"@type\":\"ReadAction\",\"target\":[\"https:\\\/\\\/salutieducacioemocional.com\\\/equipo\\\/gabriela-rangel\\\/\"]}]},{\"@type\":\"ImageObject\",\"inLanguage\":\"ca\",\"@id\":\"https:\\\/\\\/salutieducacioemocional.com\\\/equipo\\\/gabriela-rangel\\\/#primaryimage\",\"url\":\"https:\\\/\\\/salutieducacioemocional.com\\\/wp-content\\\/uploads\\\/2022\\\/02\\\/gabriela-rangel-seer.jpg\",\"contentUrl\":\"https:\\\/\\\/salutieducacioemocional.com\\\/wp-content\\\/uploads\\\/2022\\\/02\\\/gabriela-rangel-seer.jpg\"},{\"@type\":\"BreadcrumbList\",\"@id\":\"https:\\\/\\\/salutieducacioemocional.com\\\/equipo\\\/gabriela-rangel\\\/#breadcrumb\",\"itemListElement\":[{\"@type\":\"ListItem\",\"position\":1,\"name\":\"Portada\",\"item\":\"https:\\\/\\\/salutieducacioemocional.com\\\/\"},{\"@type\":\"ListItem\",\"position\":2,\"name\":\"Equip\",\"item\":\"https:\\\/\\\/salutieducacioemocional.com\\\/equipo\\\/\"},{\"@type\":\"ListItem\",\"position\":3,\"name\":\"Gabriela Rangel Rodr\u00edguez\"}]},{\"@type\":\"WebSite\",\"@id\":\"https:\\\/\\\/salutieducacioemocional.com\\\/#website\",\"url\":\"https:\\\/\\\/salutieducacioemocional.com\\\/\",\"name\":\"SEER\",\"description\":\"Salut i Educaci\u00f3 Emocional\",\"publisher\":{\"@id\":\"https:\\\/\\\/salutieducacioemocional.com\\\/#organization\"},\"potentialAction\":[{\"@type\":\"SearchAction\",\"target\":{\"@type\":\"EntryPoint\",\"urlTemplate\":\"https:\\\/\\\/salutieducacioemocional.com\\\/?s={search_term_string}\"},\"query-input\":{\"@type\":\"PropertyValueSpecification\",\"valueRequired\":true,\"valueName\":\"search_term_string\"}}],\"inLanguage\":\"ca\"},{\"@type\":\"Organization\",\"@id\":\"https:\\\/\\\/salutieducacioemocional.com\\\/#organization\",\"name\":\"Salut i Educaci\u00f3 Emocional S.L\",\"alternateName\":\"SEER\",\"url\":\"https:\\\/\\\/salutieducacioemocional.com\\\/\",\"logo\":{\"@type\":\"ImageObject\",\"inLanguage\":\"ca\",\"@id\":\"https:\\\/\\\/salutieducacioemocional.com\\\/#\\\/schema\\\/logo\\\/image\\\/\",\"url\":\"https:\\\/\\\/salutieducacioemocional.com\\\/wp-content\\\/uploads\\\/2018\\\/12\\\/cropped-educacion-emocional-seer-e1545471861400.png\",\"contentUrl\":\"https:\\\/\\\/salutieducacioemocional.com\\\/wp-content\\\/uploads\\\/2018\\\/12\\\/cropped-educacion-emocional-seer-e1545471861400.png\",\"width\":200,\"height\":78,\"caption\":\"Salut i Educaci\u00f3 Emocional S.L\"},\"image\":{\"@id\":\"https:\\\/\\\/salutieducacioemocional.com\\\/#\\\/schema\\\/logo\\\/image\\\/\"},\"sameAs\":[\"https:\\\/\\\/www.facebook.com\\\/equipseer\",\"https:\\\/\\\/x.com\\\/equipseer\",\"https:\\\/\\\/www.instagram.com\\\/equipseer\\\/\",\"https:\\\/\\\/www.linkedin.com\\\/company\\\/9231569\\\/admin\\\/\",\"https:\\\/\\\/www.youtube.com\\\/@equipseer\",\"https:\\\/\\\/t.me\\\/seer_info\"]}]}<\/script>\n<!-- \/ Yoast SEO plugin. -->","yoast_head_json":{"title":"Gabriela Rangel Rodr\u00edguez - SEER","robots":{"index":"index","follow":"follow","max-snippet":"max-snippet:-1","max-image-preview":"max-image-preview:large","max-video-preview":"max-video-preview:-1"},"canonical":"https:\/\/salutieducacioemocional.com\/equipo\/gabriela-rangel\/","og_locale":"ca_ES","og_type":"article","og_title":"Gabriela Rangel Rodr\u00edguez - SEER","og_description":"Gabriela Rangel Rodr\u00edguez Col\u00b7laboradora del Departament de Desenvolupament Pedag\u00f2gic i Investigaci\u00f3 Twitter Anal\u00edtica, reflexiva, viatgera i curiosa. Psic\u00f2loga i psicoterapeuta, interessada en el creixement personal, benestar i salut mental-emocional. He participat com a docent universit\u00e0ria i d&#8217;educaci\u00f3 especial, psic\u00f2loga escolar, facilitadora, supervisora de casos cl\u00ednics i col\u00b7laborat en investigacions en l&#8217;\u00e0rea de la psicologia cl\u00ednica [&hellip;]","og_url":"https:\/\/salutieducacioemocional.com\/equipo\/gabriela-rangel\/","og_site_name":"SEER","article_publisher":"https:\/\/www.facebook.com\/equipseer","article_modified_time":"2022-02-08T20:37:02+00:00","og_image":[{"url":"https:\/\/salutieducacioemocional.com\/wp-content\/uploads\/2022\/02\/gabriela-rangel-seer.jpg","type":"","width":"","height":""}],"twitter_card":"summary_large_image","twitter_site":"@equipseer","schema":{"@context":"https:\/\/schema.org","@graph":[{"@type":"WebPage","@id":"https:\/\/salutieducacioemocional.com\/equipo\/gabriela-rangel\/","url":"https:\/\/salutieducacioemocional.com\/equipo\/gabriela-rangel\/","name":"Gabriela Rangel Rodr\u00edguez - SEER","isPartOf":{"@id":"https:\/\/salutieducacioemocional.com\/#website"},"primaryImageOfPage":{"@id":"https:\/\/salutieducacioemocional.com\/equipo\/gabriela-rangel\/#primaryimage"},"image":{"@id":"https:\/\/salutieducacioemocional.com\/equipo\/gabriela-rangel\/#primaryimage"},"thumbnailUrl":"https:\/\/salutieducacioemocional.com\/wp-content\/uploads\/2022\/02\/gabriela-rangel-seer.jpg","datePublished":"2018-12-23T11:22:20+00:00","dateModified":"2022-02-08T20:37:02+00:00","breadcrumb":{"@id":"https:\/\/salutieducacioemocional.com\/equipo\/gabriela-rangel\/#breadcrumb"},"inLanguage":"ca","potentialAction":[{"@type":"ReadAction","target":["https:\/\/salutieducacioemocional.com\/equipo\/gabriela-rangel\/"]}]},{"@type":"ImageObject","inLanguage":"ca","@id":"https:\/\/salutieducacioemocional.com\/equipo\/gabriela-rangel\/#primaryimage","url":"https:\/\/salutieducacioemocional.com\/wp-content\/uploads\/2022\/02\/gabriela-rangel-seer.jpg","contentUrl":"https:\/\/salutieducacioemocional.com\/wp-content\/uploads\/2022\/02\/gabriela-rangel-seer.jpg"},{"@type":"BreadcrumbList","@id":"https:\/\/salutieducacioemocional.com\/equipo\/gabriela-rangel\/#breadcrumb","itemListElement":[{"@type":"ListItem","position":1,"name":"Portada","item":"https:\/\/salutieducacioemocional.com\/"},{"@type":"ListItem","position":2,"name":"Equip","item":"https:\/\/salutieducacioemocional.com\/equipo\/"},{"@type":"ListItem","position":3,"name":"Gabriela Rangel Rodr\u00edguez"}]},{"@type":"WebSite","@id":"https:\/\/salutieducacioemocional.com\/#website","url":"https:\/\/salutieducacioemocional.com\/","name":"SEER","description":"Salut i Educaci\u00f3 Emocional","publisher":{"@id":"https:\/\/salutieducacioemocional.com\/#organization"},"potentialAction":[{"@type":"SearchAction","target":{"@type":"EntryPoint","urlTemplate":"https:\/\/salutieducacioemocional.com\/?s={search_term_string}"},"query-input":{"@type":"PropertyValueSpecification","valueRequired":true,"valueName":"search_term_string"}}],"inLanguage":"ca"},{"@type":"Organization","@id":"https:\/\/salutieducacioemocional.com\/#organization","name":"Salut i Educaci\u00f3 Emocional S.L","alternateName":"SEER","url":"https:\/\/salutieducacioemocional.com\/","logo":{"@type":"ImageObject","inLanguage":"ca","@id":"https:\/\/salutieducacioemocional.com\/#\/schema\/logo\/image\/","url":"https:\/\/salutieducacioemocional.com\/wp-content\/uploads\/2018\/12\/cropped-educacion-emocional-seer-e1545471861400.png","contentUrl":"https:\/\/salutieducacioemocional.com\/wp-content\/uploads\/2018\/12\/cropped-educacion-emocional-seer-e1545471861400.png","width":200,"height":78,"caption":"Salut i Educaci\u00f3 Emocional S.L"},"image":{"@id":"https:\/\/salutieducacioemocional.com\/#\/schema\/logo\/image\/"},"sameAs":["https:\/\/www.facebook.com\/equipseer","https:\/\/x.com\/equipseer","https:\/\/www.instagram.com\/equipseer\/","https:\/\/www.linkedin.com\/company\/9231569\/admin\/","https:\/\/www.youtube.com\/@equipseer","https:\/\/t.me\/seer_info"]}]}},"_links":{"self":[{"href":"https:\/\/salutieducacioemocional.com\/ca\/wp-json\/wp\/v2\/pages\/316","targetHints":{"allow":["GET"]}}],"collection":[{"href":"https:\/\/salutieducacioemocional.com\/ca\/wp-json\/wp\/v2\/pages"}],"about":[{"href":"https:\/\/salutieducacioemocional.com\/ca\/wp-json\/wp\/v2\/types\/page"}],"author":[{"embeddable":true,"href":"https:\/\/salutieducacioemocional.com\/ca\/wp-json\/wp\/v2\/users\/1"}],"replies":[{"embeddable":true,"href":"https:\/\/salutieducacioemocional.com\/ca\/wp-json\/wp\/v2\/comments?post=316"}],"version-history":[{"count":14,"href":"https:\/\/salutieducacioemocional.com\/ca\/wp-json\/wp\/v2\/pages\/316\/revisions"}],"predecessor-version":[{"id":8430,"href":"https:\/\/salutieducacioemocional.com\/ca\/wp-json\/wp\/v2\/pages\/316\/revisions\/8430"}],"up":[{"embeddable":true,"href":"https:\/\/salutieducacioemocional.com\/ca\/wp-json\/wp\/v2\/pages\/217"}],"wp:attachment":[{"href":"https:\/\/salutieducacioemocional.com\/ca\/wp-json\/wp\/v2\/media?parent=316"}],"curies":[{"name":"wp","href":"https:\/\/api.w.org\/{rel}","templated":true}]}}