{"id":5029,"date":"2019-12-18T22:11:00","date_gmt":"2019-12-18T22:11:00","guid":{"rendered":"https:\/\/salutieducacioemocional.com\/?page_id=5029"},"modified":"2023-03-16T14:01:08","modified_gmt":"2023-03-16T14:01:08","slug":"projecte-convivencia","status":"publish","type":"page","link":"https:\/\/salutieducacioemocional.com\/ca\/departament-formacio\/assessorament-pedagogic\/projecte-convivencia\/","title":{"rendered":"Projecte de Conviv\u00e8ncia"},"content":{"rendered":"\t\t<div data-elementor-type=\"wp-post\" data-elementor-id=\"5029\" class=\"elementor elementor-5029\" data-elementor-post-type=\"page\">\n\t\t\t\t\t\t<section class=\"elementor-section elementor-top-section elementor-element elementor-element-775527dd elementor-section-content-middle elementor-section-boxed elementor-section-height-default elementor-section-height-default\" data-id=\"775527dd\" data-element_type=\"section\" data-e-type=\"section\">\n\t\t\t\t\t\t<div class=\"elementor-container elementor-column-gap-default\">\n\t\t\t\t\t<div class=\"elementor-column elementor-col-50 elementor-top-column elementor-element elementor-element-6003d67b\" data-id=\"6003d67b\" data-element_type=\"column\" data-e-type=\"column\">\n\t\t\t<div class=\"elementor-widget-wrap elementor-element-populated\">\n\t\t\t\t\t\t<div class=\"elementor-element elementor-element-1bd208f8 elementor-widget elementor-widget-heading\" data-id=\"1bd208f8\" data-element_type=\"widget\" data-e-type=\"widget\" data-widget_type=\"heading.default\">\n\t\t\t\t<div class=\"elementor-widget-container\">\n\t\t\t\t\t<h1 class=\"elementor-heading-title elementor-size-large\">Projecte de Conviv\u00e8ncia<\/h1>\t\t\t\t<\/div>\n\t\t\t\t<\/div>\n\t\t\t\t<div class=\"elementor-element elementor-element-bf93e74 elementor-widget elementor-widget-heading\" data-id=\"bf93e74\" data-element_type=\"widget\" data-e-type=\"widget\" data-widget_type=\"heading.default\">\n\t\t\t\t<div class=\"elementor-widget-container\">\n\t\t\t\t\t<h2 class=\"elementor-heading-title elementor-size-large\">Qu\u00e8 \u00e9s el Pla de Conviv\u00e8ncia Escolar?<\/h2>\t\t\t\t<\/div>\n\t\t\t\t<\/div>\n\t\t\t\t<div class=\"elementor-element elementor-element-7b5dc21a elementor-widget elementor-widget-text-editor\" data-id=\"7b5dc21a\" data-element_type=\"widget\" data-e-type=\"widget\" data-widget_type=\"text-editor.default\">\n\t\t\t\t<div class=\"elementor-widget-container\">\n\t\t\t\t\t\t\t\t\t<p>El <strong>pla de conviv\u00e8ncia<\/strong> per <strong>definici\u00f3<\/strong> \u00e9s la forma i recursos que t\u00e9 el centre per promoure i gestionar la <strong>conviv\u00e8ncia escolar<\/strong>.<\/p><p>En les pautes generals del <strong>projecte de conviv\u00e8ncia de l\u2019xtec<\/strong> es defineix com \u201c<em>l\u2019instrument on es reflecteixen les accions que el centre docent desenvolupa per capacitar els alumnes i la resta de la comunitat educativa per a la<strong> conviv\u00e8ncia<\/strong> i la <strong>gesti\u00f3\u0301 positiva dels conflictes.<\/strong>\u201d<\/em><\/p>\t\t\t\t\t\t\t\t<\/div>\n\t\t\t\t<\/div>\n\t\t\t\t\t<\/div>\n\t\t<\/div>\n\t\t\t\t<div class=\"elementor-column elementor-col-50 elementor-top-column elementor-element elementor-element-55fdbb22\" data-id=\"55fdbb22\" data-element_type=\"column\" data-e-type=\"column\">\n\t\t\t<div class=\"elementor-widget-wrap elementor-element-populated\">\n\t\t\t\t\t\t<div class=\"elementor-element elementor-element-11636b9 elementor-widget elementor-widget-video\" data-id=\"11636b9\" data-element_type=\"widget\" data-e-type=\"widget\" data-settings=\"{&quot;youtube_url&quot;:&quot;https:\\\/\\\/youtu.be\\\/qPnHzHZWLKc&quot;,&quot;video_type&quot;:&quot;youtube&quot;,&quot;controls&quot;:&quot;yes&quot;}\" data-widget_type=\"video.default\">\n\t\t\t\t<div class=\"elementor-widget-container\">\n\t\t\t\t\t\t\t<div class=\"elementor-wrapper elementor-open-inline\">\n\t\t\t<div class=\"elementor-video\"><\/div>\t\t<\/div>\n\t\t\t\t\t\t<\/div>\n\t\t\t\t<\/div>\n\t\t\t\t\t<\/div>\n\t\t<\/div>\n\t\t\t\t\t<\/div>\n\t\t<\/section>\n\t\t\t\t<section class=\"elementor-section elementor-top-section elementor-element elementor-element-72ae14c8 elementor-section-boxed elementor-section-height-default elementor-section-height-default\" data-id=\"72ae14c8\" data-element_type=\"section\" data-e-type=\"section\">\n\t\t\t\t\t\t<div class=\"elementor-container elementor-column-gap-default\">\n\t\t\t\t\t<div class=\"elementor-column elementor-col-100 elementor-top-column elementor-element elementor-element-d159aed\" data-id=\"d159aed\" data-element_type=\"column\" data-e-type=\"column\">\n\t\t\t<div class=\"elementor-widget-wrap elementor-element-populated\">\n\t\t\t\t\t\t<div class=\"elementor-element elementor-element-ebf78ed elementor-widget elementor-widget-heading\" data-id=\"ebf78ed\" data-element_type=\"widget\" data-e-type=\"widget\" data-widget_type=\"heading.default\">\n\t\t\t\t<div class=\"elementor-widget-container\">\n\t\t\t\t\t<h2 class=\"elementor-heading-title elementor-size-large\">Qu\u00e8 inclou el Pla de Conviv\u00e8ncia?<\/h2>\t\t\t\t<\/div>\n\t\t\t\t<\/div>\n\t\t\t\t<div class=\"elementor-element elementor-element-231920d elementor-widget elementor-widget-text-editor\" data-id=\"231920d\" data-element_type=\"widget\" data-e-type=\"widget\" data-widget_type=\"text-editor.default\">\n\t\t\t\t<div class=\"elementor-widget-container\">\n\t\t\t\t\t\t\t\t\t<p>El departament d\u2019educaci\u00f3 a trav\u00e9s d\u2019un document \u201cmare\u201d \u201c<strong>Projecte de conviv\u00e8ncia i \u00e8xit educatiu\u201d <\/strong>marca tot all\u00f2 <strong>que inclou el pla de conviv\u00e8ncia<\/strong>. Valors i actituds, resposta al conflicte i \u00e0mbit organitzatiu i normatiu, I diu que han d\u2019haver-hi propostes per aula, centre i entorn.<\/p><p style=\"text-align: left;\">Segons pautes generals <strong>de l\u2019xtec<\/strong>:<\/p><p style=\"text-align: left;\"><em>\u201cEl Projecte de conviv\u00e8ncia de centre ha d\u2019incloure, almenys, els continguts seg\u00fcents&#8221;:<\/em><\/p>\t\t\t\t\t\t\t\t<\/div>\n\t\t\t\t<\/div>\n\t\t\t\t<section class=\"elementor-section elementor-inner-section elementor-element elementor-element-12d302cf elementor-section-boxed elementor-section-height-default elementor-section-height-default\" data-id=\"12d302cf\" data-element_type=\"section\" data-e-type=\"section\">\n\t\t\t\t\t\t<div class=\"elementor-container elementor-column-gap-default\">\n\t\t\t\t\t<div class=\"elementor-column elementor-col-50 elementor-inner-column elementor-element elementor-element-5d260290\" data-id=\"5d260290\" data-element_type=\"column\" data-e-type=\"column\">\n\t\t\t<div class=\"elementor-widget-wrap elementor-element-populated\">\n\t\t\t\t\t\t<div class=\"elementor-element elementor-element-0349c0b elementor-widget elementor-widget-image\" data-id=\"0349c0b\" data-element_type=\"widget\" data-e-type=\"widget\" data-widget_type=\"image.default\">\n\t\t\t\t<div class=\"elementor-widget-container\">\n\t\t\t\t\t\t\t\t\t\t\t\t\t\t\t<img fetchpriority=\"high\" decoding=\"async\" width=\"650\" height=\"379\" src=\"https:\/\/salutieducacioemocional.com\/wp-content\/uploads\/2019\/12\/projecte-convivencia.jpg\" class=\"attachment-full size-full wp-image-5066\" alt=\"Projecte de Conviv\u00e8ncia SEER\" srcset=\"https:\/\/salutieducacioemocional.com\/wp-content\/uploads\/2019\/12\/projecte-convivencia.jpg 650w, https:\/\/salutieducacioemocional.com\/wp-content\/uploads\/2019\/12\/projecte-convivencia-300x175.jpg 300w, https:\/\/salutieducacioemocional.com\/wp-content\/uploads\/2019\/12\/projecte-convivencia-600x350.jpg 600w\" sizes=\"(max-width: 650px) 100vw, 650px\" \/>\t\t\t\t\t\t\t\t\t\t\t\t\t\t\t<\/div>\n\t\t\t\t<\/div>\n\t\t\t\t\t<\/div>\n\t\t<\/div>\n\t\t\t\t<div class=\"elementor-column elementor-col-50 elementor-inner-column elementor-element elementor-element-6c1d9575\" data-id=\"6c1d9575\" data-element_type=\"column\" data-e-type=\"column\">\n\t\t\t<div class=\"elementor-widget-wrap elementor-element-populated\">\n\t\t\t\t\t\t<div class=\"elementor-element elementor-element-3764a028 elementor-widget elementor-widget-text-editor\" data-id=\"3764a028\" data-element_type=\"widget\" data-e-type=\"widget\" data-widget_type=\"text-editor.default\">\n\t\t\t\t<div class=\"elementor-widget-container\">\n\t\t\t\t\t\t\t\t\t<ul><li><em>Una concreci\u00f3 de la contextualitzaci\u00f3 del centre recollida en el Projecte educatiu, on s\u2019incloguin els trets m\u00e9s destacats del centre i el seu entorn en relaci\u00f3 amb els factors que poden incidir en la conviv\u00e8ncia.<br \/><br \/><\/em><\/li><li><em>Una diagnosi de la situaci\u00f3 de la conviv\u00e8ncia en el centre que permeti determinar els punts forts i febles i les necessitats del centre educatiu en mat\u00e8ria de conviv\u00e8ncia. <\/em><\/li><\/ul><ul><li><em>La formulaci\u00f3 dels objectius espec\u00edfics d&#8217;acord amb el Projecte educatiu de centre, els objectius generals del Projecte de conviv\u00e8ncia del Departament d\u2019Ensenyament i les necessitats detectades. <\/em><\/li><\/ul><ul><li><em>La concreci\u00f3 de les mesures de prevenci\u00f3, detecci\u00f3 i intervenci\u00f3 educatives orientades a aconseguir els objectius espec\u00edfics.\u201d<\/em><\/li><\/ul>\t\t\t\t\t\t\t\t<\/div>\n\t\t\t\t<\/div>\n\t\t\t\t\t<\/div>\n\t\t<\/div>\n\t\t\t\t\t<\/div>\n\t\t<\/section>\n\t\t\t\t<div class=\"elementor-element elementor-element-aeee554 elementor-widget elementor-widget-text-editor\" data-id=\"aeee554\" data-element_type=\"widget\" data-e-type=\"widget\" data-widget_type=\"text-editor.default\">\n\t\t\t\t<div class=\"elementor-widget-container\">\n\t\t\t\t\t\t\t\t\t<p><strong>El Projecte de conviv\u00e8ncia <\/strong>ha d\u2019incloure la concreci\u00f3 de<strong> protocols de prevenci\u00f3, detecci\u00f3 i intervenci\u00f3 enfront situacions de conflictes greument perjudicials per a la conviv\u00e8ncia. <\/strong>Els centres educatius poden adaptar a la seva realitat i necessitats espec\u00edfiques els<strong> protocols per a la millora de la conviv\u00e8ncia <\/strong>del Departament d\u2019Educaci\u00f3, d\u2019acord amb all\u00f2 que determinin els documents per a l\u2019organitzaci\u00f3 i la gesti\u00f3 dels centres. Els protocols que el Departament ofereix als centres es poden consultar al Cat\u00e0leg de protocols i marcs d&#8217;actuaci\u00f3 del Portal de centres.<\/p>\t\t\t\t\t\t\t\t<\/div>\n\t\t\t\t<\/div>\n\t\t\t\t\t<\/div>\n\t\t<\/div>\n\t\t\t\t\t<\/div>\n\t\t<\/section>\n\t\t\t\t<section class=\"elementor-section elementor-top-section elementor-element elementor-element-12c5ad98 elementor-section-boxed elementor-section-height-default elementor-section-height-default\" data-id=\"12c5ad98\" data-element_type=\"section\" data-e-type=\"section\" data-settings=\"{&quot;background_background&quot;:&quot;gradient&quot;}\">\n\t\t\t\t\t\t\t<div class=\"elementor-background-overlay\"><\/div>\n\t\t\t\t\t\t\t<div class=\"elementor-container elementor-column-gap-default\">\n\t\t\t\t\t<div class=\"elementor-column elementor-col-100 elementor-top-column elementor-element elementor-element-6aa83efe\" data-id=\"6aa83efe\" data-element_type=\"column\" data-e-type=\"column\">\n\t\t\t<div class=\"elementor-widget-wrap elementor-element-populated\">\n\t\t\t\t\t\t<div class=\"elementor-element elementor-element-65304048 elementor-widget elementor-widget-heading\" data-id=\"65304048\" data-element_type=\"widget\" data-e-type=\"widget\" data-widget_type=\"heading.default\">\n\t\t\t\t<div class=\"elementor-widget-container\">\n\t\t\t\t\t<p class=\"elementor-heading-title elementor-size-medium\"><a href=\"#assessoramentconvivencia\" rel=\"nofollow\"><b>Volem assessorar-vos, Contacta'ns!<\/b><\/a><\/p>\t\t\t\t<\/div>\n\t\t\t\t<\/div>\n\t\t\t\t\t<\/div>\n\t\t<\/div>\n\t\t\t\t\t<\/div>\n\t\t<\/section>\n\t\t\t\t<section class=\"elementor-section elementor-top-section elementor-element elementor-element-4ee5e51a elementor-section-boxed elementor-section-height-default elementor-section-height-default\" data-id=\"4ee5e51a\" data-element_type=\"section\" data-e-type=\"section\">\n\t\t\t\t\t\t<div class=\"elementor-container elementor-column-gap-default\">\n\t\t\t\t\t<div class=\"elementor-column elementor-col-100 elementor-top-column elementor-element elementor-element-edd6d7f\" data-id=\"edd6d7f\" data-element_type=\"column\" data-e-type=\"column\">\n\t\t\t<div class=\"elementor-widget-wrap elementor-element-populated\">\n\t\t\t\t\t\t<section class=\"elementor-section elementor-inner-section elementor-element elementor-element-c0bb3c5 elementor-section-boxed elementor-section-height-default elementor-section-height-default\" data-id=\"c0bb3c5\" data-element_type=\"section\" data-e-type=\"section\">\n\t\t\t\t\t\t<div class=\"elementor-container elementor-column-gap-default\">\n\t\t\t\t\t<div class=\"elementor-column elementor-col-50 elementor-inner-column elementor-element elementor-element-fd5936e\" data-id=\"fd5936e\" data-element_type=\"column\" data-e-type=\"column\">\n\t\t\t<div class=\"elementor-widget-wrap elementor-element-populated\">\n\t\t\t\t\t\t<div class=\"elementor-element elementor-element-788878a elementor-widget elementor-widget-heading\" data-id=\"788878a\" data-element_type=\"widget\" data-e-type=\"widget\" data-widget_type=\"heading.default\">\n\t\t\t\t<div class=\"elementor-widget-container\">\n\t\t\t\t\t<h2 class=\"elementor-heading-title elementor-size-medium\">Per qu\u00e8 s'ha de tenir?<\/h2>\t\t\t\t<\/div>\n\t\t\t\t<\/div>\n\t\t\t\t<div class=\"elementor-element elementor-element-5873cfb elementor-widget-divider--view-line elementor-widget elementor-widget-divider\" data-id=\"5873cfb\" data-element_type=\"widget\" data-e-type=\"widget\" data-widget_type=\"divider.default\">\n\t\t\t\t<div class=\"elementor-widget-container\">\n\t\t\t\t\t\t\t<div class=\"elementor-divider\">\n\t\t\t<span class=\"elementor-divider-separator\">\n\t\t\t\t\t\t<\/span>\n\t\t<\/div>\n\t\t\t\t\t\t<\/div>\n\t\t\t\t<\/div>\n\t\t\t\t<div class=\"elementor-element elementor-element-81b9aa0 elementor-widget elementor-widget-text-editor\" data-id=\"81b9aa0\" data-element_type=\"widget\" data-e-type=\"widget\" data-widget_type=\"text-editor.default\">\n\t\t\t\t<div class=\"elementor-widget-container\">\n\t\t\t\t\t\t\t\t\t<p>El departament d&#8217;Educaci\u00f3 a trav\u00e9s del document &#8220;mare&#8221; &#8220;<strong>Projecte de conviv\u00e8ncia i \u00e8xit educatiu<\/strong>&#8221; marca tot all\u00f2 que inclou el pla de conviv\u00e8ncia: valors i actituds, resposta al conflicte, \u00e0mbit organitzatiu i normatiu, i tamb\u00e9 han d\u2019haver-hi propostes per aula, centre i entorn.<\/p><p>Els centres educatius han d\u2019acceptar la seva funci\u00f3 socialitzadora, per tant realitzar un <strong>pla de conviv\u00e8ncia en prim\u00e0ria i secund\u00e0ria<\/strong> no \u00e9s nom\u00e9s una necessitat, sin\u00f3 tamb\u00e9 una oportunitat pedag\u00f2gica.<\/p><p>Perqu\u00e8 aix\u00ed sigui ha de comprendre i contextualitzar el <strong>PAT (Pla d\u2019acci\u00f3 Tutorial)<\/strong>, proposar la <strong>promoci\u00f3 del benestar <\/strong>en el centre, i treballar per la prevenci\u00f3,\u00a0 detecci\u00f3 i resposta d\u2019elements disruptors de la pr\u00f2pia <strong>conviv\u00e8ncia<\/strong>.<\/p>\t\t\t\t\t\t\t\t<\/div>\n\t\t\t\t<\/div>\n\t\t\t\t\t<\/div>\n\t\t<\/div>\n\t\t\t\t<div class=\"elementor-column elementor-col-50 elementor-inner-column elementor-element elementor-element-c5c802f\" data-id=\"c5c802f\" data-element_type=\"column\" data-e-type=\"column\" data-settings=\"{&quot;background_background&quot;:&quot;classic&quot;}\">\n\t\t\t<div class=\"elementor-widget-wrap elementor-element-populated\">\n\t\t\t\t\t\t<div class=\"elementor-element elementor-element-cc97204 elementor-widget elementor-widget-heading\" data-id=\"cc97204\" data-element_type=\"widget\" data-e-type=\"widget\" data-widget_type=\"heading.default\">\n\t\t\t\t<div class=\"elementor-widget-container\">\n\t\t\t\t\t<p class=\"elementor-heading-title elementor-size-medium\">Contacta amb Nosaltres\u200b<\/p>\t\t\t\t<\/div>\n\t\t\t\t<\/div>\n\t\t\t\t<div class=\"elementor-element elementor-element-22fa305 elementor-button-align-stretch elementor-widget elementor-widget-form\" data-id=\"22fa305\" data-element_type=\"widget\" data-e-type=\"widget\" data-settings=\"{&quot;step_next_label&quot;:&quot;Next&quot;,&quot;step_previous_label&quot;:&quot;Previous&quot;,&quot;button_width&quot;:&quot;100&quot;,&quot;step_type&quot;:&quot;number_text&quot;,&quot;step_icon_shape&quot;:&quot;circle&quot;}\" data-widget_type=\"form.default\">\n\t\t\t\t<div class=\"elementor-widget-container\">\n\t\t\t\t\t\t\t<form class=\"elementor-form\" method=\"post\" name=\"New Form\" aria-label=\"New Form\">\n\t\t\t<input type=\"hidden\" name=\"post_id\" value=\"5029\"\/>\n\t\t\t<input type=\"hidden\" name=\"form_id\" value=\"22fa305\"\/>\n\t\t\t<input type=\"hidden\" name=\"referer_title\" value=\"Projecte de Conviv\u00e8ncia - SEER\" \/>\n\n\t\t\t\t\t\t\t<input type=\"hidden\" name=\"queried_id\" value=\"5029\"\/>\n\t\t\t\n\t\t\t<div class=\"elementor-form-fields-wrapper elementor-labels-\">\n\t\t\t\t\t\t\t\t<div class=\"elementor-field-type-text elementor-field-group elementor-column elementor-field-group-7osv0r5 elementor-col-100 elementor-field-required\">\n\t\t\t\t\t\t\t\t\t\t\t\t<label for=\"form-field-7osv0r5\" class=\"elementor-field-label elementor-screen-only\">\n\t\t\t\t\t\t\t\tNom\t\t\t\t\t\t\t<\/label>\n\t\t\t\t\t\t\t\t\t\t\t\t\t\t<input size=\"1\" type=\"text\" name=\"form_fields[7osv0r5]\" id=\"form-field-7osv0r5\" class=\"elementor-field elementor-size-md  elementor-field-textual\" placeholder=\"Nom\" required=\"required\">\n\t\t\t\t\t\t\t\t\t\t\t<\/div>\n\t\t\t\t\t\t\t\t<div class=\"elementor-field-type-text elementor-field-group elementor-column elementor-field-group-field_1 elementor-col-100\">\n\t\t\t\t\t\t\t\t\t\t\t\t<label for=\"form-field-field_1\" class=\"elementor-field-label elementor-screen-only\">\n\t\t\t\t\t\t\t\tCentre Educatiu\t\t\t\t\t\t\t<\/label>\n\t\t\t\t\t\t\t\t\t\t\t\t\t\t<input size=\"1\" type=\"text\" name=\"form_fields[field_1]\" id=\"form-field-field_1\" class=\"elementor-field elementor-size-md  elementor-field-textual\" placeholder=\"Centre Educatiu\">\n\t\t\t\t\t\t\t\t\t\t\t<\/div>\n\t\t\t\t\t\t\t\t<div class=\"elementor-field-type-email elementor-field-group elementor-column elementor-field-group-h2vqoor elementor-col-100 elementor-field-required\">\n\t\t\t\t\t\t\t\t\t\t\t\t<label for=\"form-field-h2vqoor\" class=\"elementor-field-label elementor-screen-only\">\n\t\t\t\t\t\t\t\tEmail\t\t\t\t\t\t\t<\/label>\n\t\t\t\t\t\t\t\t\t\t\t\t\t\t<input size=\"1\" type=\"email\" name=\"form_fields[h2vqoor]\" id=\"form-field-h2vqoor\" class=\"elementor-field elementor-size-md  elementor-field-textual\" placeholder=\"Email\" required=\"required\">\n\t\t\t\t\t\t\t\t\t\t\t<\/div>\n\t\t\t\t\t\t\t\t<div class=\"elementor-field-type-textarea elementor-field-group elementor-column elementor-field-group-5kq6fks elementor-col-100 elementor-field-required\">\n\t\t\t\t\t\t\t\t\t\t\t\t<label for=\"form-field-5kq6fks\" class=\"elementor-field-label elementor-screen-only\">\n\t\t\t\t\t\t\t\tmissatge\t\t\t\t\t\t\t<\/label>\n\t\t\t\t\t\t<textarea class=\"elementor-field-textual elementor-field  elementor-size-md\" name=\"form_fields[5kq6fks]\" id=\"form-field-5kq6fks\" rows=\"5\" placeholder=\"missatge\" required=\"required\"><\/textarea>\t\t\t\t<\/div>\n\t\t\t\t\t\t\t\t<div class=\"elementor-field-type-acceptance elementor-field-group elementor-column elementor-field-group-field_6ddd17e elementor-col-100 elementor-field-required\">\n\t\t\t\t\t\t\t<div class=\"elementor-field-subgroup\">\n\t\t\t<span class=\"elementor-field-option\">\n\t\t\t\t<input type=\"checkbox\" name=\"form_fields[field_6ddd17e]\" id=\"form-field-field_6ddd17e\" class=\"elementor-field elementor-size-md  elementor-acceptance-field\" required=\"required\">\n\t\t\t\t<label for=\"form-field-field_6ddd17e\">He le\u00eddo y acepto la <a href=\"https:\/\/salutieducacioemocional.com\/politica-de-privacidad\/\" target=\"_blank\">Pol&iacute;tica de Privacidad<\/a>.<\/label>\t\t\t<\/span>\n\t\t<\/div>\n\t\t\t\t\t\t<\/div>\n\t\t\t\t\t\t\t\t<div class=\"elementor-field-type-acceptance elementor-field-group elementor-column elementor-field-group-field_7bfb4e4 elementor-col-100 elementor-field-required\">\n\t\t\t\t\t\t\t<div class=\"elementor-field-subgroup\">\n\t\t\t<span class=\"elementor-field-option\">\n\t\t\t\t<input type=\"checkbox\" name=\"form_fields[field_7bfb4e4]\" id=\"form-field-field_7bfb4e4\" class=\"elementor-field elementor-size-md  elementor-acceptance-field\" required=\"required\">\n\t\t\t\t<label for=\"form-field-field_7bfb4e4\">He le\u00eddo y acepto los <a href=\"https:\/\/salutieducacioemocional.com\/condiciones-venta-contratacion\/\" target=\"_blank\">T&eacute;rminos y Condiciones<\/a>.<\/label>\t\t\t<\/span>\n\t\t<\/div>\n\t\t\t\t\t\t<\/div>\n\t\t\t\t\t\t\t\t<div class=\"elementor-field-type-html elementor-field-group elementor-column elementor-field-group-field_07f6192 elementor-col-100\">\n\t\t\t\t\t<p>En Salut I Educaci&oacute; Emocional, S.L. trataremos la informaci&oacute;n que nos facilites con la finalidad de enviarte informaci&oacute;n relacionada con tu solicitud sobre nuestros productos y servicios. La base jur&iacute;dica que legitima el tratamiento es tu consentimiento. Podr&aacute;s ejercer los derechos de acceso, rectificaci&oacute;n, limitaci&oacute;n, oposici&oacute;n, portabilidad, o retirar el consentimiento enviando un email a comunicacio@salutieducacioemocional.com. Tambi&eacute;n puedes solicitar la tutela de derechos ante la Autoridad de Control (AEPD). No se ceder&aacute;n datos a terceros, salvo autorizaci&oacute;n expresa u obligaci&oacute;n legal. Puedes consultar informaci&oacute;n adicional y detallada sobre protecci&oacute;n de datos en nuestra Pol&iacute;tica de Privacidad<\/p>\t\t\t\t<\/div>\n\t\t\t\t\t\t\t\t<div class=\"elementor-field-type-text\">\n\t\t\t\t\t<input size=\"1\" type=\"text\" name=\"form_fields[field_6417b81]\" id=\"form-field-field_6417b81\" class=\"elementor-field elementor-size-md \" style=\"display:none !important;\">\t\t\t\t<\/div>\n\t\t\t\t\t\t\t\t<div class=\"elementor-field-type-recaptcha_v3 elementor-field-group elementor-column elementor-field-group-field_d9dc9f5 elementor-col-100 recaptcha_v3-bottomright\">\n\t\t\t\t\t<div class=\"elementor-field\" id=\"form-field-field_d9dc9f5\"><div class=\"elementor-g-recaptcha\" data-sitekey=\"6Ld9UxAdAAAAAOctk6LIco5w8Onjh3avNmh38TOC\" data-type=\"v3\" data-action=\"Form\" data-badge=\"bottomright\" data-size=\"invisible\"><\/div><\/div>\t\t\t\t<\/div>\n\t\t\t\t\t\t\t\t<div class=\"elementor-field-group elementor-column elementor-field-type-submit elementor-col-100 e-form__buttons\">\n\t\t\t\t\t<button class=\"elementor-button elementor-size-md\" type=\"submit\">\n\t\t\t\t\t\t<span class=\"elementor-button-content-wrapper\">\n\t\t\t\t\t\t\t\t\t\t\t\t\t\t\t\t\t\t\t\t\t\t<span class=\"elementor-button-text\">Envia<\/span>\n\t\t\t\t\t\t\t\t\t\t\t\t\t<\/span>\n\t\t\t\t\t<\/button>\n\t\t\t\t<\/div>\n\t\t\t<\/div>\n\t\t<\/form>\n\t\t\t\t\t\t<\/div>\n\t\t\t\t<\/div>\n\t\t\t\t\t<\/div>\n\t\t<\/div>\n\t\t\t\t\t<\/div>\n\t\t<\/section>\n\t\t\t\t<section class=\"elementor-section elementor-inner-section elementor-element elementor-element-59f76550 elementor-section-boxed elementor-section-height-default elementor-section-height-default\" data-id=\"59f76550\" data-element_type=\"section\" data-e-type=\"section\">\n\t\t\t\t\t\t<div class=\"elementor-container elementor-column-gap-default\">\n\t\t\t\t\t<div class=\"elementor-column elementor-col-33 elementor-inner-column elementor-element elementor-element-28610da\" data-id=\"28610da\" data-element_type=\"column\" data-e-type=\"column\">\n\t\t\t<div class=\"elementor-widget-wrap elementor-element-populated\">\n\t\t\t\t\t\t<div class=\"elementor-element elementor-element-d260c4f elementor-widget elementor-widget-heading\" data-id=\"d260c4f\" data-element_type=\"widget\" data-e-type=\"widget\" data-widget_type=\"heading.default\">\n\t\t\t\t<div class=\"elementor-widget-container\">\n\t\t\t\t\t<h2 class=\"elementor-heading-title elementor-size-medium\">Objectius del Pla de Conviv\u00e8ncia<\/h2>\t\t\t\t<\/div>\n\t\t\t\t<\/div>\n\t\t\t\t<div class=\"elementor-element elementor-element-fbf9b34 elementor-widget-divider--view-line elementor-widget elementor-widget-divider\" data-id=\"fbf9b34\" data-element_type=\"widget\" data-e-type=\"widget\" data-widget_type=\"divider.default\">\n\t\t\t\t<div class=\"elementor-widget-container\">\n\t\t\t\t\t\t\t<div class=\"elementor-divider\">\n\t\t\t<span class=\"elementor-divider-separator\">\n\t\t\t\t\t\t<\/span>\n\t\t<\/div>\n\t\t\t\t\t\t<\/div>\n\t\t\t\t<\/div>\n\t\t\t\t<div class=\"elementor-element elementor-element-b5f8e09 elementor-widget elementor-widget-text-editor\" data-id=\"b5f8e09\" data-element_type=\"widget\" data-e-type=\"widget\" data-widget_type=\"text-editor.default\">\n\t\t\t\t<div class=\"elementor-widget-container\">\n\t\t\t\t\t\t\t\t\t<p>Els <strong>objectius del pla de conviv\u00e8ncia<\/strong>, segons les pautes generals per elaborar el <strong>projecte de conviv\u00e8ncia XTEC<\/strong> s\u00f3n:<\/p><ul><li><em>Assegurar i garantir la participaci\u00f3, la implicaci\u00f3 i el comprom\u00eds de tota la comunitat escolar. <\/em><\/li><li><em>Ajudar cada alumne a relacionar-se amb si mateix, amb els altres i amb el m\u00f3n. \u200b<\/em><\/li><li><em>Potenciar l\u2019equitat i el respecte a la diversitat de l\u2019alumnat en un marc de valors compartits. <\/em><\/li><li><em>Fomentar la mediaci\u00f3 escolar i la cultura del di\u00e0leg com a eina b\u00e0sica en la gesti\u00f3 del conflicte. <\/em><\/li><li><em>Fomentar una cultura de la pau i la no-viole\u0300ncia, juntament amb els valors que fan possible preservar i enriquir la vida de totes les persones. \u200b<\/em><\/li><\/ul>\t\t\t\t\t\t\t\t<\/div>\n\t\t\t\t<\/div>\n\t\t\t\t\t<\/div>\n\t\t<\/div>\n\t\t\t\t<div class=\"elementor-column elementor-col-33 elementor-inner-column elementor-element elementor-element-e311685\" data-id=\"e311685\" data-element_type=\"column\" data-e-type=\"column\">\n\t\t\t<div class=\"elementor-widget-wrap elementor-element-populated\">\n\t\t\t\t\t\t<div class=\"elementor-element elementor-element-075fcd3 elementor-widget elementor-widget-heading\" data-id=\"075fcd3\" data-element_type=\"widget\" data-e-type=\"widget\" data-widget_type=\"heading.default\">\n\t\t\t\t<div class=\"elementor-widget-container\">\n\t\t\t\t\t<h2 class=\"elementor-heading-title elementor-size-medium\">Normativa del Projecte de Conviv\u00e8ncia<\/h2>\t\t\t\t<\/div>\n\t\t\t\t<\/div>\n\t\t\t\t<div class=\"elementor-element elementor-element-395623f elementor-widget-divider--view-line elementor-widget elementor-widget-divider\" data-id=\"395623f\" data-element_type=\"widget\" data-e-type=\"widget\" data-widget_type=\"divider.default\">\n\t\t\t\t<div class=\"elementor-widget-container\">\n\t\t\t\t\t\t\t<div class=\"elementor-divider\">\n\t\t\t<span class=\"elementor-divider-separator\">\n\t\t\t\t\t\t<\/span>\n\t\t<\/div>\n\t\t\t\t\t\t<\/div>\n\t\t\t\t<\/div>\n\t\t\t\t<div class=\"elementor-element elementor-element-ff600c3 elementor-widget elementor-widget-text-editor\" data-id=\"ff600c3\" data-element_type=\"widget\" data-e-type=\"widget\" data-widget_type=\"text-editor.default\">\n\t\t\t\t<div class=\"elementor-widget-container\">\n\t\t\t\t\t\t\t\t\t<p>La normativa que regula aquesta realitat \u00e9s la Resoluci\u00f3 ENS\/585\/2017,\u200b de 17 de marc\u0327, per la qual s&#8217;estableix l&#8217;elaboraci\u00f3 i la implementaci\u00f3 del Projecte de Conviv\u00e8ncia en els centres educatius dins el marc del Projecte Educatiu de Centre.<\/p><p>Finalment valora en quin punt d\u2019implementaci\u00f3 es troba cada acci\u00f3 o estrat\u00e8gia i qu\u00e8 es necessita per la seg\u00fcent fase, connectant el document amb altres eines com ara calendari, organigrama, planificaci\u00f3 de reunions\u2026<\/p><p>El m\u00e9s important \u00e9s que el centre tingui apertura, intenci\u00f3 i propostes per la millora de la conviv\u00e8ncia escolar.<\/p>\t\t\t\t\t\t\t\t<\/div>\n\t\t\t\t<\/div>\n\t\t\t\t\t<\/div>\n\t\t<\/div>\n\t\t\t\t<div class=\"elementor-column elementor-col-33 elementor-inner-column elementor-element elementor-element-d36c3ef\" data-id=\"d36c3ef\" data-element_type=\"column\" data-e-type=\"column\">\n\t\t\t<div class=\"elementor-widget-wrap elementor-element-populated\">\n\t\t\t\t\t\t<div class=\"elementor-element elementor-element-c2aabdf elementor-widget elementor-widget-heading\" data-id=\"c2aabdf\" data-element_type=\"widget\" data-e-type=\"widget\" data-widget_type=\"heading.default\">\n\t\t\t\t<div class=\"elementor-widget-container\">\n\t\t\t\t\t<h2 class=\"elementor-heading-title elementor-size-medium\">On s'inclou?<\/h2>\t\t\t\t<\/div>\n\t\t\t\t<\/div>\n\t\t\t\t<div class=\"elementor-element elementor-element-caf392a elementor-widget-divider--view-line elementor-widget elementor-widget-divider\" data-id=\"caf392a\" data-element_type=\"widget\" data-e-type=\"widget\" data-widget_type=\"divider.default\">\n\t\t\t\t<div class=\"elementor-widget-container\">\n\t\t\t\t\t\t\t<div class=\"elementor-divider\">\n\t\t\t<span class=\"elementor-divider-separator\">\n\t\t\t\t\t\t<\/span>\n\t\t<\/div>\n\t\t\t\t\t\t<\/div>\n\t\t\t\t<\/div>\n\t\t\t\t<div class=\"elementor-element elementor-element-c54fa9a elementor-widget elementor-widget-text-editor\" data-id=\"c54fa9a\" data-element_type=\"widget\" data-e-type=\"widget\" data-widget_type=\"text-editor.default\">\n\t\t\t\t<div class=\"elementor-widget-container\">\n\t\t\t\t\t\t\t\t\t<p>\u00c9s en el <strong>PEC (Projecte Educatiu de Centre)<\/strong> <strong>on s\u2019inclou el pla de conviv\u00e8ncia.<\/strong> \u00c9s per tant en el PEC on han de constar objectius espec\u00edfics per la conviv\u00e8ncia i la socialitzaci\u00f3, i valors afins.<\/p><p>La <strong>PGA (Programaci\u00f3 General Anual) <\/strong>ha de contemplar un punt concret d\u2019elaboraci\u00f3, seguiment i <strong>millora del pla estrat\u00e8gic de conviv\u00e8ncia escolar<\/strong>, on es mostri l\u2019estat de la implementaci\u00f3 de les diferents accions pel seu desenvolupament.<\/p>\t\t\t\t\t\t\t\t<\/div>\n\t\t\t\t<\/div>\n\t\t\t\t\t<\/div>\n\t\t<\/div>\n\t\t\t\t\t<\/div>\n\t\t<\/section>\n\t\t\t\t<section class=\"elementor-section elementor-top-section elementor-element elementor-element-95999d3 elementor-section-boxed elementor-section-height-default elementor-section-height-default\" data-id=\"95999d3\" data-element_type=\"section\" data-e-type=\"section\">\n\t\t\t\t\t\t<div class=\"elementor-container elementor-column-gap-default\">\n\t\t\t\t\t<div class=\"elementor-column elementor-col-100 elementor-top-column elementor-element elementor-element-d5c0a38\" data-id=\"d5c0a38\" data-element_type=\"column\" data-e-type=\"column\">\n\t\t\t<div class=\"elementor-widget-wrap elementor-element-populated\">\n\t\t\t\t\t\t<div class=\"elementor-element elementor-element-709f966 elementor-widget elementor-widget-heading\" data-id=\"709f966\" data-element_type=\"widget\" data-e-type=\"widget\" data-widget_type=\"heading.default\">\n\t\t\t\t<div class=\"elementor-widget-container\">\n\t\t\t\t\t<h2 class=\"elementor-heading-title elementor-size-large\">Qui l'elabora?<\/h2>\t\t\t\t<\/div>\n\t\t\t\t<\/div>\n\t\t\t\t<section class=\"elementor-section elementor-inner-section elementor-element elementor-element-c01056c elementor-section-boxed elementor-section-height-default elementor-section-height-default\" data-id=\"c01056c\" data-element_type=\"section\" data-e-type=\"section\">\n\t\t\t\t\t\t<div class=\"elementor-container elementor-column-gap-default\">\n\t\t\t\t\t<div class=\"elementor-column elementor-col-100 elementor-inner-column elementor-element elementor-element-2cf6822\" data-id=\"2cf6822\" data-element_type=\"column\" data-e-type=\"column\">\n\t\t\t<div class=\"elementor-widget-wrap elementor-element-populated\">\n\t\t\t\t\t\t<div class=\"elementor-element elementor-element-d327ee6 elementor-widget elementor-widget-text-editor\" data-id=\"d327ee6\" data-element_type=\"widget\" data-e-type=\"widget\" data-widget_type=\"text-editor.default\">\n\t\t\t\t<div class=\"elementor-widget-container\">\n\t\t\t\t\t\t\t\t\t<p>Les persones encarregades d&#8217;elaborar el projecte de conviv\u00e8ncia heu d\u2019analitzar primer el que ja es realitza en el vostre centre educatiu, i quin nivell hi ha de<strong> benestar i conviv\u00e8ncia <\/strong>per extreure una llista de necessitats i desitjos.<\/p><p>Al decret del departament d\u2019educaci\u00f3 no s\u2019especifica <strong>qui elabora el pla de conviv\u00e8ncia<\/strong>. El centre n\u2019ha de tenir i per tant cal que estigui incl\u00f2s en el projecte de direcci\u00f3, per aix\u00f2 es relaciona a les compet\u00e8ncies de cap d\u2019estudis, tal com passa amb les <strong>NOFC (Normes, Organitzaci\u00f3 i Funcionament de Centre)<\/strong>. De totes maneres, el pla pot ser elaborat per diferents persones significatives del centre, no necess\u00e0riament assignades a un c\u00e0rrec: coordinadors\/es, psicopedagogs\/gues, integradors\/es socials del centre, comissi\u00f3 de conviv\u00e8ncia, etc.<\/p><p>Tot i aix\u00f2 el m\u00e9s important \u00e9s que qui l\u2019elabori tingui una visi\u00f3 global que li permeti saber tot el que ja es fa en el centre i tot el que es pot fer, i que tingui connexi\u00f3 amb l\u2019elaboraci\u00f3 del <strong>PAT (Pla d\u2019Acci\u00f3 Tutorial)<\/strong> i la revisi\u00f3 de les pr\u00f2pies NOFC.<\/p>\t\t\t\t\t\t\t\t<\/div>\n\t\t\t\t<\/div>\n\t\t\t\t<div class=\"elementor-element elementor-element-475630c elementor-widget elementor-widget-heading\" data-id=\"475630c\" data-element_type=\"widget\" data-e-type=\"widget\" data-widget_type=\"heading.default\">\n\t\t\t\t<div class=\"elementor-widget-container\">\n\t\t\t\t\t<h2 class=\"elementor-heading-title elementor-size-large\">Qui Aprova el Projecte de Conviv\u00e8ncia Escolar?<\/h2>\t\t\t\t<\/div>\n\t\t\t\t<\/div>\n\t\t\t\t<div class=\"elementor-element elementor-element-fe53a9c elementor-widget elementor-widget-text-editor\" data-id=\"fe53a9c\" data-element_type=\"widget\" data-e-type=\"widget\" data-widget_type=\"text-editor.default\">\n\t\t\t\t<div class=\"elementor-widget-container\">\n\t\t\t\t\t\t\t\t\t<p>A partir de 20 de mar\u00e7 de 2020 <strong>\u00e9s inspecci\u00f3 educativa qui aprova el pla de conviv\u00e8ncia escolar<\/strong>. Seguint els indicadors i exemples proposats per departament d\u2019educaci\u00f3 al <strong>Projecte de conviv\u00e8ncia i \u00e8xit educatiu<\/strong>, i recollint el que segur que ja fa el centre educatiu, es pot tenir un bon document de pla de conviv\u00e8ncia que no tingui problemes en ser aprovat.<\/p><p>El departament d\u2019educaci\u00f3 a trav\u00e9s del <strong>Projecte de Conviv\u00e8ncia i \u00c8xit Educatiu <\/strong>posa les bases i els continguts per tenir clar <strong>com elaborar el pla de conviv\u00e8ncia. <\/strong>En aquest sentit, el Departament posa a l&#8217;abast de tots els centres educatius una aplicaci\u00f3 inform\u00e0tica amb elements de diagnosi, orientacions i recursos per elaborar-lo. Proposa treballar a tres nivells: per una banda sobre valors i actituds, per altra banda sobre la resposta al conflicte i finalment els temes normatius i organitzatius, desenvolupant en diferents temes claus. Tot aix\u00f2, contemplant el treball en tres \u00e0mbits: aula, centre i entorn.<\/p>\t\t\t\t\t\t\t\t<\/div>\n\t\t\t\t<\/div>\n\t\t\t\t\t<\/div>\n\t\t<\/div>\n\t\t\t\t\t<\/div>\n\t\t<\/section>\n\t\t\t\t\t<\/div>\n\t\t<\/div>\n\t\t\t\t\t<\/div>\n\t\t<\/section>\n\t\t\t\t<section class=\"elementor-section elementor-top-section elementor-element elementor-element-5d6aca3 elementor-section-boxed elementor-section-height-default elementor-section-height-default\" data-id=\"5d6aca3\" data-element_type=\"section\" data-e-type=\"section\">\n\t\t\t\t\t\t<div class=\"elementor-container elementor-column-gap-default\">\n\t\t\t\t\t<div class=\"elementor-column elementor-col-100 elementor-top-column elementor-element elementor-element-55650cf\" data-id=\"55650cf\" data-element_type=\"column\" data-e-type=\"column\">\n\t\t\t<div class=\"elementor-widget-wrap elementor-element-populated\">\n\t\t\t\t\t\t<div class=\"elementor-element elementor-element-69b9b8c elementor-widget elementor-widget-heading\" data-id=\"69b9b8c\" data-element_type=\"widget\" data-e-type=\"widget\" data-widget_type=\"heading.default\">\n\t\t\t\t<div class=\"elementor-widget-container\">\n\t\t\t\t\t<h3 class=\"elementor-heading-title elementor-size-large\">Qu\u00e8 \u00e9s la Comissi\u00f3 de Conviv\u00e8ncia?<\/h3>\t\t\t\t<\/div>\n\t\t\t\t<\/div>\n\t\t\t\t<section class=\"elementor-section elementor-inner-section elementor-element elementor-element-6d332aa elementor-section-boxed elementor-section-height-default elementor-section-height-default\" data-id=\"6d332aa\" data-element_type=\"section\" data-e-type=\"section\">\n\t\t\t\t\t\t<div class=\"elementor-container elementor-column-gap-default\">\n\t\t\t\t\t<div class=\"elementor-column elementor-col-100 elementor-inner-column elementor-element elementor-element-1a09403\" data-id=\"1a09403\" data-element_type=\"column\" data-e-type=\"column\">\n\t\t\t<div class=\"elementor-widget-wrap elementor-element-populated\">\n\t\t\t\t\t\t<div class=\"elementor-element elementor-element-2b8ea8b elementor-widget elementor-widget-text-editor\" data-id=\"2b8ea8b\" data-element_type=\"widget\" data-e-type=\"widget\" data-widget_type=\"text-editor.default\">\n\t\t\t\t<div class=\"elementor-widget-container\">\n\t\t\t\t\t\t\t\t\t<p>\u00c9s un grup d\u2019agents de la comunitat educativa del centre que ha de revisar, impulsar, centrar i fer cr\u00e9ixer el <strong>pla integral de conviv\u00e8ncia<\/strong>.<\/p><p>Segons pautes generals del <strong>projecte de conviv\u00e8ncia de l\u2019xtec<\/strong>: \u201c<em>Els centres educatius han de constituir una comissi\u00f3 de conviv\u00e8ncia que tindr\u00e0 entre les seves funcions col\u00b7laborar en la planificaci\u00f3, l\u2019aplicaci\u00f3 i el seguiment del <strong>Projecte de conviv\u00e8ncia<\/strong>.<\/em><\/p><ul><li><em>Elaboraci\u00f3, seguiment i avaluaci\u00f3<\/em><\/li><\/ul><p><em>En els centres privats sostinguts amb fons p\u00fablics, \u200bel titular \u00e9s qui aprova el Projecte de conviv\u00e8ncia,\u200b un cop escoltat el consell escolar, que te\u0301 les funcions d\u2019assessorament i consulta.<\/em><\/p><ul><li><em>El \u200bseguiment i l\u2019avaluaci\u00f3 \u200bdel Projecte de conviv\u00e8ncia corresponen a la direcci\u00f3 del centre, amb la col\u00b7laboraci\u00f3 de la comissi\u00f3 de conviv\u00e8ncia, el claustre i el suport del consell escolar. L\u2019avaluaci\u00f3 s&#8217;ha de fer a partir dels indicadors d\u2019avaluaci\u00f3 elaborats per a cada objectiu espec\u00edfic.\u201d<\/em><\/li><\/ul><p>Existeix una <strong>comissi\u00f3 de conviv\u00e8ncia<\/strong> que oficialment surt del consell escolar i contempla la participaci\u00f3 d\u2019alumnat, professorat, fam\u00edlies, personal d\u2019administraci\u00f3 i serveis, i direcci\u00f3. Des de l\u2019aplicaci\u00f3 de la LOMCE, definitivament el paper del consell escolar en aquest tipus d\u2019atribucions \u00e9s simb\u00f2lic i testimonial, per\u00f2 estem davant d\u2019una oportunitat de donar-li valor.<\/p><p>Aquesta comissi\u00f3 tamb\u00e9 es pot crear sense que surti necess\u00e0riament del consell escolar. En qualsevol cas, \u00e9s molt recomanable que promogui i compti amb la participaci\u00f3 d\u2019alumnes i fam\u00edlies.<\/p><p>Les funcions principals que se li poden assignar a aquesta comissi\u00f3 s\u00f3n les d\u2019avaluaci\u00f3 de la <strong>conviv\u00e8ncia<\/strong> (observatori) i promoci\u00f3 del benestar. En canvi, la planificaci\u00f3 i organitzaci\u00f3 de les accions preventives, l\u2019aplicaci\u00f3 d\u2019eines per la detecci\u00f3 de situacions disruptives de la <strong>conviv\u00e8ncia<\/strong> i la resposta al conflicte (punitives si s\u2019escau, per\u00f2 sempre reparadores) anirien a c\u00e0rrec d\u2019un equip de valoraci\u00f3 i resposta format per cap d\u2019estudis, coordinaci\u00f3 psicopedag\u00f2gica i altres figures significatives.<\/p><p>Tamb\u00e9 podem relacionar o connectar la <strong>comissi\u00f3 de conviv\u00e8ncia<\/strong> amb grups de mediaci\u00f3 o altres alumnes i professors\/es implicats en projectes similars.<\/p>\t\t\t\t\t\t\t\t<\/div>\n\t\t\t\t<\/div>\n\t\t\t\t\t<\/div>\n\t\t<\/div>\n\t\t\t\t\t<\/div>\n\t\t<\/section>\n\t\t\t\t\t<\/div>\n\t\t<\/div>\n\t\t\t\t\t<\/div>\n\t\t<\/section>\n\t\t\t\t<section class=\"elementor-section elementor-top-section elementor-element elementor-element-d6e986c elementor-section-boxed elementor-section-height-default elementor-section-height-default\" data-id=\"d6e986c\" data-element_type=\"section\" data-e-type=\"section\">\n\t\t\t\t\t\t<div class=\"elementor-container elementor-column-gap-default\">\n\t\t\t\t\t<div class=\"elementor-column elementor-col-100 elementor-top-column elementor-element elementor-element-196a6c7\" data-id=\"196a6c7\" data-element_type=\"column\" data-e-type=\"column\">\n\t\t\t<div class=\"elementor-widget-wrap elementor-element-populated\">\n\t\t\t\t\t\t<div class=\"elementor-element elementor-element-85b65c9 elementor-widget elementor-widget-heading\" data-id=\"85b65c9\" data-element_type=\"widget\" data-e-type=\"widget\" data-widget_type=\"heading.default\">\n\t\t\t\t<div class=\"elementor-widget-container\">\n\t\t\t\t\t<h3 class=\"elementor-heading-title elementor-size-large\">Com Millorar el Pla de Conviv\u00e8ncia Escolar?<\/h3>\t\t\t\t<\/div>\n\t\t\t\t<\/div>\n\t\t\t\t<section class=\"elementor-section elementor-inner-section elementor-element elementor-element-a8159e6 elementor-section-boxed elementor-section-height-default elementor-section-height-default\" data-id=\"a8159e6\" data-element_type=\"section\" data-e-type=\"section\">\n\t\t\t\t\t\t<div class=\"elementor-container elementor-column-gap-default\">\n\t\t\t\t\t<div class=\"elementor-column elementor-col-100 elementor-inner-column elementor-element elementor-element-99a0176\" data-id=\"99a0176\" data-element_type=\"column\" data-e-type=\"column\">\n\t\t\t<div class=\"elementor-widget-wrap elementor-element-populated\">\n\t\t\t\t\t\t<div class=\"elementor-element elementor-element-ca384ff elementor-widget elementor-widget-text-editor\" data-id=\"ca384ff\" data-element_type=\"widget\" data-e-type=\"widget\" data-widget_type=\"text-editor.default\">\n\t\t\t\t<div class=\"elementor-widget-container\">\n\t\t\t\t\t\t\t\t\t<p>La majoria dels centres educatius ja realitzen moltes accions que, ordenades i connectades entre si, ja marquen una l\u00ednia d\u2019actuaci\u00f3 que ser\u00e0 la base del projecte. Per\u00f2, i si m\u00e9s enll\u00e0 del document, ens ocupem en<strong> com millorar el pla de conviv\u00e8ncia escolar<\/strong> perqu\u00e8 abordi els objectius i necessitats de l\u2019actual realitat educativa i del propi centre?<\/p><p>Q\u00fcestiona\u2019t si es pot fer m\u00e9s en relaci\u00f3 al benestar. Com impliquem a tota la comunitat educativa? Quin nivell de consci\u00e8ncia hi ha? Com es mant\u00e9 aquesta implicaci\u00f3?<\/p><p>Com podem saber els necessitats de cada alumne? Com sostenim totes les necessitats? Com treballem el binomi acompanyament individual i de grup? Aix\u00f2 est\u00e0 recollit en el Pla d\u2019Acci\u00f3 \u00a0tutorial? Fem tutories individuals?<\/p><p>Com fem que el centre des de l\u2019espai arquitect\u00f2nic, organitzatiu, temporal, de gesti\u00f3 del professorat, de lleure, d\u2019activitats, de fam\u00edlies tingui en compte la conviv\u00e8ncia i el benestar? Com podem assegurar que ho estem potenciant? Com podem mesurar l\u2019impacte de les accions?<\/p><p>Com donem eines a la comunitat educativa per mediar? Quines propostes de mediaci\u00f3 hi ha? Com comprovem si s\u00f3n efectives?<\/p><p>Com fomentem la socialitzaci\u00f3 saludable? Quina interdisciplinarietat hi ha en aix\u00f2? Com abordem aix\u00f2 des de les propostes d\u2019aula i acad\u00e8miques? I des de les activitats complement\u00e0ries o de lleure? Com fomentem els valors? Des de quantes accions fomentem els valors?<\/p><p>Com tenim cura dels camins escolars, i de les entrades i sortides de centre? Tenim projectes de col\u00b7laboraci\u00f3 amb entitats, comer\u00e7os, serveis?<\/p><p>Donar resposta a aquestes preguntes \u00e9s, en definitiva, abordar el Pla de Conviv\u00e8ncia del meu centre.<\/p>\t\t\t\t\t\t\t\t<\/div>\n\t\t\t\t<\/div>\n\t\t\t\t\t<\/div>\n\t\t<\/div>\n\t\t\t\t\t<\/div>\n\t\t<\/section>\n\t\t\t\t\t<\/div>\n\t\t<\/div>\n\t\t\t\t\t<\/div>\n\t\t<\/section>\n\t\t\t\t\t<\/div>\n\t\t<\/div>\n\t\t\t\t\t<\/div>\n\t\t<\/section>\n\t\t\t\t<section class=\"elementor-section elementor-top-section elementor-element elementor-element-0570142 elementor-section-boxed elementor-section-height-default elementor-section-height-default\" data-id=\"0570142\" data-element_type=\"section\" data-e-type=\"section\" data-settings=\"{&quot;background_background&quot;:&quot;classic&quot;}\">\n\t\t\t\t\t\t<div class=\"elementor-container elementor-column-gap-default\">\n\t\t\t\t\t<div class=\"elementor-column elementor-col-100 elementor-top-column elementor-element elementor-element-645c905\" data-id=\"645c905\" data-element_type=\"column\" data-e-type=\"column\">\n\t\t\t<div class=\"elementor-widget-wrap elementor-element-populated\">\n\t\t\t\t\t\t<div class=\"elementor-element elementor-element-3ba0fcb elementor-widget elementor-widget-heading\" data-id=\"3ba0fcb\" data-element_type=\"widget\" data-e-type=\"widget\" data-widget_type=\"heading.default\">\n\t\t\t\t<div class=\"elementor-widget-container\">\n\t\t\t\t\t<p class=\"elementor-heading-title elementor-size-large\">Equip SEER us podem ajudar!<\/p>\t\t\t\t<\/div>\n\t\t\t\t<\/div>\n\t\t\t\t<div class=\"elementor-element elementor-element-6248ae7 elementor-widget-divider--view-line elementor-widget elementor-widget-divider\" data-id=\"6248ae7\" data-element_type=\"widget\" data-e-type=\"widget\" data-widget_type=\"divider.default\">\n\t\t\t\t<div class=\"elementor-widget-container\">\n\t\t\t\t\t\t\t<div class=\"elementor-divider\">\n\t\t\t<span class=\"elementor-divider-separator\">\n\t\t\t\t\t\t<\/span>\n\t\t<\/div>\n\t\t\t\t\t\t<\/div>\n\t\t\t\t<\/div>\n\t\t\t\t<div class=\"elementor-element elementor-element-1b2660e elementor-widget elementor-widget-text-editor\" data-id=\"1b2660e\" data-element_type=\"widget\" data-e-type=\"widget\" data-widget_type=\"text-editor.default\">\n\t\t\t\t<div class=\"elementor-widget-container\">\n\t\t\t\t\t\t\t\t\t<p style=\"text-align: center;\">\u00c9s per aix\u00f2 que ens posem a la vostra disposici\u00f3 per posar energia plegats.<\/p><p style=\"text-align: center;\">Ens adaptem a les vostres necessitats des del primer dia i partim de la vostra realitat per fer propostes significatives i adequades.<\/p>\t\t\t\t\t\t\t\t<\/div>\n\t\t\t\t<\/div>\n\t\t\t\t<section class=\"elementor-section elementor-inner-section elementor-element elementor-element-f393848 elementor-section-boxed elementor-section-height-default elementor-section-height-default\" data-id=\"f393848\" data-element_type=\"section\" data-e-type=\"section\">\n\t\t\t\t\t\t<div class=\"elementor-container elementor-column-gap-default\">\n\t\t\t\t\t<div class=\"elementor-column elementor-col-33 elementor-inner-column elementor-element elementor-element-7896d0c\" data-id=\"7896d0c\" data-element_type=\"column\" data-e-type=\"column\">\n\t\t\t<div class=\"elementor-widget-wrap elementor-element-populated\">\n\t\t\t\t\t\t<div class=\"elementor-element elementor-element-199c4fc elementor-widget elementor-widget-heading\" data-id=\"199c4fc\" data-element_type=\"widget\" data-e-type=\"widget\" data-widget_type=\"heading.default\">\n\t\t\t\t<div class=\"elementor-widget-container\">\n\t\t\t\t\t<p class=\"elementor-heading-title elementor-size-medium\">QU\u00c8<\/p>\t\t\t\t<\/div>\n\t\t\t\t<\/div>\n\t\t\t\t<div class=\"elementor-element elementor-element-e9c4591 elementor-widget elementor-widget-text-editor\" data-id=\"e9c4591\" data-element_type=\"widget\" data-e-type=\"widget\" data-widget_type=\"text-editor.default\">\n\t\t\t\t<div class=\"elementor-widget-container\">\n\t\t\t\t\t\t\t\t\t<p>Oferim assessorament per la revisi\u00f3, creaci\u00f3 i\/o elaboraci\u00f3 del document, m\u00e9s enll\u00e0 de \u201ccomplir\u201d expedient<\/p>\t\t\t\t\t\t\t\t<\/div>\n\t\t\t\t<\/div>\n\t\t\t\t\t<\/div>\n\t\t<\/div>\n\t\t\t\t<div class=\"elementor-column elementor-col-33 elementor-inner-column elementor-element elementor-element-536c6d1\" data-id=\"536c6d1\" data-element_type=\"column\" data-e-type=\"column\">\n\t\t\t<div class=\"elementor-widget-wrap elementor-element-populated\">\n\t\t\t\t\t\t<div class=\"elementor-element elementor-element-fbe8a53 elementor-widget elementor-widget-heading\" data-id=\"fbe8a53\" data-element_type=\"widget\" data-e-type=\"widget\" data-widget_type=\"heading.default\">\n\t\t\t\t<div class=\"elementor-widget-container\">\n\t\t\t\t\t<p class=\"elementor-heading-title elementor-size-medium\">PER QU\u00c8<\/p>\t\t\t\t<\/div>\n\t\t\t\t<\/div>\n\t\t\t\t<div class=\"elementor-element elementor-element-78d5ffa elementor-widget elementor-widget-text-editor\" data-id=\"78d5ffa\" data-element_type=\"widget\" data-e-type=\"widget\" data-widget_type=\"text-editor.default\">\n\t\t\t\t<div class=\"elementor-widget-container\">\n\t\t\t\t\t\t\t\t\t<p>Sabem que el dia a dia d\u2019un centre deixa poc espai a un equip de direcci\u00f3 per abordar un tema tan profund i labori\u00f3s com aquest.(PERQUE)<\/p>\t\t\t\t\t\t\t\t<\/div>\n\t\t\t\t<\/div>\n\t\t\t\t\t<\/div>\n\t\t<\/div>\n\t\t\t\t<div class=\"elementor-column elementor-col-33 elementor-inner-column elementor-element elementor-element-a54fe27\" data-id=\"a54fe27\" data-element_type=\"column\" data-e-type=\"column\">\n\t\t\t<div class=\"elementor-widget-wrap elementor-element-populated\">\n\t\t\t\t\t\t<div class=\"elementor-element elementor-element-2f51649 elementor-widget elementor-widget-heading\" data-id=\"2f51649\" data-element_type=\"widget\" data-e-type=\"widget\" data-widget_type=\"heading.default\">\n\t\t\t\t<div class=\"elementor-widget-container\">\n\t\t\t\t\t<p class=\"elementor-heading-title elementor-size-medium\">COM<\/p>\t\t\t\t<\/div>\n\t\t\t\t<\/div>\n\t\t\t\t<div class=\"elementor-element elementor-element-e46f1e6 elementor-widget elementor-widget-text-editor\" data-id=\"e46f1e6\" data-element_type=\"widget\" data-e-type=\"widget\" data-widget_type=\"text-editor.default\">\n\t\t\t\t<div class=\"elementor-widget-container\">\n\t\t\t\t\t\t\t\t\t<div class=\"wpb_text_column wpb_content_element \"><div class=\"wpb_wrapper\"><p>Posem un expert per un treball conjunt amb l\u2019equip directiu i la comissi\u00f3 de conviv\u00e8ncia. (COM)<\/p><\/div><\/div>\t\t\t\t\t\t\t\t<\/div>\n\t\t\t\t<\/div>\n\t\t\t\t<div class=\"elementor-element elementor-element-d767e48 elementor-widget elementor-widget-spacer\" data-id=\"d767e48\" data-element_type=\"widget\" data-e-type=\"widget\" data-widget_type=\"spacer.default\">\n\t\t\t\t<div class=\"elementor-widget-container\">\n\t\t\t\t\t\t\t<div class=\"elementor-spacer\">\n\t\t\t<div class=\"elementor-spacer-inner\"><\/div>\n\t\t<\/div>\n\t\t\t\t\t\t<\/div>\n\t\t\t\t<\/div>\n\t\t\t\t\t<\/div>\n\t\t<\/div>\n\t\t\t\t\t<\/div>\n\t\t<\/section>\n\t\t\t\t<section class=\"elementor-section elementor-inner-section elementor-element elementor-element-5392d88 elementor-section-boxed elementor-section-height-default elementor-section-height-default\" data-id=\"5392d88\" data-element_type=\"section\" data-e-type=\"section\">\n\t\t\t\t\t\t<div class=\"elementor-container elementor-column-gap-default\">\n\t\t\t\t\t<div class=\"elementor-column elementor-col-100 elementor-inner-column elementor-element elementor-element-c606069\" data-id=\"c606069\" data-element_type=\"column\" data-e-type=\"column\">\n\t\t\t<div class=\"elementor-widget-wrap elementor-element-populated\">\n\t\t\t\t\t\t<div class=\"elementor-element elementor-element-ad0247c elementor-widget elementor-widget-menu-anchor\" data-id=\"ad0247c\" data-element_type=\"widget\" data-e-type=\"widget\" data-widget_type=\"menu-anchor.default\">\n\t\t\t\t<div class=\"elementor-widget-container\">\n\t\t\t\t\t\t\t<div class=\"elementor-menu-anchor\" id=\"assessoramentconvivencia\"><\/div>\n\t\t\t\t\t\t<\/div>\n\t\t\t\t<\/div>\n\t\t\t\t\t<\/div>\n\t\t<\/div>\n\t\t\t\t\t<\/div>\n\t\t<\/section>\n\t\t\t\t<section class=\"elementor-section elementor-inner-section elementor-element elementor-element-2e27876 elementor-section-boxed elementor-section-height-default elementor-section-height-default\" data-id=\"2e27876\" data-element_type=\"section\" data-e-type=\"section\">\n\t\t\t\t\t\t<div class=\"elementor-container elementor-column-gap-default\">\n\t\t\t\t\t<div class=\"elementor-column elementor-col-50 elementor-inner-column elementor-element elementor-element-04cde8e\" data-id=\"04cde8e\" data-element_type=\"column\" data-e-type=\"column\">\n\t\t\t<div class=\"elementor-widget-wrap elementor-element-populated\">\n\t\t\t\t\t\t<div class=\"elementor-element elementor-element-6bdfee6 elementor-widget elementor-widget-heading\" data-id=\"6bdfee6\" data-element_type=\"widget\" data-e-type=\"widget\" data-widget_type=\"heading.default\">\n\t\t\t\t<div class=\"elementor-widget-container\">\n\t\t\t\t\t<p class=\"elementor-heading-title elementor-size-medium\">El fet de ser un servei extern ens proporciona dues avantatges principals:<\/p>\t\t\t\t<\/div>\n\t\t\t\t<\/div>\n\t\t\t\t<div class=\"elementor-element elementor-element-899dd6d elementor-widget elementor-widget-text-editor\" data-id=\"899dd6d\" data-element_type=\"widget\" data-e-type=\"widget\" data-widget_type=\"text-editor.default\">\n\t\t\t\t<div class=\"elementor-widget-container\">\n\t\t\t\t\t\t\t\t\t<p><span style=\"font-size: 24pt;\">1.<\/span> Mirada Oberta. Venim amb frescor, sense prejudicis i amb capacitat de refor\u00e7ar, q\u00fcestionar, revisar\u2026<\/p>\t\t\t\t\t\t\t\t<\/div>\n\t\t\t\t<\/div>\n\t\t\t\t<div class=\"elementor-element elementor-element-43eeea9 elementor-widget elementor-widget-text-editor\" data-id=\"43eeea9\" data-element_type=\"widget\" data-e-type=\"widget\" data-widget_type=\"text-editor.default\">\n\t\t\t\t<div class=\"elementor-widget-container\">\n\t\t\t\t\t\t\t\t\t<p><span style=\"font-size: 24pt;\">2.<\/span> Treballar per molts centres diferents ens ha perm\u00e8s una extensa recollida d\u2019informaci\u00f3 relativa a diferents models, propostes pedag\u00f2giques i formats organitzatius que posem al teu servei i del teu Pla de Conviv\u00e8ncia<\/p>\t\t\t\t\t\t\t\t<\/div>\n\t\t\t\t<\/div>\n\t\t\t\t\t<\/div>\n\t\t<\/div>\n\t\t\t\t<div class=\"elementor-column elementor-col-50 elementor-inner-column elementor-element elementor-element-7fb46d8c\" data-id=\"7fb46d8c\" data-element_type=\"column\" data-e-type=\"column\" data-settings=\"{&quot;background_background&quot;:&quot;classic&quot;}\">\n\t\t\t<div class=\"elementor-widget-wrap elementor-element-populated\">\n\t\t\t\t\t\t<div class=\"elementor-element elementor-element-74d63a42 elementor-widget elementor-widget-heading\" data-id=\"74d63a42\" data-element_type=\"widget\" data-e-type=\"widget\" data-widget_type=\"heading.default\">\n\t\t\t\t<div class=\"elementor-widget-container\">\n\t\t\t\t\t<p class=\"elementor-heading-title elementor-size-medium\">Contacta amb Nosaltres\u200b<\/p>\t\t\t\t<\/div>\n\t\t\t\t<\/div>\n\t\t\t\t<div class=\"elementor-element elementor-element-e067ec2 elementor-button-align-stretch elementor-widget elementor-widget-form\" data-id=\"e067ec2\" data-element_type=\"widget\" data-e-type=\"widget\" data-settings=\"{&quot;step_next_label&quot;:&quot;Next&quot;,&quot;step_previous_label&quot;:&quot;Previous&quot;,&quot;button_width&quot;:&quot;100&quot;,&quot;step_type&quot;:&quot;number_text&quot;,&quot;step_icon_shape&quot;:&quot;circle&quot;}\" data-widget_type=\"form.default\">\n\t\t\t\t<div class=\"elementor-widget-container\">\n\t\t\t\t\t\t\t<form class=\"elementor-form\" method=\"post\" name=\"New Form\" aria-label=\"New Form\">\n\t\t\t<input type=\"hidden\" name=\"post_id\" value=\"5029\"\/>\n\t\t\t<input type=\"hidden\" name=\"form_id\" value=\"e067ec2\"\/>\n\t\t\t<input type=\"hidden\" name=\"referer_title\" value=\"Projecte de Conviv\u00e8ncia - SEER\" \/>\n\n\t\t\t\t\t\t\t<input type=\"hidden\" name=\"queried_id\" value=\"5029\"\/>\n\t\t\t\n\t\t\t<div class=\"elementor-form-fields-wrapper elementor-labels-\">\n\t\t\t\t\t\t\t\t<div class=\"elementor-field-type-text elementor-field-group elementor-column elementor-field-group-7osv0r5 elementor-col-100 elementor-field-required\">\n\t\t\t\t\t\t\t\t\t\t\t\t<label for=\"form-field-7osv0r5\" class=\"elementor-field-label elementor-screen-only\">\n\t\t\t\t\t\t\t\tNom\t\t\t\t\t\t\t<\/label>\n\t\t\t\t\t\t\t\t\t\t\t\t\t\t<input size=\"1\" type=\"text\" name=\"form_fields[7osv0r5]\" id=\"form-field-7osv0r5\" class=\"elementor-field elementor-size-md  elementor-field-textual\" placeholder=\"Nom\" required=\"required\">\n\t\t\t\t\t\t\t\t\t\t\t<\/div>\n\t\t\t\t\t\t\t\t<div class=\"elementor-field-type-text elementor-field-group elementor-column elementor-field-group-field_1 elementor-col-100\">\n\t\t\t\t\t\t\t\t\t\t\t\t<label for=\"form-field-field_1\" class=\"elementor-field-label elementor-screen-only\">\n\t\t\t\t\t\t\t\tCentre Educatiu\t\t\t\t\t\t\t<\/label>\n\t\t\t\t\t\t\t\t\t\t\t\t\t\t<input size=\"1\" type=\"text\" name=\"form_fields[field_1]\" id=\"form-field-field_1\" class=\"elementor-field elementor-size-md  elementor-field-textual\" placeholder=\"Centre Educatiu\">\n\t\t\t\t\t\t\t\t\t\t\t<\/div>\n\t\t\t\t\t\t\t\t<div class=\"elementor-field-type-email elementor-field-group elementor-column elementor-field-group-h2vqoor elementor-col-100 elementor-field-required\">\n\t\t\t\t\t\t\t\t\t\t\t\t<label for=\"form-field-h2vqoor\" class=\"elementor-field-label elementor-screen-only\">\n\t\t\t\t\t\t\t\tEmail\t\t\t\t\t\t\t<\/label>\n\t\t\t\t\t\t\t\t\t\t\t\t\t\t<input size=\"1\" type=\"email\" name=\"form_fields[h2vqoor]\" id=\"form-field-h2vqoor\" class=\"elementor-field elementor-size-md  elementor-field-textual\" placeholder=\"Email\" required=\"required\">\n\t\t\t\t\t\t\t\t\t\t\t<\/div>\n\t\t\t\t\t\t\t\t<div class=\"elementor-field-type-textarea elementor-field-group elementor-column elementor-field-group-5kq6fks elementor-col-100 elementor-field-required\">\n\t\t\t\t\t\t\t\t\t\t\t\t<label for=\"form-field-5kq6fks\" class=\"elementor-field-label elementor-screen-only\">\n\t\t\t\t\t\t\t\tmissatge\t\t\t\t\t\t\t<\/label>\n\t\t\t\t\t\t<textarea class=\"elementor-field-textual elementor-field  elementor-size-md\" name=\"form_fields[5kq6fks]\" id=\"form-field-5kq6fks\" rows=\"5\" placeholder=\"missatge\" required=\"required\"><\/textarea>\t\t\t\t<\/div>\n\t\t\t\t\t\t\t\t<div class=\"elementor-field-type-acceptance elementor-field-group elementor-column elementor-field-group-field_6ddd17e elementor-col-100 elementor-field-required\">\n\t\t\t\t\t\t\t<div class=\"elementor-field-subgroup\">\n\t\t\t<span class=\"elementor-field-option\">\n\t\t\t\t<input type=\"checkbox\" name=\"form_fields[field_6ddd17e]\" id=\"form-field-field_6ddd17e\" class=\"elementor-field elementor-size-md  elementor-acceptance-field\" required=\"required\">\n\t\t\t\t<label for=\"form-field-field_6ddd17e\">He le\u00eddo y acepto la <a href=\"https:\/\/salutieducacioemocional.com\/politica-de-privacidad\/\" target=\"_blank\">Pol&iacute;tica de Privacidad<\/a>.<\/label>\t\t\t<\/span>\n\t\t<\/div>\n\t\t\t\t\t\t<\/div>\n\t\t\t\t\t\t\t\t<div class=\"elementor-field-type-acceptance elementor-field-group elementor-column elementor-field-group-field_7bfb4e4 elementor-col-100 elementor-field-required\">\n\t\t\t\t\t\t\t<div class=\"elementor-field-subgroup\">\n\t\t\t<span class=\"elementor-field-option\">\n\t\t\t\t<input type=\"checkbox\" name=\"form_fields[field_7bfb4e4]\" id=\"form-field-field_7bfb4e4\" class=\"elementor-field elementor-size-md  elementor-acceptance-field\" required=\"required\">\n\t\t\t\t<label for=\"form-field-field_7bfb4e4\">He le\u00eddo y acepto los <a href=\"https:\/\/salutieducacioemocional.com\/condiciones-venta-contratacion\/\" target=\"_blank\">T&eacute;rminos y Condiciones<\/a>.<\/label>\t\t\t<\/span>\n\t\t<\/div>\n\t\t\t\t\t\t<\/div>\n\t\t\t\t\t\t\t\t<div class=\"elementor-field-type-html elementor-field-group elementor-column elementor-field-group-field_07f6192 elementor-col-100\">\n\t\t\t\t\t<p>En Salut I Educaci&oacute; Emocional, S.L. trataremos la informaci&oacute;n que nos facilites con la finalidad de enviarte informaci&oacute;n relacionada con tu solicitud sobre nuestros productos y servicios. La base jur&iacute;dica que legitima el tratamiento es tu consentimiento. Podr&aacute;s ejercer los derechos de acceso, rectificaci&oacute;n, limitaci&oacute;n, oposici&oacute;n, portabilidad, o retirar el consentimiento enviando un email a comunicacio@salutieducacioemocional.com. Tambi&eacute;n puedes solicitar la tutela de derechos ante la Autoridad de Control (AEPD). No se ceder&aacute;n datos a terceros, salvo autorizaci&oacute;n expresa u obligaci&oacute;n legal. Puedes consultar informaci&oacute;n adicional y detallada sobre protecci&oacute;n de datos en nuestra Pol&iacute;tica de Privacidad<\/p>\t\t\t\t<\/div>\n\t\t\t\t\t\t\t\t<div class=\"elementor-field-type-text\">\n\t\t\t\t\t<input size=\"1\" type=\"text\" name=\"form_fields[field_3080bb5]\" id=\"form-field-field_3080bb5\" class=\"elementor-field elementor-size-md \" style=\"display:none !important;\">\t\t\t\t<\/div>\n\t\t\t\t\t\t\t\t<div class=\"elementor-field-type-recaptcha_v3 elementor-field-group elementor-column elementor-field-group-field_ae5e30e elementor-col-100 recaptcha_v3-bottomright\">\n\t\t\t\t\t<div class=\"elementor-field\" id=\"form-field-field_ae5e30e\"><div class=\"elementor-g-recaptcha\" data-sitekey=\"6Ld9UxAdAAAAAOctk6LIco5w8Onjh3avNmh38TOC\" data-type=\"v3\" data-action=\"Form\" data-badge=\"bottomright\" data-size=\"invisible\"><\/div><\/div>\t\t\t\t<\/div>\n\t\t\t\t\t\t\t\t<div class=\"elementor-field-group elementor-column elementor-field-type-submit elementor-col-100 e-form__buttons\">\n\t\t\t\t\t<button class=\"elementor-button elementor-size-md\" type=\"submit\">\n\t\t\t\t\t\t<span class=\"elementor-button-content-wrapper\">\n\t\t\t\t\t\t\t\t\t\t\t\t\t\t\t\t\t\t\t\t\t\t<span class=\"elementor-button-text\">Envia<\/span>\n\t\t\t\t\t\t\t\t\t\t\t\t\t<\/span>\n\t\t\t\t\t<\/button>\n\t\t\t\t<\/div>\n\t\t\t<\/div>\n\t\t<\/form>\n\t\t\t\t\t\t<\/div>\n\t\t\t\t<\/div>\n\t\t\t\t\t<\/div>\n\t\t<\/div>\n\t\t\t\t\t<\/div>\n\t\t<\/section>\n\t\t\t\t<section class=\"elementor-section elementor-inner-section elementor-element elementor-element-0a70e46 elementor-section-boxed elementor-section-height-default elementor-section-height-default\" data-id=\"0a70e46\" data-element_type=\"section\" data-e-type=\"section\">\n\t\t\t\t\t\t<div class=\"elementor-container elementor-column-gap-default\">\n\t\t\t\t\t<div class=\"elementor-column elementor-col-100 elementor-inner-column elementor-element elementor-element-2974227\" data-id=\"2974227\" data-element_type=\"column\" data-e-type=\"column\">\n\t\t\t<div class=\"elementor-widget-wrap elementor-element-populated\">\n\t\t\t\t\t\t<div class=\"elementor-element elementor-element-f3e3d78 elementor-widget elementor-widget-menu-anchor\" data-id=\"f3e3d78\" data-element_type=\"widget\" data-e-type=\"widget\" data-widget_type=\"menu-anchor.default\">\n\t\t\t\t<div class=\"elementor-widget-container\">\n\t\t\t\t\t\t\t<div class=\"elementor-menu-anchor\" id=\"formulari\"><\/div>\n\t\t\t\t\t\t<\/div>\n\t\t\t\t<\/div>\n\t\t\t\t<div class=\"elementor-element elementor-element-836b706 elementor-widget elementor-widget-html\" data-id=\"836b706\" data-element_type=\"widget\" data-e-type=\"widget\" data-widget_type=\"html.default\">\n\t\t\t\t<div class=\"elementor-widget-container\">\n\t\t\t\t\t<iframe src=\"https:\/\/docs.google.com\/forms\/d\/e\/1FAIpQLScSRQsVOVp_aOnRk7icGlo9SC6gnMM1Er7dz9iR0gupF8Gipw\/viewform?embedded=true\" width=\"640\" height=\"3774\" frameborder=\"0\" marginheight=\"0\" marginwidth=\"0\">Cargando\u2026<\/iframe>\t\t\t\t<\/div>\n\t\t\t\t<\/div>\n\t\t\t\t\t<\/div>\n\t\t<\/div>\n\t\t\t\t\t<\/div>\n\t\t<\/section>\n\t\t\t\t\t<\/div>\n\t\t<\/div>\n\t\t\t\t\t<\/div>\n\t\t<\/section>\n\t\t\t\t<\/div>\n\t\t","protected":false},"excerpt":{"rendered":"<p>Projecte de Conviv\u00e8ncia Qu\u00e8 \u00e9s el Pla de Conviv\u00e8ncia Escolar? El pla de conviv\u00e8ncia per definici\u00f3 \u00e9s la forma i recursos que t\u00e9 el centre per promoure i gestionar la conviv\u00e8ncia escolar. En les pautes generals del projecte de conviv\u00e8ncia de l\u2019xtec es defineix com \u201cl\u2019instrument on es reflecteixen les accions que el centre docent [&hellip;]<\/p>\n","protected":false},"author":1,"featured_media":3796,"parent":617,"menu_order":0,"comment_status":"closed","ping_status":"closed","template":"elementor_header_footer","meta":{"footnotes":""},"class_list":["post-5029","page","type-page","status-publish","has-post-thumbnail","hentry"],"yoast_head":"<!-- This site is optimized with the Yoast SEO plugin v27.5 - https:\/\/yoast.com\/product\/yoast-seo-wordpress\/ -->\n<title>Projecte de Conviv\u00e8ncia - SEER<\/title>\n<meta name=\"description\" content=\"Oferim assessorament per la revisi\u00f3, creaci\u00f3 i\/o elaboraci\u00f3 del document, m\u00e9s enll\u00e0 de \u201ccomplir expedient&quot;.\" \/>\n<meta name=\"robots\" content=\"index, follow, max-snippet:-1, max-image-preview:large, max-video-preview:-1\" \/>\n<link rel=\"canonical\" href=\"https:\/\/salutieducacioemocional.com\/ca\/departament-formacio\/assessorament-pedagogic\/projecte-convivencia\/\" \/>\n<meta property=\"og:locale\" content=\"ca_ES\" \/>\n<meta property=\"og:type\" content=\"article\" \/>\n<meta property=\"og:title\" content=\"Projecte de Conviv\u00e8ncia - SEER\" \/>\n<meta property=\"og:description\" content=\"Oferim assessorament per la revisi\u00f3, creaci\u00f3 i\/o elaboraci\u00f3 del document, m\u00e9s enll\u00e0 de \u201ccomplir expedient&quot;.\" \/>\n<meta property=\"og:url\" content=\"https:\/\/salutieducacioemocional.com\/ca\/departament-formacio\/assessorament-pedagogic\/projecte-convivencia\/\" \/>\n<meta property=\"og:site_name\" content=\"SEER\" \/>\n<meta property=\"article:publisher\" content=\"https:\/\/www.facebook.com\/equipseer\" \/>\n<meta property=\"article:modified_time\" content=\"2023-03-16T14:01:08+00:00\" \/>\n<meta property=\"og:image\" content=\"https:\/\/salutieducacioemocional.com\/wp-content\/uploads\/2019\/04\/asesoramiento-plan-convivencia.jpg\" \/>\n\t<meta property=\"og:image:width\" content=\"550\" \/>\n\t<meta property=\"og:image:height\" content=\"550\" \/>\n\t<meta property=\"og:image:type\" content=\"image\/jpeg\" \/>\n<meta name=\"twitter:card\" content=\"summary_large_image\" \/>\n<meta name=\"twitter:site\" content=\"@equipseer\" \/>\n<script type=\"application\/ld+json\" class=\"yoast-schema-graph\">{\"@context\":\"https:\\\/\\\/schema.org\",\"@graph\":[{\"@type\":\"WebPage\",\"@id\":\"https:\\\/\\\/salutieducacioemocional.com\\\/ca\\\/departament-formacio\\\/assessorament-pedagogic\\\/projecte-convivencia\\\/\",\"url\":\"https:\\\/\\\/salutieducacioemocional.com\\\/ca\\\/departament-formacio\\\/assessorament-pedagogic\\\/projecte-convivencia\\\/\",\"name\":\"Projecte de Conviv\u00e8ncia - SEER\",\"isPartOf\":{\"@id\":\"https:\\\/\\\/salutieducacioemocional.com\\\/#website\"},\"primaryImageOfPage\":{\"@id\":\"https:\\\/\\\/salutieducacioemocional.com\\\/ca\\\/departament-formacio\\\/assessorament-pedagogic\\\/projecte-convivencia\\\/#primaryimage\"},\"image\":{\"@id\":\"https:\\\/\\\/salutieducacioemocional.com\\\/ca\\\/departament-formacio\\\/assessorament-pedagogic\\\/projecte-convivencia\\\/#primaryimage\"},\"thumbnailUrl\":\"https:\\\/\\\/salutieducacioemocional.com\\\/wp-content\\\/uploads\\\/2019\\\/04\\\/asesoramiento-plan-convivencia.jpg\",\"datePublished\":\"2019-12-18T22:11:00+00:00\",\"dateModified\":\"2023-03-16T14:01:08+00:00\",\"description\":\"Oferim assessorament per la revisi\u00f3, creaci\u00f3 i\\\/o elaboraci\u00f3 del document, m\u00e9s enll\u00e0 de \u201ccomplir expedient\\\".\",\"breadcrumb\":{\"@id\":\"https:\\\/\\\/salutieducacioemocional.com\\\/ca\\\/departament-formacio\\\/assessorament-pedagogic\\\/projecte-convivencia\\\/#breadcrumb\"},\"inLanguage\":\"ca\",\"potentialAction\":[{\"@type\":\"ReadAction\",\"target\":[\"https:\\\/\\\/salutieducacioemocional.com\\\/ca\\\/departament-formacio\\\/assessorament-pedagogic\\\/projecte-convivencia\\\/\"]}]},{\"@type\":\"ImageObject\",\"inLanguage\":\"ca\",\"@id\":\"https:\\\/\\\/salutieducacioemocional.com\\\/ca\\\/departament-formacio\\\/assessorament-pedagogic\\\/projecte-convivencia\\\/#primaryimage\",\"url\":\"https:\\\/\\\/salutieducacioemocional.com\\\/wp-content\\\/uploads\\\/2019\\\/04\\\/asesoramiento-plan-convivencia.jpg\",\"contentUrl\":\"https:\\\/\\\/salutieducacioemocional.com\\\/wp-content\\\/uploads\\\/2019\\\/04\\\/asesoramiento-plan-convivencia.jpg\",\"width\":550,\"height\":550,\"caption\":\"Asesoramiento Plan de Convivencia SEER\"},{\"@type\":\"BreadcrumbList\",\"@id\":\"https:\\\/\\\/salutieducacioemocional.com\\\/ca\\\/departament-formacio\\\/assessorament-pedagogic\\\/projecte-convivencia\\\/#breadcrumb\",\"itemListElement\":[{\"@type\":\"ListItem\",\"position\":1,\"name\":\"Portada\",\"item\":\"https:\\\/\\\/salutieducacioemocional.com\\\/\"},{\"@type\":\"ListItem\",\"position\":2,\"name\":\"Formaci\u00f3\",\"item\":\"https:\\\/\\\/salutieducacioemocional.com\\\/ca\\\/departament-formacio\\\/\"},{\"@type\":\"ListItem\",\"position\":3,\"name\":\"Assessorament\",\"item\":\"https:\\\/\\\/salutieducacioemocional.com\\\/ca\\\/departament-formacio\\\/assessorament-pedagogic\\\/\"},{\"@type\":\"ListItem\",\"position\":4,\"name\":\"Projecte de Conviv\u00e8ncia\"}]},{\"@type\":\"WebSite\",\"@id\":\"https:\\\/\\\/salutieducacioemocional.com\\\/#website\",\"url\":\"https:\\\/\\\/salutieducacioemocional.com\\\/\",\"name\":\"SEER\",\"description\":\"Salut i Educaci\u00f3 Emocional\",\"publisher\":{\"@id\":\"https:\\\/\\\/salutieducacioemocional.com\\\/#organization\"},\"potentialAction\":[{\"@type\":\"SearchAction\",\"target\":{\"@type\":\"EntryPoint\",\"urlTemplate\":\"https:\\\/\\\/salutieducacioemocional.com\\\/?s={search_term_string}\"},\"query-input\":{\"@type\":\"PropertyValueSpecification\",\"valueRequired\":true,\"valueName\":\"search_term_string\"}}],\"inLanguage\":\"ca\"},{\"@type\":\"Organization\",\"@id\":\"https:\\\/\\\/salutieducacioemocional.com\\\/#organization\",\"name\":\"Salut i Educaci\u00f3 Emocional S.L\",\"alternateName\":\"SEER\",\"url\":\"https:\\\/\\\/salutieducacioemocional.com\\\/\",\"logo\":{\"@type\":\"ImageObject\",\"inLanguage\":\"ca\",\"@id\":\"https:\\\/\\\/salutieducacioemocional.com\\\/#\\\/schema\\\/logo\\\/image\\\/\",\"url\":\"https:\\\/\\\/salutieducacioemocional.com\\\/wp-content\\\/uploads\\\/2018\\\/12\\\/cropped-educacion-emocional-seer-e1545471861400.png\",\"contentUrl\":\"https:\\\/\\\/salutieducacioemocional.com\\\/wp-content\\\/uploads\\\/2018\\\/12\\\/cropped-educacion-emocional-seer-e1545471861400.png\",\"width\":200,\"height\":78,\"caption\":\"Salut i Educaci\u00f3 Emocional S.L\"},\"image\":{\"@id\":\"https:\\\/\\\/salutieducacioemocional.com\\\/#\\\/schema\\\/logo\\\/image\\\/\"},\"sameAs\":[\"https:\\\/\\\/www.facebook.com\\\/equipseer\",\"https:\\\/\\\/x.com\\\/equipseer\",\"https:\\\/\\\/www.instagram.com\\\/equipseer\\\/\",\"https:\\\/\\\/www.linkedin.com\\\/company\\\/9231569\\\/admin\\\/\",\"https:\\\/\\\/www.youtube.com\\\/@equipseer\",\"https:\\\/\\\/t.me\\\/seer_info\"]}]}<\/script>\n<!-- \/ Yoast SEO plugin. -->","yoast_head_json":{"title":"Projecte de Conviv\u00e8ncia - SEER","description":"Oferim assessorament per la revisi\u00f3, creaci\u00f3 i\/o elaboraci\u00f3 del document, m\u00e9s enll\u00e0 de \u201ccomplir expedient\".","robots":{"index":"index","follow":"follow","max-snippet":"max-snippet:-1","max-image-preview":"max-image-preview:large","max-video-preview":"max-video-preview:-1"},"canonical":"https:\/\/salutieducacioemocional.com\/ca\/departament-formacio\/assessorament-pedagogic\/projecte-convivencia\/","og_locale":"ca_ES","og_type":"article","og_title":"Projecte de Conviv\u00e8ncia - SEER","og_description":"Oferim assessorament per la revisi\u00f3, creaci\u00f3 i\/o elaboraci\u00f3 del document, m\u00e9s enll\u00e0 de \u201ccomplir expedient\".","og_url":"https:\/\/salutieducacioemocional.com\/ca\/departament-formacio\/assessorament-pedagogic\/projecte-convivencia\/","og_site_name":"SEER","article_publisher":"https:\/\/www.facebook.com\/equipseer","article_modified_time":"2023-03-16T14:01:08+00:00","og_image":[{"width":550,"height":550,"url":"https:\/\/salutieducacioemocional.com\/wp-content\/uploads\/2019\/04\/asesoramiento-plan-convivencia.jpg","type":"image\/jpeg"}],"twitter_card":"summary_large_image","twitter_site":"@equipseer","schema":{"@context":"https:\/\/schema.org","@graph":[{"@type":"WebPage","@id":"https:\/\/salutieducacioemocional.com\/ca\/departament-formacio\/assessorament-pedagogic\/projecte-convivencia\/","url":"https:\/\/salutieducacioemocional.com\/ca\/departament-formacio\/assessorament-pedagogic\/projecte-convivencia\/","name":"Projecte de Conviv\u00e8ncia - SEER","isPartOf":{"@id":"https:\/\/salutieducacioemocional.com\/#website"},"primaryImageOfPage":{"@id":"https:\/\/salutieducacioemocional.com\/ca\/departament-formacio\/assessorament-pedagogic\/projecte-convivencia\/#primaryimage"},"image":{"@id":"https:\/\/salutieducacioemocional.com\/ca\/departament-formacio\/assessorament-pedagogic\/projecte-convivencia\/#primaryimage"},"thumbnailUrl":"https:\/\/salutieducacioemocional.com\/wp-content\/uploads\/2019\/04\/asesoramiento-plan-convivencia.jpg","datePublished":"2019-12-18T22:11:00+00:00","dateModified":"2023-03-16T14:01:08+00:00","description":"Oferim assessorament per la revisi\u00f3, creaci\u00f3 i\/o elaboraci\u00f3 del document, m\u00e9s enll\u00e0 de \u201ccomplir expedient\".","breadcrumb":{"@id":"https:\/\/salutieducacioemocional.com\/ca\/departament-formacio\/assessorament-pedagogic\/projecte-convivencia\/#breadcrumb"},"inLanguage":"ca","potentialAction":[{"@type":"ReadAction","target":["https:\/\/salutieducacioemocional.com\/ca\/departament-formacio\/assessorament-pedagogic\/projecte-convivencia\/"]}]},{"@type":"ImageObject","inLanguage":"ca","@id":"https:\/\/salutieducacioemocional.com\/ca\/departament-formacio\/assessorament-pedagogic\/projecte-convivencia\/#primaryimage","url":"https:\/\/salutieducacioemocional.com\/wp-content\/uploads\/2019\/04\/asesoramiento-plan-convivencia.jpg","contentUrl":"https:\/\/salutieducacioemocional.com\/wp-content\/uploads\/2019\/04\/asesoramiento-plan-convivencia.jpg","width":550,"height":550,"caption":"Asesoramiento Plan de Convivencia SEER"},{"@type":"BreadcrumbList","@id":"https:\/\/salutieducacioemocional.com\/ca\/departament-formacio\/assessorament-pedagogic\/projecte-convivencia\/#breadcrumb","itemListElement":[{"@type":"ListItem","position":1,"name":"Portada","item":"https:\/\/salutieducacioemocional.com\/"},{"@type":"ListItem","position":2,"name":"Formaci\u00f3","item":"https:\/\/salutieducacioemocional.com\/ca\/departament-formacio\/"},{"@type":"ListItem","position":3,"name":"Assessorament","item":"https:\/\/salutieducacioemocional.com\/ca\/departament-formacio\/assessorament-pedagogic\/"},{"@type":"ListItem","position":4,"name":"Projecte de Conviv\u00e8ncia"}]},{"@type":"WebSite","@id":"https:\/\/salutieducacioemocional.com\/#website","url":"https:\/\/salutieducacioemocional.com\/","name":"SEER","description":"Salut i Educaci\u00f3 Emocional","publisher":{"@id":"https:\/\/salutieducacioemocional.com\/#organization"},"potentialAction":[{"@type":"SearchAction","target":{"@type":"EntryPoint","urlTemplate":"https:\/\/salutieducacioemocional.com\/?s={search_term_string}"},"query-input":{"@type":"PropertyValueSpecification","valueRequired":true,"valueName":"search_term_string"}}],"inLanguage":"ca"},{"@type":"Organization","@id":"https:\/\/salutieducacioemocional.com\/#organization","name":"Salut i Educaci\u00f3 Emocional S.L","alternateName":"SEER","url":"https:\/\/salutieducacioemocional.com\/","logo":{"@type":"ImageObject","inLanguage":"ca","@id":"https:\/\/salutieducacioemocional.com\/#\/schema\/logo\/image\/","url":"https:\/\/salutieducacioemocional.com\/wp-content\/uploads\/2018\/12\/cropped-educacion-emocional-seer-e1545471861400.png","contentUrl":"https:\/\/salutieducacioemocional.com\/wp-content\/uploads\/2018\/12\/cropped-educacion-emocional-seer-e1545471861400.png","width":200,"height":78,"caption":"Salut i Educaci\u00f3 Emocional S.L"},"image":{"@id":"https:\/\/salutieducacioemocional.com\/#\/schema\/logo\/image\/"},"sameAs":["https:\/\/www.facebook.com\/equipseer","https:\/\/x.com\/equipseer","https:\/\/www.instagram.com\/equipseer\/","https:\/\/www.linkedin.com\/company\/9231569\/admin\/","https:\/\/www.youtube.com\/@equipseer","https:\/\/t.me\/seer_info"]}]}},"_links":{"self":[{"href":"https:\/\/salutieducacioemocional.com\/ca\/wp-json\/wp\/v2\/pages\/5029","targetHints":{"allow":["GET"]}}],"collection":[{"href":"https:\/\/salutieducacioemocional.com\/ca\/wp-json\/wp\/v2\/pages"}],"about":[{"href":"https:\/\/salutieducacioemocional.com\/ca\/wp-json\/wp\/v2\/types\/page"}],"author":[{"embeddable":true,"href":"https:\/\/salutieducacioemocional.com\/ca\/wp-json\/wp\/v2\/users\/1"}],"replies":[{"embeddable":true,"href":"https:\/\/salutieducacioemocional.com\/ca\/wp-json\/wp\/v2\/comments?post=5029"}],"version-history":[{"count":68,"href":"https:\/\/salutieducacioemocional.com\/ca\/wp-json\/wp\/v2\/pages\/5029\/revisions"}],"predecessor-version":[{"id":9882,"href":"https:\/\/salutieducacioemocional.com\/ca\/wp-json\/wp\/v2\/pages\/5029\/revisions\/9882"}],"up":[{"embeddable":true,"href":"https:\/\/salutieducacioemocional.com\/ca\/wp-json\/wp\/v2\/pages\/617"}],"wp:featuredmedia":[{"embeddable":true,"href":"https:\/\/salutieducacioemocional.com\/ca\/wp-json\/wp\/v2\/media\/3796"}],"wp:attachment":[{"href":"https:\/\/salutieducacioemocional.com\/ca\/wp-json\/wp\/v2\/media?parent=5029"}],"curies":[{"name":"wp","href":"https:\/\/api.w.org\/{rel}","templated":true}]}}