{"id":5404,"date":"2020-02-18T16:25:53","date_gmt":"2020-02-18T16:25:53","guid":{"rendered":"https:\/\/salutieducacioemocional.com\/?page_id=5404"},"modified":"2022-01-10T08:49:21","modified_gmt":"2022-01-10T08:49:21","slug":"primera-jornada-salut-educacio-emocio-rao","status":"publish","type":"page","link":"https:\/\/salutieducacioemocional.com\/ca\/departament-formacio\/format-amb-nosaltres\/primera-jornada-salut-educacio-emocio-rao\/","title":{"rendered":"I Jornada de Salut i Educaci\u00f3 de l\u2019Emoci\u00f3 i la Ra\u00f3"},"content":{"rendered":"\t\t<div data-elementor-type=\"wp-post\" data-elementor-id=\"5404\" class=\"elementor elementor-5404\" data-elementor-post-type=\"page\">\n\t\t\t\t\t\t<section class=\"elementor-section elementor-top-section elementor-element elementor-element-6c83362a elementor-section-boxed elementor-section-height-default elementor-section-height-default\" data-id=\"6c83362a\" data-element_type=\"section\" data-e-type=\"section\" data-settings=\"{&quot;background_background&quot;:&quot;gradient&quot;}\">\n\t\t\t\t\t\t\t<div class=\"elementor-background-overlay\"><\/div>\n\t\t\t\t\t\t\t<div class=\"elementor-container elementor-column-gap-default\">\n\t\t\t\t\t<div class=\"elementor-column elementor-col-100 elementor-top-column elementor-element elementor-element-1d3838af\" data-id=\"1d3838af\" data-element_type=\"column\" data-e-type=\"column\">\n\t\t\t<div class=\"elementor-widget-wrap elementor-element-populated\">\n\t\t\t\t\t\t<div class=\"elementor-element elementor-element-21ad8255 elementor-widget elementor-widget-heading\" data-id=\"21ad8255\" data-element_type=\"widget\" data-e-type=\"widget\" data-widget_type=\"heading.default\">\n\t\t\t\t<div class=\"elementor-widget-container\">\n\t\t\t\t\t<h1 class=\"elementor-heading-title elementor-size-large\"><b>I Jornada SEER<\/b><br><\/h1>\t\t\t\t<\/div>\n\t\t\t\t<\/div>\n\t\t\t\t\t<\/div>\n\t\t<\/div>\n\t\t\t\t\t<\/div>\n\t\t<\/section>\n\t\t\t\t<section class=\"elementor-section elementor-top-section elementor-element elementor-element-4ca85625 elementor-section-boxed elementor-section-height-default elementor-section-height-default\" data-id=\"4ca85625\" data-element_type=\"section\" data-e-type=\"section\">\n\t\t\t\t\t\t<div class=\"elementor-container elementor-column-gap-default\">\n\t\t\t\t\t<div class=\"elementor-column elementor-col-100 elementor-top-column elementor-element elementor-element-6cff546c\" data-id=\"6cff546c\" data-element_type=\"column\" data-e-type=\"column\">\n\t\t\t<div class=\"elementor-widget-wrap elementor-element-populated\">\n\t\t\t\t\t\t<div class=\"elementor-element elementor-element-6a423e9f elementor-widget elementor-widget-heading\" data-id=\"6a423e9f\" data-element_type=\"widget\" data-e-type=\"widget\" data-widget_type=\"heading.default\">\n\t\t\t\t<div class=\"elementor-widget-container\">\n\t\t\t\t\t<h2 class=\"elementor-heading-title elementor-size-large\">Educar les Emocions en l\u2019Acompanyament a la Inf\u00e0ncia i la Joventut<\/h2>\t\t\t\t<\/div>\n\t\t\t\t<\/div>\n\t\t\t\t<div class=\"elementor-element elementor-element-3e1d01d elementor-widget elementor-widget-heading\" data-id=\"3e1d01d\" data-element_type=\"widget\" data-e-type=\"widget\" data-widget_type=\"heading.default\">\n\t\t\t\t<div class=\"elementor-widget-container\">\n\t\t\t\t\t<p class=\"elementor-heading-title elementor-size-large\">6 de Juny<\/p>\t\t\t\t<\/div>\n\t\t\t\t<\/div>\n\t\t\t\t\t<\/div>\n\t\t<\/div>\n\t\t\t\t\t<\/div>\n\t\t<\/section>\n\t\t\t\t<section class=\"elementor-section elementor-top-section elementor-element elementor-element-5367a393 elementor-section-content-middle elementor-section-boxed elementor-section-height-default elementor-section-height-default\" data-id=\"5367a393\" data-element_type=\"section\" data-e-type=\"section\">\n\t\t\t\t\t\t<div class=\"elementor-container elementor-column-gap-default\">\n\t\t\t\t\t<div class=\"elementor-column elementor-col-50 elementor-top-column elementor-element elementor-element-287b65f7\" data-id=\"287b65f7\" data-element_type=\"column\" data-e-type=\"column\">\n\t\t\t<div class=\"elementor-widget-wrap elementor-element-populated\">\n\t\t\t\t\t\t<div class=\"elementor-element elementor-element-d74e80e elementor-widget elementor-widget-text-editor\" data-id=\"d74e80e\" data-element_type=\"widget\" data-e-type=\"widget\" data-widget_type=\"text-editor.default\">\n\t\t\t\t<div class=\"elementor-widget-container\">\n\t\t\t\t\t\t\t\t\t<div class=\"wpb_column vc_column_container vc_col-sm-8\"><div class=\"vc_column-inner \"><div class=\"wpb_wrapper\"><div class=\"wpb_text_column wpb_content_element \"><div class=\"wpb_wrapper\"><p><span style=\"font-weight: 400;\">Les Jornades SEER s\u00f3n una trobada anual, oberta a totes les persones, professionals o no, interessades en el m\u00f3n de la salut i l\u2019educaci\u00f3 de la nostra psique, ment m\u00e9s emoci\u00f3, a fi de millorar la nostra interacci\u00f3 amb el m\u00f3n.<\/span><\/p><p><span style=\"font-weight: 400;\">Aquesta 1a edici\u00f3 et convidem a plantejar-te amb nosaltres les idees clau de l\u2019acompanyament socioemocional a la inf\u00e0ncia i la joventut. A q\u00fcestionar-te amb nosaltres&#8230;<\/span><\/p><ul><li style=\"font-weight: 400;\"><span style=\"font-weight: 400;\">Quins s\u00f3n els reptes de l\u2019acompanyament?<\/span><\/li><li style=\"font-weight: 400;\"><span style=\"font-weight: 400;\">Quina difer\u00e8ncia hi ha entre acompanyar i facilitar?<\/span><\/li><li style=\"font-weight: 400;\"><span style=\"font-weight: 400;\">Com acompanyem en les necessitats educatives de suport especial?<\/span><\/li><li style=\"font-weight: 400;\"><span style=\"font-weight: 400;\">Com acompanyem al desenvolupament sexual i afectiu?<\/span><\/li><li style=\"font-weight: 400;\"><span style=\"font-weight: 400;\">Qu\u00e8 vol dir acompanyar el mapeig de les emocions?<\/span><\/li><li style=\"font-weight: 400;\"><span style=\"font-weight: 400;\">Quins recursos tenim per arribar a moure l\u2019interior de l\u2019infant i jove?<\/span><\/li><\/ul><\/div><\/div><\/div><\/div><\/div>\t\t\t\t\t\t\t\t<\/div>\n\t\t\t\t<\/div>\n\t\t\t\t\t<\/div>\n\t\t<\/div>\n\t\t\t\t<div class=\"elementor-column elementor-col-50 elementor-top-column elementor-element elementor-element-6f661ef\" data-id=\"6f661ef\" data-element_type=\"column\" data-e-type=\"column\">\n\t\t\t<div class=\"elementor-widget-wrap elementor-element-populated\">\n\t\t\t\t\t\t<div class=\"elementor-element elementor-element-b6afd7f elementor-widget elementor-widget-image\" data-id=\"b6afd7f\" data-element_type=\"widget\" data-e-type=\"widget\" data-widget_type=\"image.default\">\n\t\t\t\t<div class=\"elementor-widget-container\">\n\t\t\t\t\t\t\t\t\t\t\t\t\t\t\t<img decoding=\"async\" src=\"https:\/\/salutieducacioemocional.com\/wp-content\/uploads\/elementor\/thumbs\/jornada-seer-educar-emocions-infancia-joventut-p289m4yuthopk5speapnbhwjolheqrkaz65854lang.jpg\" title=\"jornada-seer-educar-emocions-infancia-joventut\" alt=\"jornada de SEER educar emocions infancia joventut\" loading=\"lazy\" \/>\t\t\t\t\t\t\t\t\t\t\t\t\t\t\t<\/div>\n\t\t\t\t<\/div>\n\t\t\t\t\t<\/div>\n\t\t<\/div>\n\t\t\t\t\t<\/div>\n\t\t<\/section>\n\t\t\t\t<section class=\"elementor-section elementor-top-section elementor-element elementor-element-690c5b54 elementor-section-boxed elementor-section-height-default elementor-section-height-default\" data-id=\"690c5b54\" data-element_type=\"section\" data-e-type=\"section\">\n\t\t\t\t\t\t<div class=\"elementor-container elementor-column-gap-default\">\n\t\t\t\t\t<div class=\"elementor-column elementor-col-100 elementor-top-column elementor-element elementor-element-4f95b1d1\" data-id=\"4f95b1d1\" data-element_type=\"column\" data-e-type=\"column\">\n\t\t\t<div class=\"elementor-widget-wrap elementor-element-populated\">\n\t\t\t\t\t\t<section class=\"elementor-section elementor-inner-section elementor-element elementor-element-c06738d elementor-section-boxed elementor-section-height-default elementor-section-height-default\" data-id=\"c06738d\" data-element_type=\"section\" data-e-type=\"section\">\n\t\t\t\t\t\t<div class=\"elementor-container elementor-column-gap-default\">\n\t\t\t\t\t<div class=\"elementor-column elementor-col-50 elementor-inner-column elementor-element elementor-element-45de4e8c\" data-id=\"45de4e8c\" data-element_type=\"column\" data-e-type=\"column\">\n\t\t\t<div class=\"elementor-widget-wrap elementor-element-populated\">\n\t\t\t\t\t\t<div class=\"elementor-element elementor-element-4045172c elementor-widget elementor-widget-heading\" data-id=\"4045172c\" data-element_type=\"widget\" data-e-type=\"widget\" data-widget_type=\"heading.default\">\n\t\t\t\t<div class=\"elementor-widget-container\">\n\t\t\t\t\t<p class=\"elementor-heading-title elementor-size-medium\">PROGRAMA<\/p>\t\t\t\t<\/div>\n\t\t\t\t<\/div>\n\t\t\t\t<div class=\"elementor-element elementor-element-2a77b45d elementor-widget-divider--view-line elementor-widget elementor-widget-divider\" data-id=\"2a77b45d\" data-element_type=\"widget\" data-e-type=\"widget\" data-widget_type=\"divider.default\">\n\t\t\t\t<div class=\"elementor-widget-container\">\n\t\t\t\t\t\t\t<div class=\"elementor-divider\">\n\t\t\t<span class=\"elementor-divider-separator\">\n\t\t\t\t\t\t<\/span>\n\t\t<\/div>\n\t\t\t\t\t\t<\/div>\n\t\t\t\t<\/div>\n\t\t\t\t<div class=\"elementor-element elementor-element-76032f17 elementor-widget elementor-widget-text-editor\" data-id=\"76032f17\" data-element_type=\"widget\" data-e-type=\"widget\" data-widget_type=\"text-editor.default\">\n\t\t\t\t<div class=\"elementor-widget-container\">\n\t\t\t\t\t\t\t\t\t<div class=\"panel-body text-center\"><p><span style=\"font-weight: 400;\">8.30-9h: <strong>Acreditacions i benvinguda<\/strong>.<\/span><\/p><p><span style=\"font-weight: 400;\">9-9.45h: <strong>Taula rodona<\/strong>:\u00a0<\/span><\/p><p style=\"padding-left: 40px;\"><span style=\"font-weight: 400;\">&lt;&lt; Reptes en l\u2019acompanyament socioemocional a infants i joves &gt;&gt;<\/span><\/p><p><span style=\"font-weight: 400;\">9.45-11.15: <\/span><b>Tallers vivencials<\/b><span style=\"font-weight: 400;\">:<\/span><\/p><ul><li style=\"list-style-type: none;\"><ul><li><span style=\"font-weight: 400;\">Taller 1.1: La facilitaci\u00f3 i la mirada del sistema de grup en la reparaci\u00f3 emocional del conflicte.<\/span><\/li><li><span style=\"font-weight: 400;\">Taller 1.2: La comunicaci\u00f3 emocional augmentativa i les NESE (Necessitats Educatives de Suport Especial) [en castell\u00e0].<\/span><\/li><li><span style=\"font-weight: 400;\">Taller 1.3: Els contes narratiu-actius en l\u2019acompanyament a la primera inf\u00e0ncia.<\/span><\/li><\/ul><\/li><\/ul><p><span style=\"font-weight: 400;\">11.15-11.45h: <\/span><b>Esmorzar networking<\/b><span style=\"font-weight: 400;\">.<\/span><\/p><p><span style=\"font-weight: 400;\">11.45-12.15h: <\/span><b>Rac\u00f3 de bones pr\u00e0ctiques<\/b><span style=\"font-weight: 400;\">.<\/span><\/p><p><span style=\"font-weight: 400;\">12.15-13.45h: <\/span><b>Tallers vivencials<\/b><span style=\"font-weight: 400;\">:<\/span><\/p><ul><li style=\"list-style-type: none;\"><ul><li><span style=\"font-weight: 400;\">Taller 2.1: La facilitaci\u00f3 i la mirada del sistema de grup en la reparaci\u00f3 emocional del conflicte.<\/span><\/li><li><span style=\"font-weight: 400;\">Taller 2.2: La fam\u00edlia emocional de l\u2019amor en l\u2019acompanyament a la sexoafectivitat [en castell\u00e0].<\/span><\/li><li><span style=\"font-weight: 400;\">Taller 2.3: Els contes narratiu-actius en l\u2019acompanyament a la primera inf\u00e0ncia.<\/span><\/li><\/ul><\/li><\/ul><p><span style=\"font-weight: 400;\">13.45-14.45h: <\/span><b>Confer\u00e8ncia<\/b><span style=\"font-weight: 400;\">:<\/span><\/p><p style=\"padding-left: 40px;\"><span style=\"font-weight: 400;\">&lt;&lt; El Mapa Emocional com a eina per a l\u2019acompanyament &gt;&gt;<\/span><\/p><p><span style=\"font-weight: 400;\">14.45-15h: <\/span><b>Premi a les bones pr\u00e0ctiques<\/b><span style=\"font-weight: 400;\">.<\/span><\/p><p><span style=\"font-weight: 400;\">15h: <\/span><b>Tancament de la Jornada<\/b><span style=\"font-weight: 400;\">.<\/span><\/p><p><i><span style=\"font-weight: 400;\">*El programa de tallers pot variar segons el volum de participaci\u00f3.<\/span><\/i><\/p><\/div>\t\t\t\t\t\t\t\t<\/div>\n\t\t\t\t<\/div>\n\t\t\t\t\t<\/div>\n\t\t<\/div>\n\t\t\t\t<div class=\"elementor-column elementor-col-50 elementor-inner-column elementor-element elementor-element-5853006\" data-id=\"5853006\" data-element_type=\"column\" data-e-type=\"column\">\n\t\t\t<div class=\"elementor-widget-wrap elementor-element-populated\">\n\t\t\t\t\t\t<div class=\"elementor-element elementor-element-22b5634 elementor-widget elementor-widget-heading\" data-id=\"22b5634\" data-element_type=\"widget\" data-e-type=\"widget\" data-widget_type=\"heading.default\">\n\t\t\t\t<div class=\"elementor-widget-container\">\n\t\t\t\t\t<p class=\"elementor-heading-title elementor-size-medium\">INSCRIPCI\u00d3<\/p>\t\t\t\t<\/div>\n\t\t\t\t<\/div>\n\t\t\t\t<div class=\"elementor-element elementor-element-0f5baee elementor-widget-divider--view-line elementor-widget elementor-widget-divider\" data-id=\"0f5baee\" data-element_type=\"widget\" data-e-type=\"widget\" data-widget_type=\"divider.default\">\n\t\t\t\t<div class=\"elementor-widget-container\">\n\t\t\t\t\t\t\t<div class=\"elementor-divider\">\n\t\t\t<span class=\"elementor-divider-separator\">\n\t\t\t\t\t\t<\/span>\n\t\t<\/div>\n\t\t\t\t\t\t<\/div>\n\t\t\t\t<\/div>\n\t\t\t\t<div class=\"elementor-element elementor-element-2a37812 elementor-align-center elementor-widget elementor-widget-button\" data-id=\"2a37812\" data-element_type=\"widget\" data-e-type=\"widget\" data-widget_type=\"button.default\">\n\t\t\t\t<div class=\"elementor-widget-container\">\n\t\t\t\t\t\t\t\t\t<div class=\"elementor-button-wrapper\">\n\t\t\t\t\t<a class=\"elementor-button elementor-button-link elementor-size-md\" href=\"https:\/\/forms.gle\/Zj68i183eVnSoj5Y6\" target=\"_blank\" rel=\"nofollow\">\n\t\t\t\t\t\t<span class=\"elementor-button-content-wrapper\">\n\t\t\t\t\t\t\t\t\t<span class=\"elementor-button-text\">INSCRIURE'M!<\/span>\n\t\t\t\t\t<\/span>\n\t\t\t\t\t<\/a>\n\t\t\t\t<\/div>\n\t\t\t\t\t\t\t\t<\/div>\n\t\t\t\t<\/div>\n\t\t\t\t<div class=\"elementor-element elementor-element-b4dca13 elementor-widget elementor-widget-text-editor\" data-id=\"b4dca13\" data-element_type=\"widget\" data-e-type=\"widget\" data-widget_type=\"text-editor.default\">\n\t\t\t\t<div class=\"elementor-widget-container\">\n\t\t\t\t\t\t\t\t\t<div class=\"panel-body text-center\"><p><span style=\"font-weight: 400;\">*Av\u00eds: Els tallers s\u00f3n simultanis, en fer la inscripci\u00f3 cal ordenar per ordre de prefer\u00e8ncia (places limitades).<\/span><\/p><p><span style=\"font-weight: 400;\">Dirigit a:<\/span><\/p><ul><li style=\"list-style-type: none;\"><ul><li style=\"font-weight: 400;\"><span style=\"font-weight: 400;\">Educadors i educadores<\/span><\/li><li style=\"font-weight: 400;\"><span style=\"font-weight: 400;\">Mestres<\/span><\/li><li style=\"font-weight: 400;\"><span style=\"font-weight: 400;\">Dinamitzadors i dinamitzadores de lleure<\/span><\/li><li style=\"font-weight: 400;\"><span style=\"font-weight: 400;\">Fam\u00edlies<\/span><\/li><li style=\"font-weight: 400;\"><span style=\"font-weight: 400;\">Vetlladors i vetlladores<\/span><\/li><li style=\"font-weight: 400;\"><span style=\"font-weight: 400;\">Mediadors i mediadores<\/span><\/li><li style=\"font-weight: 400;\"><span style=\"font-weight: 400;\">Psic\u00f2legs i psic\u00f2logues\u00a0<\/span><\/li><li style=\"font-weight: 400;\"><span style=\"font-weight: 400;\">Psicopedagogs i psicopedagogues\u00a0<\/span><\/li><li style=\"font-weight: 400;\"><span style=\"font-weight: 400;\">Terapeutes ocupacionals<\/span><\/li><li style=\"font-weight: 400;\"><span style=\"font-weight: 400;\">Infermers i infermeres\u00a0<\/span><\/li><li style=\"font-weight: 400;\"><span style=\"font-weight: 400;\">Estudiants<\/span><\/li><li style=\"font-weight: 400;\"><span style=\"font-weight: 400;\">Altres persones de l\u2019entorn de l\u2019acompanyament pedag\u00f2gic i terap\u00e8utic<\/span><\/li><\/ul><\/li><\/ul><p><b>Inscripci\u00f3 general<\/b><span style=\"font-weight: 400;\">: 90\u20ac<\/span><\/p><p><b>Inscripci\u00f3 redu\u00efda: <\/b><span style=\"font-weight: 400;\">75\u20ac<\/span><\/p><ul><li style=\"list-style-type: none;\"><ul><li style=\"font-weight: 400;\"><span style=\"font-weight: 400;\">CEESC<\/span><\/li><li style=\"font-weight: 400;\"><span style=\"font-weight: 400;\">Socis ACELLEC<\/span><\/li><li style=\"font-weight: 400;\"><span style=\"font-weight: 400;\">Grups de 4 o m\u00e9s persones<\/span><\/li><li style=\"font-weight: 400;\"><span style=\"font-weight: 400;\">Professionals de centres, serveis i equipaments on SEER treballa o ha treballat.<\/span><\/li><\/ul><\/li><\/ul><p><b>Inscripci\u00f3 especial: <\/b><span style=\"font-weight: 400;\">45\u20ac<\/span><\/p><ul><li style=\"list-style-type: none;\"><ul><li style=\"font-weight: 400;\"><span style=\"font-weight: 400;\">Estudiants universitaris o de m\u00e0ster\/postgrau.<\/span><\/li><li style=\"font-weight: 400;\"><span style=\"font-weight: 400;\">Alumni SEER.<\/span><\/li><\/ul><\/li><\/ul><p><strong>Reconeixement pel Departament d&#8217;Educaci\u00f3:<\/strong><\/p><ul><li style=\"list-style-type: none;\"><ul style=\"list-style-type: circle;\"><li>Si vols el reconeixement haur\u00e0s de participar de la jornada (6h) i cursar 4h m\u00e9s en format no presencial entre el 7 i el 14 de juny. Rebr\u00e0s m\u00e9s informaci\u00f3 si marques l&#8217;inter\u00e8s per l&#8217;acreditaci\u00f3.<\/li><\/ul><\/li><\/ul><p><b>Escola d\u2019Estiu<\/b><\/p><ul><li style=\"list-style-type: none;\"><ul><li style=\"font-weight: 400;\"><span style=\"font-weight: 400;\">El preu de la Jornada es descomptar\u00e0 de la inscripci\u00f3 a les formacions de l\u2019escola d\u2019estiu de SEER.<\/span><\/li><\/ul><\/li><\/ul><\/div>\t\t\t\t\t\t\t\t<\/div>\n\t\t\t\t<\/div>\n\t\t\t\t\t<\/div>\n\t\t<\/div>\n\t\t\t\t\t<\/div>\n\t\t<\/section>\n\t\t\t\t<section class=\"elementor-section elementor-inner-section elementor-element elementor-element-8368da8 elementor-section-boxed elementor-section-height-default elementor-section-height-default\" data-id=\"8368da8\" data-element_type=\"section\" data-e-type=\"section\">\n\t\t\t\t\t\t<div class=\"elementor-container elementor-column-gap-default\">\n\t\t\t\t\t<div class=\"elementor-column elementor-col-50 elementor-inner-column elementor-element elementor-element-27872ee\" data-id=\"27872ee\" data-element_type=\"column\" data-e-type=\"column\">\n\t\t\t<div class=\"elementor-widget-wrap elementor-element-populated\">\n\t\t\t\t\t\t\t<\/div>\n\t\t<\/div>\n\t\t\t\t<div class=\"elementor-column elementor-col-50 elementor-inner-column elementor-element elementor-element-49bce7d\" data-id=\"49bce7d\" data-element_type=\"column\" data-e-type=\"column\">\n\t\t\t<div class=\"elementor-widget-wrap elementor-element-populated\">\n\t\t\t\t\t\t<div class=\"elementor-element elementor-element-e99e2e9 elementor-align-center elementor-widget elementor-widget-button\" data-id=\"e99e2e9\" data-element_type=\"widget\" data-e-type=\"widget\" data-widget_type=\"button.default\">\n\t\t\t\t<div class=\"elementor-widget-container\">\n\t\t\t\t\t\t\t\t\t<div class=\"elementor-button-wrapper\">\n\t\t\t\t\t<a class=\"elementor-button elementor-button-link elementor-size-xl\" href=\"https:\/\/forms.gle\/Zj68i183eVnSoj5Y6\" target=\"_blank\" rel=\"nofollow\">\n\t\t\t\t\t\t<span class=\"elementor-button-content-wrapper\">\n\t\t\t\t\t\t\t\t\t<span class=\"elementor-button-text\">INSCRIURE'M a la JORNADA!<\/span>\n\t\t\t\t\t<\/span>\n\t\t\t\t\t<\/a>\n\t\t\t\t<\/div>\n\t\t\t\t\t\t\t\t<\/div>\n\t\t\t\t<\/div>\n\t\t\t\t\t<\/div>\n\t\t<\/div>\n\t\t\t\t\t<\/div>\n\t\t<\/section>\n\t\t\t\t\t<\/div>\n\t\t<\/div>\n\t\t\t\t\t<\/div>\n\t\t<\/section>\n\t\t\t\t<section class=\"elementor-section elementor-top-section elementor-element elementor-element-4d538ed elementor-section-boxed elementor-section-height-default elementor-section-height-default\" data-id=\"4d538ed\" data-element_type=\"section\" data-e-type=\"section\" data-settings=\"{&quot;background_background&quot;:&quot;gradient&quot;}\">\n\t\t\t\t\t\t\t<div class=\"elementor-background-overlay\"><\/div>\n\t\t\t\t\t\t\t<div class=\"elementor-container elementor-column-gap-default\">\n\t\t\t\t\t<div class=\"elementor-column elementor-col-100 elementor-top-column elementor-element elementor-element-92ddefe\" data-id=\"92ddefe\" data-element_type=\"column\" data-e-type=\"column\">\n\t\t\t<div class=\"elementor-widget-wrap elementor-element-populated\">\n\t\t\t\t\t\t<div class=\"elementor-element elementor-element-4b4b7b9 elementor-widget elementor-widget-heading\" data-id=\"4b4b7b9\" data-element_type=\"widget\" data-e-type=\"widget\" data-widget_type=\"heading.default\">\n\t\t\t\t<div class=\"elementor-widget-container\">\n\t\t\t\t\t<h3 class=\"elementor-heading-title elementor-size-large\"><b>Presentaci\u00f3 de Bones Pr\u00e0ctiques\n<\/b><\/h3>\t\t\t\t<\/div>\n\t\t\t\t<\/div>\n\t\t\t\t\t<\/div>\n\t\t<\/div>\n\t\t\t\t\t<\/div>\n\t\t<\/section>\n\t\t\t\t<section class=\"elementor-section elementor-top-section elementor-element elementor-element-6557e01 elementor-section-boxed elementor-section-height-default elementor-section-height-default\" data-id=\"6557e01\" data-element_type=\"section\" data-e-type=\"section\">\n\t\t\t\t\t\t<div class=\"elementor-container elementor-column-gap-default\">\n\t\t\t\t\t<div class=\"elementor-column elementor-col-100 elementor-top-column elementor-element elementor-element-e517d44\" data-id=\"e517d44\" data-element_type=\"column\" data-e-type=\"column\">\n\t\t\t<div class=\"elementor-widget-wrap elementor-element-populated\">\n\t\t\t\t\t\t<div class=\"elementor-element elementor-element-4585998 elementor-widget elementor-widget-text-editor\" data-id=\"4585998\" data-element_type=\"widget\" data-e-type=\"widget\" data-widget_type=\"text-editor.default\">\n\t\t\t\t<div class=\"elementor-widget-container\">\n\t\t\t\t\t\t\t\t\t<p><span style=\"font-weight: 400;\">Durant la jornada hi ha destinat un espai de presentaci\u00f3 de bones pr\u00e0ctiques en acompanyament. Pots presentar la teva proposta, un jurat compost per les direccions de quatre centres educatius seleccionaran les millors pr\u00e0ctiques, les quals rebran un reconeixement a la seva bona tasca i proposta psicopedag\u00f2gica o socioeducativa.<\/span><\/p><p><b>Categories per a la participaci\u00f3:<\/b><\/p><ul><li style=\"list-style-type: none;\"><ul><li style=\"font-weight: 400;\"><span style=\"font-weight: 400;\">Educaci\u00f3 socioemocional aplicada a l\u2019acompanyament de l\u2019afectivitat i la sexualitat.<\/span><\/li><li style=\"font-weight: 400;\"><span style=\"font-weight: 400;\">Educaci\u00f3 socioemocional aplicada a l\u2019acompanyament de la discapacitat.<\/span><\/li><li style=\"font-weight: 400;\"><span style=\"font-weight: 400;\">Educaci\u00f3 socioemocional aplicada a la resoluci\u00f3 del conflicte.<\/span><\/li><li style=\"font-weight: 400;\"><span style=\"font-weight: 400;\">Educaci\u00f3 socioemocional aplicada a l\u2019acompanyament des de la mirada sist\u00e8mica.<\/span><\/li><li style=\"font-weight: 400;\"><span style=\"font-weight: 400;\">Educaci\u00f3 socioemocional aplicada a l\u2019acompanyament del desenvolupament de la personalitat.<\/span><\/li><\/ul><\/li><\/ul><p><b>Data l\u00edmit per a la presentaci\u00f3:<\/b><\/p><ul><li style=\"list-style-type: none;\"><ul><li style=\"font-weight: 400;\"><span style=\"font-weight: 400;\">Dimecres 27 de maig.<\/span><\/li><\/ul><\/li><\/ul><p><b>Durant la Jornada:<\/b><\/p><ul><li style=\"list-style-type: none;\"><ul><li style=\"font-weight: 400;\"><span style=\"font-weight: 400;\">La bona pr\u00e0ctica acceptada haur\u00e0 de presentar un p\u00f2ster on es resumiran les idees clau.<\/span><\/li><li style=\"font-weight: 400;\"><span style=\"font-weight: 400;\">Grand\u00e0ria: 80 cm (horitzontal) \u00d7 120 cm (vertical).<\/span><\/li><li style=\"font-weight: 400;\"><span style=\"font-weight: 400;\">Les persones que presentin la bona pr\u00e0ctica s\u2019encarregaran de portar el p\u00f2ster i lliurar-ho a l\u2019organitzaci\u00f3 durant les acreditacions. En acabar les jornades s\u2019hauran de recollir els p\u00f2sters.<\/span><\/li><li style=\"font-weight: 400;\"><span style=\"font-weight: 400;\">Els p\u00f2sters acceptats es recolliran posteriorment al nostre web salutieducacioemocional.com.<\/span><\/li><\/ul><\/li><\/ul><ul><li style=\"list-style-type: none;\"><ul><li style=\"font-weight: 400;\"><span style=\"font-weight: 400;\">Cada participant podr\u00e0 presentar un m\u00e0xim de dues bones pr\u00e0ctiques com a primer autor.<\/span><\/li><\/ul><\/li><\/ul><p>\u00a0<\/p><p><b>Premi<\/b><span style=\"font-weight: 400;\">:<\/span><\/p><ul><li style=\"list-style-type: none;\"><ul><li style=\"font-weight: 400;\"><span style=\"font-weight: 400;\">El premi s\u2019atorgar\u00e0 a les dues millors pr\u00e0ctiques presentades.<\/span><\/li><li style=\"font-weight: 400;\"><span style=\"font-weight: 400;\">Ho valorar\u00e0 el jurat de les direccions dels 4 centres i les votacions dels assistents.<\/span><\/li><li style=\"font-weight: 400;\"><span style=\"font-weight: 400;\">M\u00e9s endavant us informarem del contingut del reconeixement.<\/span><\/li><\/ul><\/li><\/ul>\t\t\t\t\t\t\t\t<\/div>\n\t\t\t\t<\/div>\n\t\t\t\t<div class=\"elementor-element elementor-element-73796df elementor-align-center elementor-widget elementor-widget-button\" data-id=\"73796df\" data-element_type=\"widget\" data-e-type=\"widget\" data-widget_type=\"button.default\">\n\t\t\t\t<div class=\"elementor-widget-container\">\n\t\t\t\t\t\t\t\t\t<div class=\"elementor-button-wrapper\">\n\t\t\t\t\t<a class=\"elementor-button elementor-button-link elementor-size-md\" href=\"https:\/\/forms.gle\/GTKGkFvMi2MiKukM7\" target=\"_blank\" rel=\"nofollow\">\n\t\t\t\t\t\t<span class=\"elementor-button-content-wrapper\">\n\t\t\t\t\t\t\t\t\t<span class=\"elementor-button-text\">PRESENTACI\u00d3 DE BONES PR\u00c0CTIQUES - AQU\u00cd<\/span>\n\t\t\t\t\t<\/span>\n\t\t\t\t\t<\/a>\n\t\t\t\t<\/div>\n\t\t\t\t\t\t\t\t<\/div>\n\t\t\t\t<\/div>\n\t\t\t\t<section class=\"elementor-section elementor-inner-section elementor-element elementor-element-d281fcb elementor-section-boxed elementor-section-height-default elementor-section-height-default\" data-id=\"d281fcb\" data-element_type=\"section\" data-e-type=\"section\">\n\t\t\t\t\t\t<div class=\"elementor-container elementor-column-gap-default\">\n\t\t\t\t\t<div class=\"elementor-column elementor-col-50 elementor-inner-column elementor-element elementor-element-4a92bd9\" data-id=\"4a92bd9\" data-element_type=\"column\" data-e-type=\"column\">\n\t\t\t<div class=\"elementor-widget-wrap elementor-element-populated\">\n\t\t\t\t\t\t<div class=\"elementor-element elementor-element-e4b5b3b elementor-widget elementor-widget-image\" data-id=\"e4b5b3b\" data-element_type=\"widget\" data-e-type=\"widget\" data-widget_type=\"image.default\">\n\t\t\t\t<div class=\"elementor-widget-container\">\n\t\t\t\t\t\t\t\t\t\t\t\t\t\t\t<img fetchpriority=\"high\" decoding=\"async\" width=\"650\" height=\"419\" src=\"https:\/\/salutieducacioemocional.com\/wp-content\/uploads\/2020\/02\/jornada-emocions-infancia-joventut.jpg\" class=\"attachment-full size-full wp-image-5439\" alt=\"Jornada emocions infancia joventut SEER\" srcset=\"https:\/\/salutieducacioemocional.com\/wp-content\/uploads\/2020\/02\/jornada-emocions-infancia-joventut.jpg 650w, https:\/\/salutieducacioemocional.com\/wp-content\/uploads\/2020\/02\/jornada-emocions-infancia-joventut-300x193.jpg 300w, https:\/\/salutieducacioemocional.com\/wp-content\/uploads\/2020\/02\/jornada-emocions-infancia-joventut-600x387.jpg 600w\" sizes=\"(max-width: 650px) 100vw, 650px\" \/>\t\t\t\t\t\t\t\t\t\t\t\t\t\t\t<\/div>\n\t\t\t\t<\/div>\n\t\t\t\t\t<\/div>\n\t\t<\/div>\n\t\t\t\t<div class=\"elementor-column elementor-col-50 elementor-inner-column elementor-element elementor-element-732d93d\" data-id=\"732d93d\" data-element_type=\"column\" data-e-type=\"column\">\n\t\t\t<div class=\"elementor-widget-wrap elementor-element-populated\">\n\t\t\t\t\t\t<div class=\"elementor-element elementor-element-cf96938 elementor-widget elementor-widget-image\" data-id=\"cf96938\" data-element_type=\"widget\" data-e-type=\"widget\" data-widget_type=\"image.default\">\n\t\t\t\t<div class=\"elementor-widget-container\">\n\t\t\t\t\t\t\t\t\t\t\t\t\t\t\t<img decoding=\"async\" width=\"650\" height=\"420\" src=\"https:\/\/salutieducacioemocional.com\/wp-content\/uploads\/2020\/02\/jornada-seer-emocio-rao.jpg\" class=\"attachment-full size-full wp-image-5441\" alt=\"Jornada SEER emoci\u00f3 i la ra\u00f3\" srcset=\"https:\/\/salutieducacioemocional.com\/wp-content\/uploads\/2020\/02\/jornada-seer-emocio-rao.jpg 650w, https:\/\/salutieducacioemocional.com\/wp-content\/uploads\/2020\/02\/jornada-seer-emocio-rao-300x194.jpg 300w, https:\/\/salutieducacioemocional.com\/wp-content\/uploads\/2020\/02\/jornada-seer-emocio-rao-600x388.jpg 600w\" sizes=\"(max-width: 650px) 100vw, 650px\" \/>\t\t\t\t\t\t\t\t\t\t\t\t\t\t\t<\/div>\n\t\t\t\t<\/div>\n\t\t\t\t\t<\/div>\n\t\t<\/div>\n\t\t\t\t\t<\/div>\n\t\t<\/section>\n\t\t\t\t\t<\/div>\n\t\t<\/div>\n\t\t\t\t\t<\/div>\n\t\t<\/section>\n\t\t\t\t<section class=\"elementor-section elementor-top-section elementor-element elementor-element-a5cc667 elementor-section-boxed elementor-section-height-default elementor-section-height-default\" data-id=\"a5cc667\" data-element_type=\"section\" data-e-type=\"section\" data-settings=\"{&quot;background_background&quot;:&quot;gradient&quot;}\">\n\t\t\t\t\t\t\t<div class=\"elementor-background-overlay\"><\/div>\n\t\t\t\t\t\t\t<div class=\"elementor-container elementor-column-gap-default\">\n\t\t\t\t\t<div class=\"elementor-column elementor-col-100 elementor-top-column elementor-element elementor-element-53997da\" data-id=\"53997da\" data-element_type=\"column\" data-e-type=\"column\">\n\t\t\t<div class=\"elementor-widget-wrap elementor-element-populated\">\n\t\t\t\t\t\t<div class=\"elementor-element elementor-element-480a177 elementor-widget elementor-widget-heading\" data-id=\"480a177\" data-element_type=\"widget\" data-e-type=\"widget\" data-widget_type=\"heading.default\">\n\t\t\t\t<div class=\"elementor-widget-container\">\n\t\t\t\t\t<h3 class=\"elementor-heading-title elementor-size-large\"><b>Informaci\u00f3 de Tallers<\/b><\/h3>\t\t\t\t<\/div>\n\t\t\t\t<\/div>\n\t\t\t\t\t<\/div>\n\t\t<\/div>\n\t\t\t\t\t<\/div>\n\t\t<\/section>\n\t\t\t\t<section class=\"elementor-section elementor-top-section elementor-element elementor-element-4eab7f5 elementor-section-boxed elementor-section-height-default elementor-section-height-default\" data-id=\"4eab7f5\" data-element_type=\"section\" data-e-type=\"section\">\n\t\t\t\t\t\t<div class=\"elementor-container elementor-column-gap-default\">\n\t\t\t\t\t<div class=\"elementor-column elementor-col-100 elementor-top-column elementor-element elementor-element-af67496\" data-id=\"af67496\" data-element_type=\"column\" data-e-type=\"column\">\n\t\t\t<div class=\"elementor-widget-wrap elementor-element-populated\">\n\t\t\t\t\t\t<div class=\"elementor-element elementor-element-d4f5a66 elementor-widget elementor-widget-text-editor\" data-id=\"d4f5a66\" data-element_type=\"widget\" data-e-type=\"widget\" data-widget_type=\"text-editor.default\">\n\t\t\t\t<div class=\"elementor-widget-container\">\n\t\t\t\t\t\t\t\t\t<p><span style=\"font-weight: 400;\">La proposta de tallers vivencials \u00e9s un espai on poder compartir plegats i plegades un recurs, eines i una tem\u00e0tica d\u2019aplicaci\u00f3 pr\u00e0ctica de l\u2019educaci\u00f3 emocional en el dia a dia de l\u2019acompanyament a infants i joves.\u00a0<\/span><\/p><p><span style=\"font-weight: 400;\">Hi haur\u00e0 dos torns de tallers, a la inscripci\u00f3 selecciona l\u2019ordre de prefer\u00e8ncia per al primer torn i pel segon. Tindr\u00e0s propostes en catal\u00e0 i castell\u00e0.<\/span><\/p>\t\t\t\t\t\t\t\t<\/div>\n\t\t\t\t<\/div>\n\t\t\t\t<section class=\"elementor-section elementor-inner-section elementor-element elementor-element-94975bd elementor-section-boxed elementor-section-height-default elementor-section-height-default\" data-id=\"94975bd\" data-element_type=\"section\" data-e-type=\"section\">\n\t\t\t\t\t\t<div class=\"elementor-container elementor-column-gap-default\">\n\t\t\t\t\t<div class=\"elementor-column elementor-col-25 elementor-inner-column elementor-element elementor-element-3c6d5be\" data-id=\"3c6d5be\" data-element_type=\"column\" data-e-type=\"column\">\n\t\t\t<div class=\"elementor-widget-wrap elementor-element-populated\">\n\t\t\t\t\t\t<div class=\"elementor-element elementor-element-b6919af elementor-position-top elementor-widget elementor-widget-image-box\" data-id=\"b6919af\" data-element_type=\"widget\" data-e-type=\"widget\" data-widget_type=\"image-box.default\">\n\t\t\t\t<div class=\"elementor-widget-container\">\n\t\t\t\t\t<div class=\"elementor-image-box-wrapper\"><figure class=\"elementor-image-box-img\"><img decoding=\"async\" width=\"600\" height=\"599\" src=\"https:\/\/salutieducacioemocional.com\/wp-content\/uploads\/2020\/02\/taller-sistema-grup-reparacio-conflicte.jpg\" class=\"attachment-full size-full wp-image-5422\" alt=\"\" srcset=\"https:\/\/salutieducacioemocional.com\/wp-content\/uploads\/2020\/02\/taller-sistema-grup-reparacio-conflicte.jpg 600w, https:\/\/salutieducacioemocional.com\/wp-content\/uploads\/2020\/02\/taller-sistema-grup-reparacio-conflicte-150x150.jpg 150w, https:\/\/salutieducacioemocional.com\/wp-content\/uploads\/2020\/02\/taller-sistema-grup-reparacio-conflicte-300x300.jpg 300w, https:\/\/salutieducacioemocional.com\/wp-content\/uploads\/2020\/02\/taller-sistema-grup-reparacio-conflicte-100x100.jpg 100w\" sizes=\"(max-width: 600px) 100vw, 600px\" \/><\/figure><div class=\"elementor-image-box-content\"><p class=\"elementor-image-box-title\">La facilitaci\u00f3 i la mirada del sistema de grup en la reparaci\u00f3 emocional del conflicte:<\/p><\/div><\/div>\t\t\t\t<\/div>\n\t\t\t\t<\/div>\n\t\t\t\t<div class=\"elementor-element elementor-element-873b68c elementor-widget elementor-widget-text-editor\" data-id=\"873b68c\" data-element_type=\"widget\" data-e-type=\"widget\" data-widget_type=\"text-editor.default\">\n\t\t\t\t<div class=\"elementor-widget-container\">\n\t\t\t\t\t\t\t\t\t<p style=\"text-align: center;\">Facilitador: Carles Porrini<\/p>\t\t\t\t\t\t\t\t<\/div>\n\t\t\t\t<\/div>\n\t\t\t\t\t<\/div>\n\t\t<\/div>\n\t\t\t\t<div class=\"elementor-column elementor-col-25 elementor-inner-column elementor-element elementor-element-9ee3359\" data-id=\"9ee3359\" data-element_type=\"column\" data-e-type=\"column\">\n\t\t\t<div class=\"elementor-widget-wrap elementor-element-populated\">\n\t\t\t\t\t\t<div class=\"elementor-element elementor-element-5f08f1b elementor-position-top elementor-widget elementor-widget-image-box\" data-id=\"5f08f1b\" data-element_type=\"widget\" data-e-type=\"widget\" data-widget_type=\"image-box.default\">\n\t\t\t\t<div class=\"elementor-widget-container\">\n\t\t\t\t\t<div class=\"elementor-image-box-wrapper\"><figure class=\"elementor-image-box-img\"><img loading=\"lazy\" decoding=\"async\" width=\"650\" height=\"650\" src=\"https:\/\/salutieducacioemocional.com\/wp-content\/uploads\/2020\/02\/comunicacio-emocional-augmentativa-nese.jpg\" class=\"attachment-full size-full wp-image-5426\" alt=\"\" srcset=\"https:\/\/salutieducacioemocional.com\/wp-content\/uploads\/2020\/02\/comunicacio-emocional-augmentativa-nese.jpg 650w, https:\/\/salutieducacioemocional.com\/wp-content\/uploads\/2020\/02\/comunicacio-emocional-augmentativa-nese-150x150.jpg 150w, https:\/\/salutieducacioemocional.com\/wp-content\/uploads\/2020\/02\/comunicacio-emocional-augmentativa-nese-300x300.jpg 300w, https:\/\/salutieducacioemocional.com\/wp-content\/uploads\/2020\/02\/comunicacio-emocional-augmentativa-nese-600x600.jpg 600w, https:\/\/salutieducacioemocional.com\/wp-content\/uploads\/2020\/02\/comunicacio-emocional-augmentativa-nese-100x100.jpg 100w\" sizes=\"(max-width: 650px) 100vw, 650px\" \/><\/figure><div class=\"elementor-image-box-content\"><p class=\"elementor-image-box-title\">La comunicaci\u00f3 emocional augmentativa i les NESE (Necessitats Educatives de Suport Especial): <\/p><\/div><\/div>\t\t\t\t<\/div>\n\t\t\t\t<\/div>\n\t\t\t\t<div class=\"elementor-element elementor-element-9f6b4ef elementor-widget elementor-widget-text-editor\" data-id=\"9f6b4ef\" data-element_type=\"widget\" data-e-type=\"widget\" data-widget_type=\"text-editor.default\">\n\t\t\t\t<div class=\"elementor-widget-container\">\n\t\t\t\t\t\t\t\t\t<p style=\"text-align: center;\">*Taller en castell\u00e0.\nFacilitadora: <a href=\"https:\/\/salutieducacioemocional.com\/equipo\/gabriela-rangel\/\" rel=\"nofollow\">Gabriela Rangel<\/a><\/p>\t\t\t\t\t\t\t\t<\/div>\n\t\t\t\t<\/div>\n\t\t\t\t\t<\/div>\n\t\t<\/div>\n\t\t\t\t<div class=\"elementor-column elementor-col-25 elementor-inner-column elementor-element elementor-element-3c4b9c7\" data-id=\"3c4b9c7\" data-element_type=\"column\" data-e-type=\"column\">\n\t\t\t<div class=\"elementor-widget-wrap elementor-element-populated\">\n\t\t\t\t\t\t<div class=\"elementor-element elementor-element-825a4bc elementor-position-top elementor-widget elementor-widget-image-box\" data-id=\"825a4bc\" data-element_type=\"widget\" data-e-type=\"widget\" data-widget_type=\"image-box.default\">\n\t\t\t\t<div class=\"elementor-widget-container\">\n\t\t\t\t\t<div class=\"elementor-image-box-wrapper\"><figure class=\"elementor-image-box-img\"><img loading=\"lazy\" decoding=\"async\" width=\"650\" height=\"650\" src=\"https:\/\/salutieducacioemocional.com\/wp-content\/uploads\/2020\/02\/familia-emocional-amor-acompanyament-sexoafectivitat.jpg\" class=\"attachment-full size-full wp-image-5428\" alt=\"La fam\u00edlia emocional de l\u2019amor en l\u2019acompanyament a la sexoafectivitat\" srcset=\"https:\/\/salutieducacioemocional.com\/wp-content\/uploads\/2020\/02\/familia-emocional-amor-acompanyament-sexoafectivitat.jpg 650w, https:\/\/salutieducacioemocional.com\/wp-content\/uploads\/2020\/02\/familia-emocional-amor-acompanyament-sexoafectivitat-150x150.jpg 150w, https:\/\/salutieducacioemocional.com\/wp-content\/uploads\/2020\/02\/familia-emocional-amor-acompanyament-sexoafectivitat-300x300.jpg 300w, https:\/\/salutieducacioemocional.com\/wp-content\/uploads\/2020\/02\/familia-emocional-amor-acompanyament-sexoafectivitat-600x600.jpg 600w, https:\/\/salutieducacioemocional.com\/wp-content\/uploads\/2020\/02\/familia-emocional-amor-acompanyament-sexoafectivitat-100x100.jpg 100w\" sizes=\"(max-width: 650px) 100vw, 650px\" \/><\/figure><div class=\"elementor-image-box-content\"><p class=\"elementor-image-box-title\">La fam\u00edlia emocional de l\u2019amor en l\u2019acompanyament a la sexoafectivitat:<\/p><\/div><\/div>\t\t\t\t<\/div>\n\t\t\t\t<\/div>\n\t\t\t\t<div class=\"elementor-element elementor-element-887b37f elementor-widget elementor-widget-text-editor\" data-id=\"887b37f\" data-element_type=\"widget\" data-e-type=\"widget\" data-widget_type=\"text-editor.default\">\n\t\t\t\t<div class=\"elementor-widget-container\">\n\t\t\t\t\t\t\t\t\t<p style=\"text-align: center;\">*Taller en castell\u00e0.\nFacilitador: <a href=\"https:\/\/salutieducacioemocional.com\/equipo\/ramiro-ortegon\/\" rel=\"nofollow\">Ramiro Orteg\u00f3n<\/a><\/p>\t\t\t\t\t\t\t\t<\/div>\n\t\t\t\t<\/div>\n\t\t\t\t\t<\/div>\n\t\t<\/div>\n\t\t\t\t<div class=\"elementor-column elementor-col-25 elementor-inner-column elementor-element elementor-element-7ca850a\" data-id=\"7ca850a\" data-element_type=\"column\" data-e-type=\"column\">\n\t\t\t<div class=\"elementor-widget-wrap elementor-element-populated\">\n\t\t\t\t\t\t<div class=\"elementor-element elementor-element-6615522 elementor-position-top elementor-widget elementor-widget-image-box\" data-id=\"6615522\" data-element_type=\"widget\" data-e-type=\"widget\" data-widget_type=\"image-box.default\">\n\t\t\t\t<div class=\"elementor-widget-container\">\n\t\t\t\t\t<div class=\"elementor-image-box-wrapper\"><figure class=\"elementor-image-box-img\"><img loading=\"lazy\" decoding=\"async\" width=\"600\" height=\"600\" src=\"https:\/\/salutieducacioemocional.com\/wp-content\/uploads\/2020\/02\/contes-narratiu-actius-acompanyament-primera-infancia.jpg\" class=\"attachment-full size-full wp-image-5430\" alt=\"\" srcset=\"https:\/\/salutieducacioemocional.com\/wp-content\/uploads\/2020\/02\/contes-narratiu-actius-acompanyament-primera-infancia.jpg 600w, https:\/\/salutieducacioemocional.com\/wp-content\/uploads\/2020\/02\/contes-narratiu-actius-acompanyament-primera-infancia-150x150.jpg 150w, https:\/\/salutieducacioemocional.com\/wp-content\/uploads\/2020\/02\/contes-narratiu-actius-acompanyament-primera-infancia-300x300.jpg 300w, https:\/\/salutieducacioemocional.com\/wp-content\/uploads\/2020\/02\/contes-narratiu-actius-acompanyament-primera-infancia-100x100.jpg 100w\" sizes=\"(max-width: 600px) 100vw, 600px\" \/><\/figure><div class=\"elementor-image-box-content\"><p class=\"elementor-image-box-title\">Els contes narratiu-actius en l\u2019acompanyament a la primera inf\u00e0ncia:<\/p><\/div><\/div>\t\t\t\t<\/div>\n\t\t\t\t<\/div>\n\t\t\t\t<div class=\"elementor-element elementor-element-bc45f6b elementor-widget elementor-widget-text-editor\" data-id=\"bc45f6b\" data-element_type=\"widget\" data-e-type=\"widget\" data-widget_type=\"text-editor.default\">\n\t\t\t\t<div class=\"elementor-widget-container\">\n\t\t\t\t\t\t\t\t\t<p style=\"text-align: center;\">Facilitadora: pendent confirmaci\u00f3<\/p>\t\t\t\t\t\t\t\t<\/div>\n\t\t\t\t<\/div>\n\t\t\t\t\t<\/div>\n\t\t<\/div>\n\t\t\t\t\t<\/div>\n\t\t<\/section>\n\t\t\t\t<section class=\"elementor-section elementor-top-section elementor-element elementor-element-91a8665 elementor-section-boxed elementor-section-height-default elementor-section-height-default\" data-id=\"91a8665\" data-element_type=\"section\" data-e-type=\"section\">\n\t\t\t\t\t\t<div class=\"elementor-container elementor-column-gap-default\">\n\t\t\t\t\t<div class=\"elementor-column elementor-col-100 elementor-top-column elementor-element elementor-element-fa52fc1\" data-id=\"fa52fc1\" data-element_type=\"column\" data-e-type=\"column\">\n\t\t\t<div class=\"elementor-widget-wrap elementor-element-populated\">\n\t\t\t\t\t\t<div class=\"elementor-element elementor-element-e269fd1 elementor-widget elementor-widget-heading\" data-id=\"e269fd1\" data-element_type=\"widget\" data-e-type=\"widget\" data-widget_type=\"heading.default\">\n\t\t\t\t<div class=\"elementor-widget-container\">\n\t\t\t\t\t<p class=\"elementor-heading-title elementor-size-large\">Amb el suport de:<\/p>\t\t\t\t<\/div>\n\t\t\t\t<\/div>\n\t\t\t\t<div class=\"elementor-element elementor-element-02bca03 elementor-widget-divider--view-line elementor-widget elementor-widget-divider\" data-id=\"02bca03\" data-element_type=\"widget\" data-e-type=\"widget\" data-widget_type=\"divider.default\">\n\t\t\t\t<div class=\"elementor-widget-container\">\n\t\t\t\t\t\t\t<div class=\"elementor-divider\">\n\t\t\t<span class=\"elementor-divider-separator\">\n\t\t\t\t\t\t<\/span>\n\t\t<\/div>\n\t\t\t\t\t\t<\/div>\n\t\t\t\t<\/div>\n\t\t\t\t<div class=\"elementor-element elementor-element-00c055c elementor-arrows-position-inside elementor-pagination-position-outside elementor-widget elementor-widget-image-carousel\" data-id=\"00c055c\" data-element_type=\"widget\" data-e-type=\"widget\" data-settings=\"{&quot;slides_to_show&quot;:&quot;2&quot;,&quot;slides_to_scroll&quot;:&quot;2&quot;,&quot;navigation&quot;:&quot;both&quot;,&quot;autoplay&quot;:&quot;yes&quot;,&quot;pause_on_hover&quot;:&quot;yes&quot;,&quot;pause_on_interaction&quot;:&quot;yes&quot;,&quot;autoplay_speed&quot;:5000,&quot;infinite&quot;:&quot;yes&quot;,&quot;speed&quot;:500}\" data-widget_type=\"image-carousel.default\">\n\t\t\t\t<div class=\"elementor-widget-container\">\n\t\t\t\t\t\t\t<div class=\"elementor-image-carousel-wrapper swiper\" role=\"region\" aria-roledescription=\"carousel\" aria-label=\"Carrusel d&#039;imatges\" dir=\"ltr\">\n\t\t\t<div class=\"elementor-image-carousel swiper-wrapper\" aria-live=\"off\">\n\t\t\t\t\t\t\t\t<div class=\"swiper-slide\" role=\"group\" aria-roledescription=\"slide\" aria-label=\"1 de 3\"><figure class=\"swiper-slide-inner\"><img decoding=\"async\" class=\"swiper-slide-image\" src=\"https:\/\/salutieducacioemocional.com\/wp-content\/uploads\/2018\/12\/escola-efa-logo-300x136.jpg\" alt=\"logo Escola EFA\" \/><\/figure><\/div><div class=\"swiper-slide\" role=\"group\" aria-roledescription=\"slide\" aria-label=\"2 de 3\"><figure class=\"swiper-slide-inner\"><img decoding=\"async\" class=\"swiper-slide-image\" src=\"https:\/\/salutieducacioemocional.com\/wp-content\/uploads\/2018\/12\/ins-maria-espinalt-logo-300x122.png\" alt=\"logo institut maria espinalt\" \/><\/figure><\/div><div class=\"swiper-slide\" role=\"group\" aria-roledescription=\"slide\" aria-label=\"3 de 3\"><figure class=\"swiper-slide-inner\"><img decoding=\"async\" class=\"swiper-slide-image\" src=\"https:\/\/salutieducacioemocional.com\/wp-content\/uploads\/2018\/12\/pda-bullying-web-e1545476222300-1.png\" alt=\"PDA Bullying logo\" \/><\/figure><\/div>\t\t\t<\/div>\n\t\t\t\t\t\t\t\t\t\t\t\t<div class=\"elementor-swiper-button elementor-swiper-button-prev\" role=\"button\" tabindex=\"0\">\n\t\t\t\t\t\t<i aria-hidden=\"true\" class=\"eicon-chevron-left\"><\/i>\t\t\t\t\t<\/div>\n\t\t\t\t\t<div class=\"elementor-swiper-button elementor-swiper-button-next\" role=\"button\" tabindex=\"0\">\n\t\t\t\t\t\t<i aria-hidden=\"true\" class=\"eicon-chevron-right\"><\/i>\t\t\t\t\t<\/div>\n\t\t\t\t\n\t\t\t\t\t\t\t\t\t<div class=\"swiper-pagination\"><\/div>\n\t\t\t\t\t\t\t\t\t<\/div>\n\t\t\t\t\t\t<\/div>\n\t\t\t\t<\/div>\n\t\t\t\t\t<\/div>\n\t\t<\/div>\n\t\t\t\t\t<\/div>\n\t\t<\/section>\n\t\t\t\t\t<\/div>\n\t\t<\/div>\n\t\t\t\t\t<\/div>\n\t\t<\/section>\n\t\t\t\t<section class=\"elementor-section elementor-top-section elementor-element elementor-element-77eb0507 elementor-section-boxed elementor-section-height-default elementor-section-height-default\" data-id=\"77eb0507\" data-element_type=\"section\" data-e-type=\"section\" data-settings=\"{&quot;background_background&quot;:&quot;classic&quot;}\">\n\t\t\t\t\t\t<div class=\"elementor-container elementor-column-gap-default\">\n\t\t\t\t\t<div class=\"elementor-column elementor-col-100 elementor-top-column elementor-element elementor-element-2d306fb7\" data-id=\"2d306fb7\" data-element_type=\"column\" data-e-type=\"column\">\n\t\t\t<div class=\"elementor-widget-wrap elementor-element-populated\">\n\t\t\t\t\t\t<section class=\"elementor-section elementor-inner-section elementor-element elementor-element-312bc9ba elementor-section-boxed elementor-section-height-default elementor-section-height-default\" data-id=\"312bc9ba\" data-element_type=\"section\" data-e-type=\"section\">\n\t\t\t\t\t\t<div class=\"elementor-container elementor-column-gap-no\">\n\t\t\t\t\t<div class=\"elementor-column elementor-col-50 elementor-inner-column elementor-element elementor-element-3f271590\" data-id=\"3f271590\" data-element_type=\"column\" data-e-type=\"column\">\n\t\t\t<div class=\"elementor-widget-wrap elementor-element-populated\">\n\t\t\t\t\t\t<div class=\"elementor-element elementor-element-2f308c9e elementor-position-inline-start elementor-view-default elementor-mobile-position-block-start elementor-widget elementor-widget-icon-box\" data-id=\"2f308c9e\" data-element_type=\"widget\" data-e-type=\"widget\" data-widget_type=\"icon-box.default\">\n\t\t\t\t<div class=\"elementor-widget-container\">\n\t\t\t\t\t\t\t<div class=\"elementor-icon-box-wrapper\">\n\n\t\t\t\t\t\t<div class=\"elementor-icon-box-icon\">\n\t\t\t\t<span  class=\"elementor-icon\">\n\t\t\t\t<i class=\"fa fa-map-marker\" aria-hidden=\"true\"><\/i>\t\t\t\t<\/span>\n\t\t\t<\/div>\n\t\t\t\n\t\t\t\t\t\t<div class=\"elementor-icon-box-content\">\n\n\t\t\t\t\t\t\t\t\t<p class=\"elementor-icon-box-title\">\n\t\t\t\t\t\t<span  >\n\t\t\t\t\t\t\tLocalitzaci\u00f3\t\t\t\t\t\t<\/span>\n\t\t\t\t\t<\/p>\n\t\t\t\t\n\t\t\t\t\t\t\t\t\t<p class=\"elementor-icon-box-description\">\n\t\t\t\t\t\tINS Maria Espinalt. Carrer Cam\u00ed Antic de Val\u00e8ncia, 82. 08018, Barcelona.  <br>Email: equipseer@salutieducacioemocional.com\t\t\t\t\t<\/p>\n\t\t\t\t\n\t\t\t<\/div>\n\t\t\t\n\t\t<\/div>\n\t\t\t\t\t\t<\/div>\n\t\t\t\t<\/div>\n\t\t\t\t\t<\/div>\n\t\t<\/div>\n\t\t\t\t<div class=\"elementor-column elementor-col-50 elementor-inner-column elementor-element elementor-element-5df879f1\" data-id=\"5df879f1\" data-element_type=\"column\" data-e-type=\"column\">\n\t\t\t<div class=\"elementor-widget-wrap elementor-element-populated\">\n\t\t\t\t\t\t<div class=\"elementor-element elementor-element-3fe7cc8 elementor-widget elementor-widget-google_maps\" data-id=\"3fe7cc8\" data-element_type=\"widget\" data-e-type=\"widget\" data-widget_type=\"google_maps.default\">\n\t\t\t\t<div class=\"elementor-widget-container\">\n\t\t\t\t\t\t\t<div class=\"elementor-custom-embed\">\n\t\t\t<iframe loading=\"lazy\"\n\t\t\t\t\tsrc=\"https:\/\/maps.google.com\/maps?q=Carrer%20Cam%C3%AD%20Antic%20de%20Val%C3%A8ncia%2C%2082.%2008018%2C%20Barcelona.&#038;t=m&#038;z=15&#038;output=embed&#038;iwloc=near\"\n\t\t\t\t\ttitle=\"Carrer Cam\u00ed Antic de Val\u00e8ncia, 82. 08018, Barcelona.\"\n\t\t\t\t\taria-label=\"Carrer Cam\u00ed Antic de Val\u00e8ncia, 82. 08018, Barcelona.\"\n\t\t\t><\/iframe>\n\t\t<\/div>\n\t\t\t\t\t\t<\/div>\n\t\t\t\t<\/div>\n\t\t\t\t\t<\/div>\n\t\t<\/div>\n\t\t\t\t\t<\/div>\n\t\t<\/section>\n\t\t\t\t\t<\/div>\n\t\t<\/div>\n\t\t\t\t\t<\/div>\n\t\t<\/section>\n\t\t\t\t<\/div>\n\t\t","protected":false},"excerpt":{"rendered":"<p>I Jornada SEER Educar les Emocions en l\u2019Acompanyament a la Inf\u00e0ncia i la Joventut 6 de Juny Les Jornades SEER s\u00f3n una trobada anual, oberta a totes les persones, professionals o no, interessades en el m\u00f3n de la salut i l\u2019educaci\u00f3 de la nostra psique, ment m\u00e9s emoci\u00f3, a fi de millorar la nostra interacci\u00f3 [&hellip;]<\/p>\n","protected":false},"author":1,"featured_media":5406,"parent":633,"menu_order":0,"comment_status":"closed","ping_status":"closed","template":"","meta":{"footnotes":""},"class_list":["post-5404","page","type-page","status-publish","has-post-thumbnail","hentry"],"yoast_head":"<!-- This site is optimized with the Yoast SEO plugin v27.5 - https:\/\/yoast.com\/product\/yoast-seo-wordpress\/ -->\n<title>I Jornada de Salut i Educaci\u00f3 de l\u2019Emoci\u00f3 i la Ra\u00f3 - SEER<\/title>\n<meta name=\"robots\" content=\"index, follow, max-snippet:-1, max-image-preview:large, max-video-preview:-1\" \/>\n<link rel=\"canonical\" href=\"https:\/\/salutieducacioemocional.com\/ca\/departament-formacio\/format-amb-nosaltres\/primera-jornada-salut-educacio-emocio-rao\/\" \/>\n<meta property=\"og:locale\" content=\"ca_ES\" \/>\n<meta property=\"og:type\" content=\"article\" \/>\n<meta property=\"og:title\" content=\"I Jornada de Salut i Educaci\u00f3 de l\u2019Emoci\u00f3 i la Ra\u00f3 - SEER\" \/>\n<meta property=\"og:description\" content=\"I Jornada SEER Educar les Emocions en l\u2019Acompanyament a la Inf\u00e0ncia i la Joventut 6 de Juny Les Jornades SEER s\u00f3n una trobada anual, oberta a totes les persones, professionals o no, interessades en el m\u00f3n de la salut i l\u2019educaci\u00f3 de la nostra psique, ment m\u00e9s emoci\u00f3, a fi de millorar la nostra interacci\u00f3 [&hellip;]\" \/>\n<meta property=\"og:url\" content=\"https:\/\/salutieducacioemocional.com\/ca\/departament-formacio\/format-amb-nosaltres\/primera-jornada-salut-educacio-emocio-rao\/\" \/>\n<meta property=\"og:site_name\" content=\"SEER\" \/>\n<meta property=\"article:publisher\" content=\"https:\/\/www.facebook.com\/equipseer\" \/>\n<meta property=\"article:modified_time\" content=\"2022-01-10T08:49:21+00:00\" \/>\n<meta property=\"og:image\" content=\"https:\/\/salutieducacioemocional.com\/wp-content\/uploads\/2020\/02\/jornada-seer.jpg\" \/>\n\t<meta property=\"og:image:width\" content=\"650\" \/>\n\t<meta property=\"og:image:height\" content=\"649\" \/>\n\t<meta property=\"og:image:type\" content=\"image\/jpeg\" \/>\n<meta name=\"twitter:card\" content=\"summary_large_image\" \/>\n<meta name=\"twitter:site\" content=\"@equipseer\" \/>\n<script type=\"application\/ld+json\" class=\"yoast-schema-graph\">{\"@context\":\"https:\\\/\\\/schema.org\",\"@graph\":[{\"@type\":\"WebPage\",\"@id\":\"https:\\\/\\\/salutieducacioemocional.com\\\/ca\\\/departament-formacio\\\/format-amb-nosaltres\\\/primera-jornada-salut-educacio-emocio-rao\\\/\",\"url\":\"https:\\\/\\\/salutieducacioemocional.com\\\/ca\\\/departament-formacio\\\/format-amb-nosaltres\\\/primera-jornada-salut-educacio-emocio-rao\\\/\",\"name\":\"I Jornada de Salut i Educaci\u00f3 de l\u2019Emoci\u00f3 i la Ra\u00f3 - SEER\",\"isPartOf\":{\"@id\":\"https:\\\/\\\/salutieducacioemocional.com\\\/#website\"},\"primaryImageOfPage\":{\"@id\":\"https:\\\/\\\/salutieducacioemocional.com\\\/ca\\\/departament-formacio\\\/format-amb-nosaltres\\\/primera-jornada-salut-educacio-emocio-rao\\\/#primaryimage\"},\"image\":{\"@id\":\"https:\\\/\\\/salutieducacioemocional.com\\\/ca\\\/departament-formacio\\\/format-amb-nosaltres\\\/primera-jornada-salut-educacio-emocio-rao\\\/#primaryimage\"},\"thumbnailUrl\":\"https:\\\/\\\/salutieducacioemocional.com\\\/wp-content\\\/uploads\\\/2020\\\/02\\\/jornada-seer.jpg\",\"datePublished\":\"2020-02-18T16:25:53+00:00\",\"dateModified\":\"2022-01-10T08:49:21+00:00\",\"breadcrumb\":{\"@id\":\"https:\\\/\\\/salutieducacioemocional.com\\\/ca\\\/departament-formacio\\\/format-amb-nosaltres\\\/primera-jornada-salut-educacio-emocio-rao\\\/#breadcrumb\"},\"inLanguage\":\"ca\",\"potentialAction\":[{\"@type\":\"ReadAction\",\"target\":[\"https:\\\/\\\/salutieducacioemocional.com\\\/ca\\\/departament-formacio\\\/format-amb-nosaltres\\\/primera-jornada-salut-educacio-emocio-rao\\\/\"]}]},{\"@type\":\"ImageObject\",\"inLanguage\":\"ca\",\"@id\":\"https:\\\/\\\/salutieducacioemocional.com\\\/ca\\\/departament-formacio\\\/format-amb-nosaltres\\\/primera-jornada-salut-educacio-emocio-rao\\\/#primaryimage\",\"url\":\"https:\\\/\\\/salutieducacioemocional.com\\\/wp-content\\\/uploads\\\/2020\\\/02\\\/jornada-seer.jpg\",\"contentUrl\":\"https:\\\/\\\/salutieducacioemocional.com\\\/wp-content\\\/uploads\\\/2020\\\/02\\\/jornada-seer.jpg\",\"width\":650,\"height\":649,\"caption\":\"I Jornada de Salut i Educaci\u00f3 de l\u2019Emoci\u00f3 i la Ra\u00f3\"},{\"@type\":\"BreadcrumbList\",\"@id\":\"https:\\\/\\\/salutieducacioemocional.com\\\/ca\\\/departament-formacio\\\/format-amb-nosaltres\\\/primera-jornada-salut-educacio-emocio-rao\\\/#breadcrumb\",\"itemListElement\":[{\"@type\":\"ListItem\",\"position\":1,\"name\":\"Portada\",\"item\":\"https:\\\/\\\/salutieducacioemocional.com\\\/\"},{\"@type\":\"ListItem\",\"position\":2,\"name\":\"Formaci\u00f3\",\"item\":\"https:\\\/\\\/salutieducacioemocional.com\\\/ca\\\/departament-formacio\\\/\"},{\"@type\":\"ListItem\",\"position\":3,\"name\":\"Formaci\u00f3 Propia\",\"item\":\"https:\\\/\\\/salutieducacioemocional.com\\\/ca\\\/departament-formacio\\\/format-amb-nosaltres\\\/\"},{\"@type\":\"ListItem\",\"position\":4,\"name\":\"I Jornada de Salut i Educaci\u00f3 de l\u2019Emoci\u00f3 i la Ra\u00f3\"}]},{\"@type\":\"WebSite\",\"@id\":\"https:\\\/\\\/salutieducacioemocional.com\\\/#website\",\"url\":\"https:\\\/\\\/salutieducacioemocional.com\\\/\",\"name\":\"SEER\",\"description\":\"Salut i Educaci\u00f3 Emocional\",\"publisher\":{\"@id\":\"https:\\\/\\\/salutieducacioemocional.com\\\/#organization\"},\"potentialAction\":[{\"@type\":\"SearchAction\",\"target\":{\"@type\":\"EntryPoint\",\"urlTemplate\":\"https:\\\/\\\/salutieducacioemocional.com\\\/?s={search_term_string}\"},\"query-input\":{\"@type\":\"PropertyValueSpecification\",\"valueRequired\":true,\"valueName\":\"search_term_string\"}}],\"inLanguage\":\"ca\"},{\"@type\":\"Organization\",\"@id\":\"https:\\\/\\\/salutieducacioemocional.com\\\/#organization\",\"name\":\"Salut i Educaci\u00f3 Emocional S.L\",\"alternateName\":\"SEER\",\"url\":\"https:\\\/\\\/salutieducacioemocional.com\\\/\",\"logo\":{\"@type\":\"ImageObject\",\"inLanguage\":\"ca\",\"@id\":\"https:\\\/\\\/salutieducacioemocional.com\\\/#\\\/schema\\\/logo\\\/image\\\/\",\"url\":\"https:\\\/\\\/salutieducacioemocional.com\\\/wp-content\\\/uploads\\\/2018\\\/12\\\/cropped-educacion-emocional-seer-e1545471861400.png\",\"contentUrl\":\"https:\\\/\\\/salutieducacioemocional.com\\\/wp-content\\\/uploads\\\/2018\\\/12\\\/cropped-educacion-emocional-seer-e1545471861400.png\",\"width\":200,\"height\":78,\"caption\":\"Salut i Educaci\u00f3 Emocional S.L\"},\"image\":{\"@id\":\"https:\\\/\\\/salutieducacioemocional.com\\\/#\\\/schema\\\/logo\\\/image\\\/\"},\"sameAs\":[\"https:\\\/\\\/www.facebook.com\\\/equipseer\",\"https:\\\/\\\/x.com\\\/equipseer\",\"https:\\\/\\\/www.instagram.com\\\/equipseer\\\/\",\"https:\\\/\\\/www.linkedin.com\\\/company\\\/9231569\\\/admin\\\/\",\"https:\\\/\\\/www.youtube.com\\\/@equipseer\",\"https:\\\/\\\/t.me\\\/seer_info\"]}]}<\/script>\n<!-- \/ Yoast SEO plugin. -->","yoast_head_json":{"title":"I Jornada de Salut i Educaci\u00f3 de l\u2019Emoci\u00f3 i la Ra\u00f3 - SEER","robots":{"index":"index","follow":"follow","max-snippet":"max-snippet:-1","max-image-preview":"max-image-preview:large","max-video-preview":"max-video-preview:-1"},"canonical":"https:\/\/salutieducacioemocional.com\/ca\/departament-formacio\/format-amb-nosaltres\/primera-jornada-salut-educacio-emocio-rao\/","og_locale":"ca_ES","og_type":"article","og_title":"I Jornada de Salut i Educaci\u00f3 de l\u2019Emoci\u00f3 i la Ra\u00f3 - SEER","og_description":"I Jornada SEER Educar les Emocions en l\u2019Acompanyament a la Inf\u00e0ncia i la Joventut 6 de Juny Les Jornades SEER s\u00f3n una trobada anual, oberta a totes les persones, professionals o no, interessades en el m\u00f3n de la salut i l\u2019educaci\u00f3 de la nostra psique, ment m\u00e9s emoci\u00f3, a fi de millorar la nostra interacci\u00f3 [&hellip;]","og_url":"https:\/\/salutieducacioemocional.com\/ca\/departament-formacio\/format-amb-nosaltres\/primera-jornada-salut-educacio-emocio-rao\/","og_site_name":"SEER","article_publisher":"https:\/\/www.facebook.com\/equipseer","article_modified_time":"2022-01-10T08:49:21+00:00","og_image":[{"width":650,"height":649,"url":"https:\/\/salutieducacioemocional.com\/wp-content\/uploads\/2020\/02\/jornada-seer.jpg","type":"image\/jpeg"}],"twitter_card":"summary_large_image","twitter_site":"@equipseer","schema":{"@context":"https:\/\/schema.org","@graph":[{"@type":"WebPage","@id":"https:\/\/salutieducacioemocional.com\/ca\/departament-formacio\/format-amb-nosaltres\/primera-jornada-salut-educacio-emocio-rao\/","url":"https:\/\/salutieducacioemocional.com\/ca\/departament-formacio\/format-amb-nosaltres\/primera-jornada-salut-educacio-emocio-rao\/","name":"I Jornada de Salut i Educaci\u00f3 de l\u2019Emoci\u00f3 i la Ra\u00f3 - SEER","isPartOf":{"@id":"https:\/\/salutieducacioemocional.com\/#website"},"primaryImageOfPage":{"@id":"https:\/\/salutieducacioemocional.com\/ca\/departament-formacio\/format-amb-nosaltres\/primera-jornada-salut-educacio-emocio-rao\/#primaryimage"},"image":{"@id":"https:\/\/salutieducacioemocional.com\/ca\/departament-formacio\/format-amb-nosaltres\/primera-jornada-salut-educacio-emocio-rao\/#primaryimage"},"thumbnailUrl":"https:\/\/salutieducacioemocional.com\/wp-content\/uploads\/2020\/02\/jornada-seer.jpg","datePublished":"2020-02-18T16:25:53+00:00","dateModified":"2022-01-10T08:49:21+00:00","breadcrumb":{"@id":"https:\/\/salutieducacioemocional.com\/ca\/departament-formacio\/format-amb-nosaltres\/primera-jornada-salut-educacio-emocio-rao\/#breadcrumb"},"inLanguage":"ca","potentialAction":[{"@type":"ReadAction","target":["https:\/\/salutieducacioemocional.com\/ca\/departament-formacio\/format-amb-nosaltres\/primera-jornada-salut-educacio-emocio-rao\/"]}]},{"@type":"ImageObject","inLanguage":"ca","@id":"https:\/\/salutieducacioemocional.com\/ca\/departament-formacio\/format-amb-nosaltres\/primera-jornada-salut-educacio-emocio-rao\/#primaryimage","url":"https:\/\/salutieducacioemocional.com\/wp-content\/uploads\/2020\/02\/jornada-seer.jpg","contentUrl":"https:\/\/salutieducacioemocional.com\/wp-content\/uploads\/2020\/02\/jornada-seer.jpg","width":650,"height":649,"caption":"I Jornada de Salut i Educaci\u00f3 de l\u2019Emoci\u00f3 i la Ra\u00f3"},{"@type":"BreadcrumbList","@id":"https:\/\/salutieducacioemocional.com\/ca\/departament-formacio\/format-amb-nosaltres\/primera-jornada-salut-educacio-emocio-rao\/#breadcrumb","itemListElement":[{"@type":"ListItem","position":1,"name":"Portada","item":"https:\/\/salutieducacioemocional.com\/"},{"@type":"ListItem","position":2,"name":"Formaci\u00f3","item":"https:\/\/salutieducacioemocional.com\/ca\/departament-formacio\/"},{"@type":"ListItem","position":3,"name":"Formaci\u00f3 Propia","item":"https:\/\/salutieducacioemocional.com\/ca\/departament-formacio\/format-amb-nosaltres\/"},{"@type":"ListItem","position":4,"name":"I Jornada de Salut i Educaci\u00f3 de l\u2019Emoci\u00f3 i la Ra\u00f3"}]},{"@type":"WebSite","@id":"https:\/\/salutieducacioemocional.com\/#website","url":"https:\/\/salutieducacioemocional.com\/","name":"SEER","description":"Salut i Educaci\u00f3 Emocional","publisher":{"@id":"https:\/\/salutieducacioemocional.com\/#organization"},"potentialAction":[{"@type":"SearchAction","target":{"@type":"EntryPoint","urlTemplate":"https:\/\/salutieducacioemocional.com\/?s={search_term_string}"},"query-input":{"@type":"PropertyValueSpecification","valueRequired":true,"valueName":"search_term_string"}}],"inLanguage":"ca"},{"@type":"Organization","@id":"https:\/\/salutieducacioemocional.com\/#organization","name":"Salut i Educaci\u00f3 Emocional S.L","alternateName":"SEER","url":"https:\/\/salutieducacioemocional.com\/","logo":{"@type":"ImageObject","inLanguage":"ca","@id":"https:\/\/salutieducacioemocional.com\/#\/schema\/logo\/image\/","url":"https:\/\/salutieducacioemocional.com\/wp-content\/uploads\/2018\/12\/cropped-educacion-emocional-seer-e1545471861400.png","contentUrl":"https:\/\/salutieducacioemocional.com\/wp-content\/uploads\/2018\/12\/cropped-educacion-emocional-seer-e1545471861400.png","width":200,"height":78,"caption":"Salut i Educaci\u00f3 Emocional S.L"},"image":{"@id":"https:\/\/salutieducacioemocional.com\/#\/schema\/logo\/image\/"},"sameAs":["https:\/\/www.facebook.com\/equipseer","https:\/\/x.com\/equipseer","https:\/\/www.instagram.com\/equipseer\/","https:\/\/www.linkedin.com\/company\/9231569\/admin\/","https:\/\/www.youtube.com\/@equipseer","https:\/\/t.me\/seer_info"]}]}},"_links":{"self":[{"href":"https:\/\/salutieducacioemocional.com\/ca\/wp-json\/wp\/v2\/pages\/5404","targetHints":{"allow":["GET"]}}],"collection":[{"href":"https:\/\/salutieducacioemocional.com\/ca\/wp-json\/wp\/v2\/pages"}],"about":[{"href":"https:\/\/salutieducacioemocional.com\/ca\/wp-json\/wp\/v2\/types\/page"}],"author":[{"embeddable":true,"href":"https:\/\/salutieducacioemocional.com\/ca\/wp-json\/wp\/v2\/users\/1"}],"replies":[{"embeddable":true,"href":"https:\/\/salutieducacioemocional.com\/ca\/wp-json\/wp\/v2\/comments?post=5404"}],"version-history":[{"count":35,"href":"https:\/\/salutieducacioemocional.com\/ca\/wp-json\/wp\/v2\/pages\/5404\/revisions"}],"predecessor-version":[{"id":8254,"href":"https:\/\/salutieducacioemocional.com\/ca\/wp-json\/wp\/v2\/pages\/5404\/revisions\/8254"}],"up":[{"embeddable":true,"href":"https:\/\/salutieducacioemocional.com\/ca\/wp-json\/wp\/v2\/pages\/633"}],"wp:featuredmedia":[{"embeddable":true,"href":"https:\/\/salutieducacioemocional.com\/ca\/wp-json\/wp\/v2\/media\/5406"}],"wp:attachment":[{"href":"https:\/\/salutieducacioemocional.com\/ca\/wp-json\/wp\/v2\/media?parent=5404"}],"curies":[{"name":"wp","href":"https:\/\/api.w.org\/{rel}","templated":true}]}}