{"id":545,"date":"2018-12-24T09:40:23","date_gmt":"2018-12-24T09:40:23","guid":{"rendered":"http:\/\/salutieducacioemocional.com\/?page_id=545"},"modified":"2023-03-16T14:57:29","modified_gmt":"2023-03-16T14:57:29","slug":"lleure-esport","status":"publish","type":"page","link":"https:\/\/salutieducacioemocional.com\/ca\/lleure-esport\/","title":{"rendered":"Lleure i Esport"},"content":{"rendered":"\t\t<div data-elementor-type=\"wp-post\" data-elementor-id=\"545\" class=\"elementor elementor-545\" data-elementor-post-type=\"page\">\n\t\t\t\t\t\t<section class=\"elementor-section elementor-top-section elementor-element elementor-element-5d73eafc elementor-section-boxed elementor-section-height-default elementor-section-height-default\" data-id=\"5d73eafc\" data-element_type=\"section\" data-e-type=\"section\" data-settings=\"{&quot;background_background&quot;:&quot;gradient&quot;}\">\n\t\t\t\t\t\t\t<div class=\"elementor-background-overlay\"><\/div>\n\t\t\t\t\t\t\t<div class=\"elementor-container elementor-column-gap-default\">\n\t\t\t\t\t<div class=\"elementor-column elementor-col-100 elementor-top-column elementor-element elementor-element-77b9e73\" data-id=\"77b9e73\" data-element_type=\"column\" data-e-type=\"column\">\n\t\t\t<div class=\"elementor-widget-wrap elementor-element-populated\">\n\t\t\t\t\t\t<div class=\"elementor-element elementor-element-7a90f285 elementor-widget elementor-widget-heading\" data-id=\"7a90f285\" data-element_type=\"widget\" data-e-type=\"widget\" data-widget_type=\"heading.default\">\n\t\t\t\t<div class=\"elementor-widget-container\">\n\t\t\t\t\t<h1 class=\"elementor-heading-title elementor-size-large\"><b>Lleure i Esport<br><\/b><\/h1>\t\t\t\t<\/div>\n\t\t\t\t<\/div>\n\t\t\t\t\t<\/div>\n\t\t<\/div>\n\t\t\t\t\t<\/div>\n\t\t<\/section>\n\t\t\t\t<section class=\"elementor-section elementor-top-section elementor-element elementor-element-4942ee54 elementor-section-content-middle elementor-section-boxed elementor-section-height-default elementor-section-height-default\" data-id=\"4942ee54\" data-element_type=\"section\" data-e-type=\"section\">\n\t\t\t\t\t\t<div class=\"elementor-container elementor-column-gap-default\">\n\t\t\t\t\t<div class=\"elementor-column elementor-col-50 elementor-top-column elementor-element elementor-element-50421f6e\" data-id=\"50421f6e\" data-element_type=\"column\" data-e-type=\"column\">\n\t\t\t<div class=\"elementor-widget-wrap elementor-element-populated\">\n\t\t\t\t\t\t<div class=\"elementor-element elementor-element-7bc3cd2e elementor-widget elementor-widget-heading\" data-id=\"7bc3cd2e\" data-element_type=\"widget\" data-e-type=\"widget\" data-widget_type=\"heading.default\">\n\t\t\t\t<div class=\"elementor-widget-container\">\n\t\t\t\t\t<h2 class=\"elementor-heading-title elementor-size-large\">Cat\u00e0leg de Lleure i Esport<\/h2>\t\t\t\t<\/div>\n\t\t\t\t<\/div>\n\t\t\t\t<div class=\"elementor-element elementor-element-7493995a elementor-widget elementor-widget-text-editor\" data-id=\"7493995a\" data-element_type=\"widget\" data-e-type=\"widget\" data-widget_type=\"text-editor.default\">\n\t\t\t\t<div class=\"elementor-widget-container\">\n\t\t\t\t\t\t\t\t\t<div class=\"wpb_column vc_column_container vc_col-sm-8\"><div class=\"vc_column-inner \"><div class=\"wpb_wrapper\"><div class=\"wpb_text_column wpb_content_element \"><div class=\"wpb_wrapper\"><p><span style=\"font-weight: 400;\">Lleure i Esport \u00e9s un projecte que sorgeix amb l\u2019objectiu de portar la mirada de l\u2019educaci\u00f3 emocional al m\u00f3n de lleure i de l\u2019esport. Entenem el lleure i l\u2019esport com un mitj\u00e0 idoni per desenvolupar les nostres habilitats socioemocionals, els entenem com espais que faciliten la connexi\u00f3 amb un mateix i la vida.<\/span><\/p><p><span style=\"font-weight: 400;\">Mirem aquests espais des d\u2019una visi\u00f3 hol\u00edstica on integrem les diferents dimensions de l\u2019\u00e9sser hum\u00e0 i aprofitem el potencial l\u00fadic que tenen per a generar models de vida basats en la salut.<\/span><\/p><p><span style=\"font-weight: 400;\">Entenem el lleure i l\u2019esport com una eina de transformaci\u00f3 global, ja que entenem l\u2019educaci\u00f3 en aquests des de la generaci\u00f3 de referents educatius basats en la coher\u00e8ncia interna. <\/span><\/p><\/div><\/div><\/div><\/div><\/div>\t\t\t\t\t\t\t\t<\/div>\n\t\t\t\t<\/div>\n\t\t\t\t\t<\/div>\n\t\t<\/div>\n\t\t\t\t<div class=\"elementor-column elementor-col-50 elementor-top-column elementor-element elementor-element-73034bd8\" data-id=\"73034bd8\" data-element_type=\"column\" data-e-type=\"column\">\n\t\t\t<div class=\"elementor-widget-wrap elementor-element-populated\">\n\t\t\t\t\t\t<div class=\"elementor-element elementor-element-0e9d819 elementor-widget elementor-widget-video\" data-id=\"0e9d819\" data-element_type=\"widget\" data-e-type=\"widget\" data-settings=\"{&quot;youtube_url&quot;:&quot;https:\\\/\\\/youtu.be\\\/gD0JnL8OnSU&quot;,&quot;video_type&quot;:&quot;youtube&quot;,&quot;controls&quot;:&quot;yes&quot;}\" data-widget_type=\"video.default\">\n\t\t\t\t<div class=\"elementor-widget-container\">\n\t\t\t\t\t\t\t<div class=\"elementor-wrapper elementor-open-inline\">\n\t\t\t<div class=\"elementor-video\"><\/div>\t\t<\/div>\n\t\t\t\t\t\t<\/div>\n\t\t\t\t<\/div>\n\t\t\t\t\t<\/div>\n\t\t<\/div>\n\t\t\t\t\t<\/div>\n\t\t<\/section>\n\t\t\t\t<section class=\"elementor-section elementor-top-section elementor-element elementor-element-21fb18a5 elementor-section-height-min-height elementor-section-boxed elementor-section-height-default elementor-section-items-middle\" data-id=\"21fb18a5\" data-element_type=\"section\" data-e-type=\"section\">\n\t\t\t\t\t\t<div class=\"elementor-container elementor-column-gap-default\">\n\t\t\t\t\t<div class=\"elementor-column elementor-col-20 elementor-top-column elementor-element elementor-element-655eae3e\" data-id=\"655eae3e\" data-element_type=\"column\" data-e-type=\"column\" data-settings=\"{&quot;background_background&quot;:&quot;gradient&quot;}\">\n\t\t\t<div class=\"elementor-widget-wrap elementor-element-populated\">\n\t\t\t\t\t<div class=\"elementor-background-overlay\"><\/div>\n\t\t\t\t\t\t<div class=\"elementor-element elementor-element-7005688e elementor-widget elementor-widget-image\" data-id=\"7005688e\" data-element_type=\"widget\" data-e-type=\"widget\" data-widget_type=\"image.default\">\n\t\t\t\t<div class=\"elementor-widget-container\">\n\t\t\t\t\t\t\t\t\t\t\t\t\t\t\t\t<a href=\"http:\/\/salutieducacioemocional.com\/ca\/lleure-esport\/patis-educatius\/\">\n\t\t\t\t\t\t\t<img decoding=\"async\" src=\"https:\/\/salutieducacioemocional.com\/wp-content\/uploads\/elementor\/thumbs\/esbarjos-emocionals-p289m333e6p1i063u942r6or8xsb4l8oomlqwfbcvc.png\" title=\"esbarjos-emocionals\" alt=\"Esbarjos Emocionals SEER\" loading=\"lazy\" \/>\t\t\t\t\t\t\t\t<\/a>\n\t\t\t\t\t\t\t\t\t\t\t\t\t\t\t<\/div>\n\t\t\t\t<\/div>\n\t\t\t\t<div class=\"elementor-element elementor-element-8e73a7c elementor-widget elementor-widget-heading\" data-id=\"8e73a7c\" data-element_type=\"widget\" data-e-type=\"widget\" data-widget_type=\"heading.default\">\n\t\t\t\t<div class=\"elementor-widget-container\">\n\t\t\t\t\t<h3 class=\"elementor-heading-title elementor-size-default\"><a href=\"https:\/\/salutieducacioemocional.com\/ca\/lleure-esport\/esbarjos-educatius\/\">Esbarjos Educatius<\/a><\/h3>\t\t\t\t<\/div>\n\t\t\t\t<\/div>\n\t\t\t\t<div class=\"elementor-element elementor-element-7079827b elementor-widget elementor-widget-text-editor\" data-id=\"7079827b\" data-element_type=\"widget\" data-e-type=\"widget\" data-widget_type=\"text-editor.default\">\n\t\t\t\t<div class=\"elementor-widget-container\">\n\t\t\t\t\t\t\t\t\t<div class=\"wpb_column vc_column_container vc_col-sm-3\"><div class=\"vc_column-inner \"><div class=\"wpb_wrapper\"><div class=\"wpb_text_column wpb_content_element \"><div class=\"wpb_wrapper\"><p><span style=\"font-weight: 400;\">Formaci\u00f3 te\u00f2rico-pr\u00e0ctica i assessorament on posem el focus en els esbarjos dintre del centres educatius. <\/span><\/p><p><span style=\"font-weight: 400;\">L\u2019objectiu de la formaci\u00f3 \u00e9s poder donar eines a la comunitat educativa del centre per a generar propostes pedag\u00f2giques que aprofitin el potencial que tenen els espais d\u2019esbarjos.<\/span><\/p><\/div><\/div><\/div><\/div><\/div>\t\t\t\t\t\t\t\t<\/div>\n\t\t\t\t<\/div>\n\t\t\t\t\t<\/div>\n\t\t<\/div>\n\t\t\t\t<div class=\"elementor-column elementor-col-20 elementor-top-column elementor-element elementor-element-6582396e\" data-id=\"6582396e\" data-element_type=\"column\" data-e-type=\"column\" data-settings=\"{&quot;background_background&quot;:&quot;gradient&quot;}\">\n\t\t\t<div class=\"elementor-widget-wrap elementor-element-populated\">\n\t\t\t\t\t<div class=\"elementor-background-overlay\"><\/div>\n\t\t\t\t\t\t<div class=\"elementor-element elementor-element-10a9d03d elementor-widget elementor-widget-image\" data-id=\"10a9d03d\" data-element_type=\"widget\" data-e-type=\"widget\" data-widget_type=\"image.default\">\n\t\t\t\t<div class=\"elementor-widget-container\">\n\t\t\t\t\t\t\t\t\t\t\t\t\t\t\t<img decoding=\"async\" src=\"https:\/\/salutieducacioemocional.com\/wp-content\/uploads\/elementor\/thumbs\/Extraescolars-p289m17f0imgus8u58atm75u261kp7180darxve57s.png\" title=\"Presencials\" alt=\"Espais presencials\" loading=\"lazy\" \/>\t\t\t\t\t\t\t\t\t\t\t\t\t\t\t<\/div>\n\t\t\t\t<\/div>\n\t\t\t\t<div class=\"elementor-element elementor-element-5e0d6836 elementor-widget elementor-widget-heading\" data-id=\"5e0d6836\" data-element_type=\"widget\" data-e-type=\"widget\" data-widget_type=\"heading.default\">\n\t\t\t\t<div class=\"elementor-widget-container\">\n\t\t\t\t\t<h3 class=\"elementor-heading-title elementor-size-default\">Extraescolars<\/h3>\t\t\t\t<\/div>\n\t\t\t\t<\/div>\n\t\t\t\t<div class=\"elementor-element elementor-element-6e89746c elementor-widget elementor-widget-text-editor\" data-id=\"6e89746c\" data-element_type=\"widget\" data-e-type=\"widget\" data-widget_type=\"text-editor.default\">\n\t\t\t\t<div class=\"elementor-widget-container\">\n\t\t\t\t\t\t\t\t\t<div class=\"wpb_column vc_column_container vc_col-sm-3\"><div class=\"vc_column-inner \"><div class=\"wpb_wrapper\"><div class=\"wpb_text_column wpb_content_element \"><div class=\"wpb_wrapper\"><p><span style=\"font-weight: 400;\">Activitats l\u00fadiques, tant de caire l\u00fadic com ludicoesportiu on aprofitem diferents din\u00e0miques, jocs i tallers per a treballar la dimensi\u00f3 emocional. <\/span><\/p><p><span style=\"font-weight: 400;\">L\u2019objectiu \u00e9s que les activitats proposades fomentin el desenvolupament d\u2019habilitats socioemocionals.<\/span><\/p><\/div><\/div><\/div><\/div><\/div>\t\t\t\t\t\t\t\t<\/div>\n\t\t\t\t<\/div>\n\t\t\t\t\t<\/div>\n\t\t<\/div>\n\t\t\t\t<div class=\"elementor-column elementor-col-20 elementor-top-column elementor-element elementor-element-19e2a356\" data-id=\"19e2a356\" data-element_type=\"column\" data-e-type=\"column\" data-settings=\"{&quot;background_background&quot;:&quot;gradient&quot;}\">\n\t\t\t<div class=\"elementor-widget-wrap elementor-element-populated\">\n\t\t\t\t\t<div class=\"elementor-background-overlay\"><\/div>\n\t\t\t\t\t\t<div class=\"elementor-element elementor-element-2e255ba8 elementor-widget elementor-widget-image\" data-id=\"2e255ba8\" data-element_type=\"widget\" data-e-type=\"widget\" data-widget_type=\"image.default\">\n\t\t\t\t<div class=\"elementor-widget-container\">\n\t\t\t\t\t\t\t\t\t\t\t\t\t\t\t<img decoding=\"async\" src=\"https:\/\/salutieducacioemocional.com\/wp-content\/uploads\/elementor\/thumbs\/Colonies-p289m17f0imgus8u58atm75u261kp7180darxve57s.png\" title=\"Colonies\" alt=\"Col\u00f2nies SEER\" loading=\"lazy\" \/>\t\t\t\t\t\t\t\t\t\t\t\t\t\t\t<\/div>\n\t\t\t\t<\/div>\n\t\t\t\t<div class=\"elementor-element elementor-element-58c4f401 elementor-widget elementor-widget-heading\" data-id=\"58c4f401\" data-element_type=\"widget\" data-e-type=\"widget\" data-widget_type=\"heading.default\">\n\t\t\t\t<div class=\"elementor-widget-container\">\n\t\t\t\t\t<h3 class=\"elementor-heading-title elementor-size-default\">Col\u00f2nies<\/h3>\t\t\t\t<\/div>\n\t\t\t\t<\/div>\n\t\t\t\t<div class=\"elementor-element elementor-element-7ecb4719 elementor-widget elementor-widget-text-editor\" data-id=\"7ecb4719\" data-element_type=\"widget\" data-e-type=\"widget\" data-widget_type=\"text-editor.default\">\n\t\t\t\t<div class=\"elementor-widget-container\">\n\t\t\t\t\t\t\t\t\t<div class=\"wpb_column vc_column_container vc_col-sm-3\"><div class=\"vc_column-inner \"><div class=\"wpb_wrapper\"><div class=\"wpb_text_column wpb_content_element \"><div class=\"wpb_wrapper\"><p><span style=\"font-weight: 400;\">On conviure amb altres infants i joves, jugar, cridar, cuinar, relaxar-nos i connectar amb nosaltres mateixos\/as. <\/span><\/p><p><span style=\"font-weight: 400;\">Les col\u00f2nies SEER tenen per objectiu utilitzar diferents activitats l\u00fadiques per desenvolupar les habilitats socioemocionals en un entorn rural, natural i familiar. Per aix\u00f2, posem valor a ser un numero d\u2019infants i adults que sostingui un clima familiar i proper.<\/span><\/p><\/div><\/div><\/div><\/div><\/div>\t\t\t\t\t\t\t\t<\/div>\n\t\t\t\t<\/div>\n\t\t\t\t\t<\/div>\n\t\t<\/div>\n\t\t\t\t<div class=\"elementor-column elementor-col-20 elementor-top-column elementor-element elementor-element-102355c0\" data-id=\"102355c0\" data-element_type=\"column\" data-e-type=\"column\" data-settings=\"{&quot;background_background&quot;:&quot;gradient&quot;}\">\n\t\t\t<div class=\"elementor-widget-wrap elementor-element-populated\">\n\t\t\t\t\t<div class=\"elementor-background-overlay\"><\/div>\n\t\t\t\t\t\t<div class=\"elementor-element elementor-element-1a88410f elementor-widget elementor-widget-image\" data-id=\"1a88410f\" data-element_type=\"widget\" data-e-type=\"widget\" data-widget_type=\"image.default\">\n\t\t\t\t<div class=\"elementor-widget-container\">\n\t\t\t\t\t\t\t\t\t\t\t\t\t\t\t<img decoding=\"async\" src=\"https:\/\/salutieducacioemocional.com\/wp-content\/uploads\/elementor\/thumbs\/Formacio-educadors-p289m17f0imgus8u58atm75u261kp7180darxve57s.png\" title=\"Formacio-educadors\" alt=\"Formaci\u00f3 educadors de lleure i esport\" loading=\"lazy\" \/>\t\t\t\t\t\t\t\t\t\t\t\t\t\t\t<\/div>\n\t\t\t\t<\/div>\n\t\t\t\t<div class=\"elementor-element elementor-element-623b01b elementor-widget elementor-widget-heading\" data-id=\"623b01b\" data-element_type=\"widget\" data-e-type=\"widget\" data-widget_type=\"heading.default\">\n\t\t\t\t<div class=\"elementor-widget-container\">\n\t\t\t\t\t<h3 class=\"elementor-heading-title elementor-size-default\">Formaci\u00f3 Educadors<\/h3>\t\t\t\t<\/div>\n\t\t\t\t<\/div>\n\t\t\t\t<div class=\"elementor-element elementor-element-5cd493c2 elementor-widget elementor-widget-text-editor\" data-id=\"5cd493c2\" data-element_type=\"widget\" data-e-type=\"widget\" data-widget_type=\"text-editor.default\">\n\t\t\t\t<div class=\"elementor-widget-container\">\n\t\t\t\t\t\t\t\t\t<div class=\"fullwidth\"><div class=\"vc_row wpb_row vc_row-fluid\"><div class=\"wpb_column vc_column_container vc_col-sm-3\"><div class=\"vc_column-inner \"><div class=\"wpb_wrapper\"><div class=\"wpb_text_column wpb_content_element \"><div class=\"wpb_wrapper\"><p><span style=\"font-weight: 400;\">Formaci\u00f3 per a educadors\/es de l\u2019\u00e0mbit del lleure, on desenvolupar diferents habilitats personals per tal d\u2019apropar l\u2019educaci\u00f3 emocional a les diferents intervencions educatives. <\/span><\/p><p><span style=\"font-weight: 400;\">Entenem la figura de l\u2019adult des del rol de facilitadors\/es del grup i les persones a les qui acompanyem.<\/span><\/p><\/div><\/div><\/div><\/div><\/div><\/div><\/div>\t\t\t\t\t\t\t\t<\/div>\n\t\t\t\t<\/div>\n\t\t\t\t\t<\/div>\n\t\t<\/div>\n\t\t\t\t<div class=\"elementor-column elementor-col-20 elementor-top-column elementor-element elementor-element-4580011\" data-id=\"4580011\" data-element_type=\"column\" data-e-type=\"column\" data-settings=\"{&quot;background_background&quot;:&quot;gradient&quot;}\">\n\t\t\t<div class=\"elementor-widget-wrap elementor-element-populated\">\n\t\t\t\t\t<div class=\"elementor-background-overlay\"><\/div>\n\t\t\t\t\t\t<div class=\"elementor-element elementor-element-d492796 elementor-widget elementor-widget-image\" data-id=\"d492796\" data-element_type=\"widget\" data-e-type=\"widget\" data-widget_type=\"image.default\">\n\t\t\t\t<div class=\"elementor-widget-container\">\n\t\t\t\t\t\t\t\t\t\t\t\t\t\t\t<img decoding=\"async\" src=\"https:\/\/salutieducacioemocional.com\/wp-content\/uploads\/elementor\/thumbs\/estiu-fenix-logo-p289m40xl0qfwxlljz9713m7x3cilgqnjgcssakyi8.png\" title=\"estiu-fenix-logo\" alt=\"estiu-fenix-logo\" loading=\"lazy\" \/>\t\t\t\t\t\t\t\t\t\t\t\t\t\t\t<\/div>\n\t\t\t\t<\/div>\n\t\t\t\t<div class=\"elementor-element elementor-element-d029208 elementor-widget elementor-widget-heading\" data-id=\"d029208\" data-element_type=\"widget\" data-e-type=\"widget\" data-widget_type=\"heading.default\">\n\t\t\t\t<div class=\"elementor-widget-container\">\n\t\t\t\t\t<h3 class=\"elementor-heading-title elementor-size-default\">Casal i Campus d'estiu F\u00e8nix<\/h3>\t\t\t\t<\/div>\n\t\t\t\t<\/div>\n\t\t\t\t<div class=\"elementor-element elementor-element-66c38cc elementor-widget elementor-widget-text-editor\" data-id=\"66c38cc\" data-element_type=\"widget\" data-e-type=\"widget\" data-widget_type=\"text-editor.default\">\n\t\t\t\t<div class=\"elementor-widget-container\">\n\t\t\t\t\t\t\t\t\t<p>Proposa el format de campus d\u2019estiu per poder treballar i<br \/>comen\u00e7ar a dur a terme la visi\u00f3 d\u2019un nou model educatiu i social.<\/p>\t\t\t\t\t\t\t\t<\/div>\n\t\t\t\t<\/div>\n\t\t\t\t\t<\/div>\n\t\t<\/div>\n\t\t\t\t\t<\/div>\n\t\t<\/section>\n\t\t\t\t<section class=\"elementor-section elementor-top-section elementor-element elementor-element-8b6e24a elementor-section-boxed elementor-section-height-default elementor-section-height-default\" data-id=\"8b6e24a\" data-element_type=\"section\" data-e-type=\"section\">\n\t\t\t\t\t\t<div class=\"elementor-container elementor-column-gap-default\">\n\t\t\t\t\t<div class=\"elementor-column elementor-col-100 elementor-top-column elementor-element elementor-element-2a461ec\" data-id=\"2a461ec\" data-element_type=\"column\" data-e-type=\"column\">\n\t\t\t<div class=\"elementor-widget-wrap elementor-element-populated\">\n\t\t\t\t\t\t<div class=\"elementor-element elementor-element-29de6f1 elementor-widget elementor-widget-heading\" data-id=\"29de6f1\" data-element_type=\"widget\" data-e-type=\"widget\" data-widget_type=\"heading.default\">\n\t\t\t\t<div class=\"elementor-widget-container\">\n\t\t\t\t\t<p class=\"elementor-heading-title elementor-size-large\">Quins S\u00f3n els Nostres Trets Identitaris?<\/p>\t\t\t\t<\/div>\n\t\t\t\t<\/div>\n\t\t\t\t\t<\/div>\n\t\t<\/div>\n\t\t\t\t\t<\/div>\n\t\t<\/section>\n\t\t\t\t<section class=\"elementor-section elementor-top-section elementor-element elementor-element-6dedaff elementor-section-boxed elementor-section-height-default elementor-section-height-default\" data-id=\"6dedaff\" data-element_type=\"section\" data-e-type=\"section\">\n\t\t\t\t\t\t<div class=\"elementor-container elementor-column-gap-default\">\n\t\t\t\t\t<div class=\"elementor-column elementor-col-100 elementor-top-column elementor-element elementor-element-6607fde\" data-id=\"6607fde\" data-element_type=\"column\" data-e-type=\"column\">\n\t\t\t<div class=\"elementor-widget-wrap elementor-element-populated\">\n\t\t\t\t\t\t<section class=\"elementor-section elementor-inner-section elementor-element elementor-element-169a623 elementor-section-boxed elementor-section-height-default elementor-section-height-default\" data-id=\"169a623\" data-element_type=\"section\" data-e-type=\"section\">\n\t\t\t\t\t\t<div class=\"elementor-container elementor-column-gap-default\">\n\t\t\t\t\t<div class=\"elementor-column elementor-col-25 elementor-inner-column elementor-element elementor-element-d7314f5\" data-id=\"d7314f5\" data-element_type=\"column\" data-e-type=\"column\">\n\t\t\t<div class=\"elementor-widget-wrap elementor-element-populated\">\n\t\t\t\t\t\t<div class=\"elementor-element elementor-element-8982328 elementor-widget elementor-widget-heading\" data-id=\"8982328\" data-element_type=\"widget\" data-e-type=\"widget\" data-widget_type=\"heading.default\">\n\t\t\t\t<div class=\"elementor-widget-container\">\n\t\t\t\t\t<p class=\"elementor-heading-title elementor-size-large\">SALUT<\/p>\t\t\t\t<\/div>\n\t\t\t\t<\/div>\n\t\t\t\t<div class=\"elementor-element elementor-element-d20c7d5 elementor-widget-divider--view-line elementor-widget elementor-widget-divider\" data-id=\"d20c7d5\" data-element_type=\"widget\" data-e-type=\"widget\" data-widget_type=\"divider.default\">\n\t\t\t\t<div class=\"elementor-widget-container\">\n\t\t\t\t\t\t\t<div class=\"elementor-divider\">\n\t\t\t<span class=\"elementor-divider-separator\">\n\t\t\t\t\t\t<\/span>\n\t\t<\/div>\n\t\t\t\t\t\t<\/div>\n\t\t\t\t<\/div>\n\t\t\t\t<div class=\"elementor-element elementor-element-a6915e0 elementor-widget elementor-widget-text-editor\" data-id=\"a6915e0\" data-element_type=\"widget\" data-e-type=\"widget\" data-widget_type=\"text-editor.default\">\n\t\t\t\t<div class=\"elementor-widget-container\">\n\t\t\t\t\t\t\t\t\t<p>Entenem la salut com el fet d\u2019integrar saludablement les diferents parts de l\u2019\u00e9sser hum\u00e0. Aix\u00ed doncs, cuidem el nostre cos f\u00edsic, mental, emocional, social i energ\u00e8tic.<\/p><p>La salut ens porta a cuidar cadascuna de les parts del nostre \u201cJO\u201d buscant l\u2019equilibri necessari per a generar benestar intern. Entenem que com a \u00e9ssers vius no nom\u00e9s ens alimentem de menjar, sin\u00f3 tamb\u00e9 de les emocions que es generen dins nostre, el tipus de vincles que creem amb els altres, les nostres creences i molts altres elements que formen part de cadasc\u00fa de nosaltres.<\/p><p>Les propostes educatives que oferim estan orientades en crear models de vida saludables, podent treballar els nostres h\u00e0bits i habilitats per aprendre a habitar el m\u00f3n.<\/p>\t\t\t\t\t\t\t\t<\/div>\n\t\t\t\t<\/div>\n\t\t\t\t\t<\/div>\n\t\t<\/div>\n\t\t\t\t<div class=\"elementor-column elementor-col-25 elementor-inner-column elementor-element elementor-element-c1eb0e0\" data-id=\"c1eb0e0\" data-element_type=\"column\" data-e-type=\"column\">\n\t\t\t<div class=\"elementor-widget-wrap elementor-element-populated\">\n\t\t\t\t\t\t<div class=\"elementor-element elementor-element-288b05d elementor-widget elementor-widget-heading\" data-id=\"288b05d\" data-element_type=\"widget\" data-e-type=\"widget\" data-widget_type=\"heading.default\">\n\t\t\t\t<div class=\"elementor-widget-container\">\n\t\t\t\t\t<p class=\"elementor-heading-title elementor-size-large\">AMOR<\/p>\t\t\t\t<\/div>\n\t\t\t\t<\/div>\n\t\t\t\t<div class=\"elementor-element elementor-element-81825de elementor-widget-divider--view-line elementor-widget elementor-widget-divider\" data-id=\"81825de\" data-element_type=\"widget\" data-e-type=\"widget\" data-widget_type=\"divider.default\">\n\t\t\t\t<div class=\"elementor-widget-container\">\n\t\t\t\t\t\t\t<div class=\"elementor-divider\">\n\t\t\t<span class=\"elementor-divider-separator\">\n\t\t\t\t\t\t<\/span>\n\t\t<\/div>\n\t\t\t\t\t\t<\/div>\n\t\t\t\t<\/div>\n\t\t\t\t<div class=\"elementor-element elementor-element-a834bed elementor-widget elementor-widget-text-editor\" data-id=\"a834bed\" data-element_type=\"widget\" data-e-type=\"widget\" data-widget_type=\"text-editor.default\">\n\t\t\t\t<div class=\"elementor-widget-container\">\n\t\t\t\t\t\t\t\t\t<p>Posem valor en el fet d\u2019estimar, d\u2019estimar-se a un mateix, als altres, al m\u00f3n i a la vida.<\/p><p>L\u2019estima ens porta a cuidar-nos, mimar-nos, acceptar-nos i respectar-nos tal i com som. En el lleure, posem valor en relacionar-nos des de l\u2019amor amb l\u2019entorn, les persones que ens rodegen i amb un mateix.<\/p><p>Estimem qui som i el que fem, estimem el fet educatiu i per tant, posem especial atenci\u00f3 en formar un equip que estimi all\u00f2 que fa.<\/p>\t\t\t\t\t\t\t\t<\/div>\n\t\t\t\t<\/div>\n\t\t\t\t\t<\/div>\n\t\t<\/div>\n\t\t\t\t<div class=\"elementor-column elementor-col-25 elementor-inner-column elementor-element elementor-element-cc9eb00\" data-id=\"cc9eb00\" data-element_type=\"column\" data-e-type=\"column\">\n\t\t\t<div class=\"elementor-widget-wrap elementor-element-populated\">\n\t\t\t\t\t\t<div class=\"elementor-element elementor-element-22606b4 elementor-widget elementor-widget-heading\" data-id=\"22606b4\" data-element_type=\"widget\" data-e-type=\"widget\" data-widget_type=\"heading.default\">\n\t\t\t\t<div class=\"elementor-widget-container\">\n\t\t\t\t\t<p class=\"elementor-heading-title elementor-size-large\">INCLUSI\u00d3<\/p>\t\t\t\t<\/div>\n\t\t\t\t<\/div>\n\t\t\t\t<div class=\"elementor-element elementor-element-d998370 elementor-widget-divider--view-line elementor-widget elementor-widget-divider\" data-id=\"d998370\" data-element_type=\"widget\" data-e-type=\"widget\" data-widget_type=\"divider.default\">\n\t\t\t\t<div class=\"elementor-widget-container\">\n\t\t\t\t\t\t\t<div class=\"elementor-divider\">\n\t\t\t<span class=\"elementor-divider-separator\">\n\t\t\t\t\t\t<\/span>\n\t\t<\/div>\n\t\t\t\t\t\t<\/div>\n\t\t\t\t<\/div>\n\t\t\t\t<div class=\"elementor-element elementor-element-bb5f49b elementor-widget elementor-widget-text-editor\" data-id=\"bb5f49b\" data-element_type=\"widget\" data-e-type=\"widget\" data-widget_type=\"text-editor.default\">\n\t\t\t\t<div class=\"elementor-widget-container\">\n\t\t\t\t\t\t\t\t\t<p>Veiem la inclusi\u00f3 com el fet d\u2019incloure diferents elements tenint present l\u2019equitat en el proc\u00e9s d\u2019inclusi\u00f3.<\/p><p>Incloem diferents necessitats individuals i personals, incloem diferents formes de fer i de sentir, incloem les diferents perspectives sobre la vida, incloem als animals, les plantes i l\u2019entorn en el fet educatiu.<\/p><p>Volem que el que oferim pugui arribar amb el m\u00e0xim d\u2019amplitud possible per tal de que les nostres propostes educatives puguin respondre a diferents necessitats.<\/p>\t\t\t\t\t\t\t\t<\/div>\n\t\t\t\t<\/div>\n\t\t\t\t\t<\/div>\n\t\t<\/div>\n\t\t\t\t<div class=\"elementor-column elementor-col-25 elementor-inner-column elementor-element elementor-element-3e48111\" data-id=\"3e48111\" data-element_type=\"column\" data-e-type=\"column\">\n\t\t\t<div class=\"elementor-widget-wrap elementor-element-populated\">\n\t\t\t\t\t\t<div class=\"elementor-element elementor-element-d14af01 elementor-widget elementor-widget-heading\" data-id=\"d14af01\" data-element_type=\"widget\" data-e-type=\"widget\" data-widget_type=\"heading.default\">\n\t\t\t\t<div class=\"elementor-widget-container\">\n\t\t\t\t\t<p class=\"elementor-heading-title elementor-size-large\">CREATIVITAT<\/p>\t\t\t\t<\/div>\n\t\t\t\t<\/div>\n\t\t\t\t<div class=\"elementor-element elementor-element-4bc9f00 elementor-widget-divider--view-line elementor-widget elementor-widget-divider\" data-id=\"4bc9f00\" data-element_type=\"widget\" data-e-type=\"widget\" data-widget_type=\"divider.default\">\n\t\t\t\t<div class=\"elementor-widget-container\">\n\t\t\t\t\t\t\t<div class=\"elementor-divider\">\n\t\t\t<span class=\"elementor-divider-separator\">\n\t\t\t\t\t\t<\/span>\n\t\t<\/div>\n\t\t\t\t\t\t<\/div>\n\t\t\t\t<\/div>\n\t\t\t\t<div class=\"elementor-element elementor-element-84bced5 elementor-widget elementor-widget-text-editor\" data-id=\"84bced5\" data-element_type=\"widget\" data-e-type=\"widget\" data-widget_type=\"text-editor.default\">\n\t\t\t\t<div class=\"elementor-widget-container\">\n\t\t\t\t\t\t\t\t\t<p>Entenem la creativitat com a crear, ampliant mirada, imaginant, fluint i somiant.<\/p><p>La creativitat ens permet anar m\u00e9s enll\u00e0, buscar alternatives, diferents formes de fer, de resoldre situacions i d\u2019expressar-nos.<\/p><p>Posem valor a la creativitat per a generar propostes educatives diferents, variades, originals i que sobretot, respectin i fomentin en els participants el buscar i descobrir noves possibilitats.<\/p>\t\t\t\t\t\t\t\t<\/div>\n\t\t\t\t<\/div>\n\t\t\t\t\t<\/div>\n\t\t<\/div>\n\t\t\t\t\t<\/div>\n\t\t<\/section>\n\t\t\t\t\t<\/div>\n\t\t<\/div>\n\t\t\t\t\t<\/div>\n\t\t<\/section>\n\t\t\t\t<\/div>\n\t\t","protected":false},"excerpt":{"rendered":"<p>Lleure i Esport Cat\u00e0leg de Lleure i Esport Lleure i Esport \u00e9s un projecte que sorgeix amb l\u2019objectiu de portar la mirada de l\u2019educaci\u00f3 emocional al m\u00f3n de lleure i de l\u2019esport. Entenem el lleure i l\u2019esport com un mitj\u00e0 idoni per desenvolupar les nostres habilitats socioemocionals, els entenem com espais que faciliten la connexi\u00f3 [&hellip;]<\/p>\n","protected":false},"author":1,"featured_media":0,"parent":0,"menu_order":0,"comment_status":"closed","ping_status":"closed","template":"elementor_header_footer","meta":{"footnotes":""},"class_list":["post-545","page","type-page","status-publish","hentry"],"yoast_head":"<!-- This site is optimized with the Yoast SEO plugin v27.5 - https:\/\/yoast.com\/product\/yoast-seo-wordpress\/ -->\n<title>Lleure i Esport - SEER<\/title>\n<meta name=\"description\" content=\"S\u00f3n un mitj\u00e0 idoni per desenvolupar habilitats socioemocionals, espais que faciliten la connexi\u00f3 amb un mateix i la vida.\" \/>\n<meta name=\"robots\" content=\"index, follow, max-snippet:-1, max-image-preview:large, max-video-preview:-1\" \/>\n<link rel=\"canonical\" href=\"https:\/\/salutieducacioemocional.com\/ca\/lleure-esport\/\" \/>\n<meta property=\"og:locale\" content=\"ca_ES\" \/>\n<meta property=\"og:type\" content=\"article\" \/>\n<meta property=\"og:title\" content=\"Lleure i Esport - SEER\" \/>\n<meta property=\"og:description\" content=\"S\u00f3n un mitj\u00e0 idoni per desenvolupar habilitats socioemocionals, espais que faciliten la connexi\u00f3 amb un mateix i la vida.\" \/>\n<meta property=\"og:url\" content=\"https:\/\/salutieducacioemocional.com\/ca\/lleure-esport\/\" \/>\n<meta property=\"og:site_name\" content=\"SEER\" \/>\n<meta property=\"article:publisher\" content=\"https:\/\/www.facebook.com\/equipseer\" \/>\n<meta property=\"article:modified_time\" content=\"2023-03-16T14:57:29+00:00\" \/>\n<meta property=\"og:image\" content=\"https:\/\/salutieducacioemocional.com\/wp-content\/uploads\/elementor\/thumbs\/esbarjos-emocionals-p289m333e6p1i063u942r6or8xsb4l8oomlqwfbcvc.png\" \/>\n<meta name=\"twitter:card\" content=\"summary_large_image\" \/>\n<meta name=\"twitter:site\" content=\"@equipseer\" \/>\n<script type=\"application\/ld+json\" class=\"yoast-schema-graph\">{\"@context\":\"https:\\\/\\\/schema.org\",\"@graph\":[{\"@type\":\"WebPage\",\"@id\":\"https:\\\/\\\/salutieducacioemocional.com\\\/ca\\\/lleure-esport\\\/\",\"url\":\"https:\\\/\\\/salutieducacioemocional.com\\\/ca\\\/lleure-esport\\\/\",\"name\":\"Lleure i Esport - SEER\",\"isPartOf\":{\"@id\":\"https:\\\/\\\/salutieducacioemocional.com\\\/#website\"},\"primaryImageOfPage\":{\"@id\":\"https:\\\/\\\/salutieducacioemocional.com\\\/ca\\\/lleure-esport\\\/#primaryimage\"},\"image\":{\"@id\":\"https:\\\/\\\/salutieducacioemocional.com\\\/ca\\\/lleure-esport\\\/#primaryimage\"},\"thumbnailUrl\":\"https:\\\/\\\/salutieducacioemocional.com\\\/wp-content\\\/uploads\\\/elementor\\\/thumbs\\\/esbarjos-emocionals-p289m333e6p1i063u942r6or8xsb4l8oomlqwfbcvc.png\",\"datePublished\":\"2018-12-24T09:40:23+00:00\",\"dateModified\":\"2023-03-16T14:57:29+00:00\",\"description\":\"S\u00f3n un mitj\u00e0 idoni per desenvolupar habilitats socioemocionals, espais que faciliten la connexi\u00f3 amb un mateix i la vida.\",\"breadcrumb\":{\"@id\":\"https:\\\/\\\/salutieducacioemocional.com\\\/ca\\\/lleure-esport\\\/#breadcrumb\"},\"inLanguage\":\"ca\",\"potentialAction\":[{\"@type\":\"ReadAction\",\"target\":[\"https:\\\/\\\/salutieducacioemocional.com\\\/ca\\\/lleure-esport\\\/\"]}]},{\"@type\":\"ImageObject\",\"inLanguage\":\"ca\",\"@id\":\"https:\\\/\\\/salutieducacioemocional.com\\\/ca\\\/lleure-esport\\\/#primaryimage\",\"url\":\"https:\\\/\\\/salutieducacioemocional.com\\\/wp-content\\\/uploads\\\/elementor\\\/thumbs\\\/esbarjos-emocionals-p289m333e6p1i063u942r6or8xsb4l8oomlqwfbcvc.png\",\"contentUrl\":\"https:\\\/\\\/salutieducacioemocional.com\\\/wp-content\\\/uploads\\\/elementor\\\/thumbs\\\/esbarjos-emocionals-p289m333e6p1i063u942r6or8xsb4l8oomlqwfbcvc.png\"},{\"@type\":\"BreadcrumbList\",\"@id\":\"https:\\\/\\\/salutieducacioemocional.com\\\/ca\\\/lleure-esport\\\/#breadcrumb\",\"itemListElement\":[{\"@type\":\"ListItem\",\"position\":1,\"name\":\"Portada\",\"item\":\"https:\\\/\\\/salutieducacioemocional.com\\\/\"},{\"@type\":\"ListItem\",\"position\":2,\"name\":\"Lleure i Esport\"}]},{\"@type\":\"WebSite\",\"@id\":\"https:\\\/\\\/salutieducacioemocional.com\\\/#website\",\"url\":\"https:\\\/\\\/salutieducacioemocional.com\\\/\",\"name\":\"SEER\",\"description\":\"Salut i Educaci\u00f3 Emocional\",\"publisher\":{\"@id\":\"https:\\\/\\\/salutieducacioemocional.com\\\/#organization\"},\"potentialAction\":[{\"@type\":\"SearchAction\",\"target\":{\"@type\":\"EntryPoint\",\"urlTemplate\":\"https:\\\/\\\/salutieducacioemocional.com\\\/?s={search_term_string}\"},\"query-input\":{\"@type\":\"PropertyValueSpecification\",\"valueRequired\":true,\"valueName\":\"search_term_string\"}}],\"inLanguage\":\"ca\"},{\"@type\":\"Organization\",\"@id\":\"https:\\\/\\\/salutieducacioemocional.com\\\/#organization\",\"name\":\"Salut i Educaci\u00f3 Emocional S.L\",\"alternateName\":\"SEER\",\"url\":\"https:\\\/\\\/salutieducacioemocional.com\\\/\",\"logo\":{\"@type\":\"ImageObject\",\"inLanguage\":\"ca\",\"@id\":\"https:\\\/\\\/salutieducacioemocional.com\\\/#\\\/schema\\\/logo\\\/image\\\/\",\"url\":\"https:\\\/\\\/salutieducacioemocional.com\\\/wp-content\\\/uploads\\\/2018\\\/12\\\/cropped-educacion-emocional-seer-e1545471861400.png\",\"contentUrl\":\"https:\\\/\\\/salutieducacioemocional.com\\\/wp-content\\\/uploads\\\/2018\\\/12\\\/cropped-educacion-emocional-seer-e1545471861400.png\",\"width\":200,\"height\":78,\"caption\":\"Salut i Educaci\u00f3 Emocional S.L\"},\"image\":{\"@id\":\"https:\\\/\\\/salutieducacioemocional.com\\\/#\\\/schema\\\/logo\\\/image\\\/\"},\"sameAs\":[\"https:\\\/\\\/www.facebook.com\\\/equipseer\",\"https:\\\/\\\/x.com\\\/equipseer\",\"https:\\\/\\\/www.instagram.com\\\/equipseer\\\/\",\"https:\\\/\\\/www.linkedin.com\\\/company\\\/9231569\\\/admin\\\/\",\"https:\\\/\\\/www.youtube.com\\\/@equipseer\",\"https:\\\/\\\/t.me\\\/seer_info\"]}]}<\/script>\n<!-- \/ Yoast SEO plugin. -->","yoast_head_json":{"title":"Lleure i Esport - SEER","description":"S\u00f3n un mitj\u00e0 idoni per desenvolupar habilitats socioemocionals, espais que faciliten la connexi\u00f3 amb un mateix i la vida.","robots":{"index":"index","follow":"follow","max-snippet":"max-snippet:-1","max-image-preview":"max-image-preview:large","max-video-preview":"max-video-preview:-1"},"canonical":"https:\/\/salutieducacioemocional.com\/ca\/lleure-esport\/","og_locale":"ca_ES","og_type":"article","og_title":"Lleure i Esport - SEER","og_description":"S\u00f3n un mitj\u00e0 idoni per desenvolupar habilitats socioemocionals, espais que faciliten la connexi\u00f3 amb un mateix i la vida.","og_url":"https:\/\/salutieducacioemocional.com\/ca\/lleure-esport\/","og_site_name":"SEER","article_publisher":"https:\/\/www.facebook.com\/equipseer","article_modified_time":"2023-03-16T14:57:29+00:00","og_image":[{"url":"https:\/\/salutieducacioemocional.com\/wp-content\/uploads\/elementor\/thumbs\/esbarjos-emocionals-p289m333e6p1i063u942r6or8xsb4l8oomlqwfbcvc.png","type":"","width":"","height":""}],"twitter_card":"summary_large_image","twitter_site":"@equipseer","schema":{"@context":"https:\/\/schema.org","@graph":[{"@type":"WebPage","@id":"https:\/\/salutieducacioemocional.com\/ca\/lleure-esport\/","url":"https:\/\/salutieducacioemocional.com\/ca\/lleure-esport\/","name":"Lleure i Esport - SEER","isPartOf":{"@id":"https:\/\/salutieducacioemocional.com\/#website"},"primaryImageOfPage":{"@id":"https:\/\/salutieducacioemocional.com\/ca\/lleure-esport\/#primaryimage"},"image":{"@id":"https:\/\/salutieducacioemocional.com\/ca\/lleure-esport\/#primaryimage"},"thumbnailUrl":"https:\/\/salutieducacioemocional.com\/wp-content\/uploads\/elementor\/thumbs\/esbarjos-emocionals-p289m333e6p1i063u942r6or8xsb4l8oomlqwfbcvc.png","datePublished":"2018-12-24T09:40:23+00:00","dateModified":"2023-03-16T14:57:29+00:00","description":"S\u00f3n un mitj\u00e0 idoni per desenvolupar habilitats socioemocionals, espais que faciliten la connexi\u00f3 amb un mateix i la vida.","breadcrumb":{"@id":"https:\/\/salutieducacioemocional.com\/ca\/lleure-esport\/#breadcrumb"},"inLanguage":"ca","potentialAction":[{"@type":"ReadAction","target":["https:\/\/salutieducacioemocional.com\/ca\/lleure-esport\/"]}]},{"@type":"ImageObject","inLanguage":"ca","@id":"https:\/\/salutieducacioemocional.com\/ca\/lleure-esport\/#primaryimage","url":"https:\/\/salutieducacioemocional.com\/wp-content\/uploads\/elementor\/thumbs\/esbarjos-emocionals-p289m333e6p1i063u942r6or8xsb4l8oomlqwfbcvc.png","contentUrl":"https:\/\/salutieducacioemocional.com\/wp-content\/uploads\/elementor\/thumbs\/esbarjos-emocionals-p289m333e6p1i063u942r6or8xsb4l8oomlqwfbcvc.png"},{"@type":"BreadcrumbList","@id":"https:\/\/salutieducacioemocional.com\/ca\/lleure-esport\/#breadcrumb","itemListElement":[{"@type":"ListItem","position":1,"name":"Portada","item":"https:\/\/salutieducacioemocional.com\/"},{"@type":"ListItem","position":2,"name":"Lleure i Esport"}]},{"@type":"WebSite","@id":"https:\/\/salutieducacioemocional.com\/#website","url":"https:\/\/salutieducacioemocional.com\/","name":"SEER","description":"Salut i Educaci\u00f3 Emocional","publisher":{"@id":"https:\/\/salutieducacioemocional.com\/#organization"},"potentialAction":[{"@type":"SearchAction","target":{"@type":"EntryPoint","urlTemplate":"https:\/\/salutieducacioemocional.com\/?s={search_term_string}"},"query-input":{"@type":"PropertyValueSpecification","valueRequired":true,"valueName":"search_term_string"}}],"inLanguage":"ca"},{"@type":"Organization","@id":"https:\/\/salutieducacioemocional.com\/#organization","name":"Salut i Educaci\u00f3 Emocional S.L","alternateName":"SEER","url":"https:\/\/salutieducacioemocional.com\/","logo":{"@type":"ImageObject","inLanguage":"ca","@id":"https:\/\/salutieducacioemocional.com\/#\/schema\/logo\/image\/","url":"https:\/\/salutieducacioemocional.com\/wp-content\/uploads\/2018\/12\/cropped-educacion-emocional-seer-e1545471861400.png","contentUrl":"https:\/\/salutieducacioemocional.com\/wp-content\/uploads\/2018\/12\/cropped-educacion-emocional-seer-e1545471861400.png","width":200,"height":78,"caption":"Salut i Educaci\u00f3 Emocional S.L"},"image":{"@id":"https:\/\/salutieducacioemocional.com\/#\/schema\/logo\/image\/"},"sameAs":["https:\/\/www.facebook.com\/equipseer","https:\/\/x.com\/equipseer","https:\/\/www.instagram.com\/equipseer\/","https:\/\/www.linkedin.com\/company\/9231569\/admin\/","https:\/\/www.youtube.com\/@equipseer","https:\/\/t.me\/seer_info"]}]}},"_links":{"self":[{"href":"https:\/\/salutieducacioemocional.com\/ca\/wp-json\/wp\/v2\/pages\/545","targetHints":{"allow":["GET"]}}],"collection":[{"href":"https:\/\/salutieducacioemocional.com\/ca\/wp-json\/wp\/v2\/pages"}],"about":[{"href":"https:\/\/salutieducacioemocional.com\/ca\/wp-json\/wp\/v2\/types\/page"}],"author":[{"embeddable":true,"href":"https:\/\/salutieducacioemocional.com\/ca\/wp-json\/wp\/v2\/users\/1"}],"replies":[{"embeddable":true,"href":"https:\/\/salutieducacioemocional.com\/ca\/wp-json\/wp\/v2\/comments?post=545"}],"version-history":[{"count":22,"href":"https:\/\/salutieducacioemocional.com\/ca\/wp-json\/wp\/v2\/pages\/545\/revisions"}],"predecessor-version":[{"id":9903,"href":"https:\/\/salutieducacioemocional.com\/ca\/wp-json\/wp\/v2\/pages\/545\/revisions\/9903"}],"wp:attachment":[{"href":"https:\/\/salutieducacioemocional.com\/ca\/wp-json\/wp\/v2\/media?parent=545"}],"curies":[{"name":"wp","href":"https:\/\/api.w.org\/{rel}","templated":true}]}}