{"id":5603,"date":"2020-03-11T19:08:29","date_gmt":"2020-03-11T19:08:29","guid":{"rendered":"https:\/\/salutieducacioemocional.com\/?page_id=5603"},"modified":"2023-03-16T14:49:43","modified_gmt":"2023-03-16T14:49:43","slug":"capsula-formativa-mapes-emocionals","status":"publish","type":"page","link":"https:\/\/salutieducacioemocional.com\/ca\/departament-formacio\/format-amb-nosaltres\/capsula-formativa-mapes-emocionals\/","title":{"rendered":"C\u00e0psula Formativa: Mapes Emocionals"},"content":{"rendered":"\t\t<div data-elementor-type=\"wp-page\" data-elementor-id=\"5603\" class=\"elementor elementor-5603\" data-elementor-post-type=\"page\">\n\t\t\t\t\t\t<section class=\"elementor-section elementor-top-section elementor-element elementor-element-4469798c elementor-section-stretched elementor-section-full_width elementor-section-height-default elementor-section-height-default\" data-id=\"4469798c\" data-element_type=\"section\" data-e-type=\"section\" data-settings=\"{&quot;background_background&quot;:&quot;gradient&quot;,&quot;stretch_section&quot;:&quot;section-stretched&quot;}\">\n\t\t\t\t\t\t\t<div class=\"elementor-background-overlay\"><\/div>\n\t\t\t\t\t\t\t<div class=\"elementor-container elementor-column-gap-default\">\n\t\t\t\t\t<div class=\"elementor-column elementor-col-100 elementor-top-column elementor-element elementor-element-6d268e91\" data-id=\"6d268e91\" data-element_type=\"column\" data-e-type=\"column\">\n\t\t\t<div class=\"elementor-widget-wrap elementor-element-populated\">\n\t\t\t\t\t\t<div class=\"elementor-element elementor-element-133c05b7 elementor-widget elementor-widget-heading\" data-id=\"133c05b7\" data-element_type=\"widget\" data-e-type=\"widget\" data-widget_type=\"heading.default\">\n\t\t\t\t<div class=\"elementor-widget-container\">\n\t\t\t\t\t<h1 class=\"elementor-heading-title elementor-size-large\"><b>C\u00e0psula Online: Mapes Emocionals\n<\/b><br><\/h1>\t\t\t\t<\/div>\n\t\t\t\t<\/div>\n\t\t\t\t\t<\/div>\n\t\t<\/div>\n\t\t\t\t\t<\/div>\n\t\t<\/section>\n\t\t\t\t<section class=\"elementor-section elementor-top-section elementor-element elementor-element-4cce1b38 elementor-section-boxed elementor-section-height-default elementor-section-height-default\" data-id=\"4cce1b38\" data-element_type=\"section\" data-e-type=\"section\">\n\t\t\t\t\t\t<div class=\"elementor-container elementor-column-gap-default\">\n\t\t\t\t\t<div class=\"elementor-column elementor-col-100 elementor-top-column elementor-element elementor-element-78a74f58\" data-id=\"78a74f58\" data-element_type=\"column\" data-e-type=\"column\">\n\t\t\t<div class=\"elementor-widget-wrap elementor-element-populated\">\n\t\t\t\t\t\t<div class=\"elementor-element elementor-element-7f803db2 elementor-widget elementor-widget-heading\" data-id=\"7f803db2\" data-element_type=\"widget\" data-e-type=\"widget\" data-widget_type=\"heading.default\">\n\t\t\t\t<div class=\"elementor-widget-container\">\n\t\t\t\t\t<h2 class=\"elementor-heading-title elementor-size-large\">Acompanyar els vincles positius amb adolescents i joves<\/h2>\t\t\t\t<\/div>\n\t\t\t\t<\/div>\n\t\t\t\t\t<\/div>\n\t\t<\/div>\n\t\t\t\t\t<\/div>\n\t\t<\/section>\n\t\t\t\t<section class=\"elementor-section elementor-top-section elementor-element elementor-element-271b9cbb elementor-section-content-middle elementor-section-boxed elementor-section-height-default elementor-section-height-default\" data-id=\"271b9cbb\" data-element_type=\"section\" data-e-type=\"section\">\n\t\t\t\t\t\t<div class=\"elementor-container elementor-column-gap-default\">\n\t\t\t\t\t<div class=\"elementor-column elementor-col-50 elementor-top-column elementor-element elementor-element-581affeb\" data-id=\"581affeb\" data-element_type=\"column\" data-e-type=\"column\">\n\t\t\t<div class=\"elementor-widget-wrap elementor-element-populated\">\n\t\t\t\t\t\t<div class=\"elementor-element elementor-element-2a182930 elementor-widget elementor-widget-text-editor\" data-id=\"2a182930\" data-element_type=\"widget\" data-e-type=\"widget\" data-widget_type=\"text-editor.default\">\n\t\t\t\t<div class=\"elementor-widget-container\">\n\t\t\t\t\t\t\t\t\t<div class=\"wpb_column vc_column_container vc_col-sm-8\"><div class=\"vc_column-inner \"><div class=\"wpb_wrapper\"><div class=\"wpb_text_column wpb_content_element \"><div class=\"wpb_wrapper\"><p><span style=\"font-weight: 400;\">Les c\u00e0psules de Mapes Emocionals s\u00f3n propostes d\u2019aplicaci\u00f3 de l\u2019educaci\u00f3 emocional en el dia a dia de l\u2019acompanyament pedag\u00f2gic, psicopedag\u00f2gic i terap\u00e8utic.<\/span><\/p><p><span style=\"font-weight: 400;\">Aquesta vegada us proposem <\/span><b>Acompanyar els vincles positius amb els adolescents i joves<\/b><span style=\"font-weight: 400;\">, una c\u00e0psula formativa d&#8217;1h de durada on treballar els vincles en l\u2019acompanyament amb adolescents i joves a trav\u00e9s del recurs del <\/span><a href=\"https:\/\/salutieducacioemocional.com\/ca\/producte\/mapes-emocionals\/\"><span style=\"font-weight: 400;\">Mapa Emocional<\/span><\/a><span style=\"font-weight: 400;\">. Participa en el webinar i q\u00fcestionat amb nosaltres&#8230;<\/span><\/p><ul><li style=\"font-weight: 400;\"><span style=\"font-weight: 400;\">Com fomentar els vincles entre joves i adults?<\/span><\/li><li style=\"font-weight: 400;\"><span style=\"font-weight: 400;\">Com promoure una relaci\u00f3 afectiva saludable?<\/span><\/li><li style=\"font-weight: 400;\"><span style=\"font-weight: 400;\">Com acompanyar les necessitats individuals i d\u2019un grup?<\/span><\/li><li style=\"font-weight: 400;\"><span style=\"font-weight: 400;\">Com prendre consci\u00e8ncia del clima emocional en les relacions?<\/span><\/li><\/ul><p><span style=\"color: #ff6600;\"><b>FORMAT<\/b><\/span>: Online.<\/p><\/div><\/div><\/div><\/div><\/div>\t\t\t\t\t\t\t\t<\/div>\n\t\t\t\t<\/div>\n\t\t\t\t\t<\/div>\n\t\t<\/div>\n\t\t\t\t<div class=\"elementor-column elementor-col-50 elementor-top-column elementor-element elementor-element-3904d313\" data-id=\"3904d313\" data-element_type=\"column\" data-e-type=\"column\">\n\t\t\t<div class=\"elementor-widget-wrap elementor-element-populated\">\n\t\t\t\t\t\t<div class=\"elementor-element elementor-element-5c6986a elementor-widget elementor-widget-image\" data-id=\"5c6986a\" data-element_type=\"widget\" data-e-type=\"widget\" data-widget_type=\"image.default\">\n\t\t\t\t<div class=\"elementor-widget-container\">\n\t\t\t\t\t\t\t\t\t\t\t\t\t\t\t<img decoding=\"async\" src=\"https:\/\/salutieducacioemocional.com\/wp-content\/uploads\/elementor\/thumbs\/capsula-formativa-mapa-emocional-p289m4yvff4wz8kks0iu8eqrjq5xj93b09o8b6o8m8.jpg\" title=\"capsula-formativa-mapa-emocional\" alt=\"Capsula formativa de mapas emocionales\" loading=\"lazy\" \/>\t\t\t\t\t\t\t\t\t\t\t\t\t\t\t<\/div>\n\t\t\t\t<\/div>\n\t\t\t\t\t<\/div>\n\t\t<\/div>\n\t\t\t\t\t<\/div>\n\t\t<\/section>\n\t\t\t\t<section class=\"elementor-section elementor-top-section elementor-element elementor-element-11ea0364 elementor-section-content-middle elementor-section-boxed elementor-section-height-default elementor-section-height-default\" data-id=\"11ea0364\" data-element_type=\"section\" data-e-type=\"section\" data-settings=\"{&quot;background_background&quot;:&quot;classic&quot;}\">\n\t\t\t\t\t\t<div class=\"elementor-container elementor-column-gap-no\">\n\t\t\t\t\t<div class=\"elementor-column elementor-col-100 elementor-top-column elementor-element elementor-element-df703ad\" data-id=\"df703ad\" data-element_type=\"column\" data-e-type=\"column\">\n\t\t\t<div class=\"elementor-widget-wrap elementor-element-populated\">\n\t\t\t\t\t\t<div class=\"elementor-element elementor-element-ffc6f89 elementor-widget elementor-widget-heading\" data-id=\"ffc6f89\" data-element_type=\"widget\" data-e-type=\"widget\" data-widget_type=\"heading.default\">\n\t\t\t\t<div class=\"elementor-widget-container\">\n\t\t\t\t\t<h2 class=\"elementor-heading-title elementor-size-large\">INSCRIPCIONS al WEBINAR<\/h2>\t\t\t\t<\/div>\n\t\t\t\t<\/div>\n\t\t\t\t<div class=\"elementor-element elementor-element-a7ab77d elementor-view-default elementor-widget elementor-widget-icon\" data-id=\"a7ab77d\" data-element_type=\"widget\" data-e-type=\"widget\" data-widget_type=\"icon.default\">\n\t\t\t\t<div class=\"elementor-widget-container\">\n\t\t\t\t\t\t\t<div class=\"elementor-icon-wrapper\">\n\t\t\t<div class=\"elementor-icon\">\n\t\t\t<i aria-hidden=\"true\" class=\"fas fa-arrow-down\"><\/i>\t\t\t<\/div>\n\t\t<\/div>\n\t\t\t\t\t\t<\/div>\n\t\t\t\t<\/div>\n\t\t\t\t<section class=\"elementor-section elementor-inner-section elementor-element elementor-element-9293b37 elementor-section-boxed elementor-section-height-default elementor-section-height-default\" data-id=\"9293b37\" data-element_type=\"section\" data-e-type=\"section\">\n\t\t\t\t\t\t<div class=\"elementor-container elementor-column-gap-default\">\n\t\t\t\t\t<div class=\"elementor-column elementor-col-33 elementor-inner-column elementor-element elementor-element-c5da2d1\" data-id=\"c5da2d1\" data-element_type=\"column\" data-e-type=\"column\">\n\t\t\t<div class=\"elementor-widget-wrap elementor-element-populated\">\n\t\t\t\t\t\t<div class=\"elementor-element elementor-element-913f45a elementor-widget elementor-widget-price-table\" data-id=\"913f45a\" data-element_type=\"widget\" data-e-type=\"widget\" data-widget_type=\"price-table.default\">\n\t\t\t\t<div class=\"elementor-widget-container\">\n\t\t\t\t\t\n\t\t<div class=\"elementor-price-table\">\n\t\t\t\t\t\t\t<div class=\"elementor-price-table__header\">\n\t\t\t\t\t\t\t\t\t\t\t<h4 class=\"elementor-price-table__heading\">\n\t\t\t\t\t\t-\t\t\t\t\t\t<\/h4>\n\t\t\t\t\t\n\t\t\t\t\t\t\t\t\t<\/div>\n\t\t\t\n\t\t\t<div class=\"elementor-price-table__price\">\n\t\t\t\t\t\t\t\t\t\t\t\t\n\t\t\t\t\n\t\t\t\t\n\t\t\t\t\t\t\t<\/div>\n\n\t\t\t\t\t\t\t<ul class=\"elementor-price-table__features-list\">\n\t\t\t\t\t\t\t\t\t\t\t<li class=\"elementor-repeater-item-8adaa9a\">\n\t\t\t\t\t\t\t<div class=\"elementor-price-table__feature-inner\">\n\t\t\t\t\t\t\t\t<i aria-hidden=\"true\" class=\"far fa-clock\"><\/i>\t\t\t\t\t\t\t\t\t\t\t\t\t\t\t\t\t<span >\n\t\t\t\t\t\t\t\t\t\tA concretar\t\t\t\t\t\t\t\t\t<\/span>\n\t\t\t\t\t\t\t\t\t\t\t\t\t\t\t\t<\/div>\n\t\t\t\t\t\t<\/li>\n\t\t\t\t\t\t\t\t\t\t\t<li class=\"elementor-repeater-item-24ec799\">\n\t\t\t\t\t\t\t<div class=\"elementor-price-table__feature-inner\">\n\t\t\t\t\t\t\t\t<i aria-hidden=\"true\" class=\"far fa-check-circle\"><\/i>\t\t\t\t\t\t\t\t&nbsp;\t\t\t\t\t\t\t<\/div>\n\t\t\t\t\t\t<\/li>\n\t\t\t\t\t\t\t\t\t\t\t<li class=\"elementor-repeater-item-d03b801\">\n\t\t\t\t\t\t\t<div class=\"elementor-price-table__feature-inner\">\n\t\t\t\t\t\t\t\t<i aria-hidden=\"true\" class=\"far fa-check-circle\"><\/i>\t\t\t\t\t\t\t\t&nbsp;\t\t\t\t\t\t\t<\/div>\n\t\t\t\t\t\t<\/li>\n\t\t\t\t\t\t\t\t\t<\/ul>\n\t\t\t\n\t\t\t\t\t<\/div>\n\n\t\t\t\t\t\t<\/div>\n\t\t\t\t<\/div>\n\t\t\t\t<div class=\"elementor-element elementor-element-069c314 elementor-widget elementor-widget-text-editor\" data-id=\"069c314\" data-element_type=\"widget\" data-e-type=\"widget\" data-widget_type=\"text-editor.default\">\n\t\t\t\t<div class=\"elementor-widget-container\">\n\t\t\t\t\t\t\t\t\t<p><strong>El mateix dia us enviarem un e-mail amb el link privat per accedir al webinar.<\/strong><\/p><p><strong>*(Important que ens deixeu una adre\u00e7a de correu electr\u00f2nic, i per si de cas, consultar la safata de spam).<\/strong><\/p>\t\t\t\t\t\t\t\t<\/div>\n\t\t\t\t<\/div>\n\t\t\t\t\t<\/div>\n\t\t<\/div>\n\t\t\t\t<div class=\"elementor-column elementor-col-33 elementor-inner-column elementor-element elementor-element-ef878d7\" data-id=\"ef878d7\" data-element_type=\"column\" data-e-type=\"column\">\n\t\t\t<div class=\"elementor-widget-wrap elementor-element-populated\">\n\t\t\t\t\t\t\t<\/div>\n\t\t<\/div>\n\t\t\t\t<div class=\"elementor-column elementor-col-33 elementor-inner-column elementor-element elementor-element-dcbaff2\" data-id=\"dcbaff2\" data-element_type=\"column\" data-e-type=\"column\">\n\t\t\t<div class=\"elementor-widget-wrap elementor-element-populated\">\n\t\t\t\t\t\t<div class=\"elementor-element elementor-element-8ff176b elementor-widget elementor-widget-heading\" data-id=\"8ff176b\" data-element_type=\"widget\" data-e-type=\"widget\" data-widget_type=\"heading.default\">\n\t\t\t\t<div class=\"elementor-widget-container\">\n\t\t\t\t\t<p class=\"elementor-heading-title elementor-size-large\">El Facilitador<\/p>\t\t\t\t<\/div>\n\t\t\t\t<\/div>\n\t\t\t\t<div class=\"elementor-element elementor-element-914a0fd elementor-widget elementor-widget-image\" data-id=\"914a0fd\" data-element_type=\"widget\" data-e-type=\"widget\" data-widget_type=\"image.default\">\n\t\t\t\t<div class=\"elementor-widget-container\">\n\t\t\t\t\t\t\t\t\t\t\t\t\t\t\t\t<a href=\"http:\/\/salutieducacioemocional.com\/ca\/equip\/oriol-julia\/\" rel=\"nofollow\">\n\t\t\t\t\t\t\t<img decoding=\"async\" src=\"https:\/\/salutieducacioemocional.com\/wp-content\/uploads\/elementor\/thumbs\/oriol-julia-p289m257zhwghkqb8z774tqydwlpswvlnocrbnxfk0.jpg\" title=\"oriol-julia\" alt=\"Oriol Julia SEER\" loading=\"lazy\" \/>\t\t\t\t\t\t\t\t<\/a>\n\t\t\t\t\t\t\t\t\t\t\t\t\t\t\t<\/div>\n\t\t\t\t<\/div>\n\t\t\t\t<div class=\"elementor-element elementor-element-4ce2a70 elementor-widget elementor-widget-heading\" data-id=\"4ce2a70\" data-element_type=\"widget\" data-e-type=\"widget\" data-widget_type=\"heading.default\">\n\t\t\t\t<div class=\"elementor-widget-container\">\n\t\t\t\t\t<p class=\"elementor-heading-title elementor-size-medium\">Oriol Juli\u00e0<\/p>\t\t\t\t<\/div>\n\t\t\t\t<\/div>\n\t\t\t\t\t<\/div>\n\t\t<\/div>\n\t\t\t\t\t<\/div>\n\t\t<\/section>\n\t\t\t\t\t<\/div>\n\t\t<\/div>\n\t\t\t\t\t<\/div>\n\t\t<\/section>\n\t\t\t\t<section class=\"elementor-section elementor-top-section elementor-element elementor-element-55244119 elementor-section-stretched elementor-section-full_width elementor-section-height-default elementor-section-height-default\" data-id=\"55244119\" data-element_type=\"section\" data-e-type=\"section\" data-settings=\"{&quot;background_background&quot;:&quot;classic&quot;,&quot;stretch_section&quot;:&quot;section-stretched&quot;}\">\n\t\t\t\t\t\t<div class=\"elementor-container elementor-column-gap-default\">\n\t\t\t\t\t<div class=\"elementor-column elementor-col-100 elementor-top-column elementor-element elementor-element-6fc1cd8c\" data-id=\"6fc1cd8c\" data-element_type=\"column\" data-e-type=\"column\">\n\t\t\t<div class=\"elementor-widget-wrap elementor-element-populated\">\n\t\t\t\t\t\t<section class=\"elementor-section elementor-inner-section elementor-element elementor-element-40f53c38 elementor-section-boxed elementor-section-height-default elementor-section-height-default\" data-id=\"40f53c38\" data-element_type=\"section\" data-e-type=\"section\">\n\t\t\t\t\t\t<div class=\"elementor-container elementor-column-gap-no\">\n\t\t\t\t\t<div class=\"elementor-column elementor-col-50 elementor-inner-column elementor-element elementor-element-92e0795\" data-id=\"92e0795\" data-element_type=\"column\" data-e-type=\"column\">\n\t\t\t<div class=\"elementor-widget-wrap elementor-element-populated\">\n\t\t\t\t\t\t<div class=\"elementor-element elementor-element-21befdc0 elementor-position-inline-start elementor-view-default elementor-mobile-position-block-start elementor-widget elementor-widget-icon-box\" data-id=\"21befdc0\" data-element_type=\"widget\" data-e-type=\"widget\" data-widget_type=\"icon-box.default\">\n\t\t\t\t<div class=\"elementor-widget-container\">\n\t\t\t\t\t\t\t<div class=\"elementor-icon-box-wrapper\">\n\n\t\t\t\t\t\t<div class=\"elementor-icon-box-icon\">\n\t\t\t\t<span  class=\"elementor-icon\">\n\t\t\t\t<i aria-hidden=\"true\" class=\"fas fa-map-marker-alt\"><\/i>\t\t\t\t<\/span>\n\t\t\t<\/div>\n\t\t\t\n\t\t\t\t\t\t<div class=\"elementor-icon-box-content\">\n\n\t\t\t\t\t\t\t\t\t<p class=\"elementor-icon-box-title\">\n\t\t\t\t\t\t<span  >\n\t\t\t\t\t\t\tLocalitzaci\u00f3\t\t\t\t\t\t<\/span>\n\t\t\t\t\t<\/p>\n\t\t\t\t\n\t\t\t\t\t\t\t\t\t<p class=\"elementor-icon-box-description\">\n\t\t\t\t\t\tONLINE. \n<br>Email: equipseer@salutieducacioemocional.com\t\t\t\t\t<\/p>\n\t\t\t\t\n\t\t\t<\/div>\n\t\t\t\n\t\t<\/div>\n\t\t\t\t\t\t<\/div>\n\t\t\t\t<\/div>\n\t\t\t\t\t<\/div>\n\t\t<\/div>\n\t\t\t\t<div class=\"elementor-column elementor-col-50 elementor-inner-column elementor-element elementor-element-6129d059\" data-id=\"6129d059\" data-element_type=\"column\" data-e-type=\"column\">\n\t\t\t<div class=\"elementor-widget-wrap\">\n\t\t\t\t\t\t\t<\/div>\n\t\t<\/div>\n\t\t\t\t\t<\/div>\n\t\t<\/section>\n\t\t\t\t\t<\/div>\n\t\t<\/div>\n\t\t\t\t\t<\/div>\n\t\t<\/section>\n\t\t\t\t<\/div>\n\t\t","protected":false},"excerpt":{"rendered":"<p>C\u00e0psula Online: Mapes Emocionals Acompanyar els vincles positius amb adolescents i joves Les c\u00e0psules de Mapes Emocionals s\u00f3n propostes d\u2019aplicaci\u00f3 de l\u2019educaci\u00f3 emocional en el dia a dia de l\u2019acompanyament pedag\u00f2gic, psicopedag\u00f2gic i terap\u00e8utic. Aquesta vegada us proposem Acompanyar els vincles positius amb els adolescents i joves, una c\u00e0psula formativa d&#8217;1h de durada on treballar [&hellip;]<\/p>\n","protected":false},"author":1,"featured_media":5604,"parent":633,"menu_order":0,"comment_status":"closed","ping_status":"closed","template":"elementor_header_footer","meta":{"footnotes":""},"class_list":["post-5603","page","type-page","status-publish","has-post-thumbnail","hentry"],"yoast_head":"<!-- This site is optimized with the Yoast SEO plugin v27.5 - https:\/\/yoast.com\/product\/yoast-seo-wordpress\/ -->\n<title>C\u00e0psula Formativa: Mapes Emocionals - SEER<\/title>\n<meta name=\"description\" content=\"Formaci\u00f3 per treballar els vincles en l\u2019acompanyament amb adolescents i joves a trav\u00e9s del recurs del Mapa Emocional.\" \/>\n<meta name=\"robots\" content=\"index, follow, max-snippet:-1, max-image-preview:large, max-video-preview:-1\" \/>\n<link rel=\"canonical\" href=\"https:\/\/salutieducacioemocional.com\/ca\/departament-formacio\/format-amb-nosaltres\/capsula-formativa-mapes-emocionals\/\" \/>\n<meta property=\"og:locale\" content=\"ca_ES\" \/>\n<meta property=\"og:type\" content=\"article\" \/>\n<meta property=\"og:title\" content=\"C\u00e0psula Formativa: Mapes Emocionals - SEER\" \/>\n<meta property=\"og:description\" content=\"Formaci\u00f3 per treballar els vincles en l\u2019acompanyament amb adolescents i joves a trav\u00e9s del recurs del Mapa Emocional.\" \/>\n<meta property=\"og:url\" content=\"https:\/\/salutieducacioemocional.com\/ca\/departament-formacio\/format-amb-nosaltres\/capsula-formativa-mapes-emocionals\/\" \/>\n<meta property=\"og:site_name\" content=\"SEER\" \/>\n<meta property=\"article:publisher\" content=\"https:\/\/www.facebook.com\/equipseer\" \/>\n<meta property=\"article:modified_time\" content=\"2023-03-16T14:49:43+00:00\" \/>\n<meta property=\"og:image\" content=\"https:\/\/salutieducacioemocional.com\/wp-content\/uploads\/2020\/03\/formacio-mapa-emocional-seer.jpg\" \/>\n\t<meta property=\"og:image:width\" content=\"500\" \/>\n\t<meta property=\"og:image:height\" content=\"499\" \/>\n\t<meta property=\"og:image:type\" content=\"image\/jpeg\" \/>\n<meta name=\"twitter:card\" content=\"summary_large_image\" \/>\n<meta name=\"twitter:site\" content=\"@equipseer\" \/>\n<script type=\"application\/ld+json\" class=\"yoast-schema-graph\">{\"@context\":\"https:\\\/\\\/schema.org\",\"@graph\":[{\"@type\":\"WebPage\",\"@id\":\"https:\\\/\\\/salutieducacioemocional.com\\\/ca\\\/departament-formacio\\\/format-amb-nosaltres\\\/capsula-formativa-mapes-emocionals\\\/\",\"url\":\"https:\\\/\\\/salutieducacioemocional.com\\\/ca\\\/departament-formacio\\\/format-amb-nosaltres\\\/capsula-formativa-mapes-emocionals\\\/\",\"name\":\"C\u00e0psula Formativa: Mapes Emocionals - SEER\",\"isPartOf\":{\"@id\":\"https:\\\/\\\/salutieducacioemocional.com\\\/#website\"},\"primaryImageOfPage\":{\"@id\":\"https:\\\/\\\/salutieducacioemocional.com\\\/ca\\\/departament-formacio\\\/format-amb-nosaltres\\\/capsula-formativa-mapes-emocionals\\\/#primaryimage\"},\"image\":{\"@id\":\"https:\\\/\\\/salutieducacioemocional.com\\\/ca\\\/departament-formacio\\\/format-amb-nosaltres\\\/capsula-formativa-mapes-emocionals\\\/#primaryimage\"},\"thumbnailUrl\":\"https:\\\/\\\/salutieducacioemocional.com\\\/wp-content\\\/uploads\\\/2020\\\/03\\\/formacio-mapa-emocional-seer.jpg\",\"datePublished\":\"2020-03-11T19:08:29+00:00\",\"dateModified\":\"2023-03-16T14:49:43+00:00\",\"description\":\"Formaci\u00f3 per treballar els vincles en l\u2019acompanyament amb adolescents i joves a trav\u00e9s del recurs del Mapa Emocional.\",\"breadcrumb\":{\"@id\":\"https:\\\/\\\/salutieducacioemocional.com\\\/ca\\\/departament-formacio\\\/format-amb-nosaltres\\\/capsula-formativa-mapes-emocionals\\\/#breadcrumb\"},\"inLanguage\":\"ca\",\"potentialAction\":[{\"@type\":\"ReadAction\",\"target\":[\"https:\\\/\\\/salutieducacioemocional.com\\\/ca\\\/departament-formacio\\\/format-amb-nosaltres\\\/capsula-formativa-mapes-emocionals\\\/\"]}]},{\"@type\":\"ImageObject\",\"inLanguage\":\"ca\",\"@id\":\"https:\\\/\\\/salutieducacioemocional.com\\\/ca\\\/departament-formacio\\\/format-amb-nosaltres\\\/capsula-formativa-mapes-emocionals\\\/#primaryimage\",\"url\":\"https:\\\/\\\/salutieducacioemocional.com\\\/wp-content\\\/uploads\\\/2020\\\/03\\\/formacio-mapa-emocional-seer.jpg\",\"contentUrl\":\"https:\\\/\\\/salutieducacioemocional.com\\\/wp-content\\\/uploads\\\/2020\\\/03\\\/formacio-mapa-emocional-seer.jpg\",\"width\":500,\"height\":499,\"caption\":\"Formacio Mapa Emocional SEER\"},{\"@type\":\"BreadcrumbList\",\"@id\":\"https:\\\/\\\/salutieducacioemocional.com\\\/ca\\\/departament-formacio\\\/format-amb-nosaltres\\\/capsula-formativa-mapes-emocionals\\\/#breadcrumb\",\"itemListElement\":[{\"@type\":\"ListItem\",\"position\":1,\"name\":\"Portada\",\"item\":\"https:\\\/\\\/salutieducacioemocional.com\\\/\"},{\"@type\":\"ListItem\",\"position\":2,\"name\":\"Formaci\u00f3\",\"item\":\"https:\\\/\\\/salutieducacioemocional.com\\\/ca\\\/departament-formacio\\\/\"},{\"@type\":\"ListItem\",\"position\":3,\"name\":\"Formaci\u00f3 Propia\",\"item\":\"https:\\\/\\\/salutieducacioemocional.com\\\/ca\\\/departament-formacio\\\/format-amb-nosaltres\\\/\"},{\"@type\":\"ListItem\",\"position\":4,\"name\":\"C\u00e0psula Formativa: Mapes Emocionals\"}]},{\"@type\":\"WebSite\",\"@id\":\"https:\\\/\\\/salutieducacioemocional.com\\\/#website\",\"url\":\"https:\\\/\\\/salutieducacioemocional.com\\\/\",\"name\":\"SEER\",\"description\":\"Salut i Educaci\u00f3 Emocional\",\"publisher\":{\"@id\":\"https:\\\/\\\/salutieducacioemocional.com\\\/#organization\"},\"potentialAction\":[{\"@type\":\"SearchAction\",\"target\":{\"@type\":\"EntryPoint\",\"urlTemplate\":\"https:\\\/\\\/salutieducacioemocional.com\\\/?s={search_term_string}\"},\"query-input\":{\"@type\":\"PropertyValueSpecification\",\"valueRequired\":true,\"valueName\":\"search_term_string\"}}],\"inLanguage\":\"ca\"},{\"@type\":\"Organization\",\"@id\":\"https:\\\/\\\/salutieducacioemocional.com\\\/#organization\",\"name\":\"Salut i Educaci\u00f3 Emocional S.L\",\"alternateName\":\"SEER\",\"url\":\"https:\\\/\\\/salutieducacioemocional.com\\\/\",\"logo\":{\"@type\":\"ImageObject\",\"inLanguage\":\"ca\",\"@id\":\"https:\\\/\\\/salutieducacioemocional.com\\\/#\\\/schema\\\/logo\\\/image\\\/\",\"url\":\"https:\\\/\\\/salutieducacioemocional.com\\\/wp-content\\\/uploads\\\/2018\\\/12\\\/cropped-educacion-emocional-seer-e1545471861400.png\",\"contentUrl\":\"https:\\\/\\\/salutieducacioemocional.com\\\/wp-content\\\/uploads\\\/2018\\\/12\\\/cropped-educacion-emocional-seer-e1545471861400.png\",\"width\":200,\"height\":78,\"caption\":\"Salut i Educaci\u00f3 Emocional S.L\"},\"image\":{\"@id\":\"https:\\\/\\\/salutieducacioemocional.com\\\/#\\\/schema\\\/logo\\\/image\\\/\"},\"sameAs\":[\"https:\\\/\\\/www.facebook.com\\\/equipseer\",\"https:\\\/\\\/x.com\\\/equipseer\",\"https:\\\/\\\/www.instagram.com\\\/equipseer\\\/\",\"https:\\\/\\\/www.linkedin.com\\\/company\\\/9231569\\\/admin\\\/\",\"https:\\\/\\\/www.youtube.com\\\/@equipseer\",\"https:\\\/\\\/t.me\\\/seer_info\"]}]}<\/script>\n<!-- \/ Yoast SEO plugin. -->","yoast_head_json":{"title":"C\u00e0psula Formativa: Mapes Emocionals - SEER","description":"Formaci\u00f3 per treballar els vincles en l\u2019acompanyament amb adolescents i joves a trav\u00e9s del recurs del Mapa Emocional.","robots":{"index":"index","follow":"follow","max-snippet":"max-snippet:-1","max-image-preview":"max-image-preview:large","max-video-preview":"max-video-preview:-1"},"canonical":"https:\/\/salutieducacioemocional.com\/ca\/departament-formacio\/format-amb-nosaltres\/capsula-formativa-mapes-emocionals\/","og_locale":"ca_ES","og_type":"article","og_title":"C\u00e0psula Formativa: Mapes Emocionals - SEER","og_description":"Formaci\u00f3 per treballar els vincles en l\u2019acompanyament amb adolescents i joves a trav\u00e9s del recurs del Mapa Emocional.","og_url":"https:\/\/salutieducacioemocional.com\/ca\/departament-formacio\/format-amb-nosaltres\/capsula-formativa-mapes-emocionals\/","og_site_name":"SEER","article_publisher":"https:\/\/www.facebook.com\/equipseer","article_modified_time":"2023-03-16T14:49:43+00:00","og_image":[{"width":500,"height":499,"url":"https:\/\/salutieducacioemocional.com\/wp-content\/uploads\/2020\/03\/formacio-mapa-emocional-seer.jpg","type":"image\/jpeg"}],"twitter_card":"summary_large_image","twitter_site":"@equipseer","schema":{"@context":"https:\/\/schema.org","@graph":[{"@type":"WebPage","@id":"https:\/\/salutieducacioemocional.com\/ca\/departament-formacio\/format-amb-nosaltres\/capsula-formativa-mapes-emocionals\/","url":"https:\/\/salutieducacioemocional.com\/ca\/departament-formacio\/format-amb-nosaltres\/capsula-formativa-mapes-emocionals\/","name":"C\u00e0psula Formativa: Mapes Emocionals - SEER","isPartOf":{"@id":"https:\/\/salutieducacioemocional.com\/#website"},"primaryImageOfPage":{"@id":"https:\/\/salutieducacioemocional.com\/ca\/departament-formacio\/format-amb-nosaltres\/capsula-formativa-mapes-emocionals\/#primaryimage"},"image":{"@id":"https:\/\/salutieducacioemocional.com\/ca\/departament-formacio\/format-amb-nosaltres\/capsula-formativa-mapes-emocionals\/#primaryimage"},"thumbnailUrl":"https:\/\/salutieducacioemocional.com\/wp-content\/uploads\/2020\/03\/formacio-mapa-emocional-seer.jpg","datePublished":"2020-03-11T19:08:29+00:00","dateModified":"2023-03-16T14:49:43+00:00","description":"Formaci\u00f3 per treballar els vincles en l\u2019acompanyament amb adolescents i joves a trav\u00e9s del recurs del Mapa Emocional.","breadcrumb":{"@id":"https:\/\/salutieducacioemocional.com\/ca\/departament-formacio\/format-amb-nosaltres\/capsula-formativa-mapes-emocionals\/#breadcrumb"},"inLanguage":"ca","potentialAction":[{"@type":"ReadAction","target":["https:\/\/salutieducacioemocional.com\/ca\/departament-formacio\/format-amb-nosaltres\/capsula-formativa-mapes-emocionals\/"]}]},{"@type":"ImageObject","inLanguage":"ca","@id":"https:\/\/salutieducacioemocional.com\/ca\/departament-formacio\/format-amb-nosaltres\/capsula-formativa-mapes-emocionals\/#primaryimage","url":"https:\/\/salutieducacioemocional.com\/wp-content\/uploads\/2020\/03\/formacio-mapa-emocional-seer.jpg","contentUrl":"https:\/\/salutieducacioemocional.com\/wp-content\/uploads\/2020\/03\/formacio-mapa-emocional-seer.jpg","width":500,"height":499,"caption":"Formacio Mapa Emocional SEER"},{"@type":"BreadcrumbList","@id":"https:\/\/salutieducacioemocional.com\/ca\/departament-formacio\/format-amb-nosaltres\/capsula-formativa-mapes-emocionals\/#breadcrumb","itemListElement":[{"@type":"ListItem","position":1,"name":"Portada","item":"https:\/\/salutieducacioemocional.com\/"},{"@type":"ListItem","position":2,"name":"Formaci\u00f3","item":"https:\/\/salutieducacioemocional.com\/ca\/departament-formacio\/"},{"@type":"ListItem","position":3,"name":"Formaci\u00f3 Propia","item":"https:\/\/salutieducacioemocional.com\/ca\/departament-formacio\/format-amb-nosaltres\/"},{"@type":"ListItem","position":4,"name":"C\u00e0psula Formativa: Mapes Emocionals"}]},{"@type":"WebSite","@id":"https:\/\/salutieducacioemocional.com\/#website","url":"https:\/\/salutieducacioemocional.com\/","name":"SEER","description":"Salut i Educaci\u00f3 Emocional","publisher":{"@id":"https:\/\/salutieducacioemocional.com\/#organization"},"potentialAction":[{"@type":"SearchAction","target":{"@type":"EntryPoint","urlTemplate":"https:\/\/salutieducacioemocional.com\/?s={search_term_string}"},"query-input":{"@type":"PropertyValueSpecification","valueRequired":true,"valueName":"search_term_string"}}],"inLanguage":"ca"},{"@type":"Organization","@id":"https:\/\/salutieducacioemocional.com\/#organization","name":"Salut i Educaci\u00f3 Emocional S.L","alternateName":"SEER","url":"https:\/\/salutieducacioemocional.com\/","logo":{"@type":"ImageObject","inLanguage":"ca","@id":"https:\/\/salutieducacioemocional.com\/#\/schema\/logo\/image\/","url":"https:\/\/salutieducacioemocional.com\/wp-content\/uploads\/2018\/12\/cropped-educacion-emocional-seer-e1545471861400.png","contentUrl":"https:\/\/salutieducacioemocional.com\/wp-content\/uploads\/2018\/12\/cropped-educacion-emocional-seer-e1545471861400.png","width":200,"height":78,"caption":"Salut i Educaci\u00f3 Emocional S.L"},"image":{"@id":"https:\/\/salutieducacioemocional.com\/#\/schema\/logo\/image\/"},"sameAs":["https:\/\/www.facebook.com\/equipseer","https:\/\/x.com\/equipseer","https:\/\/www.instagram.com\/equipseer\/","https:\/\/www.linkedin.com\/company\/9231569\/admin\/","https:\/\/www.youtube.com\/@equipseer","https:\/\/t.me\/seer_info"]}]}},"_links":{"self":[{"href":"https:\/\/salutieducacioemocional.com\/ca\/wp-json\/wp\/v2\/pages\/5603","targetHints":{"allow":["GET"]}}],"collection":[{"href":"https:\/\/salutieducacioemocional.com\/ca\/wp-json\/wp\/v2\/pages"}],"about":[{"href":"https:\/\/salutieducacioemocional.com\/ca\/wp-json\/wp\/v2\/types\/page"}],"author":[{"embeddable":true,"href":"https:\/\/salutieducacioemocional.com\/ca\/wp-json\/wp\/v2\/users\/1"}],"replies":[{"embeddable":true,"href":"https:\/\/salutieducacioemocional.com\/ca\/wp-json\/wp\/v2\/comments?post=5603"}],"version-history":[{"count":20,"href":"https:\/\/salutieducacioemocional.com\/ca\/wp-json\/wp\/v2\/pages\/5603\/revisions"}],"predecessor-version":[{"id":9899,"href":"https:\/\/salutieducacioemocional.com\/ca\/wp-json\/wp\/v2\/pages\/5603\/revisions\/9899"}],"up":[{"embeddable":true,"href":"https:\/\/salutieducacioemocional.com\/ca\/wp-json\/wp\/v2\/pages\/633"}],"wp:featuredmedia":[{"embeddable":true,"href":"https:\/\/salutieducacioemocional.com\/ca\/wp-json\/wp\/v2\/media\/5604"}],"wp:attachment":[{"href":"https:\/\/salutieducacioemocional.com\/ca\/wp-json\/wp\/v2\/media?parent=5603"}],"curies":[{"name":"wp","href":"https:\/\/api.w.org\/{rel}","templated":true}]}}