{"id":13792,"date":"2025-11-18T14:49:18","date_gmt":"2025-11-18T14:49:18","guid":{"rendered":"https:\/\/salutieducacioemocional.com\/?post_type=product&#038;p=13792"},"modified":"2025-11-18T14:52:21","modified_gmt":"2025-11-18T14:52:21","slug":"formacio-abordatge-integral-del-bullying","status":"publish","type":"product","link":"https:\/\/salutieducacioemocional.com\/ca\/producte\/formacio-abordatge-integral-del-bullying\/","title":{"rendered":"Formaci\u00f3 \u00b7 Abordatge integral del bullying i altres formes de viol\u00e8ncia entre iguals"},"content":{"rendered":"<h3 id=\"anchor-4\" data-start=\"457\" data-end=\"502\">Formaci\u00f3 per transformar el malestar en conviv\u00e8ncia<\/h3>\n<p data-start=\"503\" data-end=\"922\">Coneix eines pr\u00e0ctiques per a l\u2019abordatge de la viol\u00e8ncia i el maltractament entre iguals dins d\u2019un marc integral que ordena els objectius en tres fases:\u00a0<strong data-start=\"657\" data-end=\"691\">prevenci\u00f3, detecci\u00f3 i actuaci\u00f3<\/strong>.<br data-start=\"692\" data-end=\"695\" \/>Apr\u00e8n metodologies per a l\u2019acompanyament socioemocional dels diferents rols implicats \u2014infants, adolescents, fam\u00edlies i equips professionals\u2014, per transformar el malestar en un\u00a0<strong data-start=\"872\" data-end=\"921\">comprom\u00eds cap a la reparaci\u00f3 i la conviv\u00e8ncia<\/strong>.<\/p>\n<p data-start=\"924\" data-end=\"1353\">Aquesta formaci\u00f3, creada conjuntament per\u00a0<strong data-start=\"966\" data-end=\"982\">PDA Bullying<\/strong>\u00a0i\u00a0<strong data-start=\"985\" data-end=\"1022\">SEER (Salut i Educaci\u00f3 Emocional)<\/strong>, proposa una mirada\u00a0<strong data-start=\"1043\" data-end=\"1077\">ampla, inclusiva i comunit\u00e0ria<\/strong>\u00a0davant del bullying i altres formes de viol\u00e8ncia entre iguals. A partir del\u00a0<strong data-start=\"1154\" data-end=\"1167\">model PDA<\/strong>, s\u2019ofereixen recursos pr\u00e0ctics per recon\u00e8ixer, prevenir i actuar davant de situacions de maltractament, amb un enfocament positiu, reparador i basat en les compet\u00e8ncies socioemocionals.<\/p>\n<h3 id=\"anchor-5\" data-start=\"1360\" data-end=\"1385\"><strong data-start=\"1367\" data-end=\"1385\">Una formaci\u00f3 adre\u00e7ada a tu<\/strong><\/h3>\n<p data-start=\"1386\" data-end=\"1530\">Formaci\u00f3 d\u2019especialitzaci\u00f3\u00a0<strong>adre\u00e7ada a professionals que acompanyen nens, nenes i adolescents<\/strong>\u00a0i volen incorporar el model PDA a la seva pr\u00e0ctica:<\/p>\n<ul data-start=\"1532\" data-end=\"1822\">\n<li data-start=\"1532\" data-end=\"1590\">\n<p data-start=\"1534\" data-end=\"1590\">Professionals de l\u2019\u00e0mbit social i comunitari.<\/p>\n<\/li>\n<li data-start=\"1591\" data-end=\"1654\">\n<p data-start=\"1593\" data-end=\"1654\">Referents de projectes i programes de promoci\u00f3 del benestar i abordatge de la viol\u00e8ncia.<\/p>\n<\/li>\n<li data-start=\"1591\" data-end=\"1654\">\n<p data-start=\"1593\" data-end=\"1654\">Altres professionals vinculats a la protecci\u00f3 de la inf\u00e0ncia i l\u2019adolesc\u00e8ncia.<\/p>\n<\/li>\n<\/ul>\n<h3 id=\"anchor-6\" data-start=\"1829\" data-end=\"1862\"><strong data-start=\"1836\" data-end=\"1862\">Aprenentatges i eines que t&#8217;emportar\u00e0s<\/strong><\/h3>\n<p data-start=\"2012\" data-end=\"2039\"><strong>Bloc 1: Prevenci\u00f3<\/strong><\/p>\n<ul>\n<li>Model PDA, un sistema per a la gesti\u00f3 de la protecci\u00f3.<\/li>\n<li data-start=\"2114\" data-end=\"2161\">\n<p data-start=\"2116\" data-end=\"2161\">Propostes per a la prevenci\u00f3 de l\u2019assetjament entre iguals.<\/p>\n<\/li>\n<li data-start=\"2114\" data-end=\"2161\">\n<p data-start=\"2116\" data-end=\"2161\">Prevenir, una resposta a altres formes de viol\u00e8ncia i maltractament.<\/p>\n<\/li>\n<li data-start=\"2162\" data-end=\"2206\">\n<p data-start=\"2164\" data-end=\"2206\">Refor\u00e7ar un paradigma positiu, afrontament resilient i superaci\u00f3.<\/p>\n<\/li>\n<li data-start=\"2269\" data-end=\"2319\">\n<p data-start=\"2271\" data-end=\"2319\">I, qu\u00e8 en fem dels factors de risc i la protecci\u00f3 en l\u2019\u00e0mbit digital?<\/p>\n<\/li>\n<\/ul>\n<p data-start=\"2321\" data-end=\"2347\"><strong>Bloc 2: Detecci\u00f3<\/strong><\/p>\n<ul>\n<li>Model PDA, de l&#8217;escalada del conflicte a la tipificaci\u00f3 del maltractament.<\/li>\n<li data-start=\"2348\" data-end=\"2405\">\n<p data-start=\"2350\" data-end=\"2405\">Propostes per a l\u2019observaci\u00f3 del benestar i les relacions.<\/p>\n<\/li>\n<li data-start=\"2406\" data-end=\"2468\">SVNA: un sistema d&#8217;alertes per a la resposta urgent.<\/li>\n<li data-start=\"2406\" data-end=\"2468\">\n<p data-start=\"2408\" data-end=\"2468\">Estrat\u00e8gia d&#8217;abordatge socioemocional per a la diagnosi, detecci\u00f3 de necessitats.<\/p>\n<\/li>\n<li data-start=\"2469\" data-end=\"2520\">\n<p data-start=\"2471\" data-end=\"2520\">L&#8217;equip de resposta i la import\u00e0ncia d&#8217;un mapa d\u2019actius, com dissenyem un pla d\u2019acci\u00f3?<\/p>\n<\/li>\n<\/ul>\n<p data-start=\"2570\" data-end=\"2596\"><strong>Bloc 3: Actuaci\u00f3<\/strong><\/p>\n<ul data-start=\"2597\" data-end=\"2900\">\n<li data-start=\"2597\" data-end=\"2670\">\n<p data-start=\"2599\" data-end=\"2670\">Model PDA, una resposta des de l&#8217;alerta i fins a la restauraci\u00f3.<\/p>\n<\/li>\n<li data-start=\"2597\" data-end=\"2670\">\n<p data-start=\"2599\" data-end=\"2670\">Propostes per a la intervenci\u00f3 amb els diferents agents i cercles d\u2019acci\u00f3.<\/p>\n<\/li>\n<li data-start=\"2671\" data-end=\"2740\">La viol\u00e8ncia: una ferida emocional. Recursos per a la restauraci\u00f3 i acompanyament del dolor.<\/li>\n<li data-start=\"2798\" data-end=\"2837\">\n<p data-start=\"2800\" data-end=\"2837\">Eines per a l&#8217;acompanyament individual i familiar.<\/p>\n<\/li>\n<li data-start=\"2838\" data-end=\"2900\">\n<p data-start=\"2840\" data-end=\"2900\">Desenvolupament socioemocional i just\u00edcia transicional, com acompanyem m\u00e9s enll\u00e0 del dany?<\/p>\n<\/li>\n<\/ul>\n<h3 id=\"anchor-7\" data-start=\"2907\" data-end=\"2952\"><strong data-start=\"2915\" data-end=\"2952\">Calendari de sessions presencials<\/strong><\/h3>\n<ul data-start=\"2953\" data-end=\"3272\">\n<li data-start=\"2953\" data-end=\"2992\">\n<p data-start=\"2955\" data-end=\"2992\"><strong data-start=\"2955\" data-end=\"2973\">13 de desembre<\/strong>\u00a0\u00b7 9.30 \u2013 14.30 h<\/p>\n<\/li>\n<li data-start=\"2993\" data-end=\"3041\">\n<p data-start=\"2995\" data-end=\"3041\"><strong data-start=\"2995\" data-end=\"3010\">17 de gener<\/strong>\u00a0\u00b7 9.30 \u2013 14 h | 15.30 \u2013 19 h<\/p>\n<\/li>\n<li data-start=\"3042\" data-end=\"3090\">\n<p data-start=\"3044\" data-end=\"3090\"><strong data-start=\"3044\" data-end=\"3059\">31 de gener<\/strong>\u00a0\u00b7 9.30 \u2013 14 h | 15.30 \u2013 19 h<\/p>\n<\/li>\n<li data-start=\"3091\" data-end=\"3140\">\n<p data-start=\"3093\" data-end=\"3140\"><strong data-start=\"3093\" data-end=\"3109\">28 de febrer<\/strong>\u00a0\u00b7 9.30 \u2013 14 h | 15.30 \u2013 19 h<\/p>\n<\/li>\n<li data-start=\"3141\" data-end=\"3188\">\n<p data-start=\"3143\" data-end=\"3188\"><strong data-start=\"3143\" data-end=\"3157\">21 de mar\u00e7<\/strong>\u00a0\u00b7 9.30 \u2013 14 h | 15.30 \u2013 19 h<\/p>\n<\/li>\n<li data-start=\"3189\" data-end=\"3236\">\n<p data-start=\"3191\" data-end=\"3236\"><strong data-start=\"3191\" data-end=\"3205\">25 d\u2019abril<\/strong>\u00a0\u00b7 9.30 \u2013 14 h | 15.30 \u2013 19 h<\/p>\n<\/li>\n<li data-start=\"3237\" data-end=\"3272\">\n<p data-start=\"3239\" data-end=\"3272\"><strong data-start=\"3239\" data-end=\"3253\">16 de maig<\/strong>\u00a0\u00b7 9.30 \u2013 14.30 h<\/p>\n<\/li>\n<\/ul>\n<h2 id=\"anchor-1\" data-start=\"235\" data-end=\"264\"><strong data-start=\"241\" data-end=\"264\">Resum i informacions pr\u00e0ctiques<\/strong><\/h2>\n<ul data-start=\"2953\" data-end=\"3272\">\n<li data-start=\"3141\" data-end=\"3188\">\n<p data-start=\"3143\" data-end=\"3188\"><strong data-start=\"266\" data-end=\"283\">Durada total:<\/strong>\u00a070 hores (50 presencials + 20 as\u00edncrones)<\/p>\n<\/li>\n<li data-start=\"3237\" data-end=\"3272\">\n<p data-start=\"3239\" data-end=\"3272\"><strong data-start=\"328\" data-end=\"339\">Format:<\/strong>\u00a0Sessions vivencials i treball aut\u00f2nom amb suport digital<\/p>\n<\/li>\n<li data-start=\"3237\" data-end=\"3272\">\n<p data-start=\"3239\" data-end=\"3272\"><strong data-start=\"399\" data-end=\"412\">Ubicaci\u00f3:<\/strong>\u00a0Carrer Casp, 114, Esc B, 1r 2a, 08013\u00a0<strong>Barcelona<\/strong>.<\/p>\n<\/li>\n<li data-start=\"3237\" data-end=\"3272\">\n<p data-start=\"3239\" data-end=\"3272\"><strong data-start=\"458\" data-end=\"475\">Acreditaci\u00f3:<\/strong>\u00a0Certificat d&#8217;aprofitament.<\/p>\n<\/li>\n<li data-start=\"3237\" data-end=\"3272\">\n<p data-start=\"3239\" data-end=\"3272\"><strong data-start=\"510\" data-end=\"519\">Preu:<\/strong>\u00a0100% subvencionat per a professionals d&#8217;\u00e0mbit social.<br \/>\n<em>*Si tens un altre perfil o treballes a un altre \u00e0mbit, pregunta&#8217;ns!<\/em><\/p>\n<\/li>\n<li data-start=\"3237\" data-end=\"3272\">\n<p data-start=\"3239\" data-end=\"3272\"><strong data-start=\"540\" data-end=\"551\">Idioma:<\/strong>\u00a0Catal\u00e0.<\/p>\n<\/li>\n<li data-start=\"3237\" data-end=\"3272\">\n<p data-start=\"3239\" data-end=\"3272\"><strong data-start=\"561\" data-end=\"582\">Places limitades:<\/strong>\u00a0Grup redu\u00eft per garantir l\u2019acompanyament personalitzat.<\/p>\n<\/li>\n<li data-start=\"3237\" data-end=\"3272\">\n<p data-start=\"3239\" data-end=\"3272\"><strong data-start=\"640\" data-end=\"673\" data-is-only-node=\"\">Inscripcions obertes fins al:<\/strong>\u00a05 de desembre de 2025.<\/p>\n<\/li>\n<li data-start=\"3237\" data-end=\"3272\">\n<p data-start=\"3239\" data-end=\"3272\"><strong data-start=\"683\" data-end=\"696\">Si necessites contactar:<\/strong>\u00a0equipseer@salutieducacioemocional.com<\/p>\n<\/li>\n<\/ul>\n<h2 id=\"anchor-2\" data-start=\"826\" data-end=\"861\"><strong data-start=\"832\" data-end=\"861\">Preguntes freq\u00fcents (FAQ)<\/strong><\/h2>\n<ol>\n<li data-start=\"863\" data-end=\"1061\"><strong data-start=\"863\" data-end=\"902\">A qui s\u2019adre\u00e7a aquesta formaci\u00f3?<\/strong><br data-start=\"902\" data-end=\"905\" \/>A professionals de l\u2019\u00e0mbit social i comunitari que treballen amb infants i adolescents i volen incorporar el model PDA a la seva pr\u00e0ctica di\u00e0ria.<\/li>\n<li data-start=\"1063\" data-end=\"1206\"><strong data-start=\"1063\" data-end=\"1093\">Cal experi\u00e8ncia pr\u00e8via?<\/strong><br data-start=\"1093\" data-end=\"1096\" \/>No \u00e9s imprescindible, tot i que busca l&#8217;especialitzaci\u00f3 i aprofundiment. La formaci\u00f3 combina teoria i pr\u00e0ctica per adaptar-se a diferents nivells de coneixement.<\/li>\n<li data-start=\"1208\" data-end=\"1403\"><strong data-start=\"1208\" data-end=\"1242\">Quina acreditaci\u00f3 obtindr\u00e9?<\/strong><br data-start=\"1242\" data-end=\"1245\" \/>Un certificat em\u00e8s per PDA Bullying i SEER, que acredita la formaci\u00f3 de 70 hores en abordatge integral del bullying i altres formes de viol\u00e8ncia entre iguals.\u00a0<em>La formaci\u00f3 es troba en proc\u00e9s d&#8217;avaluaci\u00f3 per a l&#8217;acreditaci\u00f3 de serveis socials.<\/em><\/li>\n<li data-start=\"1405\" data-end=\"1569\"><strong data-start=\"1405\" data-end=\"1441\">Hi haur\u00e0 activitats en l\u00ednia?<\/strong><br data-start=\"1441\" data-end=\"1444\" \/>S\u00ed. Les 20 hores as\u00edncrones es realitzaran a trav\u00e9s d\u2019una plataforma digital, amb materials, lectures i propostes pr\u00e0ctiques.<\/li>\n<li data-start=\"1571\" data-end=\"1719\"><strong data-start=\"1721\" data-end=\"1781\">Qu\u00e8 la diferencia d\u2019altres formacions sobre bullying?<\/strong><br data-start=\"1781\" data-end=\"1784\" \/>En aquests moments a Catalunya no existeix formaci\u00f3 d&#8217;especialitzaci\u00f3 sobre bullying. Nosaltres portem el bagatge de m\u00e9s de 20 anys de treball com a referents en prevenci\u00f3, detecci\u00f3 i actuaci\u00f3 a un espai que t&#8217;acompanya a l&#8217;especialitzaci\u00f3.<br \/>\nL&#8217;aposta pel\u00a0<strong>model PDA<\/strong>\u00a0\u00e9s clau i diferenciadora. A m\u00e9s, et proposem un enfocament pr\u00e0ctic, no centrat en l&#8217;educaci\u00f3 formal, amb mirada comunit\u00e0ria i filosofia enfocada a la reparaci\u00f3.<\/li>\n<li data-start=\"1571\" data-end=\"1719\"><strong>Puc accedir a la formaci\u00f3 si no compleixo les condicions per a la subvenci\u00f3?<br \/>\n<\/strong>S\u00ed, consulta&#8217;ns!<\/li>\n<\/ol>\n<h2 id=\"anchor-3\" data-start=\"826\" data-end=\"861\"><strong data-start=\"832\" data-end=\"861\">Equip docent<\/strong><\/h2>\n<ul data-start=\"2953\" data-end=\"3272\">\n<li data-start=\"3237\" data-end=\"3272\">\n<p data-start=\"3239\" data-end=\"3272\">Ariadna Troya Sol\u00e9.\u00a0Crimin\u00f2loga i educadora emocional. Impulsa programes de prevenci\u00f3 i benestar emocional a la inf\u00e0ncia i adolesc\u00e8ncia. Referent a l&#8217;iCAS (Servei per a l&#8217;Atenci\u00f3 al Conflicte i l&#8217;Abordatge Integral de la Viol\u00e8ncia) d&#8217;Equip SEER.<\/p>\n<\/li>\n<li data-start=\"3237\" data-end=\"3272\">\n<p data-start=\"3239\" data-end=\"3272\">Laia Catal\u00e0 Mir\u00f3.\u00a0Psic\u00f2loga, responsable d&#8217;equip i projectes a Equip SEER. Formadora en desenvolupament organitzacional i supervisora d&#8217;equips. Assessora de casos a l&#8217;iCAS (Servei per a l&#8217;Atenci\u00f3 al Conflicte i l&#8217;Abordatge Integral de la Viol\u00e8ncia).<\/p>\n<\/li>\n<li data-start=\"3237\" data-end=\"3272\">\n<p data-start=\"3239\" data-end=\"3272\">Ramiro A. Orteg\u00f3n Delgadillo.\u00a0Infermer, expert en maltractament infantil, referent a l&#8217;iCAS (Servei per a l&#8217;Atenci\u00f3 al Conflicte i l&#8217;Abordatge Integral de la Viol\u00e8ncia), i responsable de la Certificaci\u00f3 PDA. Soci d&#8217;Equip SEER i president de Plataforma col\u00b7laborativa PDA Bullying.<\/p>\n<\/li>\n<li data-start=\"3237\" data-end=\"3272\">\n<p data-start=\"3239\" data-end=\"3272\">M\u00f2nica R. Donnellan Barraclough.\u00a0Trabajadora social, directora de projectes de prevenci\u00f3, a l&#8217;\u00e0mbit cultural. Plataforma col\u00b7laborativa PDA Bullying.<\/p>\n<\/li>\n<li data-start=\"3237\" data-end=\"3272\">Marta Vinyals Albiol.\u00a0Psicopedagoga i experta en educaci\u00f3 emocional, \u00e9s responsable de la Xarxa PDA, i referent de projectes d&#8217;\u00e0mbit nacional a Plataforma PDA Bullying.<\/li>\n<\/ul>\n","protected":false},"excerpt":{"rendered":"<p data-start=\"1864\" data-end=\"2010\"><strong data-start=\"1864\" data-end=\"1916\">Total: 70 hores<\/strong><\/p>\n<p data-start=\"1864\" data-end=\"2010\"><strong data-start=\"1864\" data-end=\"1916\">Modalitat: 50 presencials + 20 as\u00edncrones<\/strong><\/p>\n<p data-start=\"1864\" data-end=\"2010\"><strong>Metodologia<\/strong>\u00a0vivencial amb explicacions te\u00f2riques, din\u00e0miques grupals i materials de suport.<\/p>\n<p><strong>100% subvencionada\u00a0<\/strong>(Departament de Drets Socials i Inclusi\u00f3: prevenci\u00f3 del maltractament infantil).<\/p>\n<p><strong>Lloc:<\/strong>\u00a0<strong>Barcelona<\/strong>\u00a0\u2014 Carrer Casp, 114, Esc B, 1r 2a, 08013.<\/p>\n","protected":false},"featured_media":13793,"comment_status":"open","ping_status":"closed","template":"","meta":[],"product_brand":[],"product_cat":[26],"product_tag":[],"class_list":{"0":"post-13792","1":"product","2":"type-product","3":"status-publish","4":"has-post-thumbnail","6":"product_cat-sin-categorizar","8":"first","9":"instock","10":"virtual","11":"purchasable","12":"product-type-simple"},"yoast_head":"<!-- This site is optimized with the Yoast SEO plugin v27.5 - https:\/\/yoast.com\/product\/yoast-seo-wordpress\/ -->\n<title>Formaci\u00f3 abordatge integral del bullying \u00b7 Equip SEER<\/title>\n<meta name=\"robots\" content=\"index, follow, max-snippet:-1, max-image-preview:large, max-video-preview:-1\" \/>\n<link rel=\"canonical\" href=\"https:\/\/salutieducacioemocional.com\/ca\/producte\/formacio-abordatge-integral-del-bullying\/\" \/>\n<meta property=\"og:locale\" content=\"ca_ES\" \/>\n<meta property=\"og:type\" content=\"article\" \/>\n<meta property=\"og:title\" content=\"Formaci\u00f3 abordatge integral del bullying \u00b7 Equip SEER\" \/>\n<meta property=\"og:description\" content=\"Total: 70 hores Modalitat: 50 presencials + 20 as\u00edncrones Metodologia\u00a0vivencial amb explicacions te\u00f2riques, din\u00e0miques grupals i materials de suport. 100% subvencionada\u00a0(Departament de Drets Socials i Inclusi\u00f3: prevenci\u00f3 del maltractament infantil).  Lloc:\u00a0Barcelona\u00a0\u2014 Carrer Casp, 114, Esc B, 1r 2a, 08013.\" \/>\n<meta property=\"og:url\" content=\"https:\/\/salutieducacioemocional.com\/ca\/producte\/formacio-abordatge-integral-del-bullying\/\" \/>\n<meta property=\"og:site_name\" content=\"SEER\" \/>\n<meta property=\"article:publisher\" content=\"https:\/\/www.facebook.com\/equipseer\" \/>\n<meta property=\"article:modified_time\" content=\"2025-11-18T14:52:21+00:00\" \/>\n<meta property=\"og:image\" content=\"https:\/\/salutieducacioemocional.com\/wp-content\/uploads\/2025\/11\/Formacio-70h-bullying-convo.png\" \/>\n\t<meta property=\"og:image:width\" content=\"801\" \/>\n\t<meta property=\"og:image:height\" content=\"801\" \/>\n\t<meta property=\"og:image:type\" content=\"image\/png\" \/>\n<meta name=\"twitter:card\" content=\"summary_large_image\" \/>\n<meta name=\"twitter:site\" content=\"@equipseer\" \/>\n<script type=\"application\/ld+json\" class=\"yoast-schema-graph\">{\"@context\":\"https:\\\/\\\/schema.org\",\"@graph\":[{\"@type\":\"WebPage\",\"@id\":\"https:\\\/\\\/salutieducacioemocional.com\\\/ca\\\/producte\\\/formacio-abordatge-integral-del-bullying\\\/\",\"url\":\"https:\\\/\\\/salutieducacioemocional.com\\\/ca\\\/producte\\\/formacio-abordatge-integral-del-bullying\\\/\",\"name\":\"Formaci\u00f3 abordatge integral del bullying \u00b7 Equip SEER\",\"isPartOf\":{\"@id\":\"https:\\\/\\\/salutieducacioemocional.com\\\/#website\"},\"primaryImageOfPage\":{\"@id\":\"https:\\\/\\\/salutieducacioemocional.com\\\/ca\\\/producte\\\/formacio-abordatge-integral-del-bullying\\\/#primaryimage\"},\"image\":{\"@id\":\"https:\\\/\\\/salutieducacioemocional.com\\\/ca\\\/producte\\\/formacio-abordatge-integral-del-bullying\\\/#primaryimage\"},\"thumbnailUrl\":\"https:\\\/\\\/salutieducacioemocional.com\\\/wp-content\\\/uploads\\\/2025\\\/11\\\/Formacio-70h-bullying-convo.png\",\"datePublished\":\"2025-11-18T14:49:18+00:00\",\"dateModified\":\"2025-11-18T14:52:21+00:00\",\"breadcrumb\":{\"@id\":\"https:\\\/\\\/salutieducacioemocional.com\\\/ca\\\/producte\\\/formacio-abordatge-integral-del-bullying\\\/#breadcrumb\"},\"inLanguage\":\"ca\",\"potentialAction\":[{\"@type\":\"ReadAction\",\"target\":[\"https:\\\/\\\/salutieducacioemocional.com\\\/ca\\\/producte\\\/formacio-abordatge-integral-del-bullying\\\/\"]}]},{\"@type\":\"ImageObject\",\"inLanguage\":\"ca\",\"@id\":\"https:\\\/\\\/salutieducacioemocional.com\\\/ca\\\/producte\\\/formacio-abordatge-integral-del-bullying\\\/#primaryimage\",\"url\":\"https:\\\/\\\/salutieducacioemocional.com\\\/wp-content\\\/uploads\\\/2025\\\/11\\\/Formacio-70h-bullying-convo.png\",\"contentUrl\":\"https:\\\/\\\/salutieducacioemocional.com\\\/wp-content\\\/uploads\\\/2025\\\/11\\\/Formacio-70h-bullying-convo.png\",\"width\":801,\"height\":801},{\"@type\":\"BreadcrumbList\",\"@id\":\"https:\\\/\\\/salutieducacioemocional.com\\\/ca\\\/producte\\\/formacio-abordatge-integral-del-bullying\\\/#breadcrumb\",\"itemListElement\":[{\"@type\":\"ListItem\",\"position\":1,\"name\":\"Portada\",\"item\":\"https:\\\/\\\/salutieducacioemocional.com\\\/\"},{\"@type\":\"ListItem\",\"position\":2,\"name\":\"Tienda\",\"item\":\"https:\\\/\\\/salutieducacioemocional.com\\\/ca\\\/botiga\\\/\"},{\"@type\":\"ListItem\",\"position\":3,\"name\":\"Formaci\u00f3 \u00b7 Abordatge integral del bullying i altres formes de viol\u00e8ncia entre iguals\"}]},{\"@type\":\"WebSite\",\"@id\":\"https:\\\/\\\/salutieducacioemocional.com\\\/#website\",\"url\":\"https:\\\/\\\/salutieducacioemocional.com\\\/\",\"name\":\"SEER\",\"description\":\"Salut i Educaci\u00f3 Emocional\",\"publisher\":{\"@id\":\"https:\\\/\\\/salutieducacioemocional.com\\\/#organization\"},\"potentialAction\":[{\"@type\":\"SearchAction\",\"target\":{\"@type\":\"EntryPoint\",\"urlTemplate\":\"https:\\\/\\\/salutieducacioemocional.com\\\/?s={search_term_string}\"},\"query-input\":{\"@type\":\"PropertyValueSpecification\",\"valueRequired\":true,\"valueName\":\"search_term_string\"}}],\"inLanguage\":\"ca\"},{\"@type\":\"Organization\",\"@id\":\"https:\\\/\\\/salutieducacioemocional.com\\\/#organization\",\"name\":\"Salut i Educaci\u00f3 Emocional S.L\",\"alternateName\":\"SEER\",\"url\":\"https:\\\/\\\/salutieducacioemocional.com\\\/\",\"logo\":{\"@type\":\"ImageObject\",\"inLanguage\":\"ca\",\"@id\":\"https:\\\/\\\/salutieducacioemocional.com\\\/#\\\/schema\\\/logo\\\/image\\\/\",\"url\":\"https:\\\/\\\/salutieducacioemocional.com\\\/wp-content\\\/uploads\\\/2018\\\/12\\\/cropped-educacion-emocional-seer-e1545471861400.png\",\"contentUrl\":\"https:\\\/\\\/salutieducacioemocional.com\\\/wp-content\\\/uploads\\\/2018\\\/12\\\/cropped-educacion-emocional-seer-e1545471861400.png\",\"width\":200,\"height\":78,\"caption\":\"Salut i Educaci\u00f3 Emocional S.L\"},\"image\":{\"@id\":\"https:\\\/\\\/salutieducacioemocional.com\\\/#\\\/schema\\\/logo\\\/image\\\/\"},\"sameAs\":[\"https:\\\/\\\/www.facebook.com\\\/equipseer\",\"https:\\\/\\\/x.com\\\/equipseer\",\"https:\\\/\\\/www.instagram.com\\\/equipseer\\\/\",\"https:\\\/\\\/www.linkedin.com\\\/company\\\/9231569\\\/admin\\\/\",\"https:\\\/\\\/www.youtube.com\\\/@equipseer\",\"https:\\\/\\\/t.me\\\/seer_info\"]}]}<\/script>\n<!-- \/ Yoast SEO plugin. -->","yoast_head_json":{"title":"Formaci\u00f3 abordatge integral del bullying \u00b7 Equip SEER","robots":{"index":"index","follow":"follow","max-snippet":"max-snippet:-1","max-image-preview":"max-image-preview:large","max-video-preview":"max-video-preview:-1"},"canonical":"https:\/\/salutieducacioemocional.com\/ca\/producte\/formacio-abordatge-integral-del-bullying\/","og_locale":"ca_ES","og_type":"article","og_title":"Formaci\u00f3 abordatge integral del bullying \u00b7 Equip SEER","og_description":"Total: 70 hores Modalitat: 50 presencials + 20 as\u00edncrones Metodologia\u00a0vivencial amb explicacions te\u00f2riques, din\u00e0miques grupals i materials de suport. 100% subvencionada\u00a0(Departament de Drets Socials i Inclusi\u00f3: prevenci\u00f3 del maltractament infantil).  Lloc:\u00a0Barcelona\u00a0\u2014 Carrer Casp, 114, Esc B, 1r 2a, 08013.","og_url":"https:\/\/salutieducacioemocional.com\/ca\/producte\/formacio-abordatge-integral-del-bullying\/","og_site_name":"SEER","article_publisher":"https:\/\/www.facebook.com\/equipseer","article_modified_time":"2025-11-18T14:52:21+00:00","og_image":[{"width":801,"height":801,"url":"https:\/\/salutieducacioemocional.com\/wp-content\/uploads\/2025\/11\/Formacio-70h-bullying-convo.png","type":"image\/png"}],"twitter_card":"summary_large_image","twitter_site":"@equipseer","schema":{"@context":"https:\/\/schema.org","@graph":[{"@type":"WebPage","@id":"https:\/\/salutieducacioemocional.com\/ca\/producte\/formacio-abordatge-integral-del-bullying\/","url":"https:\/\/salutieducacioemocional.com\/ca\/producte\/formacio-abordatge-integral-del-bullying\/","name":"Formaci\u00f3 abordatge integral del bullying \u00b7 Equip SEER","isPartOf":{"@id":"https:\/\/salutieducacioemocional.com\/#website"},"primaryImageOfPage":{"@id":"https:\/\/salutieducacioemocional.com\/ca\/producte\/formacio-abordatge-integral-del-bullying\/#primaryimage"},"image":{"@id":"https:\/\/salutieducacioemocional.com\/ca\/producte\/formacio-abordatge-integral-del-bullying\/#primaryimage"},"thumbnailUrl":"https:\/\/salutieducacioemocional.com\/wp-content\/uploads\/2025\/11\/Formacio-70h-bullying-convo.png","datePublished":"2025-11-18T14:49:18+00:00","dateModified":"2025-11-18T14:52:21+00:00","breadcrumb":{"@id":"https:\/\/salutieducacioemocional.com\/ca\/producte\/formacio-abordatge-integral-del-bullying\/#breadcrumb"},"inLanguage":"ca","potentialAction":[{"@type":"ReadAction","target":["https:\/\/salutieducacioemocional.com\/ca\/producte\/formacio-abordatge-integral-del-bullying\/"]}]},{"@type":"ImageObject","inLanguage":"ca","@id":"https:\/\/salutieducacioemocional.com\/ca\/producte\/formacio-abordatge-integral-del-bullying\/#primaryimage","url":"https:\/\/salutieducacioemocional.com\/wp-content\/uploads\/2025\/11\/Formacio-70h-bullying-convo.png","contentUrl":"https:\/\/salutieducacioemocional.com\/wp-content\/uploads\/2025\/11\/Formacio-70h-bullying-convo.png","width":801,"height":801},{"@type":"BreadcrumbList","@id":"https:\/\/salutieducacioemocional.com\/ca\/producte\/formacio-abordatge-integral-del-bullying\/#breadcrumb","itemListElement":[{"@type":"ListItem","position":1,"name":"Portada","item":"https:\/\/salutieducacioemocional.com\/"},{"@type":"ListItem","position":2,"name":"Tienda","item":"https:\/\/salutieducacioemocional.com\/ca\/botiga\/"},{"@type":"ListItem","position":3,"name":"Formaci\u00f3 \u00b7 Abordatge integral del bullying i altres formes de viol\u00e8ncia entre iguals"}]},{"@type":"WebSite","@id":"https:\/\/salutieducacioemocional.com\/#website","url":"https:\/\/salutieducacioemocional.com\/","name":"SEER","description":"Salut i Educaci\u00f3 Emocional","publisher":{"@id":"https:\/\/salutieducacioemocional.com\/#organization"},"potentialAction":[{"@type":"SearchAction","target":{"@type":"EntryPoint","urlTemplate":"https:\/\/salutieducacioemocional.com\/?s={search_term_string}"},"query-input":{"@type":"PropertyValueSpecification","valueRequired":true,"valueName":"search_term_string"}}],"inLanguage":"ca"},{"@type":"Organization","@id":"https:\/\/salutieducacioemocional.com\/#organization","name":"Salut i Educaci\u00f3 Emocional S.L","alternateName":"SEER","url":"https:\/\/salutieducacioemocional.com\/","logo":{"@type":"ImageObject","inLanguage":"ca","@id":"https:\/\/salutieducacioemocional.com\/#\/schema\/logo\/image\/","url":"https:\/\/salutieducacioemocional.com\/wp-content\/uploads\/2018\/12\/cropped-educacion-emocional-seer-e1545471861400.png","contentUrl":"https:\/\/salutieducacioemocional.com\/wp-content\/uploads\/2018\/12\/cropped-educacion-emocional-seer-e1545471861400.png","width":200,"height":78,"caption":"Salut i Educaci\u00f3 Emocional S.L"},"image":{"@id":"https:\/\/salutieducacioemocional.com\/#\/schema\/logo\/image\/"},"sameAs":["https:\/\/www.facebook.com\/equipseer","https:\/\/x.com\/equipseer","https:\/\/www.instagram.com\/equipseer\/","https:\/\/www.linkedin.com\/company\/9231569\/admin\/","https:\/\/www.youtube.com\/@equipseer","https:\/\/t.me\/seer_info"]}]}},"_links":{"self":[{"href":"https:\/\/salutieducacioemocional.com\/ca\/wp-json\/wp\/v2\/product\/13792","targetHints":{"allow":["GET"]}}],"collection":[{"href":"https:\/\/salutieducacioemocional.com\/ca\/wp-json\/wp\/v2\/product"}],"about":[{"href":"https:\/\/salutieducacioemocional.com\/ca\/wp-json\/wp\/v2\/types\/product"}],"replies":[{"embeddable":true,"href":"https:\/\/salutieducacioemocional.com\/ca\/wp-json\/wp\/v2\/comments?post=13792"}],"wp:featuredmedia":[{"embeddable":true,"href":"https:\/\/salutieducacioemocional.com\/ca\/wp-json\/wp\/v2\/media\/13793"}],"wp:attachment":[{"href":"https:\/\/salutieducacioemocional.com\/ca\/wp-json\/wp\/v2\/media?parent=13792"}],"wp:term":[{"taxonomy":"product_brand","embeddable":true,"href":"https:\/\/salutieducacioemocional.com\/ca\/wp-json\/wp\/v2\/product_brand?post=13792"},{"taxonomy":"product_cat","embeddable":true,"href":"https:\/\/salutieducacioemocional.com\/ca\/wp-json\/wp\/v2\/product_cat?post=13792"},{"taxonomy":"product_tag","embeddable":true,"href":"https:\/\/salutieducacioemocional.com\/ca\/wp-json\/wp\/v2\/product_tag?post=13792"}],"curies":[{"name":"wp","href":"https:\/\/api.w.org\/{rel}","templated":true}]}}