{"id":13827,"date":"2025-11-26T16:09:36","date_gmt":"2025-11-26T16:09:36","guid":{"rendered":"https:\/\/salutieducacioemocional.com\/?post_type=product&#038;p=13827"},"modified":"2025-11-27T08:23:35","modified_gmt":"2025-11-27T08:23:35","slug":"capsula-2-educar-per-a-prevenir-leducacio-emocional-en-labordatge-integral-del-bullying","status":"publish","type":"product","link":"https:\/\/salutieducacioemocional.com\/ca\/producte\/capsula-2-educar-per-a-prevenir-leducacio-emocional-en-labordatge-integral-del-bullying\/","title":{"rendered":"C\u00e0psula d&#8217;hivern 2. Educar para prevenir: la educaci\u00f3n emocional en el abordaje integral del bullying"},"content":{"rendered":"<p class=\"p1\"><b>C\u00e0psula 2. Educar per a prevenir: l&#8217;educaci\u00f3 emocional en l&#8217;abordatge integral del bullying<\/b><b><\/b><\/p>\n<p class=\"p1\">En aquesta c\u00e0psula comprendr\u00e0s de manera profunda la import\u00e0ncia de l&#8217;educaci\u00f3 emocional en l&#8217;abordatge de l&#8217;assetjament entre iguals. Aix\u00ed, adquirir\u00e0s recursos i eines per a posar en joc l&#8217;educaci\u00f3 emocional en una fase de prevenci\u00f3 de la viol\u00e8ncia integrada en el Model PDA d&#8217;abordatge (Prevenci\u00f3, Detecci\u00f3 i Actuaci\u00f3).<\/p>\n<p class=\"p1\">\u00c9s per a tu si&#8230;<\/p>\n<p class=\"p1\">\u2714\ufe0f Acompanyes a la inf\u00e0ncia i l&#8217;adolesc\u00e8ncia i t&#8217;ocupa fomentar relacions sanes i equilibrades entre els i les joves.<\/p>\n<p class=\"p1\">\u2714\ufe0f Vols reunir eines i recursos per a treballar l&#8217;educaci\u00f3 emocional en la inf\u00e0ncia i l&#8217;adolesc\u00e8ncia.<\/p>\n<p class=\"p1\">\u2714\ufe0f Vols integrar pr\u00e0ctiques preventives de la viol\u00e8ncia en el dia a dia del teu acompanyament a nens, nenes i joves.<\/p>\n<p class=\"p1\">\u2714\ufe0f Vols adquirir una mirada global de l&#8217;abordatge de l&#8217;assetjament entre iguals, sentint-te m\u00e9s preparada per a donar resposta a situacions de viol\u00e8ncia.<\/p>\n<p class=\"p1\">Aquesta c\u00e0psula t\u00e9 una durada de 3 hores i s&#8217;impartir\u00e0 el 22 de desembre, en horari de 15 a 18h a la Sala Origen de SEER, a Barcelona. El facilitador d&#8217;aquesta c\u00e0psula ser\u00e0 Ramiro Orteg\u00f3n, soci de l&#8217;Equip SEER i president de la Plataforma PDA Bullying.<\/p>\n<p><strong>Les c\u00e0psules d&#8217;hivern tenen un preu de 70\u20ac, inscriu-te a totes dues i gaudeix-ne per \u00fanicament 99\u20ac (estalviant 41\u20ac). Per gaudir del descompte, afegeix les dues c\u00e0psules a la teva cistella i aplica el codi de descompte ESCOLADHIVERN. \u2744\ufe0f<\/strong><\/p>\n","protected":false},"excerpt":{"rendered":"<p>En aquesta c\u00e0psula comprendr\u00e0s de manera profunda la import\u00e0ncia de l&#8217;educaci\u00f3 emocional en l&#8217;abordatge de l&#8217;assetjament entre iguals.<\/p>\n<p><strong>Les c\u00e0psules d&#8217;hivern tenen un preu de 70\u20ac, inscriu-te a totes dues i gaudeix-ne per \u00fanicament 99\u20ac (estalviant 41\u20ac). Per gaudir del descompte, afegeix les dues c\u00e0psules a la teva cistella i aplica el codi de descompte ESCOLADHIVERN. \u2744\ufe0f<\/strong><\/p>\n","protected":false},"featured_media":13815,"comment_status":"open","ping_status":"closed","template":"","meta":[],"product_brand":[],"product_cat":[193],"product_tag":[],"class_list":{"0":"post-13827","1":"product","2":"type-product","3":"status-publish","4":"has-post-thumbnail","6":"product_cat-formacio","8":"first","9":"instock","10":"virtual","11":"purchasable","12":"product-type-simple"},"yoast_head":"<!-- This site is optimized with the Yoast SEO plugin v27.5 - https:\/\/yoast.com\/product\/yoast-seo-wordpress\/ -->\n<title>C\u00e0psula d&#039;hivern 2. Educar para prevenir: la educaci\u00f3n emocional en el abordaje integral del bullying - SEER<\/title>\n<meta name=\"robots\" content=\"index, follow, max-snippet:-1, max-image-preview:large, max-video-preview:-1\" \/>\n<link rel=\"canonical\" href=\"https:\/\/salutieducacioemocional.com\/ca\/producte\/capsula-2-educar-per-a-prevenir-leducacio-emocional-en-labordatge-integral-del-bullying\/\" \/>\n<meta property=\"og:locale\" content=\"ca_ES\" \/>\n<meta property=\"og:type\" content=\"article\" \/>\n<meta property=\"og:title\" content=\"C\u00e0psula d&#039;hivern 2. Educar para prevenir: la educaci\u00f3n emocional en el abordaje integral del bullying - SEER\" \/>\n<meta property=\"og:description\" content=\"En aquesta c\u00e0psula comprendr\u00e0s de manera profunda la import\u00e0ncia de l&#039;educaci\u00f3 emocional en l&#039;abordatge de l&#039;assetjament entre iguals.  Les c\u00e0psules d&#039;hivern tenen un preu de 70\u20ac, inscriu-te a totes dues i gaudeix-ne per \u00fanicament 99\u20ac (estalviant 41\u20ac). Per gaudir del descompte, afegeix les dues c\u00e0psules a la teva cistella i aplica el codi de descompte ESCOLADHIVERN. \u2744\ufe0f\" \/>\n<meta property=\"og:url\" content=\"https:\/\/salutieducacioemocional.com\/ca\/producte\/capsula-2-educar-per-a-prevenir-leducacio-emocional-en-labordatge-integral-del-bullying\/\" \/>\n<meta property=\"og:site_name\" content=\"SEER\" \/>\n<meta property=\"article:publisher\" content=\"https:\/\/www.facebook.com\/equipseer\" \/>\n<meta property=\"article:modified_time\" content=\"2025-11-27T08:23:35+00:00\" \/>\n<meta property=\"og:image\" content=\"https:\/\/salutieducacioemocional.com\/wp-content\/uploads\/2025\/11\/2.png\" \/>\n\t<meta property=\"og:image:width\" content=\"1080\" \/>\n\t<meta property=\"og:image:height\" content=\"1080\" \/>\n\t<meta property=\"og:image:type\" content=\"image\/png\" \/>\n<meta name=\"twitter:card\" content=\"summary_large_image\" \/>\n<meta name=\"twitter:site\" content=\"@equipseer\" \/>\n<script type=\"application\/ld+json\" class=\"yoast-schema-graph\">{\"@context\":\"https:\\\/\\\/schema.org\",\"@graph\":[{\"@type\":\"WebPage\",\"@id\":\"https:\\\/\\\/salutieducacioemocional.com\\\/ca\\\/producte\\\/capsula-2-educar-per-a-prevenir-leducacio-emocional-en-labordatge-integral-del-bullying\\\/\",\"url\":\"https:\\\/\\\/salutieducacioemocional.com\\\/ca\\\/producte\\\/capsula-2-educar-per-a-prevenir-leducacio-emocional-en-labordatge-integral-del-bullying\\\/\",\"name\":\"C\u00e0psula d'hivern 2. Educar para prevenir: la educaci\u00f3n emocional en el abordaje integral del bullying - SEER\",\"isPartOf\":{\"@id\":\"https:\\\/\\\/salutieducacioemocional.com\\\/#website\"},\"primaryImageOfPage\":{\"@id\":\"https:\\\/\\\/salutieducacioemocional.com\\\/ca\\\/producte\\\/capsula-2-educar-per-a-prevenir-leducacio-emocional-en-labordatge-integral-del-bullying\\\/#primaryimage\"},\"image\":{\"@id\":\"https:\\\/\\\/salutieducacioemocional.com\\\/ca\\\/producte\\\/capsula-2-educar-per-a-prevenir-leducacio-emocional-en-labordatge-integral-del-bullying\\\/#primaryimage\"},\"thumbnailUrl\":\"https:\\\/\\\/salutieducacioemocional.com\\\/wp-content\\\/uploads\\\/2025\\\/11\\\/2.png\",\"datePublished\":\"2025-11-26T16:09:36+00:00\",\"dateModified\":\"2025-11-27T08:23:35+00:00\",\"breadcrumb\":{\"@id\":\"https:\\\/\\\/salutieducacioemocional.com\\\/ca\\\/producte\\\/capsula-2-educar-per-a-prevenir-leducacio-emocional-en-labordatge-integral-del-bullying\\\/#breadcrumb\"},\"inLanguage\":\"ca\",\"potentialAction\":[{\"@type\":\"ReadAction\",\"target\":[\"https:\\\/\\\/salutieducacioemocional.com\\\/ca\\\/producte\\\/capsula-2-educar-per-a-prevenir-leducacio-emocional-en-labordatge-integral-del-bullying\\\/\"]}]},{\"@type\":\"ImageObject\",\"inLanguage\":\"ca\",\"@id\":\"https:\\\/\\\/salutieducacioemocional.com\\\/ca\\\/producte\\\/capsula-2-educar-per-a-prevenir-leducacio-emocional-en-labordatge-integral-del-bullying\\\/#primaryimage\",\"url\":\"https:\\\/\\\/salutieducacioemocional.com\\\/wp-content\\\/uploads\\\/2025\\\/11\\\/2.png\",\"contentUrl\":\"https:\\\/\\\/salutieducacioemocional.com\\\/wp-content\\\/uploads\\\/2025\\\/11\\\/2.png\",\"width\":1080,\"height\":1080},{\"@type\":\"BreadcrumbList\",\"@id\":\"https:\\\/\\\/salutieducacioemocional.com\\\/ca\\\/producte\\\/capsula-2-educar-per-a-prevenir-leducacio-emocional-en-labordatge-integral-del-bullying\\\/#breadcrumb\",\"itemListElement\":[{\"@type\":\"ListItem\",\"position\":1,\"name\":\"Portada\",\"item\":\"https:\\\/\\\/salutieducacioemocional.com\\\/\"},{\"@type\":\"ListItem\",\"position\":2,\"name\":\"Tienda\",\"item\":\"https:\\\/\\\/salutieducacioemocional.com\\\/ca\\\/botiga\\\/\"},{\"@type\":\"ListItem\",\"position\":3,\"name\":\"C\u00e0psula d&#8217;hivern 2. Educar para prevenir: la educaci\u00f3n emocional en el abordaje integral del bullying\"}]},{\"@type\":\"WebSite\",\"@id\":\"https:\\\/\\\/salutieducacioemocional.com\\\/#website\",\"url\":\"https:\\\/\\\/salutieducacioemocional.com\\\/\",\"name\":\"SEER\",\"description\":\"Salut i Educaci\u00f3 Emocional\",\"publisher\":{\"@id\":\"https:\\\/\\\/salutieducacioemocional.com\\\/#organization\"},\"potentialAction\":[{\"@type\":\"SearchAction\",\"target\":{\"@type\":\"EntryPoint\",\"urlTemplate\":\"https:\\\/\\\/salutieducacioemocional.com\\\/?s={search_term_string}\"},\"query-input\":{\"@type\":\"PropertyValueSpecification\",\"valueRequired\":true,\"valueName\":\"search_term_string\"}}],\"inLanguage\":\"ca\"},{\"@type\":\"Organization\",\"@id\":\"https:\\\/\\\/salutieducacioemocional.com\\\/#organization\",\"name\":\"Salut i Educaci\u00f3 Emocional S.L\",\"alternateName\":\"SEER\",\"url\":\"https:\\\/\\\/salutieducacioemocional.com\\\/\",\"logo\":{\"@type\":\"ImageObject\",\"inLanguage\":\"ca\",\"@id\":\"https:\\\/\\\/salutieducacioemocional.com\\\/#\\\/schema\\\/logo\\\/image\\\/\",\"url\":\"https:\\\/\\\/salutieducacioemocional.com\\\/wp-content\\\/uploads\\\/2018\\\/12\\\/cropped-educacion-emocional-seer-e1545471861400.png\",\"contentUrl\":\"https:\\\/\\\/salutieducacioemocional.com\\\/wp-content\\\/uploads\\\/2018\\\/12\\\/cropped-educacion-emocional-seer-e1545471861400.png\",\"width\":200,\"height\":78,\"caption\":\"Salut i Educaci\u00f3 Emocional S.L\"},\"image\":{\"@id\":\"https:\\\/\\\/salutieducacioemocional.com\\\/#\\\/schema\\\/logo\\\/image\\\/\"},\"sameAs\":[\"https:\\\/\\\/www.facebook.com\\\/equipseer\",\"https:\\\/\\\/x.com\\\/equipseer\",\"https:\\\/\\\/www.instagram.com\\\/equipseer\\\/\",\"https:\\\/\\\/www.linkedin.com\\\/company\\\/9231569\\\/admin\\\/\",\"https:\\\/\\\/www.youtube.com\\\/@equipseer\",\"https:\\\/\\\/t.me\\\/seer_info\"]}]}<\/script>\n<!-- \/ Yoast SEO plugin. -->","yoast_head_json":{"title":"C\u00e0psula d'hivern 2. Educar para prevenir: la educaci\u00f3n emocional en el abordaje integral del bullying - SEER","robots":{"index":"index","follow":"follow","max-snippet":"max-snippet:-1","max-image-preview":"max-image-preview:large","max-video-preview":"max-video-preview:-1"},"canonical":"https:\/\/salutieducacioemocional.com\/ca\/producte\/capsula-2-educar-per-a-prevenir-leducacio-emocional-en-labordatge-integral-del-bullying\/","og_locale":"ca_ES","og_type":"article","og_title":"C\u00e0psula d'hivern 2. Educar para prevenir: la educaci\u00f3n emocional en el abordaje integral del bullying - SEER","og_description":"En aquesta c\u00e0psula comprendr\u00e0s de manera profunda la import\u00e0ncia de l'educaci\u00f3 emocional en l'abordatge de l'assetjament entre iguals.  Les c\u00e0psules d'hivern tenen un preu de 70\u20ac, inscriu-te a totes dues i gaudeix-ne per \u00fanicament 99\u20ac (estalviant 41\u20ac). Per gaudir del descompte, afegeix les dues c\u00e0psules a la teva cistella i aplica el codi de descompte ESCOLADHIVERN. \u2744\ufe0f","og_url":"https:\/\/salutieducacioemocional.com\/ca\/producte\/capsula-2-educar-per-a-prevenir-leducacio-emocional-en-labordatge-integral-del-bullying\/","og_site_name":"SEER","article_publisher":"https:\/\/www.facebook.com\/equipseer","article_modified_time":"2025-11-27T08:23:35+00:00","og_image":[{"width":1080,"height":1080,"url":"https:\/\/salutieducacioemocional.com\/wp-content\/uploads\/2025\/11\/2.png","type":"image\/png"}],"twitter_card":"summary_large_image","twitter_site":"@equipseer","schema":{"@context":"https:\/\/schema.org","@graph":[{"@type":"WebPage","@id":"https:\/\/salutieducacioemocional.com\/ca\/producte\/capsula-2-educar-per-a-prevenir-leducacio-emocional-en-labordatge-integral-del-bullying\/","url":"https:\/\/salutieducacioemocional.com\/ca\/producte\/capsula-2-educar-per-a-prevenir-leducacio-emocional-en-labordatge-integral-del-bullying\/","name":"C\u00e0psula d'hivern 2. Educar para prevenir: la educaci\u00f3n emocional en el abordaje integral del bullying - SEER","isPartOf":{"@id":"https:\/\/salutieducacioemocional.com\/#website"},"primaryImageOfPage":{"@id":"https:\/\/salutieducacioemocional.com\/ca\/producte\/capsula-2-educar-per-a-prevenir-leducacio-emocional-en-labordatge-integral-del-bullying\/#primaryimage"},"image":{"@id":"https:\/\/salutieducacioemocional.com\/ca\/producte\/capsula-2-educar-per-a-prevenir-leducacio-emocional-en-labordatge-integral-del-bullying\/#primaryimage"},"thumbnailUrl":"https:\/\/salutieducacioemocional.com\/wp-content\/uploads\/2025\/11\/2.png","datePublished":"2025-11-26T16:09:36+00:00","dateModified":"2025-11-27T08:23:35+00:00","breadcrumb":{"@id":"https:\/\/salutieducacioemocional.com\/ca\/producte\/capsula-2-educar-per-a-prevenir-leducacio-emocional-en-labordatge-integral-del-bullying\/#breadcrumb"},"inLanguage":"ca","potentialAction":[{"@type":"ReadAction","target":["https:\/\/salutieducacioemocional.com\/ca\/producte\/capsula-2-educar-per-a-prevenir-leducacio-emocional-en-labordatge-integral-del-bullying\/"]}]},{"@type":"ImageObject","inLanguage":"ca","@id":"https:\/\/salutieducacioemocional.com\/ca\/producte\/capsula-2-educar-per-a-prevenir-leducacio-emocional-en-labordatge-integral-del-bullying\/#primaryimage","url":"https:\/\/salutieducacioemocional.com\/wp-content\/uploads\/2025\/11\/2.png","contentUrl":"https:\/\/salutieducacioemocional.com\/wp-content\/uploads\/2025\/11\/2.png","width":1080,"height":1080},{"@type":"BreadcrumbList","@id":"https:\/\/salutieducacioemocional.com\/ca\/producte\/capsula-2-educar-per-a-prevenir-leducacio-emocional-en-labordatge-integral-del-bullying\/#breadcrumb","itemListElement":[{"@type":"ListItem","position":1,"name":"Portada","item":"https:\/\/salutieducacioemocional.com\/"},{"@type":"ListItem","position":2,"name":"Tienda","item":"https:\/\/salutieducacioemocional.com\/ca\/botiga\/"},{"@type":"ListItem","position":3,"name":"C\u00e0psula d&#8217;hivern 2. Educar para prevenir: la educaci\u00f3n emocional en el abordaje integral del bullying"}]},{"@type":"WebSite","@id":"https:\/\/salutieducacioemocional.com\/#website","url":"https:\/\/salutieducacioemocional.com\/","name":"SEER","description":"Salut i Educaci\u00f3 Emocional","publisher":{"@id":"https:\/\/salutieducacioemocional.com\/#organization"},"potentialAction":[{"@type":"SearchAction","target":{"@type":"EntryPoint","urlTemplate":"https:\/\/salutieducacioemocional.com\/?s={search_term_string}"},"query-input":{"@type":"PropertyValueSpecification","valueRequired":true,"valueName":"search_term_string"}}],"inLanguage":"ca"},{"@type":"Organization","@id":"https:\/\/salutieducacioemocional.com\/#organization","name":"Salut i Educaci\u00f3 Emocional S.L","alternateName":"SEER","url":"https:\/\/salutieducacioemocional.com\/","logo":{"@type":"ImageObject","inLanguage":"ca","@id":"https:\/\/salutieducacioemocional.com\/#\/schema\/logo\/image\/","url":"https:\/\/salutieducacioemocional.com\/wp-content\/uploads\/2018\/12\/cropped-educacion-emocional-seer-e1545471861400.png","contentUrl":"https:\/\/salutieducacioemocional.com\/wp-content\/uploads\/2018\/12\/cropped-educacion-emocional-seer-e1545471861400.png","width":200,"height":78,"caption":"Salut i Educaci\u00f3 Emocional S.L"},"image":{"@id":"https:\/\/salutieducacioemocional.com\/#\/schema\/logo\/image\/"},"sameAs":["https:\/\/www.facebook.com\/equipseer","https:\/\/x.com\/equipseer","https:\/\/www.instagram.com\/equipseer\/","https:\/\/www.linkedin.com\/company\/9231569\/admin\/","https:\/\/www.youtube.com\/@equipseer","https:\/\/t.me\/seer_info"]}]}},"_links":{"self":[{"href":"https:\/\/salutieducacioemocional.com\/ca\/wp-json\/wp\/v2\/product\/13827","targetHints":{"allow":["GET"]}}],"collection":[{"href":"https:\/\/salutieducacioemocional.com\/ca\/wp-json\/wp\/v2\/product"}],"about":[{"href":"https:\/\/salutieducacioemocional.com\/ca\/wp-json\/wp\/v2\/types\/product"}],"replies":[{"embeddable":true,"href":"https:\/\/salutieducacioemocional.com\/ca\/wp-json\/wp\/v2\/comments?post=13827"}],"wp:featuredmedia":[{"embeddable":true,"href":"https:\/\/salutieducacioemocional.com\/ca\/wp-json\/wp\/v2\/media\/13815"}],"wp:attachment":[{"href":"https:\/\/salutieducacioemocional.com\/ca\/wp-json\/wp\/v2\/media?parent=13827"}],"wp:term":[{"taxonomy":"product_brand","embeddable":true,"href":"https:\/\/salutieducacioemocional.com\/ca\/wp-json\/wp\/v2\/product_brand?post=13827"},{"taxonomy":"product_cat","embeddable":true,"href":"https:\/\/salutieducacioemocional.com\/ca\/wp-json\/wp\/v2\/product_cat?post=13827"},{"taxonomy":"product_tag","embeddable":true,"href":"https:\/\/salutieducacioemocional.com\/ca\/wp-json\/wp\/v2\/product_tag?post=13827"}],"curies":[{"name":"wp","href":"https:\/\/api.w.org\/{rel}","templated":true}]}}